{"id":7319,"date":"2022-09-21T21:12:31","date_gmt":"2022-09-21T21:12:31","guid":{"rendered":"https:\/\/www.worldpancreaticcancercoalition.org\/miembros-2022-dev\/"},"modified":"2022-09-29T16:05:19","modified_gmt":"2022-09-29T16:05:19","slug":"miembros-2022-dev","status":"publish","type":"page","link":"https:\/\/www.worldpancreaticcancercoalition.org\/es\/miembros-2022-dev\/","title":{"rendered":"Miembros 2022 Dev"},"content":{"rendered":"<\/div><\/div><\/div><!-- close content main div --><\/div><\/div><div id='av-layout-grid-1'  class='av-layout-grid-container av-5foea2-1ee6b7b90e1e08a1595176e7a042ac23 entry-content-wrapper main_color av-flex-cells  container_wrap sidebar_right'  >\n<div class='flex_cell av-42ecje-e930ef3b6093bad780fad5577daad6c0 av-gridrow-cell av_one_full no_margin'  ><div class='flex_cell_inner'><section  class='av_textblock_section av-l63otg7n-1c0d20f05396ab4a0a513f48bdd6c0f3 '   itemscope=\"itemscope\" itemtype=\"https:\/\/schema.org\/CreativeWork\" ><div class='avia_textblock'  itemprop=\"text\" ><p class=\"headline-text-purp-home \" style=\"text-align: center;\">Perfiles de los miembros<\/p>\n<\/div><\/section><br \/>\n<div  data-slideshow-options=\"{&quot;animation&quot;:&quot;fade&quot;,&quot;autoplay&quot;:true,&quot;loop_autoplay&quot;:&quot;endless&quot;,&quot;interval&quot;:&quot;10&quot;,&quot;loop_manual&quot;:&quot;manual-endless&quot;,&quot;autoplay_stopper&quot;:false,&quot;noNavigation&quot;:false,&quot;show_slide_delay&quot;:90}\" class='avia-content-slider avia-content-slider-active avia-content-slider1 avia-content-slider-even  av-slideshow-ui av-control-default   av-no-slider-navigation av-slideshow-autoplay av-loop-endless av-loop-manual-endless '  itemscope=\"itemscope\" itemtype=\"https:\/\/schema.org\/Blog\" ><div class=\"avia-content-slider-inner\"><div class=\"slide-entry-wrap\"><article class='slide-entry flex_column  post-entry post-entry-20027 slide-entry-overview slide-loop-1 slide-parity-odd  av_one_fourth first real-thumbnail posttype-post post-format-standard'  itemscope=\"itemscope\" itemtype=\"https:\/\/schema.org\/CreativeWork\" ><a href='https:\/\/www.worldpancreaticcancercoalition.org\/es\/members\/perfil-de-los-miembros-fundacion-hirshberg-para-la-investigacion-del-cancer-de-pancreas\/' data-rel='slide-1' class='slide-image' title='Perfil de los miembros: Fundaci\u00f3n Hirshberg para la Investigaci\u00f3n del C\u00e1ncer de P\u00e1ncreas'><img decoding=\"async\" fetchpriority=\"high\" width=\"260\" height=\"185\" src=\"https:\/\/www.worldpancreaticcancercoalition.org\/wp-content\/uploads\/Agi-Dr-Go-Dr-Hines_Image-260x185.png\" class=\"wp-image-19158 avia-img-lazy-loading-not-19158 attachment-portfolio_small size-portfolio_small wp-post-image\" alt=\"\" \/><\/a><div class=\"slide-content\"><header class=\"entry-content-header\" aria-label=\"Slide: Perfil de los miembros: Fundaci\u00f3n Hirshberg para la Investigaci\u00f3n del C\u00e1ncer de P\u00e1ncreas\"><h3 class='slide-entry-title entry-title '  itemprop=\"headline\" ><a href='https:\/\/www.worldpancreaticcancercoalition.org\/es\/members\/perfil-de-los-miembros-fundacion-hirshberg-para-la-investigacion-del-cancer-de-pancreas\/' title='Perfil de los miembros: Fundaci\u00f3n Hirshberg para la Investigaci\u00f3n del C\u00e1ncer de P\u00e1ncreas'>Perfil de los miembros: Fundaci\u00f3n Hirshberg para la Investigaci\u00f3n del C\u00e1ncer de P\u00e1ncreas<\/a><\/h3><span class=\"blog-categories minor-meta\"><a href=\"https:\/\/www.worldpancreaticcancercoalition.org\/category\/members\/\" rel=\"tag\">Members<\/a>, <a href=\"https:\/\/www.worldpancreaticcancercoalition.org\/category\/news\/\" rel=\"tag\">News<\/a>  <\/span><span class=\"av-vertical-delimiter\"><\/span><\/header><div class='slide-entry-excerpt entry-content'  itemprop=\"text\" >\n\n\nEn 1997, se cre\u00f3 la Fundaci\u00f3n Hirshberg para financiar una investigaci\u00f3n cient\u00edfica pionera, proporcionar educaci\u00f3n y apoyo a los pacientes y mantener la esperanza de que este c\u00e1ncer se erradique de una vez por todas. Hasta la fecha,\u2026<div class=\"read-more-link\"><a href=\"https:\/\/www.worldpancreaticcancercoalition.org\/es\/members\/perfil-de-los-miembros-fundacion-hirshberg-para-la-investigacion-del-cancer-de-pancreas\/\" class=\"more-link\">Leer m\u00e1s<span class='more-link-arrow avia-svg-icon avia-font-svg_entypo-fontello' data-av_svg_icon='right-open-big' data-av_iconset='svg_entypo-fontello'><svg version=\"1.1\" xmlns=\"http:\/\/www.w3.org\/2000\/svg\" width=\"15\" height=\"32\" viewBox=\"0 0 15 32\" preserveAspectRatio=\"xMidYMid meet\" role=\"graphics-symbol\" aria-hidden=\"true\">\n<path d=\"M0.416 27.84l11.456-11.84-11.456-11.904q-0.832-0.832 0-1.536 0.832-0.832 1.536 0l12.544 12.608q0.768 0.832 0 1.6l-12.544 12.608q-0.704 0.832-1.536 0-0.832-0.704 0-1.536z\"><\/path>\n<\/svg><\/span><\/a><\/div><\/div><\/div><footer class=\"entry-footer\"><div class=\"slide-meta\"><time class='slide-meta-time updated'  itemprop=\"datePublished\" datetime=\"2024-05-22T16:47:23+00:00\" >22 de mayo de 2024<\/time><\/div><\/footer><span class='hidden'>\n\t\t\t\t<span class='av-structured-data'  itemprop=\"image\" itemscope=\"itemscope\" itemtype=\"https:\/\/schema.org\/ImageObject\" >\n\t\t\t\t\t\t<span itemprop='url'>https:\/\/www.worldpancreaticcancercoalition.org\/wp-content\/uploads\/Agi-Dr-Go-Dr-Hines_Image-e1716392174740.png<\/span>\n\t\t\t\t\t\t<span itemprop='height'>1200<\/span>\n\t\t\t\t\t\t<span itemprop='width'>1800<\/span>\n\t\t\t\t<\/span>\n\t\t\t\t<span class='av-structured-data'  itemprop=\"publisher\" itemtype=\"https:\/\/schema.org\/Organization\" itemscope=\"itemscope\" >\n\t\t\t\t\t\t<span itemprop='name'>Evan Van Leeuwen<\/span>\n\t\t\t\t\t\t<span itemprop='logo' itemscope itemtype='https:\/\/schema.org\/ImageObject'>\n\t\t\t\t\t\t\t<span itemprop='url'>https:\/\/www.worldpancreaticcancercoalition.org\/wp-content\/uploads\/WPCC-Logo-H.png<\/span>\n\t\t\t\t\t\t<\/span>\n\t\t\t\t<\/span><span class='av-structured-data'  itemprop=\"author\" itemscope=\"itemscope\" itemtype=\"https:\/\/schema.org\/Person\" ><span itemprop='name'>Evan Van Leeuwen<\/span><\/span><span class='av-structured-data'  itemprop=\"datePublished\" datetime=\"2022-09-21T21:12:31+00:00\" >2024-05-22 16:47:23<\/span><span class='av-structured-data'  itemprop=\"dateModified\" itemtype=\"https:\/\/schema.org\/dateModified\" >2024-05-22 16:47:23<\/span><span class='av-structured-data'  itemprop=\"mainEntityOfPage\" itemtype=\"https:\/\/schema.org\/mainEntityOfPage\" ><span itemprop='name'>Perfil de los miembros: Fundaci\u00f3n Hirshberg para la Investigaci\u00f3n del C\u00e1ncer de P\u00e1ncreas<\/span><\/span><\/span><\/article><article class='slide-entry flex_column  post-entry post-entry-20026 slide-entry-overview slide-loop-2 slide-parity-even  av_one_fourth  real-thumbnail posttype-post post-format-standard'  itemscope=\"itemscope\" itemtype=\"https:\/\/schema.org\/CreativeWork\" ><a href='https:\/\/www.worldpancreaticcancercoalition.org\/es\/members\/perfil-de-los-miembros-la-fundacion-iris-purpura\/' data-rel='slide-1' class='slide-image' title='Perfil de los miembros: La Fundaci\u00f3n Iris P\u00farpura'><img decoding=\"async\" fetchpriority=\"high\" width=\"260\" height=\"185\" src=\"https:\/\/www.worldpancreaticcancercoalition.org\/wp-content\/uploads\/315563821_502274278603506_135961580619781613_n-260x185.jpg\" class=\"wp-image-19091 avia-img-lazy-loading-not-19091 attachment-portfolio_small size-portfolio_small wp-post-image\" alt=\"\" srcset=\"https:\/\/www.worldpancreaticcancercoalition.org\/wp-content\/uploads\/315563821_502274278603506_135961580619781613_n-260x185.jpg 260w, https:\/\/www.worldpancreaticcancercoalition.org\/wp-content\/uploads\/315563821_502274278603506_135961580619781613_n-596x423.jpg 596w\" sizes=\"(max-width: 260px) 100vw, 260px\" \/><\/a><div class=\"slide-content\"><header class=\"entry-content-header\" aria-label=\"Slide: Perfil de los miembros: La Fundaci\u00f3n Iris P\u00farpura\"><h3 class='slide-entry-title entry-title '  itemprop=\"headline\" ><a href='https:\/\/www.worldpancreaticcancercoalition.org\/es\/members\/perfil-de-los-miembros-la-fundacion-iris-purpura\/' title='Perfil de los miembros: La Fundaci\u00f3n Iris P\u00farpura'>Perfil de los miembros: La Fundaci\u00f3n Iris P\u00farpura<\/a><\/h3><span class=\"blog-categories minor-meta\"><a href=\"https:\/\/www.worldpancreaticcancercoalition.org\/category\/members\/\" rel=\"tag\">Members<\/a>, <a href=\"https:\/\/www.worldpancreaticcancercoalition.org\/category\/news\/\" rel=\"tag\">News<\/a>  <\/span><span class=\"av-vertical-delimiter\"><\/span><\/header><div class='slide-entry-excerpt entry-content'  itemprop=\"text\" >\nLa Fundaci\u00f3n Purple Iris, creada en 2012 por Christina Parrish, superviviente durante 16 a\u00f1os de un c\u00e1ncer de p\u00e1ncreas en estadio 4, es una organizaci\u00f3n registrada 501(c)(3) con sede en Brewer, Maine.\n\n\nProyectos en curso\nLa misi\u00f3n de\u2026<div class=\"read-more-link\"><a href=\"https:\/\/www.worldpancreaticcancercoalition.org\/es\/members\/perfil-de-los-miembros-la-fundacion-iris-purpura\/\" class=\"more-link\">Leer m\u00e1s<span class='more-link-arrow avia-svg-icon avia-font-svg_entypo-fontello' data-av_svg_icon='right-open-big' data-av_iconset='svg_entypo-fontello'><svg version=\"1.1\" xmlns=\"http:\/\/www.w3.org\/2000\/svg\" width=\"15\" height=\"32\" viewBox=\"0 0 15 32\" preserveAspectRatio=\"xMidYMid meet\" role=\"graphics-symbol\" aria-hidden=\"true\">\n<path d=\"M0.416 27.84l11.456-11.84-11.456-11.904q-0.832-0.832 0-1.536 0.832-0.832 1.536 0l12.544 12.608q0.768 0.832 0 1.6l-12.544 12.608q-0.704 0.832-1.536 0-0.832-0.704 0-1.536z\"><\/path>\n<\/svg><\/span><\/a><\/div><\/div><\/div><footer class=\"entry-footer\"><div class=\"slide-meta\"><time class='slide-meta-time updated'  itemprop=\"datePublished\" datetime=\"2024-04-24T18:30:23+00:00\" >24 de abril de 2024<\/time><\/div><\/footer><span class='hidden'>\n\t\t\t\t<span class='av-structured-data'  itemprop=\"image\" itemscope=\"itemscope\" itemtype=\"https:\/\/schema.org\/ImageObject\" >\n\t\t\t\t\t\t<span itemprop='url'>https:\/\/www.worldpancreaticcancercoalition.org\/wp-content\/uploads\/315563821_502274278603506_135961580619781613_n.jpg<\/span>\n\t\t\t\t\t\t<span itemprop='height'>596<\/span>\n\t\t\t\t\t\t<span itemprop='width'>596<\/span>\n\t\t\t\t<\/span>\n\t\t\t\t<span class='av-structured-data'  itemprop=\"publisher\" itemtype=\"https:\/\/schema.org\/Organization\" itemscope=\"itemscope\" >\n\t\t\t\t\t\t<span itemprop='name'>Evan Van Leeuwen<\/span>\n\t\t\t\t\t\t<span itemprop='logo' itemscope itemtype='https:\/\/schema.org\/ImageObject'>\n\t\t\t\t\t\t\t<span itemprop='url'>https:\/\/www.worldpancreaticcancercoalition.org\/wp-content\/uploads\/WPCC-Logo-H.png<\/span>\n\t\t\t\t\t\t<\/span>\n\t\t\t\t<\/span><span class='av-structured-data'  itemprop=\"author\" itemscope=\"itemscope\" itemtype=\"https:\/\/schema.org\/Person\" ><span itemprop='name'>Evan Van Leeuwen<\/span><\/span><span class='av-structured-data'  itemprop=\"datePublished\" datetime=\"2022-09-21T21:12:31+00:00\" >2024-04-24 18:30:23<\/span><span class='av-structured-data'  itemprop=\"dateModified\" itemtype=\"https:\/\/schema.org\/dateModified\" >2024-04-24 18:30:23<\/span><span class='av-structured-data'  itemprop=\"mainEntityOfPage\" itemtype=\"https:\/\/schema.org\/mainEntityOfPage\" ><span itemprop='name'>Perfil de los miembros: La Fundaci\u00f3n Iris P\u00farpura<\/span><\/span><\/span><\/article><article class='slide-entry flex_column  post-entry post-entry-20009 slide-entry-overview slide-loop-3 slide-parity-odd  av_one_fourth  real-thumbnail posttype-post post-format-standard'  itemscope=\"itemscope\" itemtype=\"https:\/\/schema.org\/CreativeWork\" ><a href='https:\/\/www.worldpancreaticcancercoalition.org\/es\/members\/perfil-de-los-miembros-los-heroes-de-kelly\/' data-rel='slide-1' class='slide-image' title='Perfil de los miembros: Los h\u00e9roes de Kelly'><img decoding=\"async\" fetchpriority=\"high\" width=\"260\" height=\"185\" src=\"https:\/\/www.worldpancreaticcancercoalition.org\/wp-content\/uploads\/DSCN1088-260x185.jpg\" class=\"wp-image-18712 avia-img-lazy-loading-not-18712 attachment-portfolio_small size-portfolio_small wp-post-image\" alt=\"\" \/><\/a><div class=\"slide-content\"><header class=\"entry-content-header\" aria-label=\"Slide: Perfil de los miembros: Los h\u00e9roes de Kelly\"><h3 class='slide-entry-title entry-title '  itemprop=\"headline\" ><a href='https:\/\/www.worldpancreaticcancercoalition.org\/es\/members\/perfil-de-los-miembros-los-heroes-de-kelly\/' title='Perfil de los miembros: Los h\u00e9roes de Kelly'>Perfil de los miembros: Los h\u00e9roes de Kelly<\/a><\/h3><span class=\"blog-categories minor-meta\"><a href=\"https:\/\/www.worldpancreaticcancercoalition.org\/category\/members\/\" rel=\"tag\">Members<\/a>, <a href=\"https:\/\/www.worldpancreaticcancercoalition.org\/category\/news\/\" rel=\"tag\">News<\/a>  <\/span><span class=\"av-vertical-delimiter\"><\/span><\/header><div class='slide-entry-excerpt entry-content'  itemprop=\"text\" >\n\nKelly's Heroes, fundada en 2016, da a los pacientes de c\u00e1ncer de p\u00e1ncreas esperanza para vivir con c\u00e1ncer de p\u00e1ncreas. Su trabajo est\u00e1 inspirado en Steve Kelly, redactor del Philadelphia Inquirer, hombre de familia muy querido y amigo\u2026<div class=\"read-more-link\"><a href=\"https:\/\/www.worldpancreaticcancercoalition.org\/es\/members\/perfil-de-los-miembros-los-heroes-de-kelly\/\" class=\"more-link\">Leer m\u00e1s<span class='more-link-arrow avia-svg-icon avia-font-svg_entypo-fontello' data-av_svg_icon='right-open-big' data-av_iconset='svg_entypo-fontello'><svg version=\"1.1\" xmlns=\"http:\/\/www.w3.org\/2000\/svg\" width=\"15\" height=\"32\" viewBox=\"0 0 15 32\" preserveAspectRatio=\"xMidYMid meet\" role=\"graphics-symbol\" aria-hidden=\"true\">\n<path d=\"M0.416 27.84l11.456-11.84-11.456-11.904q-0.832-0.832 0-1.536 0.832-0.832 1.536 0l12.544 12.608q0.768 0.832 0 1.6l-12.544 12.608q-0.704 0.832-1.536 0-0.832-0.704 0-1.536z\"><\/path>\n<\/svg><\/span><\/a><\/div><\/div><\/div><footer class=\"entry-footer\"><div class=\"slide-meta\"><time class='slide-meta-time updated'  itemprop=\"datePublished\" datetime=\"2024-03-11T16:22:15+00:00\" >11 de marzo de 2024<\/time><\/div><\/footer><span class='hidden'>\n\t\t\t\t<span class='av-structured-data'  itemprop=\"image\" itemscope=\"itemscope\" itemtype=\"https:\/\/schema.org\/ImageObject\" >\n\t\t\t\t\t\t<span itemprop='url'>https:\/\/www.worldpancreaticcancercoalition.org\/wp-content\/uploads\/DSCN1088-scaled-e1710173988377.jpg<\/span>\n\t\t\t\t\t\t<span itemprop='height'>1920<\/span>\n\t\t\t\t\t\t<span itemprop='width'>2560<\/span>\n\t\t\t\t<\/span>\n\t\t\t\t<span class='av-structured-data'  itemprop=\"publisher\" itemtype=\"https:\/\/schema.org\/Organization\" itemscope=\"itemscope\" >\n\t\t\t\t\t\t<span itemprop='name'>Evan Van Leeuwen<\/span>\n\t\t\t\t\t\t<span itemprop='logo' itemscope itemtype='https:\/\/schema.org\/ImageObject'>\n\t\t\t\t\t\t\t<span itemprop='url'>https:\/\/www.worldpancreaticcancercoalition.org\/wp-content\/uploads\/WPCC-Logo-H.png<\/span>\n\t\t\t\t\t\t<\/span>\n\t\t\t\t<\/span><span class='av-structured-data'  itemprop=\"author\" itemscope=\"itemscope\" itemtype=\"https:\/\/schema.org\/Person\" ><span itemprop='name'>Evan Van Leeuwen<\/span><\/span><span class='av-structured-data'  itemprop=\"datePublished\" datetime=\"2022-09-21T21:12:31+00:00\" >2024-03-11 16:22:15<\/span><span class='av-structured-data'  itemprop=\"dateModified\" itemtype=\"https:\/\/schema.org\/dateModified\" >2024-03-11 16:22:15<\/span><span class='av-structured-data'  itemprop=\"mainEntityOfPage\" itemtype=\"https:\/\/schema.org\/mainEntityOfPage\" ><span itemprop='name'>Perfil de los miembros: Los h\u00e9roes de Kelly<\/span><\/span><\/span><\/article><article class='slide-entry flex_column  post-entry post-entry-20008 slide-entry-overview slide-loop-4 slide-parity-even  av_one_fourth  real-thumbnail posttype-post post-format-standard'  itemscope=\"itemscope\" itemtype=\"https:\/\/schema.org\/CreativeWork\" ><a href='https:\/\/www.worldpancreaticcancercoalition.org\/es\/members\/perfil-de-los-miembros-mi-odv-everest\/' data-rel='slide-1' class='slide-image' title='Perfil de los miembros: Mi ODV Everest'><img decoding=\"async\" fetchpriority=\"high\" width=\"260\" height=\"185\" src=\"https:\/\/www.worldpancreaticcancercoalition.org\/wp-content\/uploads\/3_luigino-sala-260x185.jpg\" class=\"wp-image-18679 avia-img-lazy-loading-not-18679 attachment-portfolio_small size-portfolio_small wp-post-image\" alt=\"Luigino Sala, with a beloved landscape of mountains, the founder of My Everest.\" \/><\/a><div class=\"slide-content\"><header class=\"entry-content-header\" aria-label=\"Slide: Perfil de los miembros: Mi ODV Everest\"><h3 class='slide-entry-title entry-title '  itemprop=\"headline\" ><a href='https:\/\/www.worldpancreaticcancercoalition.org\/es\/members\/perfil-de-los-miembros-mi-odv-everest\/' title='Perfil de los miembros: Mi ODV Everest'>Perfil de los miembros: Mi ODV Everest<\/a><\/h3><span class=\"blog-categories minor-meta\"><a href=\"https:\/\/www.worldpancreaticcancercoalition.org\/category\/members\/\" rel=\"tag\">Members<\/a>, <a href=\"https:\/\/www.worldpancreaticcancercoalition.org\/category\/news\/\" rel=\"tag\">News<\/a>  <\/span><span class=\"av-vertical-delimiter\"><\/span><\/header><div class='slide-entry-excerpt entry-content'  itemprop=\"text\" >My Everest ODV, siglas de \"Organizzazione di Volontariato\" (Organizaci\u00f3n de Voluntariado), es una asociaci\u00f3n sin \u00e1nimo de lucro con sede en Rivolta D'Adda, Italia. Fundada en 2015 a partir de la idea de Luigino Sala, que lamentablemente se\u2026<div class=\"read-more-link\"><a href=\"https:\/\/www.worldpancreaticcancercoalition.org\/es\/members\/perfil-de-los-miembros-mi-odv-everest\/\" class=\"more-link\">Leer m\u00e1s<span class='more-link-arrow avia-svg-icon avia-font-svg_entypo-fontello' data-av_svg_icon='right-open-big' data-av_iconset='svg_entypo-fontello'><svg version=\"1.1\" xmlns=\"http:\/\/www.w3.org\/2000\/svg\" width=\"15\" height=\"32\" viewBox=\"0 0 15 32\" preserveAspectRatio=\"xMidYMid meet\" role=\"graphics-symbol\" aria-hidden=\"true\">\n<path d=\"M0.416 27.84l11.456-11.84-11.456-11.904q-0.832-0.832 0-1.536 0.832-0.832 1.536 0l12.544 12.608q0.768 0.832 0 1.6l-12.544 12.608q-0.704 0.832-1.536 0-0.832-0.704 0-1.536z\"><\/path>\n<\/svg><\/span><\/a><\/div><\/div><\/div><footer class=\"entry-footer\"><div class=\"slide-meta\"><time class='slide-meta-time updated'  itemprop=\"datePublished\" datetime=\"2024-02-07T18:12:17+00:00\" >7 de febrero de 2024<\/time><\/div><\/footer><span class='hidden'>\n\t\t\t\t<span class='av-structured-data'  itemprop=\"image\" itemscope=\"itemscope\" itemtype=\"https:\/\/schema.org\/ImageObject\" >\n\t\t\t\t\t\t<span itemprop='url'>https:\/\/www.worldpancreaticcancercoalition.org\/wp-content\/uploads\/3_luigino-sala.jpg<\/span>\n\t\t\t\t\t\t<span itemprop='height'>640<\/span>\n\t\t\t\t\t\t<span itemprop='width'>960<\/span>\n\t\t\t\t<\/span>\n\t\t\t\t<span class='av-structured-data'  itemprop=\"publisher\" itemtype=\"https:\/\/schema.org\/Organization\" itemscope=\"itemscope\" >\n\t\t\t\t\t\t<span itemprop='name'>Evan Van Leeuwen<\/span>\n\t\t\t\t\t\t<span itemprop='logo' itemscope itemtype='https:\/\/schema.org\/ImageObject'>\n\t\t\t\t\t\t\t<span itemprop='url'>https:\/\/www.worldpancreaticcancercoalition.org\/wp-content\/uploads\/WPCC-Logo-H.png<\/span>\n\t\t\t\t\t\t<\/span>\n\t\t\t\t<\/span><span class='av-structured-data'  itemprop=\"author\" itemscope=\"itemscope\" itemtype=\"https:\/\/schema.org\/Person\" ><span itemprop='name'>Evan Van Leeuwen<\/span><\/span><span class='av-structured-data'  itemprop=\"datePublished\" datetime=\"2022-09-21T21:12:31+00:00\" >2024-02-07 18:12:17<\/span><span class='av-structured-data'  itemprop=\"dateModified\" itemtype=\"https:\/\/schema.org\/dateModified\" >2024-02-07 18:12:17<\/span><span class='av-structured-data'  itemprop=\"mainEntityOfPage\" itemtype=\"https:\/\/schema.org\/mainEntityOfPage\" ><span itemprop='name'>Perfil de los miembros: Mi ODV Everest<\/span><\/span><\/span><\/article><\/div><div class=\"slide-entry-wrap\"><article class='slide-entry flex_column  post-entry post-entry-19990 slide-entry-overview slide-loop-5 slide-parity-odd  av_one_fourth first real-thumbnail posttype-post post-format-standard'  itemscope=\"itemscope\" itemtype=\"https:\/\/schema.org\/CreativeWork\" ><a href='https:\/\/www.worldpancreaticcancercoalition.org\/es\/members\/perfil-de-los-miembros-sociedad-contra-el-cancer-palema\/' data-rel='slide-1' class='slide-image' title='Perfil de los miembros: Sociedad contra el C\u00e1ncer PALEMA'><img decoding=\"async\" fetchpriority=\"high\" width=\"260\" height=\"185\" src=\"https:\/\/www.worldpancreaticcancercoalition.org\/wp-content\/uploads\/palema-logo-1080-1-260x185.png\" class=\"wp-image-18325 avia-img-lazy-loading-not-18325 attachment-portfolio_small size-portfolio_small wp-post-image\" alt=\"\" \/><\/a><div class=\"slide-content\"><header class=\"entry-content-header\" aria-label=\"Slide: Perfil de los miembros: Sociedad contra el C\u00e1ncer PALEMA\"><h3 class='slide-entry-title entry-title '  itemprop=\"headline\" ><a href='https:\/\/www.worldpancreaticcancercoalition.org\/es\/members\/perfil-de-los-miembros-sociedad-contra-el-cancer-palema\/' title='Perfil de los miembros: Sociedad contra el C\u00e1ncer PALEMA'>Perfil de los miembros: Sociedad contra el C\u00e1ncer PALEMA<\/a><\/h3><span class=\"blog-categories minor-meta\"><a href=\"https:\/\/www.worldpancreaticcancercoalition.org\/category\/members\/\" rel=\"tag\">Members<\/a>, <a href=\"https:\/\/www.worldpancreaticcancercoalition.org\/category\/news\/\" rel=\"tag\">News<\/a>  <\/span><span class=\"av-vertical-delimiter\"><\/span><\/header><div class='slide-entry-excerpt entry-content'  itemprop=\"text\" >La Asociaci\u00f3n contra el C\u00e1ncer PALEMA se fund\u00f3 en 2015. Personas de la profesi\u00f3n oncol\u00f3gica tomaron la iniciativa de poner en marcha PALEMA, ya que no exist\u00eda ninguna asociaci\u00f3n para estos diagn\u00f3sticos a la que pudieran remitir a sus\u2026<div class=\"read-more-link\"><a href=\"https:\/\/www.worldpancreaticcancercoalition.org\/es\/members\/perfil-de-los-miembros-sociedad-contra-el-cancer-palema\/\" class=\"more-link\">Leer m\u00e1s<span class='more-link-arrow avia-svg-icon avia-font-svg_entypo-fontello' data-av_svg_icon='right-open-big' data-av_iconset='svg_entypo-fontello'><svg version=\"1.1\" xmlns=\"http:\/\/www.w3.org\/2000\/svg\" width=\"15\" height=\"32\" viewBox=\"0 0 15 32\" preserveAspectRatio=\"xMidYMid meet\" role=\"graphics-symbol\" aria-hidden=\"true\">\n<path d=\"M0.416 27.84l11.456-11.84-11.456-11.904q-0.832-0.832 0-1.536 0.832-0.832 1.536 0l12.544 12.608q0.768 0.832 0 1.6l-12.544 12.608q-0.704 0.832-1.536 0-0.832-0.704 0-1.536z\"><\/path>\n<\/svg><\/span><\/a><\/div><\/div><\/div><footer class=\"entry-footer\"><div class=\"slide-meta\"><time class='slide-meta-time updated'  itemprop=\"datePublished\" datetime=\"2024-01-15T20:30:33+00:00\" >15 de enero de 2024<\/time><\/div><\/footer><span class='hidden'>\n\t\t\t\t<span class='av-structured-data'  itemprop=\"image\" itemscope=\"itemscope\" itemtype=\"https:\/\/schema.org\/ImageObject\" >\n\t\t\t\t\t\t<span itemprop='url'>https:\/\/www.worldpancreaticcancercoalition.org\/wp-content\/uploads\/palema-logo-1080-1.png<\/span>\n\t\t\t\t\t\t<span itemprop='height'>530<\/span>\n\t\t\t\t\t\t<span itemprop='width'>1080<\/span>\n\t\t\t\t<\/span>\n\t\t\t\t<span class='av-structured-data'  itemprop=\"publisher\" itemtype=\"https:\/\/schema.org\/Organization\" itemscope=\"itemscope\" >\n\t\t\t\t\t\t<span itemprop='name'>Evan Van Leeuwen<\/span>\n\t\t\t\t\t\t<span itemprop='logo' itemscope itemtype='https:\/\/schema.org\/ImageObject'>\n\t\t\t\t\t\t\t<span itemprop='url'>https:\/\/www.worldpancreaticcancercoalition.org\/wp-content\/uploads\/WPCC-Logo-H.png<\/span>\n\t\t\t\t\t\t<\/span>\n\t\t\t\t<\/span><span class='av-structured-data'  itemprop=\"author\" itemscope=\"itemscope\" itemtype=\"https:\/\/schema.org\/Person\" ><span itemprop='name'>Evan Van Leeuwen<\/span><\/span><span class='av-structured-data'  itemprop=\"datePublished\" datetime=\"2022-09-21T21:12:31+00:00\" >2024-01-15 20:30:33<\/span><span class='av-structured-data'  itemprop=\"dateModified\" itemtype=\"https:\/\/schema.org\/dateModified\" >2024-01-15 20:30:33<\/span><span class='av-structured-data'  itemprop=\"mainEntityOfPage\" itemtype=\"https:\/\/schema.org\/mainEntityOfPage\" ><span itemprop='name'>Perfil de los miembros: Sociedad contra el C\u00e1ncer PALEMA<\/span><\/span><\/span><\/article><article class='slide-entry flex_column  post-entry post-entry-19989 slide-entry-overview slide-loop-6 slide-parity-even  av_one_fourth  real-thumbnail posttype-post post-format-standard'  itemscope=\"itemscope\" itemtype=\"https:\/\/schema.org\/CreativeWork\" ><a href='https:\/\/www.worldpancreaticcancercoalition.org\/es\/members\/perfil-de-los-miembros-purpleourworld-2\/' data-rel='slide-1' class='slide-image' title='Perfil de los miembros: #PurpleOurWorld'><img decoding=\"async\" fetchpriority=\"high\" width=\"260\" height=\"185\" src=\"https:\/\/www.worldpancreaticcancercoalition.org\/wp-content\/uploads\/23550125_1652364301490514_5621840781931409987_o-260x185.jpg\" class=\"wp-image-18111 avia-img-lazy-loading-not-18111 attachment-portfolio_small size-portfolio_small wp-post-image\" alt=\"\" \/><\/a><div class=\"slide-content\"><header class=\"entry-content-header\" aria-label=\"Slide: Perfil de los miembros: #PurpleOurWorld\"><h3 class='slide-entry-title entry-title '  itemprop=\"headline\" ><a href='https:\/\/www.worldpancreaticcancercoalition.org\/es\/members\/perfil-de-los-miembros-purpleourworld-2\/' title='Perfil de los miembros: #PurpleOurWorld'>Perfil de los miembros: #PurpleOurWorld<\/a><\/h3><span class=\"blog-categories minor-meta\"><a href=\"https:\/\/www.worldpancreaticcancercoalition.org\/category\/members\/\" rel=\"tag\">Members<\/a>, <a href=\"https:\/\/www.worldpancreaticcancercoalition.org\/category\/news\/\" rel=\"tag\">News<\/a>  <\/span><span class=\"av-vertical-delimiter\"><\/span><\/header><div class='slide-entry-excerpt entry-content'  itemprop=\"text\" >#PurpleOurWorld se fund\u00f3 en octubre de 2014, tras la muerte de Rochelle Goulburn, esposa, madre y hermana. Para coincidir con la inauguraci\u00f3n del D\u00eda Mundial contra el C\u00e1ncer de P\u00e1ncreas, pidieron a todos nuestros conocidos que se vistieran\u2026<div class=\"read-more-link\"><a href=\"https:\/\/www.worldpancreaticcancercoalition.org\/es\/members\/perfil-de-los-miembros-purpleourworld-2\/\" class=\"more-link\">Leer m\u00e1s<span class='more-link-arrow avia-svg-icon avia-font-svg_entypo-fontello' data-av_svg_icon='right-open-big' data-av_iconset='svg_entypo-fontello'><svg version=\"1.1\" xmlns=\"http:\/\/www.w3.org\/2000\/svg\" width=\"15\" height=\"32\" viewBox=\"0 0 15 32\" preserveAspectRatio=\"xMidYMid meet\" role=\"graphics-symbol\" aria-hidden=\"true\">\n<path d=\"M0.416 27.84l11.456-11.84-11.456-11.904q-0.832-0.832 0-1.536 0.832-0.832 1.536 0l12.544 12.608q0.768 0.832 0 1.6l-12.544 12.608q-0.704 0.832-1.536 0-0.832-0.704 0-1.536z\"><\/path>\n<\/svg><\/span><\/a><\/div><\/div><\/div><footer class=\"entry-footer\"><div class=\"slide-meta\"><time class='slide-meta-time updated'  itemprop=\"datePublished\" datetime=\"2023-12-04T16:40:29+00:00\" >4 de diciembre de 2023<\/time><\/div><\/footer><span class='hidden'>\n\t\t\t\t<span class='av-structured-data'  itemprop=\"image\" itemscope=\"itemscope\" itemtype=\"https:\/\/schema.org\/ImageObject\" >\n\t\t\t\t\t\t<span itemprop='url'>https:\/\/www.worldpancreaticcancercoalition.org\/wp-content\/uploads\/23550125_1652364301490514_5621840781931409987_o.jpg<\/span>\n\t\t\t\t\t\t<span itemprop='height'>800<\/span>\n\t\t\t\t\t\t<span itemprop='width'>1200<\/span>\n\t\t\t\t<\/span>\n\t\t\t\t<span class='av-structured-data'  itemprop=\"publisher\" itemtype=\"https:\/\/schema.org\/Organization\" itemscope=\"itemscope\" >\n\t\t\t\t\t\t<span itemprop='name'>Evan Van Leeuwen<\/span>\n\t\t\t\t\t\t<span itemprop='logo' itemscope itemtype='https:\/\/schema.org\/ImageObject'>\n\t\t\t\t\t\t\t<span itemprop='url'>https:\/\/www.worldpancreaticcancercoalition.org\/wp-content\/uploads\/WPCC-Logo-H.png<\/span>\n\t\t\t\t\t\t<\/span>\n\t\t\t\t<\/span><span class='av-structured-data'  itemprop=\"author\" itemscope=\"itemscope\" itemtype=\"https:\/\/schema.org\/Person\" ><span itemprop='name'>Evan Van Leeuwen<\/span><\/span><span class='av-structured-data'  itemprop=\"datePublished\" datetime=\"2022-09-21T21:12:31+00:00\" >2023-12-04 16:40:29<\/span><span class='av-structured-data'  itemprop=\"dateModified\" itemtype=\"https:\/\/schema.org\/dateModified\" >2023-12-04 16:40:29<\/span><span class='av-structured-data'  itemprop=\"mainEntityOfPage\" itemtype=\"https:\/\/schema.org\/mainEntityOfPage\" ><span itemprop='name'>Perfil de los miembros: #PurpleOurWorld<\/span><\/span><\/span><\/article><article class='slide-entry flex_column  post-entry post-entry-19975 slide-entry-overview slide-loop-7 slide-parity-odd  av_one_fourth  real-thumbnail posttype-post post-format-standard'  itemscope=\"itemscope\" itemtype=\"https:\/\/schema.org\/CreativeWork\" ><a href='https:\/\/www.worldpancreaticcancercoalition.org\/es\/members\/perfil-de-los-miembros-nipanc\/' data-rel='slide-1' class='slide-image' title='Perfil de los miembros: NIPANC'><img decoding=\"async\" fetchpriority=\"high\" width=\"260\" height=\"185\" src=\"https:\/\/www.worldpancreaticcancercoalition.org\/wp-content\/uploads\/Serious-Game-Launch-260x185.jpg\" class=\"wp-image-17457 avia-img-lazy-loading-not-17457 attachment-portfolio_small size-portfolio_small wp-post-image\" alt=\"\" \/><\/a><div class=\"slide-content\"><header class=\"entry-content-header\" aria-label=\"Slide: Perfil de los miembros: NIPANC\"><h3 class='slide-entry-title entry-title '  itemprop=\"headline\" ><a href='https:\/\/www.worldpancreaticcancercoalition.org\/es\/members\/perfil-de-los-miembros-nipanc\/' title='Perfil de los miembros: NIPANC'>Perfil de los miembros: NIPANC<\/a><\/h3><span class=\"blog-categories minor-meta\"><a href=\"https:\/\/www.worldpancreaticcancercoalition.org\/category\/members\/\" rel=\"tag\">Members<\/a>, <a href=\"https:\/\/www.worldpancreaticcancercoalition.org\/category\/news\/\" rel=\"tag\">News<\/a>  <\/span><span class=\"av-vertical-delimiter\"><\/span><\/header><div class='slide-entry-excerpt entry-content'  itemprop=\"text\" >El C\u00e1ncer de P\u00e1ncreas de Irlanda del Norte (NIPANC) se cre\u00f3 en agosto de 2018 y tiene sus ra\u00edces en un grupo de personas afectadas por c\u00e1ncer de p\u00e1ncreas que se unieron para apoyarse y recaudar fondos con el fin de promover un mejor diagn\u00f3stico\u2026<div class=\"read-more-link\"><a href=\"https:\/\/www.worldpancreaticcancercoalition.org\/es\/members\/perfil-de-los-miembros-nipanc\/\" class=\"more-link\">Leer m\u00e1s<span class='more-link-arrow avia-svg-icon avia-font-svg_entypo-fontello' data-av_svg_icon='right-open-big' data-av_iconset='svg_entypo-fontello'><svg version=\"1.1\" xmlns=\"http:\/\/www.w3.org\/2000\/svg\" width=\"15\" height=\"32\" viewBox=\"0 0 15 32\" preserveAspectRatio=\"xMidYMid meet\" role=\"graphics-symbol\" aria-hidden=\"true\">\n<path d=\"M0.416 27.84l11.456-11.84-11.456-11.904q-0.832-0.832 0-1.536 0.832-0.832 1.536 0l12.544 12.608q0.768 0.832 0 1.6l-12.544 12.608q-0.704 0.832-1.536 0-0.832-0.704 0-1.536z\"><\/path>\n<\/svg><\/span><\/a><\/div><\/div><\/div><footer class=\"entry-footer\"><div class=\"slide-meta\"><time class='slide-meta-time updated'  itemprop=\"datePublished\" datetime=\"2023-11-08T15:42:53+00:00\" >8 de noviembre de 2023<\/time><\/div><\/footer><span class='hidden'>\n\t\t\t\t<span class='av-structured-data'  itemprop=\"image\" itemscope=\"itemscope\" itemtype=\"https:\/\/schema.org\/ImageObject\" >\n\t\t\t\t\t\t<span itemprop='url'>https:\/\/www.worldpancreaticcancercoalition.org\/wp-content\/uploads\/Serious-Game-Launch.jpg<\/span>\n\t\t\t\t\t\t<span itemprop='height'>667<\/span>\n\t\t\t\t\t\t<span itemprop='width'>1000<\/span>\n\t\t\t\t<\/span>\n\t\t\t\t<span class='av-structured-data'  itemprop=\"publisher\" itemtype=\"https:\/\/schema.org\/Organization\" itemscope=\"itemscope\" >\n\t\t\t\t\t\t<span itemprop='name'>Evan Van Leeuwen<\/span>\n\t\t\t\t\t\t<span itemprop='logo' itemscope itemtype='https:\/\/schema.org\/ImageObject'>\n\t\t\t\t\t\t\t<span itemprop='url'>https:\/\/www.worldpancreaticcancercoalition.org\/wp-content\/uploads\/WPCC-Logo-H.png<\/span>\n\t\t\t\t\t\t<\/span>\n\t\t\t\t<\/span><span class='av-structured-data'  itemprop=\"author\" itemscope=\"itemscope\" itemtype=\"https:\/\/schema.org\/Person\" ><span itemprop='name'>Evan Van Leeuwen<\/span><\/span><span class='av-structured-data'  itemprop=\"datePublished\" datetime=\"2022-09-21T21:12:31+00:00\" >2023-11-08 15:42:53<\/span><span class='av-structured-data'  itemprop=\"dateModified\" itemtype=\"https:\/\/schema.org\/dateModified\" >2023-11-08 15:42:53<\/span><span class='av-structured-data'  itemprop=\"mainEntityOfPage\" itemtype=\"https:\/\/schema.org\/mainEntityOfPage\" ><span itemprop='name'>Perfil de los miembros: NIPANC<\/span><\/span><\/span><\/article><article class='slide-entry flex_column  post-entry post-entry-19976 slide-entry-overview slide-loop-8 slide-parity-even  av_one_fourth  real-thumbnail posttype-post post-format-standard'  itemscope=\"itemscope\" itemtype=\"https:\/\/schema.org\/CreativeWork\" ><a href='https:\/\/www.worldpancreaticcancercoalition.org\/es\/members\/perfil-de-los-miembros-fondo-elizabeth-coteman\/' data-rel='slide-1' class='slide-image' title='Perfil de los miembros: Fondo Elizabeth Coteman'><img decoding=\"async\" fetchpriority=\"high\" width=\"260\" height=\"185\" src=\"https:\/\/www.worldpancreaticcancercoalition.org\/wp-content\/uploads\/Screenshot-2023-10-17-at-9.28.12\u202fAM-260x185.png\" class=\"wp-image-16569 avia-img-lazy-loading-not-16569 attachment-portfolio_small size-portfolio_small wp-post-image\" alt=\"\" \/><\/a><div class=\"slide-content\"><header class=\"entry-content-header\" aria-label=\"Slide: Perfil de los miembros: Fondo Elizabeth Coteman\"><h3 class='slide-entry-title entry-title '  itemprop=\"headline\" ><a href='https:\/\/www.worldpancreaticcancercoalition.org\/es\/members\/perfil-de-los-miembros-fondo-elizabeth-coteman\/' title='Perfil de los miembros: Fondo Elizabeth Coteman'>Perfil de los miembros: Fondo Elizabeth Coteman<\/a><\/h3><span class=\"blog-categories minor-meta\"><a href=\"https:\/\/www.worldpancreaticcancercoalition.org\/category\/members\/\" rel=\"tag\">Members<\/a>, <a href=\"https:\/\/www.worldpancreaticcancercoalition.org\/category\/news\/\" rel=\"tag\">News<\/a>  <\/span><span class=\"av-vertical-delimiter\"><\/span><\/header><div class='slide-entry-excerpt entry-content'  itemprop=\"text\" >&nbsp;\n\nEl Fondo Elizabeth Coteman se cre\u00f3 en 2010 tras el fallecimiento de la querida esposa y madre Elizabeth Coteman a causa de un c\u00e1ncer de p\u00e1ncreas, para apoyar a las personas con un diagn\u00f3stico de c\u00e1ncer de p\u00e1ncreas y a sus familias.\u2026<div class=\"read-more-link\"><a href=\"https:\/\/www.worldpancreaticcancercoalition.org\/es\/members\/perfil-de-los-miembros-fondo-elizabeth-coteman\/\" class=\"more-link\">Leer m\u00e1s<span class='more-link-arrow avia-svg-icon avia-font-svg_entypo-fontello' data-av_svg_icon='right-open-big' data-av_iconset='svg_entypo-fontello'><svg version=\"1.1\" xmlns=\"http:\/\/www.w3.org\/2000\/svg\" width=\"15\" height=\"32\" viewBox=\"0 0 15 32\" preserveAspectRatio=\"xMidYMid meet\" role=\"graphics-symbol\" aria-hidden=\"true\">\n<path d=\"M0.416 27.84l11.456-11.84-11.456-11.904q-0.832-0.832 0-1.536 0.832-0.832 1.536 0l12.544 12.608q0.768 0.832 0 1.6l-12.544 12.608q-0.704 0.832-1.536 0-0.832-0.704 0-1.536z\"><\/path>\n<\/svg><\/span><\/a><\/div><\/div><\/div><footer class=\"entry-footer\"><div class=\"slide-meta\"><time class='slide-meta-time updated'  itemprop=\"datePublished\" datetime=\"2023-10-17T13:29:32+00:00\" >17 de octubre de 2023<\/time><\/div><\/footer><span class='hidden'>\n\t\t\t\t<span class='av-structured-data'  itemprop=\"image\" itemscope=\"itemscope\" itemtype=\"https:\/\/schema.org\/ImageObject\" >\n\t\t\t\t\t\t<span itemprop='url'>https:\/\/www.worldpancreaticcancercoalition.org\/wp-content\/uploads\/Screenshot-2023-10-17-at-9.28.12\u202fAM.png<\/span>\n\t\t\t\t\t\t<span itemprop='height'>206<\/span>\n\t\t\t\t\t\t<span itemprop='width'>719<\/span>\n\t\t\t\t<\/span>\n\t\t\t\t<span class='av-structured-data'  itemprop=\"publisher\" itemtype=\"https:\/\/schema.org\/Organization\" itemscope=\"itemscope\" >\n\t\t\t\t\t\t<span itemprop='name'>Evan Van Leeuwen<\/span>\n\t\t\t\t\t\t<span itemprop='logo' itemscope itemtype='https:\/\/schema.org\/ImageObject'>\n\t\t\t\t\t\t\t<span itemprop='url'>https:\/\/www.worldpancreaticcancercoalition.org\/wp-content\/uploads\/WPCC-Logo-H.png<\/span>\n\t\t\t\t\t\t<\/span>\n\t\t\t\t<\/span><span class='av-structured-data'  itemprop=\"author\" itemscope=\"itemscope\" itemtype=\"https:\/\/schema.org\/Person\" ><span itemprop='name'>Evan Van Leeuwen<\/span><\/span><span class='av-structured-data'  itemprop=\"datePublished\" datetime=\"2022-09-21T21:12:31+00:00\" >2023-10-17 13:29:32<\/span><span class='av-structured-data'  itemprop=\"dateModified\" itemtype=\"https:\/\/schema.org\/dateModified\" >2023-10-17 13:29:32<\/span><span class='av-structured-data'  itemprop=\"mainEntityOfPage\" itemtype=\"https:\/\/schema.org\/mainEntityOfPage\" ><span itemprop='name'>Perfil de los miembros: Fondo Elizabeth Coteman<\/span><\/span><\/span><\/article><\/div><div class=\"slide-entry-wrap\"><article class='slide-entry flex_column  post-entry post-entry-19961 slide-entry-overview slide-loop-9 slide-parity-odd  av_one_fourth first real-thumbnail posttype-post post-format-standard'  itemscope=\"itemscope\" itemtype=\"https:\/\/schema.org\/CreativeWork\" ><a href='https:\/\/www.worldpancreaticcancercoalition.org\/es\/members\/perfil-de-los-miembros-cancer-de-pancreas-irlanda\/' data-rel='slide-1' class='slide-image' title='Perfil de los miembros: C\u00e1ncer de P\u00e1ncreas Irlanda'><img decoding=\"async\" fetchpriority=\"high\" width=\"260\" height=\"185\" src=\"https:\/\/www.worldpancreaticcancercoalition.org\/wp-content\/uploads\/LOGO-2-260x185.jpg\" class=\"wp-image-15738 avia-img-lazy-loading-not-15738 attachment-portfolio_small size-portfolio_small wp-post-image\" alt=\"\" \/><\/a><div class=\"slide-content\"><header class=\"entry-content-header\" aria-label=\"Slide: Perfil de los miembros: C\u00e1ncer de P\u00e1ncreas Irlanda\"><h3 class='slide-entry-title entry-title '  itemprop=\"headline\" ><a href='https:\/\/www.worldpancreaticcancercoalition.org\/es\/members\/perfil-de-los-miembros-cancer-de-pancreas-irlanda\/' title='Perfil de los miembros: C\u00e1ncer de P\u00e1ncreas Irlanda'>Perfil de los miembros: C\u00e1ncer de P\u00e1ncreas Irlanda<\/a><\/h3><span class=\"blog-categories minor-meta\"><a href=\"https:\/\/www.worldpancreaticcancercoalition.org\/category\/members\/\" rel=\"tag\">Members<\/a>, <a href=\"https:\/\/www.worldpancreaticcancercoalition.org\/category\/news\/\" rel=\"tag\">News<\/a>  <\/span><span class=\"av-vertical-delimiter\"><\/span><\/header><div class='slide-entry-excerpt entry-content'  itemprop=\"text\" >Pancreatic Cancer Ireland fue fundada en septiembre de 2022 por Rachel Duquesnois poco despu\u00e9s de perder a su maravillosa madre, Martina Dunne, a causa de un c\u00e1ncer de p\u00e1ncreas. Por desgracia, no era la primera vez que la familia se ve\u00eda\u2026<div class=\"read-more-link\"><a href=\"https:\/\/www.worldpancreaticcancercoalition.org\/es\/members\/perfil-de-los-miembros-cancer-de-pancreas-irlanda\/\" class=\"more-link\">Leer m\u00e1s<span class='more-link-arrow avia-svg-icon avia-font-svg_entypo-fontello' data-av_svg_icon='right-open-big' data-av_iconset='svg_entypo-fontello'><svg version=\"1.1\" xmlns=\"http:\/\/www.w3.org\/2000\/svg\" width=\"15\" height=\"32\" viewBox=\"0 0 15 32\" preserveAspectRatio=\"xMidYMid meet\" role=\"graphics-symbol\" aria-hidden=\"true\">\n<path d=\"M0.416 27.84l11.456-11.84-11.456-11.904q-0.832-0.832 0-1.536 0.832-0.832 1.536 0l12.544 12.608q0.768 0.832 0 1.6l-12.544 12.608q-0.704 0.832-1.536 0-0.832-0.704 0-1.536z\"><\/path>\n<\/svg><\/span><\/a><\/div><\/div><\/div><footer class=\"entry-footer\"><div class=\"slide-meta\"><time class='slide-meta-time updated'  itemprop=\"datePublished\" datetime=\"2023-09-12T16:30:10+00:00\" >12 de septiembre de 2023<\/time><\/div><\/footer><span class='hidden'>\n\t\t\t\t<span class='av-structured-data'  itemprop=\"image\" itemscope=\"itemscope\" itemtype=\"https:\/\/schema.org\/ImageObject\" >\n\t\t\t\t\t\t<span itemprop='url'>https:\/\/www.worldpancreaticcancercoalition.org\/wp-content\/uploads\/LOGO-2.jpg<\/span>\n\t\t\t\t\t\t<span itemprop='height'>358<\/span>\n\t\t\t\t\t\t<span itemprop='width'>358<\/span>\n\t\t\t\t<\/span>\n\t\t\t\t<span class='av-structured-data'  itemprop=\"publisher\" itemtype=\"https:\/\/schema.org\/Organization\" itemscope=\"itemscope\" >\n\t\t\t\t\t\t<span itemprop='name'>Evan Van Leeuwen<\/span>\n\t\t\t\t\t\t<span itemprop='logo' itemscope itemtype='https:\/\/schema.org\/ImageObject'>\n\t\t\t\t\t\t\t<span itemprop='url'>https:\/\/www.worldpancreaticcancercoalition.org\/wp-content\/uploads\/WPCC-Logo-H.png<\/span>\n\t\t\t\t\t\t<\/span>\n\t\t\t\t<\/span><span class='av-structured-data'  itemprop=\"author\" itemscope=\"itemscope\" itemtype=\"https:\/\/schema.org\/Person\" ><span itemprop='name'>Evan Van Leeuwen<\/span><\/span><span class='av-structured-data'  itemprop=\"datePublished\" datetime=\"2022-09-21T21:12:31+00:00\" >2023-09-12 16:30:10<\/span><span class='av-structured-data'  itemprop=\"dateModified\" itemtype=\"https:\/\/schema.org\/dateModified\" >2023-09-12 16:30:10<\/span><span class='av-structured-data'  itemprop=\"mainEntityOfPage\" itemtype=\"https:\/\/schema.org\/mainEntityOfPage\" ><span itemprop='name'>Perfil de los miembros: C\u00e1ncer de P\u00e1ncreas Irlanda<\/span><\/span><\/span><\/article><article class='slide-entry flex_column  post-entry post-entry-19960 slide-entry-overview slide-loop-10 slide-parity-even  av_one_fourth  real-thumbnail posttype-post post-format-standard'  itemscope=\"itemscope\" itemtype=\"https:\/\/schema.org\/CreativeWork\" ><a href='https:\/\/www.worldpancreaticcancercoalition.org\/es\/members\/perfil-de-los-miembros-fundacion-nacional-contra-el-cancer-de-pancreas\/' data-rel='slide-1' class='slide-image' title='Perfil de los miembros: Fundaci\u00f3n Nacional contra el C\u00e1ncer de P\u00e1ncreas'><img decoding=\"async\" fetchpriority=\"high\" width=\"260\" height=\"185\" src=\"https:\/\/www.worldpancreaticcancercoalition.org\/wp-content\/uploads\/UIP-Houston-2022-260x185.jpg\" class=\"wp-image-15223 avia-img-lazy-loading-not-15223 attachment-portfolio_small size-portfolio_small wp-post-image\" alt=\"\" \/><\/a><div class=\"slide-content\"><header class=\"entry-content-header\" aria-label=\"Slide: Perfil de los miembros: Fundaci\u00f3n Nacional contra el C\u00e1ncer de P\u00e1ncreas\"><h3 class='slide-entry-title entry-title '  itemprop=\"headline\" ><a href='https:\/\/www.worldpancreaticcancercoalition.org\/es\/members\/perfil-de-los-miembros-fundacion-nacional-contra-el-cancer-de-pancreas\/' title='Perfil de los miembros: Fundaci\u00f3n Nacional contra el C\u00e1ncer de P\u00e1ncreas'>Perfil de los miembros: Fundaci\u00f3n Nacional contra el C\u00e1ncer de P\u00e1ncreas<\/a><\/h3><span class=\"blog-categories minor-meta\"><a href=\"https:\/\/www.worldpancreaticcancercoalition.org\/category\/members\/\" rel=\"tag\">Members<\/a>, <a href=\"https:\/\/www.worldpancreaticcancercoalition.org\/fr\/category\/membres\/\" rel=\"tag\">Membres<\/a>, <a href=\"https:\/\/www.worldpancreaticcancercoalition.org\/it\/category\/membri\/\" rel=\"tag\">Membri<\/a>, <a href=\"https:\/\/www.worldpancreaticcancercoalition.org\/es\/category\/miembros\/\" rel=\"tag\">Miembros<\/a>, <a href=\"https:\/\/www.worldpancreaticcancercoalition.org\/category\/news\/\" rel=\"tag\">News<\/a>  <\/span><span class=\"av-vertical-delimiter\"><\/span><\/header><div class='slide-entry-excerpt entry-content'  itemprop=\"text\" >En 2009, Rhonda Williams cre\u00f3 la Fundaci\u00f3n Nacional contra el C\u00e1ncer de P\u00e1ncreas tras la tr\u00e1gica p\u00e9rdida de un familiar a causa de esta enfermedad. Este desafortunado suceso puso de manifiesto la insuficiente sensibilizaci\u00f3n y financiaci\u00f3n\u2026<div class=\"read-more-link\"><a href=\"https:\/\/www.worldpancreaticcancercoalition.org\/es\/members\/perfil-de-los-miembros-fundacion-nacional-contra-el-cancer-de-pancreas\/\" class=\"more-link\">Leer m\u00e1s<span class='more-link-arrow avia-svg-icon avia-font-svg_entypo-fontello' data-av_svg_icon='right-open-big' data-av_iconset='svg_entypo-fontello'><svg version=\"1.1\" xmlns=\"http:\/\/www.w3.org\/2000\/svg\" width=\"15\" height=\"32\" viewBox=\"0 0 15 32\" preserveAspectRatio=\"xMidYMid meet\" role=\"graphics-symbol\" aria-hidden=\"true\">\n<path d=\"M0.416 27.84l11.456-11.84-11.456-11.904q-0.832-0.832 0-1.536 0.832-0.832 1.536 0l12.544 12.608q0.768 0.832 0 1.6l-12.544 12.608q-0.704 0.832-1.536 0-0.832-0.704 0-1.536z\"><\/path>\n<\/svg><\/span><\/a><\/div><\/div><\/div><footer class=\"entry-footer\"><div class=\"slide-meta\"><time class='slide-meta-time updated'  itemprop=\"datePublished\" datetime=\"2023-08-15T20:18:01+00:00\" >15 de agosto de 2023<\/time><\/div><\/footer><span class='hidden'>\n\t\t\t\t<span class='av-structured-data'  itemprop=\"image\" itemscope=\"itemscope\" itemtype=\"https:\/\/schema.org\/ImageObject\" >\n\t\t\t\t\t\t<span itemprop='url'>https:\/\/www.worldpancreaticcancercoalition.org\/wp-content\/uploads\/UIP-Houston-2022-scaled.jpg<\/span>\n\t\t\t\t\t\t<span itemprop='height'>1706<\/span>\n\t\t\t\t\t\t<span itemprop='width'>2560<\/span>\n\t\t\t\t<\/span>\n\t\t\t\t<span class='av-structured-data'  itemprop=\"publisher\" itemtype=\"https:\/\/schema.org\/Organization\" itemscope=\"itemscope\" >\n\t\t\t\t\t\t<span itemprop='name'>Evan Van Leeuwen<\/span>\n\t\t\t\t\t\t<span itemprop='logo' itemscope itemtype='https:\/\/schema.org\/ImageObject'>\n\t\t\t\t\t\t\t<span itemprop='url'>https:\/\/www.worldpancreaticcancercoalition.org\/wp-content\/uploads\/WPCC-Logo-H.png<\/span>\n\t\t\t\t\t\t<\/span>\n\t\t\t\t<\/span><span class='av-structured-data'  itemprop=\"author\" itemscope=\"itemscope\" itemtype=\"https:\/\/schema.org\/Person\" ><span itemprop='name'>Evan Van Leeuwen<\/span><\/span><span class='av-structured-data'  itemprop=\"datePublished\" datetime=\"2022-09-21T21:12:31+00:00\" >2023-08-15 20:18:01<\/span><span class='av-structured-data'  itemprop=\"dateModified\" itemtype=\"https:\/\/schema.org\/dateModified\" >2023-08-15 20:18:01<\/span><span class='av-structured-data'  itemprop=\"mainEntityOfPage\" itemtype=\"https:\/\/schema.org\/mainEntityOfPage\" ><span itemprop='name'>Perfil de los miembros: Fundaci\u00f3n Nacional contra el C\u00e1ncer de P\u00e1ncreas<\/span><\/span><\/span><\/article><article class='slide-entry flex_column  post-entry post-entry-19946 slide-entry-overview slide-loop-11 slide-parity-odd  av_one_fourth  real-thumbnail posttype-post post-format-standard'  itemscope=\"itemscope\" itemtype=\"https:\/\/schema.org\/CreativeWork\" ><a href='https:\/\/www.worldpancreaticcancercoalition.org\/es\/members\/' data-rel='slide-1' class='slide-image' title='Perfil de los miembros: Europacolon Portugal'><img decoding=\"async\" fetchpriority=\"high\" width=\"260\" height=\"185\" src=\"https:\/\/www.worldpancreaticcancercoalition.org\/wp-content\/uploads\/348241714_167434309624658_5668583534457297283_n-260x185.jpg\" class=\"wp-image-14952 avia-img-lazy-loading-not-14952 attachment-portfolio_small size-portfolio_small wp-post-image\" alt=\"\" \/><\/a><div class=\"slide-content\"><header class=\"entry-content-header\" aria-label=\"Slide: Perfil de los miembros: Europacolon Portugal\"><h3 class='slide-entry-title entry-title '  itemprop=\"headline\" ><a href='https:\/\/www.worldpancreaticcancercoalition.org\/es\/members\/' title='Perfil de los miembros: Europacolon Portugal'>Perfil de los miembros: Europacolon Portugal<\/a><\/h3><span class=\"blog-categories minor-meta\"><a href=\"https:\/\/www.worldpancreaticcancercoalition.org\/category\/members\/\" rel=\"tag\">Members<\/a>, <a href=\"https:\/\/www.worldpancreaticcancercoalition.org\/fr\/category\/membres\/\" rel=\"tag\">Membres<\/a>, <a href=\"https:\/\/www.worldpancreaticcancercoalition.org\/it\/category\/membri\/\" rel=\"tag\">Membri<\/a>, <a href=\"https:\/\/www.worldpancreaticcancercoalition.org\/es\/category\/miembros\/\" rel=\"tag\">Miembros<\/a>, <a href=\"https:\/\/www.worldpancreaticcancercoalition.org\/category\/news\/\" rel=\"tag\">News<\/a>  <\/span><span class=\"av-vertical-delimiter\"><\/span><\/header><div class='slide-entry-excerpt entry-content'  itemprop=\"text\" >Acerca de Europacolon Portugal\nEuropacolon Portugal, Asociaci\u00f3n de Apoyo a Pacientes con C\u00e1ncer Digestivo, es una Instituci\u00f3n Privada de Solidaridad Social, fundada en 2006, en Oporto, Portugal. Tienen un total de 1.500 Asociados en todo\u2026<div class=\"read-more-link\"><a href=\"https:\/\/www.worldpancreaticcancercoalition.org\/es\/members\/\" class=\"more-link\">Leer m\u00e1s<span class='more-link-arrow avia-svg-icon avia-font-svg_entypo-fontello' data-av_svg_icon='right-open-big' data-av_iconset='svg_entypo-fontello'><svg version=\"1.1\" xmlns=\"http:\/\/www.w3.org\/2000\/svg\" width=\"15\" height=\"32\" viewBox=\"0 0 15 32\" preserveAspectRatio=\"xMidYMid meet\" role=\"graphics-symbol\" aria-hidden=\"true\">\n<path d=\"M0.416 27.84l11.456-11.84-11.456-11.904q-0.832-0.832 0-1.536 0.832-0.832 1.536 0l12.544 12.608q0.768 0.832 0 1.6l-12.544 12.608q-0.704 0.832-1.536 0-0.832-0.704 0-1.536z\"><\/path>\n<\/svg><\/span><\/a><\/div><\/div><\/div><footer class=\"entry-footer\"><div class=\"slide-meta\"><time class='slide-meta-time updated'  itemprop=\"datePublished\" datetime=\"2023-08-15T20:08:22+00:00\" >15 de agosto de 2023<\/time><\/div><\/footer><span class='hidden'>\n\t\t\t\t<span class='av-structured-data'  itemprop=\"image\" itemscope=\"itemscope\" itemtype=\"https:\/\/schema.org\/ImageObject\" >\n\t\t\t\t\t\t<span itemprop='url'>https:\/\/www.worldpancreaticcancercoalition.org\/wp-content\/uploads\/348241714_167434309624658_5668583534457297283_n.jpg<\/span>\n\t\t\t\t\t\t<span itemprop='height'>768<\/span>\n\t\t\t\t\t\t<span itemprop='width'>1024<\/span>\n\t\t\t\t<\/span>\n\t\t\t\t<span class='av-structured-data'  itemprop=\"publisher\" itemtype=\"https:\/\/schema.org\/Organization\" itemscope=\"itemscope\" >\n\t\t\t\t\t\t<span itemprop='name'>Evan Van Leeuwen<\/span>\n\t\t\t\t\t\t<span itemprop='logo' itemscope itemtype='https:\/\/schema.org\/ImageObject'>\n\t\t\t\t\t\t\t<span itemprop='url'>https:\/\/www.worldpancreaticcancercoalition.org\/wp-content\/uploads\/WPCC-Logo-H.png<\/span>\n\t\t\t\t\t\t<\/span>\n\t\t\t\t<\/span><span class='av-structured-data'  itemprop=\"author\" itemscope=\"itemscope\" itemtype=\"https:\/\/schema.org\/Person\" ><span itemprop='name'>Evan Van Leeuwen<\/span><\/span><span class='av-structured-data'  itemprop=\"datePublished\" datetime=\"2022-09-21T21:12:31+00:00\" >2023-08-15 20:08:22<\/span><span class='av-structured-data'  itemprop=\"dateModified\" itemtype=\"https:\/\/schema.org\/dateModified\" >2023-08-15 20:08:22<\/span><span class='av-structured-data'  itemprop=\"mainEntityOfPage\" itemtype=\"https:\/\/schema.org\/mainEntityOfPage\" ><span itemprop='name'>Perfil de los miembros: Europacolon Portugal<\/span><\/span><\/span><\/article><article class='slide-entry flex_column  post-entry post-entry-19947 slide-entry-overview slide-loop-12 slide-parity-even  av_one_fourth  real-thumbnail posttype-post post-format-standard'  itemscope=\"itemscope\" itemtype=\"https:\/\/schema.org\/CreativeWork\" ><a href='https:\/\/www.worldpancreaticcancercoalition.org\/es\/members\/perfil-de-los-miembros-europacolon-portugal-2\/' data-rel='slide-1' class='slide-image' title='Perfil de los miembros: Europacolon Portugal'><img decoding=\"async\" fetchpriority=\"high\" width=\"260\" height=\"185\" src=\"https:\/\/www.worldpancreaticcancercoalition.org\/wp-content\/uploads\/348241714_167434309624658_5668583534457297283_n-260x185.jpg\" class=\"wp-image-14952 avia-img-lazy-loading-not-14952 attachment-portfolio_small size-portfolio_small wp-post-image\" alt=\"\" \/><\/a><div class=\"slide-content\"><header class=\"entry-content-header\" aria-label=\"Slide: Perfil de los miembros: Europacolon Portugal\"><h3 class='slide-entry-title entry-title '  itemprop=\"headline\" ><a href='https:\/\/www.worldpancreaticcancercoalition.org\/es\/members\/perfil-de-los-miembros-europacolon-portugal-2\/' title='Perfil de los miembros: Europacolon Portugal'>Perfil de los miembros: Europacolon Portugal<\/a><\/h3><span class=\"blog-categories minor-meta\"><a href=\"https:\/\/www.worldpancreaticcancercoalition.org\/category\/members\/\" rel=\"tag\">Members<\/a>, <a href=\"https:\/\/www.worldpancreaticcancercoalition.org\/fr\/category\/membres\/\" rel=\"tag\">Membres<\/a>, <a href=\"https:\/\/www.worldpancreaticcancercoalition.org\/it\/category\/membri\/\" rel=\"tag\">Membri<\/a>, <a href=\"https:\/\/www.worldpancreaticcancercoalition.org\/es\/category\/miembros\/\" rel=\"tag\">Miembros<\/a>, <a href=\"https:\/\/www.worldpancreaticcancercoalition.org\/category\/news\/\" rel=\"tag\">News<\/a>  <\/span><span class=\"av-vertical-delimiter\"><\/span><\/header><div class='slide-entry-excerpt entry-content'  itemprop=\"text\" >Acerca de Europacolon Portugal\nEuropacolon Portugal, Asociaci\u00f3n de Apoyo a Pacientes con C\u00e1ncer Digestivo, es una Instituci\u00f3n Privada de Solidaridad Social, fundada en 2006, en Oporto, Portugal. Tienen un total de 1.500 Asociados en todo\u2026<div class=\"read-more-link\"><a href=\"https:\/\/www.worldpancreaticcancercoalition.org\/es\/members\/perfil-de-los-miembros-europacolon-portugal-2\/\" class=\"more-link\">Leer m\u00e1s<span class='more-link-arrow avia-svg-icon avia-font-svg_entypo-fontello' data-av_svg_icon='right-open-big' data-av_iconset='svg_entypo-fontello'><svg version=\"1.1\" xmlns=\"http:\/\/www.w3.org\/2000\/svg\" width=\"15\" height=\"32\" viewBox=\"0 0 15 32\" preserveAspectRatio=\"xMidYMid meet\" role=\"graphics-symbol\" aria-hidden=\"true\">\n<path d=\"M0.416 27.84l11.456-11.84-11.456-11.904q-0.832-0.832 0-1.536 0.832-0.832 1.536 0l12.544 12.608q0.768 0.832 0 1.6l-12.544 12.608q-0.704 0.832-1.536 0-0.832-0.704 0-1.536z\"><\/path>\n<\/svg><\/span><\/a><\/div><\/div><\/div><footer class=\"entry-footer\"><div class=\"slide-meta\"><time class='slide-meta-time updated'  itemprop=\"datePublished\" datetime=\"2023-07-18T20:31:30+00:00\" >18 de julio de 2023<\/time><\/div><\/footer><span class='hidden'>\n\t\t\t\t<span class='av-structured-data'  itemprop=\"image\" itemscope=\"itemscope\" itemtype=\"https:\/\/schema.org\/ImageObject\" >\n\t\t\t\t\t\t<span itemprop='url'>https:\/\/www.worldpancreaticcancercoalition.org\/wp-content\/uploads\/348241714_167434309624658_5668583534457297283_n.jpg<\/span>\n\t\t\t\t\t\t<span itemprop='height'>768<\/span>\n\t\t\t\t\t\t<span itemprop='width'>1024<\/span>\n\t\t\t\t<\/span>\n\t\t\t\t<span class='av-structured-data'  itemprop=\"publisher\" itemtype=\"https:\/\/schema.org\/Organization\" itemscope=\"itemscope\" >\n\t\t\t\t\t\t<span itemprop='name'>Mia Cole<\/span>\n\t\t\t\t\t\t<span itemprop='logo' itemscope itemtype='https:\/\/schema.org\/ImageObject'>\n\t\t\t\t\t\t\t<span itemprop='url'>https:\/\/www.worldpancreaticcancercoalition.org\/wp-content\/uploads\/WPCC-Logo-H.png<\/span>\n\t\t\t\t\t\t<\/span>\n\t\t\t\t<\/span><span class='av-structured-data'  itemprop=\"author\" itemscope=\"itemscope\" itemtype=\"https:\/\/schema.org\/Person\" ><span itemprop='name'>Mia Cole<\/span><\/span><span class='av-structured-data'  itemprop=\"datePublished\" datetime=\"2022-09-21T21:12:31+00:00\" >2023-07-18 20:31:30<\/span><span class='av-structured-data'  itemprop=\"dateModified\" itemtype=\"https:\/\/schema.org\/dateModified\" >2023-07-18 20:31:30<\/span><span class='av-structured-data'  itemprop=\"mainEntityOfPage\" itemtype=\"https:\/\/schema.org\/mainEntityOfPage\" ><span itemprop='name'>Perfil de los miembros: Europacolon Portugal<\/span><\/span><\/span><\/article><\/div><div class=\"slide-entry-wrap\"><article class='slide-entry flex_column  post-entry post-entry-19932 slide-entry-overview slide-loop-13 slide-parity-odd  av_one_fourth first real-thumbnail posttype-post post-format-standard'  itemscope=\"itemscope\" itemtype=\"https:\/\/schema.org\/CreativeWork\" ><a href='https:\/\/www.worldpancreaticcancercoalition.org\/es\/members\/perfil-de-los-miembros-pancreatic-cancer-awareness-gibraltar-charitable-trust-2\/' data-rel='slide-1' class='slide-image' title='Perfil de los miembros: Pancreatic Cancer Awareness Gibraltar Charitable Trust'><img decoding=\"async\" fetchpriority=\"high\" width=\"260\" height=\"185\" src=\"https:\/\/www.worldpancreaticcancercoalition.org\/wp-content\/uploads\/image0-2-260x185.jpeg\" class=\"wp-image-14910 avia-img-lazy-loading-not-14910 attachment-portfolio_small size-portfolio_small wp-post-image\" alt=\"\" \/><\/a><div class=\"slide-content\"><header class=\"entry-content-header\" aria-label=\"Slide: Perfil de los miembros: Pancreatic Cancer Awareness Gibraltar Charitable Trust\"><h3 class='slide-entry-title entry-title '  itemprop=\"headline\" ><a href='https:\/\/www.worldpancreaticcancercoalition.org\/es\/members\/perfil-de-los-miembros-pancreatic-cancer-awareness-gibraltar-charitable-trust-2\/' title='Perfil de los miembros: Pancreatic Cancer Awareness Gibraltar Charitable Trust'>Perfil de los miembros: Pancreatic Cancer Awareness Gibraltar Charitable Trust<\/a><\/h3><span class=\"blog-categories minor-meta\"><a href=\"https:\/\/www.worldpancreaticcancercoalition.org\/category\/members\/\" rel=\"tag\">Members<\/a>, <a href=\"https:\/\/www.worldpancreaticcancercoalition.org\/fr\/category\/membres\/\" rel=\"tag\">Membres<\/a>, <a href=\"https:\/\/www.worldpancreaticcancercoalition.org\/it\/category\/membri\/\" rel=\"tag\">Membri<\/a>, <a href=\"https:\/\/www.worldpancreaticcancercoalition.org\/es\/category\/miembros\/\" rel=\"tag\">Miembros<\/a>, <a href=\"https:\/\/www.worldpancreaticcancercoalition.org\/category\/news\/\" rel=\"tag\">News<\/a>  <\/span><span class=\"av-vertical-delimiter\"><\/span><\/header><div class='slide-entry-excerpt entry-content'  itemprop=\"text\" >Pancreatic Cancer Awareness Gibraltar Charitable Trust se fund\u00f3 en febrero de 2018 con el objetivo de concienciar sobre el c\u00e1ncer de p\u00e1ncreas al p\u00fablico, a los m\u00e9dicos generalistas y a otros profesionales de la medicina de Gibraltar, as\u00ed\u2026<div class=\"read-more-link\"><a href=\"https:\/\/www.worldpancreaticcancercoalition.org\/es\/members\/perfil-de-los-miembros-pancreatic-cancer-awareness-gibraltar-charitable-trust-2\/\" class=\"more-link\">Leer m\u00e1s<span class='more-link-arrow avia-svg-icon avia-font-svg_entypo-fontello' data-av_svg_icon='right-open-big' data-av_iconset='svg_entypo-fontello'><svg version=\"1.1\" xmlns=\"http:\/\/www.w3.org\/2000\/svg\" width=\"15\" height=\"32\" viewBox=\"0 0 15 32\" preserveAspectRatio=\"xMidYMid meet\" role=\"graphics-symbol\" aria-hidden=\"true\">\n<path d=\"M0.416 27.84l11.456-11.84-11.456-11.904q-0.832-0.832 0-1.536 0.832-0.832 1.536 0l12.544 12.608q0.768 0.832 0 1.6l-12.544 12.608q-0.704 0.832-1.536 0-0.832-0.704 0-1.536z\"><\/path>\n<\/svg><\/span><\/a><\/div><\/div><\/div><footer class=\"entry-footer\"><div class=\"slide-meta\"><time class='slide-meta-time updated'  itemprop=\"datePublished\" datetime=\"2023-06-13T16:03:32+00:00\" >13 de junio de 2023<\/time><\/div><\/footer><span class='hidden'>\n\t\t\t\t<span class='av-structured-data'  itemprop=\"image\" itemscope=\"itemscope\" itemtype=\"https:\/\/schema.org\/ImageObject\" >\n\t\t\t\t\t\t<span itemprop='url'>https:\/\/www.worldpancreaticcancercoalition.org\/wp-content\/uploads\/image0-2.jpeg<\/span>\n\t\t\t\t\t\t<span itemprop='height'>720<\/span>\n\t\t\t\t\t\t<span itemprop='width'>1600<\/span>\n\t\t\t\t<\/span>\n\t\t\t\t<span class='av-structured-data'  itemprop=\"publisher\" itemtype=\"https:\/\/schema.org\/Organization\" itemscope=\"itemscope\" >\n\t\t\t\t\t\t<span itemprop='name'>Mia Cole<\/span>\n\t\t\t\t\t\t<span itemprop='logo' itemscope itemtype='https:\/\/schema.org\/ImageObject'>\n\t\t\t\t\t\t\t<span itemprop='url'>https:\/\/www.worldpancreaticcancercoalition.org\/wp-content\/uploads\/WPCC-Logo-H.png<\/span>\n\t\t\t\t\t\t<\/span>\n\t\t\t\t<\/span><span class='av-structured-data'  itemprop=\"author\" itemscope=\"itemscope\" itemtype=\"https:\/\/schema.org\/Person\" ><span itemprop='name'>Mia Cole<\/span><\/span><span class='av-structured-data'  itemprop=\"datePublished\" datetime=\"2022-09-21T21:12:31+00:00\" >2023-06-13 16:03:32<\/span><span class='av-structured-data'  itemprop=\"dateModified\" itemtype=\"https:\/\/schema.org\/dateModified\" >2023-06-13 16:03:32<\/span><span class='av-structured-data'  itemprop=\"mainEntityOfPage\" itemtype=\"https:\/\/schema.org\/mainEntityOfPage\" ><span itemprop='name'>Perfil de los miembros: Pancreatic Cancer Awareness Gibraltar Charitable Trust<\/span><\/span><\/span><\/article><article class='slide-entry flex_column  post-entry post-entry-19933 slide-entry-overview slide-loop-14 slide-parity-even  av_one_fourth  real-thumbnail posttype-post post-format-standard'  itemscope=\"itemscope\" itemtype=\"https:\/\/schema.org\/CreativeWork\" ><a href='https:\/\/www.worldpancreaticcancercoalition.org\/es\/members\/perfil-de-los-miembros-fundacion-lavlav\/' data-rel='slide-1' class='slide-image' title='Perfil de los miembros: Fundaci\u00f3n Lavlav'><img decoding=\"async\" fetchpriority=\"high\" width=\"260\" height=\"185\" src=\"https:\/\/www.worldpancreaticcancercoalition.org\/wp-content\/uploads\/WhatsApp-Image-2023-04-14-at-15.49.21-260x185.jpeg\" class=\"wp-image-14883 avia-img-lazy-loading-not-14883 attachment-portfolio_small size-portfolio_small wp-post-image\" alt=\"\" \/><\/a><div class=\"slide-content\"><header class=\"entry-content-header\" aria-label=\"Slide: Perfil de los miembros: Fundaci\u00f3n Lavlav\"><h3 class='slide-entry-title entry-title '  itemprop=\"headline\" ><a href='https:\/\/www.worldpancreaticcancercoalition.org\/es\/members\/perfil-de-los-miembros-fundacion-lavlav\/' title='Perfil de los miembros: Fundaci\u00f3n Lavlav'>Perfil de los miembros: Fundaci\u00f3n Lavlav<\/a><\/h3><span class=\"blog-categories minor-meta\"><a href=\"https:\/\/www.worldpancreaticcancercoalition.org\/category\/members\/\" rel=\"tag\">Members<\/a>, <a href=\"https:\/\/www.worldpancreaticcancercoalition.org\/fr\/category\/membres\/\" rel=\"tag\">Membres<\/a>, <a href=\"https:\/\/www.worldpancreaticcancercoalition.org\/it\/category\/membri\/\" rel=\"tag\">Membri<\/a>, <a href=\"https:\/\/www.worldpancreaticcancercoalition.org\/es\/category\/miembros\/\" rel=\"tag\">Miembros<\/a>, <a href=\"https:\/\/www.worldpancreaticcancercoalition.org\/category\/news\/\" rel=\"tag\">News<\/a>  <\/span><span class=\"av-vertical-delimiter\"><\/span><\/header><div class='slide-entry-excerpt entry-content'  itemprop=\"text\" >En 2019, asistimos por primera vez a la Reuni\u00f3n Anual del WPCC en Miami. Esta fue nuestra primera toma de contacto con el incre\u00edble trabajo de las fundaciones que ayudan a los enfermos de c\u00e1ncer de p\u00e1ncreas y a sus familias. Como resultado,\u2026<div class=\"read-more-link\"><a href=\"https:\/\/www.worldpancreaticcancercoalition.org\/es\/members\/perfil-de-los-miembros-fundacion-lavlav\/\" class=\"more-link\">Leer m\u00e1s<span class='more-link-arrow avia-svg-icon avia-font-svg_entypo-fontello' data-av_svg_icon='right-open-big' data-av_iconset='svg_entypo-fontello'><svg version=\"1.1\" xmlns=\"http:\/\/www.w3.org\/2000\/svg\" width=\"15\" height=\"32\" viewBox=\"0 0 15 32\" preserveAspectRatio=\"xMidYMid meet\" role=\"graphics-symbol\" aria-hidden=\"true\">\n<path d=\"M0.416 27.84l11.456-11.84-11.456-11.904q-0.832-0.832 0-1.536 0.832-0.832 1.536 0l12.544 12.608q0.768 0.832 0 1.6l-12.544 12.608q-0.704 0.832-1.536 0-0.832-0.704 0-1.536z\"><\/path>\n<\/svg><\/span><\/a><\/div><\/div><\/div><footer class=\"entry-footer\"><div class=\"slide-meta\"><time class='slide-meta-time updated'  itemprop=\"datePublished\" datetime=\"2023-05-17T18:53:11+00:00\" >17 de mayo de 2023<\/time><\/div><\/footer><span class='hidden'>\n\t\t\t\t<span class='av-structured-data'  itemprop=\"image\" itemscope=\"itemscope\" itemtype=\"https:\/\/schema.org\/ImageObject\" >\n\t\t\t\t\t\t<span itemprop='url'>https:\/\/www.worldpancreaticcancercoalition.org\/wp-content\/uploads\/WhatsApp-Image-2023-04-14-at-15.49.21.jpeg<\/span>\n\t\t\t\t\t\t<span itemprop='height'>1666<\/span>\n\t\t\t\t\t\t<span itemprop='width'>1170<\/span>\n\t\t\t\t<\/span>\n\t\t\t\t<span class='av-structured-data'  itemprop=\"publisher\" itemtype=\"https:\/\/schema.org\/Organization\" itemscope=\"itemscope\" >\n\t\t\t\t\t\t<span itemprop='name'>Mia Cole<\/span>\n\t\t\t\t\t\t<span itemprop='logo' itemscope itemtype='https:\/\/schema.org\/ImageObject'>\n\t\t\t\t\t\t\t<span itemprop='url'>https:\/\/www.worldpancreaticcancercoalition.org\/wp-content\/uploads\/WPCC-Logo-H.png<\/span>\n\t\t\t\t\t\t<\/span>\n\t\t\t\t<\/span><span class='av-structured-data'  itemprop=\"author\" itemscope=\"itemscope\" itemtype=\"https:\/\/schema.org\/Person\" ><span itemprop='name'>Mia Cole<\/span><\/span><span class='av-structured-data'  itemprop=\"datePublished\" datetime=\"2022-09-21T21:12:31+00:00\" >2023-05-17 18:53:11<\/span><span class='av-structured-data'  itemprop=\"dateModified\" itemtype=\"https:\/\/schema.org\/dateModified\" >2023-05-17 18:53:11<\/span><span class='av-structured-data'  itemprop=\"mainEntityOfPage\" itemtype=\"https:\/\/schema.org\/mainEntityOfPage\" ><span itemprop='name'>Perfil de los miembros: Fundaci\u00f3n Lavlav<\/span><\/span><\/span><\/article><article class='slide-entry flex_column  post-entry post-entry-19914 slide-entry-overview slide-loop-15 slide-parity-odd  av_one_fourth  real-thumbnail posttype-post post-format-standard'  itemscope=\"itemscope\" itemtype=\"https:\/\/schema.org\/CreativeWork\" ><a href='https:\/\/www.worldpancreaticcancercoalition.org\/es\/members\/' data-rel='slide-1' class='slide-image' title='Perfil de los miembros: Fundaci\u00f3n Pancare'><img decoding=\"async\" fetchpriority=\"high\" width=\"260\" height=\"185\" src=\"https:\/\/www.worldpancreaticcancercoalition.org\/wp-content\/uploads\/314400604_5309378682522586_7695601423399775175_n-260x185.jpeg\" class=\"wp-image-11334 avia-img-lazy-loading-not-11334 attachment-portfolio_small size-portfolio_small wp-post-image\" alt=\"\" \/><\/a><div class=\"slide-content\"><header class=\"entry-content-header\" aria-label=\"Slide: Perfil de los miembros: Fundaci\u00f3n Pancare\"><h3 class='slide-entry-title entry-title '  itemprop=\"headline\" ><a href='https:\/\/www.worldpancreaticcancercoalition.org\/es\/members\/' title='Perfil de los miembros: Fundaci\u00f3n Pancare'>Perfil de los miembros: Fundaci\u00f3n Pancare<\/a><\/h3><span class=\"blog-categories minor-meta\"><a href=\"https:\/\/www.worldpancreaticcancercoalition.org\/category\/members\/\" rel=\"tag\">Members<\/a>, <a href=\"https:\/\/www.worldpancreaticcancercoalition.org\/fr\/category\/membres\/\" rel=\"tag\">Membres<\/a>, <a href=\"https:\/\/www.worldpancreaticcancercoalition.org\/it\/category\/membri\/\" rel=\"tag\">Membri<\/a>, <a href=\"https:\/\/www.worldpancreaticcancercoalition.org\/es\/category\/miembros\/\" rel=\"tag\">Miembros<\/a>, <a href=\"https:\/\/www.worldpancreaticcancercoalition.org\/category\/news\/\" rel=\"tag\">News<\/a>  <\/span><span class=\"av-vertical-delimiter\"><\/span><\/header><div class='slide-entry-excerpt entry-content'  itemprop=\"text\" >Fundada en Melbourne (Australia), la Fundaci\u00f3n Pancare es una organizaci\u00f3n ben\u00e9fica l\u00edder comprometida con inspirar esperanza, concienciar, apoyar a las familias y financiar la investigaci\u00f3n de los c\u00e1nceres gastrointestinales (GI) superiores.\u2026<div class=\"read-more-link\"><a href=\"https:\/\/www.worldpancreaticcancercoalition.org\/es\/members\/\" class=\"more-link\">Leer m\u00e1s<span class='more-link-arrow avia-svg-icon avia-font-svg_entypo-fontello' data-av_svg_icon='right-open-big' data-av_iconset='svg_entypo-fontello'><svg version=\"1.1\" xmlns=\"http:\/\/www.w3.org\/2000\/svg\" width=\"15\" height=\"32\" viewBox=\"0 0 15 32\" preserveAspectRatio=\"xMidYMid meet\" role=\"graphics-symbol\" aria-hidden=\"true\">\n<path d=\"M0.416 27.84l11.456-11.84-11.456-11.904q-0.832-0.832 0-1.536 0.832-0.832 1.536 0l12.544 12.608q0.768 0.832 0 1.6l-12.544 12.608q-0.704 0.832-1.536 0-0.832-0.704 0-1.536z\"><\/path>\n<\/svg><\/span><\/a><\/div><\/div><\/div><footer class=\"entry-footer\"><div class=\"slide-meta\"><time class='slide-meta-time updated'  itemprop=\"datePublished\" datetime=\"2023-01-30T17:57:28+00:00\" >30 de enero de 2023<\/time><\/div><\/footer><span class='hidden'>\n\t\t\t\t<span class='av-structured-data'  itemprop=\"image\" itemscope=\"itemscope\" itemtype=\"https:\/\/schema.org\/ImageObject\" >\n\t\t\t\t\t\t<span itemprop='url'>https:\/\/www.worldpancreaticcancercoalition.org\/wp-content\/uploads\/314400604_5309378682522586_7695601423399775175_n.jpeg<\/span>\n\t\t\t\t\t\t<span itemprop='height'>1366<\/span>\n\t\t\t\t\t\t<span itemprop='width'>2048<\/span>\n\t\t\t\t<\/span>\n\t\t\t\t<span class='av-structured-data'  itemprop=\"publisher\" itemtype=\"https:\/\/schema.org\/Organization\" itemscope=\"itemscope\" >\n\t\t\t\t\t\t<span itemprop='name'>Mia Cole<\/span>\n\t\t\t\t\t\t<span itemprop='logo' itemscope itemtype='https:\/\/schema.org\/ImageObject'>\n\t\t\t\t\t\t\t<span itemprop='url'>https:\/\/www.worldpancreaticcancercoalition.org\/wp-content\/uploads\/WPCC-Logo-H.png<\/span>\n\t\t\t\t\t\t<\/span>\n\t\t\t\t<\/span><span class='av-structured-data'  itemprop=\"author\" itemscope=\"itemscope\" itemtype=\"https:\/\/schema.org\/Person\" ><span itemprop='name'>Mia Cole<\/span><\/span><span class='av-structured-data'  itemprop=\"datePublished\" datetime=\"2022-09-21T21:12:31+00:00\" >2023-01-30 17:57:28<\/span><span class='av-structured-data'  itemprop=\"dateModified\" itemtype=\"https:\/\/schema.org\/dateModified\" >2023-01-30 17:57:28<\/span><span class='av-structured-data'  itemprop=\"mainEntityOfPage\" itemtype=\"https:\/\/schema.org\/mainEntityOfPage\" ><span itemprop='name'>Perfil de los miembros: Fundaci\u00f3n Pancare<\/span><\/span><\/span><\/article><article class='slide-entry flex_column  post-entry post-entry-9761 slide-entry-overview slide-loop-16 slide-parity-even  av_one_fourth  real-thumbnail posttype-post post-format-standard'  itemscope=\"itemscope\" itemtype=\"https:\/\/schema.org\/CreativeWork\" ><a href='https:\/\/www.worldpancreaticcancercoalition.org\/es\/members\/perfil-de-los-miembros-dice\/' data-rel='slide-1' class='slide-image' title='Perfil de los miembros: DiCE'><img decoding=\"async\" fetchpriority=\"high\" width=\"1\" height=\"1\" src=\"https:\/\/www.worldpancreaticcancercoalition.org\/wp-content\/uploads\/Capture-de\u00cc\u0081cran-2022-10-18-a\u00cc\u20ac-10.39.47-AM.png\" class=\"wp-image-9754 avia-img-lazy-loading-not-9754 attachment-portfolio_small size-portfolio_small wp-post-image\" alt=\"\" \/><\/a><div class=\"slide-content\"><header class=\"entry-content-header\" aria-label=\"Slide: Perfil de los miembros: DiCE\"><h3 class='slide-entry-title entry-title '  itemprop=\"headline\" ><a href='https:\/\/www.worldpancreaticcancercoalition.org\/es\/members\/perfil-de-los-miembros-dice\/' title='Perfil de los miembros: DiCE'>Perfil de los miembros: DiCE<\/a><\/h3><span class=\"blog-categories minor-meta\"><a href=\"https:\/\/www.worldpancreaticcancercoalition.org\/category\/members\/\" rel=\"tag\">Members<\/a>, <a href=\"https:\/\/www.worldpancreaticcancercoalition.org\/fr\/category\/membres\/\" rel=\"tag\">Membres<\/a>, <a href=\"https:\/\/www.worldpancreaticcancercoalition.org\/it\/category\/membri\/\" rel=\"tag\">Membri<\/a>, <a href=\"https:\/\/www.worldpancreaticcancercoalition.org\/es\/category\/miembros\/\" rel=\"tag\">Miembros<\/a>, <a href=\"https:\/\/www.worldpancreaticcancercoalition.org\/category\/news\/\" rel=\"tag\">News<\/a>  <\/span><span class=\"av-vertical-delimiter\"><\/span><\/header><div class='slide-entry-excerpt entry-content'  itemprop=\"text\" >Digestive Cancers Europe (DiCE) es una organizaci\u00e0\u00b3n europea sin \u00e0\u00a1nimo de lucro que agrupa a cerca de 40 organizaciones nacionales que representan a los pacientes con c\u00e0\u00a1nceres digestivos: colorrectal, g\u00e0\u00a1strico, hep\u00e0\u00a1tico, esof\u00e0\u00a1gico,\u2026<div class=\"read-more-link\"><a href=\"https:\/\/www.worldpancreaticcancercoalition.org\/es\/members\/perfil-de-los-miembros-dice\/\" class=\"more-link\">Leer m\u00e1s<span class='more-link-arrow avia-svg-icon avia-font-svg_entypo-fontello' data-av_svg_icon='right-open-big' data-av_iconset='svg_entypo-fontello'><svg version=\"1.1\" xmlns=\"http:\/\/www.w3.org\/2000\/svg\" width=\"15\" height=\"32\" viewBox=\"0 0 15 32\" preserveAspectRatio=\"xMidYMid meet\" role=\"graphics-symbol\" aria-hidden=\"true\">\n<path d=\"M0.416 27.84l11.456-11.84-11.456-11.904q-0.832-0.832 0-1.536 0.832-0.832 1.536 0l12.544 12.608q0.768 0.832 0 1.6l-12.544 12.608q-0.704 0.832-1.536 0-0.832-0.704 0-1.536z\"><\/path>\n<\/svg><\/span><\/a><\/div><\/div><\/div><footer class=\"entry-footer\"><div class=\"slide-meta\"><time class='slide-meta-time updated'  itemprop=\"datePublished\" datetime=\"2022-10-18T14:42:08+00:00\" >18 de octubre de 2022<\/time><\/div><\/footer><span class='hidden'>\n\t\t\t\t<span class='av-structured-data'  itemprop=\"image\" itemscope=\"itemscope\" itemtype=\"https:\/\/schema.org\/ImageObject\" >\n\t\t\t\t\t\t<span itemprop='url'>https:\/\/www.worldpancreaticcancercoalition.org\/wp-content\/uploads\/Capture-de\u00cc\u0081cran-2022-10-18-a\u00cc\u20ac-10.39.47-AM.png<\/span>\n\t\t\t\t\t\t<span itemprop='height'>0<\/span>\n\t\t\t\t\t\t<span itemprop='width'>0<\/span>\n\t\t\t\t<\/span>\n\t\t\t\t<span class='av-structured-data'  itemprop=\"publisher\" itemtype=\"https:\/\/schema.org\/Organization\" itemscope=\"itemscope\" >\n\t\t\t\t\t\t<span itemprop='name'>Mia Cole<\/span>\n\t\t\t\t\t\t<span itemprop='logo' itemscope itemtype='https:\/\/schema.org\/ImageObject'>\n\t\t\t\t\t\t\t<span itemprop='url'>https:\/\/www.worldpancreaticcancercoalition.org\/wp-content\/uploads\/WPCC-Logo-H.png<\/span>\n\t\t\t\t\t\t<\/span>\n\t\t\t\t<\/span><span class='av-structured-data'  itemprop=\"author\" itemscope=\"itemscope\" itemtype=\"https:\/\/schema.org\/Person\" ><span itemprop='name'>Mia Cole<\/span><\/span><span class='av-structured-data'  itemprop=\"datePublished\" datetime=\"2022-09-21T21:12:31+00:00\" >2022-10-18 14:42:08<\/span><span class='av-structured-data'  itemprop=\"dateModified\" itemtype=\"https:\/\/schema.org\/dateModified\" >2022-10-28 14:34:01<\/span><span class='av-structured-data'  itemprop=\"mainEntityOfPage\" itemtype=\"https:\/\/schema.org\/mainEntityOfPage\" ><span itemprop='name'>Perfil de los miembros: DiCE<\/span><\/span><\/span><\/article><\/div><div class=\"slide-entry-wrap\"><article class='slide-entry flex_column  post-entry post-entry-7623 slide-entry-overview slide-loop-17 slide-parity-odd  av_one_fourth first real-thumbnail posttype-post post-format-standard'  itemscope=\"itemscope\" itemtype=\"https:\/\/schema.org\/CreativeWork\" ><a href='https:\/\/www.worldpancreaticcancercoalition.org\/es\/members\/perfil-de-los-miembros-la-fundacion-john-e-sabga\/' data-rel='slide-1' class='slide-image' title='Perfil de los miembros: La Fundaci\u00c3\u00b3n John E. Sabga'><img decoding=\"async\" fetchpriority=\"high\" width=\"260\" height=\"185\" src=\"https:\/\/www.worldpancreaticcancercoalition.org\/wp-content\/uploads\/image1-260x185.jpeg\" class=\"wp-image-7619 avia-img-lazy-loading-not-7619 attachment-portfolio_small size-portfolio_small wp-post-image\" alt=\"\" \/><\/a><div class=\"slide-content\"><header class=\"entry-content-header\" aria-label=\"Slide: Perfil de los miembros: La Fundaci\u00c3\u00b3n John E. Sabga\"><h3 class='slide-entry-title entry-title '  itemprop=\"headline\" ><a href='https:\/\/www.worldpancreaticcancercoalition.org\/es\/members\/perfil-de-los-miembros-la-fundacion-john-e-sabga\/' title='Perfil de los miembros: La Fundaci\u00c3\u00b3n John E. Sabga'>Perfil de los miembros: La Fundaci\u00c3\u00b3n John E. Sabga<\/a><\/h3><span class=\"blog-categories minor-meta\"><a href=\"https:\/\/www.worldpancreaticcancercoalition.org\/category\/members\/\" rel=\"tag\">Members<\/a>, <a href=\"https:\/\/www.worldpancreaticcancercoalition.org\/es\/category\/miembros\/\" rel=\"tag\">Miembros<\/a>, <a href=\"https:\/\/www.worldpancreaticcancercoalition.org\/category\/news\/\" rel=\"tag\">News<\/a>  <\/span><span class=\"av-vertical-delimiter\"><\/span><\/header><div class='slide-entry-excerpt entry-content'  itemprop=\"text\" >La Fundaci\u00e0\u00b3n John E. Sabga es una fundaci\u00e0\u00b3n sin \u00e0\u00a1nimo de lucro creada en Trinidad y Tobago. La Fundaci\u00e0\u00b3n rinde homenaje a John Edmond Sabga, que falleci\u00e0\u00b3 a los 56 a\u00e0\u00b1os en enero de 2017 tras una valiente batalla de 10 meses\u2026<div class=\"read-more-link\"><a href=\"https:\/\/www.worldpancreaticcancercoalition.org\/es\/members\/perfil-de-los-miembros-la-fundacion-john-e-sabga\/\" class=\"more-link\">Leer m\u00e1s<span class='more-link-arrow avia-svg-icon avia-font-svg_entypo-fontello' data-av_svg_icon='right-open-big' data-av_iconset='svg_entypo-fontello'><svg version=\"1.1\" xmlns=\"http:\/\/www.w3.org\/2000\/svg\" width=\"15\" height=\"32\" viewBox=\"0 0 15 32\" preserveAspectRatio=\"xMidYMid meet\" role=\"graphics-symbol\" aria-hidden=\"true\">\n<path d=\"M0.416 27.84l11.456-11.84-11.456-11.904q-0.832-0.832 0-1.536 0.832-0.832 1.536 0l12.544 12.608q0.768 0.832 0 1.6l-12.544 12.608q-0.704 0.832-1.536 0-0.832-0.704 0-1.536z\"><\/path>\n<\/svg><\/span><\/a><\/div><\/div><\/div><footer class=\"entry-footer\"><div class=\"slide-meta\"><time class='slide-meta-time updated'  itemprop=\"datePublished\" datetime=\"2022-09-26T16:01:39+00:00\" >26 de septiembre de 2022<\/time><\/div><\/footer><span class='hidden'>\n\t\t\t\t<span class='av-structured-data'  itemprop=\"image\" itemscope=\"itemscope\" itemtype=\"https:\/\/schema.org\/ImageObject\" >\n\t\t\t\t\t\t<span itemprop='url'>https:\/\/www.worldpancreaticcancercoalition.org\/wp-content\/uploads\/image1.jpeg<\/span>\n\t\t\t\t\t\t<span itemprop='height'>683<\/span>\n\t\t\t\t\t\t<span itemprop='width'>1024<\/span>\n\t\t\t\t<\/span>\n\t\t\t\t<span class='av-structured-data'  itemprop=\"publisher\" itemtype=\"https:\/\/schema.org\/Organization\" itemscope=\"itemscope\" >\n\t\t\t\t\t\t<span itemprop='name'>Mia Cole<\/span>\n\t\t\t\t\t\t<span itemprop='logo' itemscope itemtype='https:\/\/schema.org\/ImageObject'>\n\t\t\t\t\t\t\t<span itemprop='url'>https:\/\/www.worldpancreaticcancercoalition.org\/wp-content\/uploads\/WPCC-Logo-H.png<\/span>\n\t\t\t\t\t\t<\/span>\n\t\t\t\t<\/span><span class='av-structured-data'  itemprop=\"author\" itemscope=\"itemscope\" itemtype=\"https:\/\/schema.org\/Person\" ><span itemprop='name'>Mia Cole<\/span><\/span><span class='av-structured-data'  itemprop=\"datePublished\" datetime=\"2022-09-21T21:12:31+00:00\" >2022-09-26 16:01:39<\/span><span class='av-structured-data'  itemprop=\"dateModified\" itemtype=\"https:\/\/schema.org\/dateModified\" >2022-10-28 14:34:04<\/span><span class='av-structured-data'  itemprop=\"mainEntityOfPage\" itemtype=\"https:\/\/schema.org\/mainEntityOfPage\" ><span itemprop='name'>Perfil de los miembros: La Fundaci\u00c3\u00b3n John E. Sabga<\/span><\/span><\/span><\/article><article class='slide-entry flex_column  post-entry post-entry-7146 slide-entry-overview slide-loop-18 slide-parity-even  av_one_fourth  real-thumbnail posttype-post post-format-standard'  itemscope=\"itemscope\" itemtype=\"https:\/\/schema.org\/CreativeWork\" ><a href='https:\/\/www.worldpancreaticcancercoalition.org\/es\/news\/perfil-de-los-miembros-la-fundacion-suiza-del-pancreas\/' data-rel='slide-1' class='slide-image' title='Perfil de los miembros: La Fundaci\u00c3\u00b3n Suiza del P\u00c3\u00a1ncreas'><img decoding=\"async\" fetchpriority=\"high\" width=\"260\" height=\"151\" src=\"https:\/\/www.worldpancreaticcancercoalition.org\/wp-content\/uploads\/swiss-foundation.jpg\" class=\"wp-image-4558 avia-img-lazy-loading-not-4558 attachment-portfolio_small size-portfolio_small wp-post-image\" alt=\"\" srcset=\"https:\/\/www.worldpancreaticcancercoalition.org\/wp-content\/uploads\/swiss-foundation.jpg 600w, https:\/\/www.worldpancreaticcancercoalition.org\/wp-content\/uploads\/swiss-foundation-300x175.jpg 300w\" sizes=\"(max-width: 260px) 100vw, 260px\" \/><\/a><div class=\"slide-content\"><header class=\"entry-content-header\" aria-label=\"Slide: Perfil de los miembros: La Fundaci\u00c3\u00b3n Suiza del P\u00c3\u00a1ncreas\"><h3 class='slide-entry-title entry-title '  itemprop=\"headline\" ><a href='https:\/\/www.worldpancreaticcancercoalition.org\/es\/news\/perfil-de-los-miembros-la-fundacion-suiza-del-pancreas\/' title='Perfil de los miembros: La Fundaci\u00c3\u00b3n Suiza del P\u00c3\u00a1ncreas'>Perfil de los miembros: La Fundaci\u00c3\u00b3n Suiza del P\u00c3\u00a1ncreas<\/a><\/h3><span class=\"blog-categories minor-meta\"><a href=\"https:\/\/www.worldpancreaticcancercoalition.org\/category\/members\/\" rel=\"tag\">Members<\/a>, <a href=\"https:\/\/www.worldpancreaticcancercoalition.org\/fr\/category\/membres\/\" rel=\"tag\">Membres<\/a>, <a href=\"https:\/\/www.worldpancreaticcancercoalition.org\/it\/category\/membri\/\" rel=\"tag\">Membri<\/a>, <a href=\"https:\/\/www.worldpancreaticcancercoalition.org\/es\/category\/miembros\/\" rel=\"tag\">Miembros<\/a>, <a href=\"https:\/\/www.worldpancreaticcancercoalition.org\/category\/news\/\" rel=\"tag\">News<\/a>  <\/span><span class=\"av-vertical-delimiter\"><\/span><\/header><div class='slide-entry-excerpt entry-content'  itemprop=\"text\" >La Fundaci\u00e0\u00b3n Suiza del P\u00e0\u00a1ncreas (SPF), con sede en Berna (Suiza), es una organizaci\u00e0\u00b3n independiente sin \u00e0\u00a1nimo de lucro que ofrece ayuda a los enfermos de p\u00e0\u00a1ncreas. Fundado en 2007, el SPF tiene los siguientes objetivos:\n\n \tAsesorar\u2026<div class=\"read-more-link\"><a href=\"https:\/\/www.worldpancreaticcancercoalition.org\/es\/news\/perfil-de-los-miembros-la-fundacion-suiza-del-pancreas\/\" class=\"more-link\">Leer m\u00e1s<span class='more-link-arrow avia-svg-icon avia-font-svg_entypo-fontello' data-av_svg_icon='right-open-big' data-av_iconset='svg_entypo-fontello'><svg version=\"1.1\" xmlns=\"http:\/\/www.w3.org\/2000\/svg\" width=\"15\" height=\"32\" viewBox=\"0 0 15 32\" preserveAspectRatio=\"xMidYMid meet\" role=\"graphics-symbol\" aria-hidden=\"true\">\n<path d=\"M0.416 27.84l11.456-11.84-11.456-11.904q-0.832-0.832 0-1.536 0.832-0.832 1.536 0l12.544 12.608q0.768 0.832 0 1.6l-12.544 12.608q-0.704 0.832-1.536 0-0.832-0.704 0-1.536z\"><\/path>\n<\/svg><\/span><\/a><\/div><\/div><\/div><footer class=\"entry-footer\"><div class=\"slide-meta\"><time class='slide-meta-time updated'  itemprop=\"datePublished\" datetime=\"2020-01-13T18:25:05+00:00\" >13 de enero de 2020<\/time><\/div><\/footer><span class='hidden'>\n\t\t\t\t<span class='av-structured-data'  itemprop=\"image\" itemscope=\"itemscope\" itemtype=\"https:\/\/schema.org\/ImageObject\" >\n\t\t\t\t\t\t<span itemprop='url'>https:\/\/www.worldpancreaticcancercoalition.org\/wp-content\/uploads\/swiss-foundation.jpg<\/span>\n\t\t\t\t\t\t<span itemprop='height'>349<\/span>\n\t\t\t\t\t\t<span itemprop='width'>600<\/span>\n\t\t\t\t<\/span>\n\t\t\t\t<span class='av-structured-data'  itemprop=\"publisher\" itemtype=\"https:\/\/schema.org\/Organization\" itemscope=\"itemscope\" >\n\t\t\t\t\t\t<span itemprop='name'>Axel Garcia<\/span>\n\t\t\t\t\t\t<span itemprop='logo' itemscope itemtype='https:\/\/schema.org\/ImageObject'>\n\t\t\t\t\t\t\t<span itemprop='url'>https:\/\/www.worldpancreaticcancercoalition.org\/wp-content\/uploads\/WPCC-Logo-H.png<\/span>\n\t\t\t\t\t\t<\/span>\n\t\t\t\t<\/span><span class='av-structured-data'  itemprop=\"author\" itemscope=\"itemscope\" itemtype=\"https:\/\/schema.org\/Person\" ><span itemprop='name'>Axel Garcia<\/span><\/span><span class='av-structured-data'  itemprop=\"datePublished\" datetime=\"2022-09-21T21:12:31+00:00\" >2020-01-13 18:25:05<\/span><span class='av-structured-data'  itemprop=\"dateModified\" itemtype=\"https:\/\/schema.org\/dateModified\" >2022-10-28 14:34:46<\/span><span class='av-structured-data'  itemprop=\"mainEntityOfPage\" itemtype=\"https:\/\/schema.org\/mainEntityOfPage\" ><span itemprop='name'>Perfil de los miembros: La Fundaci\u00c3\u00b3n Suiza del P\u00c3\u00a1ncreas<\/span><\/span><\/span><\/article><article class='slide-entry flex_column  post-entry post-entry-7126 slide-entry-overview slide-loop-19 slide-parity-odd  av_one_fourth  real-thumbnail posttype-post post-format-standard'  itemscope=\"itemscope\" itemtype=\"https:\/\/schema.org\/CreativeWork\" ><a href='https:\/\/www.worldpancreaticcancercoalition.org\/es\/news\/perfil-de-los-miembros-inspire2live\/' data-rel='slide-1' class='slide-image' title='Perfil de los miembros: Inspire2Live'><img decoding=\"async\" fetchpriority=\"high\" width=\"260\" height=\"151\" src=\"https:\/\/www.worldpancreaticcancercoalition.org\/wp-content\/uploads\/wpcc-member-inspire2live.jpg\" class=\"wp-image-4552 avia-img-lazy-loading-not-4552 attachment-portfolio_small size-portfolio_small wp-post-image\" alt=\"\" srcset=\"https:\/\/www.worldpancreaticcancercoalition.org\/wp-content\/uploads\/wpcc-member-inspire2live.jpg 600w, https:\/\/www.worldpancreaticcancercoalition.org\/wp-content\/uploads\/wpcc-member-inspire2live-300x175.jpg 300w\" sizes=\"(max-width: 260px) 100vw, 260px\" \/><\/a><div class=\"slide-content\"><header class=\"entry-content-header\" aria-label=\"Slide: Perfil de los miembros: Inspire2Live\"><h3 class='slide-entry-title entry-title '  itemprop=\"headline\" ><a href='https:\/\/www.worldpancreaticcancercoalition.org\/es\/news\/perfil-de-los-miembros-inspire2live\/' title='Perfil de los miembros: Inspire2Live'>Perfil de los miembros: Inspire2Live<\/a><\/h3><span class=\"blog-categories minor-meta\"><a href=\"https:\/\/www.worldpancreaticcancercoalition.org\/category\/members\/\" rel=\"tag\">Members<\/a>, <a href=\"https:\/\/www.worldpancreaticcancercoalition.org\/fr\/category\/membres\/\" rel=\"tag\">Membres<\/a>, <a href=\"https:\/\/www.worldpancreaticcancercoalition.org\/it\/category\/membri\/\" rel=\"tag\">Membri<\/a>, <a href=\"https:\/\/www.worldpancreaticcancercoalition.org\/es\/category\/miembros\/\" rel=\"tag\">Miembros<\/a>, <a href=\"https:\/\/www.worldpancreaticcancercoalition.org\/category\/news\/\" rel=\"tag\">News<\/a>  <\/span><span class=\"av-vertical-delimiter\"><\/span><\/header><div class='slide-entry-excerpt entry-content'  itemprop=\"text\" >Inspire2Live (I2L), con sede en los Pa\u00e0\u00adses Bajos, es un movimiento internacional fundado en 2011 por las personas que tambi\u00e9n pusieron en marcha eventos ben\u00e9ficos como Alpe d'HuZes, actualmente la mayor acci\u00e0\u00b3n ben\u00e9fica de Holanda. Todas\u2026<div class=\"read-more-link\"><a href=\"https:\/\/www.worldpancreaticcancercoalition.org\/es\/news\/perfil-de-los-miembros-inspire2live\/\" class=\"more-link\">Leer m\u00e1s<span class='more-link-arrow avia-svg-icon avia-font-svg_entypo-fontello' data-av_svg_icon='right-open-big' data-av_iconset='svg_entypo-fontello'><svg version=\"1.1\" xmlns=\"http:\/\/www.w3.org\/2000\/svg\" width=\"15\" height=\"32\" viewBox=\"0 0 15 32\" preserveAspectRatio=\"xMidYMid meet\" role=\"graphics-symbol\" aria-hidden=\"true\">\n<path d=\"M0.416 27.84l11.456-11.84-11.456-11.904q-0.832-0.832 0-1.536 0.832-0.832 1.536 0l12.544 12.608q0.768 0.832 0 1.6l-12.544 12.608q-0.704 0.832-1.536 0-0.832-0.704 0-1.536z\"><\/path>\n<\/svg><\/span><\/a><\/div><\/div><\/div><footer class=\"entry-footer\"><div class=\"slide-meta\"><time class='slide-meta-time updated'  itemprop=\"datePublished\" datetime=\"2019-12-16T18:40:11+00:00\" >16 de diciembre de 2019<\/time><\/div><\/footer><span class='hidden'>\n\t\t\t\t<span class='av-structured-data'  itemprop=\"image\" itemscope=\"itemscope\" itemtype=\"https:\/\/schema.org\/ImageObject\" >\n\t\t\t\t\t\t<span itemprop='url'>https:\/\/www.worldpancreaticcancercoalition.org\/wp-content\/uploads\/wpcc-member-inspire2live.jpg<\/span>\n\t\t\t\t\t\t<span itemprop='height'>349<\/span>\n\t\t\t\t\t\t<span itemprop='width'>600<\/span>\n\t\t\t\t<\/span>\n\t\t\t\t<span class='av-structured-data'  itemprop=\"publisher\" itemtype=\"https:\/\/schema.org\/Organization\" itemscope=\"itemscope\" >\n\t\t\t\t\t\t<span itemprop='name'>Mia Cole<\/span>\n\t\t\t\t\t\t<span itemprop='logo' itemscope itemtype='https:\/\/schema.org\/ImageObject'>\n\t\t\t\t\t\t\t<span itemprop='url'>https:\/\/www.worldpancreaticcancercoalition.org\/wp-content\/uploads\/WPCC-Logo-H.png<\/span>\n\t\t\t\t\t\t<\/span>\n\t\t\t\t<\/span><span class='av-structured-data'  itemprop=\"author\" itemscope=\"itemscope\" itemtype=\"https:\/\/schema.org\/Person\" ><span itemprop='name'>Mia Cole<\/span><\/span><span class='av-structured-data'  itemprop=\"datePublished\" datetime=\"2022-09-21T21:12:31+00:00\" >2019-12-16 18:40:11<\/span><span class='av-structured-data'  itemprop=\"dateModified\" itemtype=\"https:\/\/schema.org\/dateModified\" >2022-10-28 14:34:47<\/span><span class='av-structured-data'  itemprop=\"mainEntityOfPage\" itemtype=\"https:\/\/schema.org\/mainEntityOfPage\" ><span itemprop='name'>Perfil de los miembros: Inspire2Live<\/span><\/span><\/span><\/article><article class='slide-entry flex_column  post-entry post-entry-7136 slide-entry-overview slide-loop-20 slide-parity-even  av_one_fourth  real-thumbnail posttype-post post-format-standard'  itemscope=\"itemscope\" itemtype=\"https:\/\/schema.org\/CreativeWork\" ><a href='https:\/\/www.worldpancreaticcancercoalition.org\/es\/news\/perfil-de-los-miembros-purpleourworld\/' data-rel='slide-1' class='slide-image' title='Perfil de los miembros: #PurpleOurWorld'><img decoding=\"async\" fetchpriority=\"high\" width=\"260\" height=\"152\" src=\"https:\/\/www.worldpancreaticcancercoalition.org\/wp-content\/uploads\/header-wpcc-purpleourworld.jpg\" class=\"wp-image-4537 avia-img-lazy-loading-not-4537 attachment-portfolio_small size-portfolio_small wp-post-image\" alt=\"\" srcset=\"https:\/\/www.worldpancreaticcancercoalition.org\/wp-content\/uploads\/header-wpcc-purpleourworld.jpg 600w, https:\/\/www.worldpancreaticcancercoalition.org\/wp-content\/uploads\/header-wpcc-purpleourworld-300x175.jpg 300w\" sizes=\"(max-width: 260px) 100vw, 260px\" \/><\/a><div class=\"slide-content\"><header class=\"entry-content-header\" aria-label=\"Slide: Perfil de los miembros: #PurpleOurWorld\"><h3 class='slide-entry-title entry-title '  itemprop=\"headline\" ><a href='https:\/\/www.worldpancreaticcancercoalition.org\/es\/news\/perfil-de-los-miembros-purpleourworld\/' title='Perfil de los miembros: #PurpleOurWorld'>Perfil de los miembros: #PurpleOurWorld<\/a><\/h3><span class=\"blog-categories minor-meta\"><a href=\"https:\/\/www.worldpancreaticcancercoalition.org\/category\/members\/\" rel=\"tag\">Members<\/a>, <a href=\"https:\/\/www.worldpancreaticcancercoalition.org\/fr\/category\/membres\/\" rel=\"tag\">Membres<\/a>, <a href=\"https:\/\/www.worldpancreaticcancercoalition.org\/it\/category\/membri\/\" rel=\"tag\">Membri<\/a>, <a href=\"https:\/\/www.worldpancreaticcancercoalition.org\/es\/category\/miembros\/\" rel=\"tag\">Miembros<\/a>, <a href=\"https:\/\/www.worldpancreaticcancercoalition.org\/category\/news\/\" rel=\"tag\">News<\/a>  <\/span><span class=\"av-vertical-delimiter\"><\/span><\/header><div class='slide-entry-excerpt entry-content'  itemprop=\"text\" >Parte de la familia #PurpleOurWorld con la embajadora Tracey Spicer y el presentador de noticias de S\u00e0\u00addney Peter Overton frente a la \u00e0\u201cpera, que se ti\u00e0\u00b1\u00e0\u00b3 de p\u00e0\u00barpura con motivo del D\u00e0\u00ada Mundial del C\u00e0\u00a1ncer de P\u00e0\u00a1ncreas.\n\n&nbsp;\n\n#PurpleOurWorld\u2026<div class=\"read-more-link\"><a href=\"https:\/\/www.worldpancreaticcancercoalition.org\/es\/news\/perfil-de-los-miembros-purpleourworld\/\" class=\"more-link\">Leer m\u00e1s<span class='more-link-arrow avia-svg-icon avia-font-svg_entypo-fontello' data-av_svg_icon='right-open-big' data-av_iconset='svg_entypo-fontello'><svg version=\"1.1\" xmlns=\"http:\/\/www.w3.org\/2000\/svg\" width=\"15\" height=\"32\" viewBox=\"0 0 15 32\" preserveAspectRatio=\"xMidYMid meet\" role=\"graphics-symbol\" aria-hidden=\"true\">\n<path d=\"M0.416 27.84l11.456-11.84-11.456-11.904q-0.832-0.832 0-1.536 0.832-0.832 1.536 0l12.544 12.608q0.768 0.832 0 1.6l-12.544 12.608q-0.704 0.832-1.536 0-0.832-0.704 0-1.536z\"><\/path>\n<\/svg><\/span><\/a><\/div><\/div><\/div><footer class=\"entry-footer\"><div class=\"slide-meta\"><time class='slide-meta-time updated'  itemprop=\"datePublished\" datetime=\"2019-11-06T21:03:13+00:00\" >6 de noviembre de 2019<\/time><\/div><\/footer><span class='hidden'>\n\t\t\t\t<span class='av-structured-data'  itemprop=\"image\" itemscope=\"itemscope\" itemtype=\"https:\/\/schema.org\/ImageObject\" >\n\t\t\t\t\t\t<span itemprop='url'>https:\/\/www.worldpancreaticcancercoalition.org\/wp-content\/uploads\/header-wpcc-purpleourworld.jpg<\/span>\n\t\t\t\t\t\t<span itemprop='height'>350<\/span>\n\t\t\t\t\t\t<span itemprop='width'>600<\/span>\n\t\t\t\t<\/span>\n\t\t\t\t<span class='av-structured-data'  itemprop=\"publisher\" itemtype=\"https:\/\/schema.org\/Organization\" itemscope=\"itemscope\" >\n\t\t\t\t\t\t<span itemprop='name'>Mia Cole<\/span>\n\t\t\t\t\t\t<span itemprop='logo' itemscope itemtype='https:\/\/schema.org\/ImageObject'>\n\t\t\t\t\t\t\t<span itemprop='url'>https:\/\/www.worldpancreaticcancercoalition.org\/wp-content\/uploads\/WPCC-Logo-H.png<\/span>\n\t\t\t\t\t\t<\/span>\n\t\t\t\t<\/span><span class='av-structured-data'  itemprop=\"author\" itemscope=\"itemscope\" itemtype=\"https:\/\/schema.org\/Person\" ><span itemprop='name'>Mia Cole<\/span><\/span><span class='av-structured-data'  itemprop=\"datePublished\" datetime=\"2022-09-21T21:12:31+00:00\" >2019-11-06 21:03:13<\/span><span class='av-structured-data'  itemprop=\"dateModified\" itemtype=\"https:\/\/schema.org\/dateModified\" >2022-10-28 14:34:47<\/span><span class='av-structured-data'  itemprop=\"mainEntityOfPage\" itemtype=\"https:\/\/schema.org\/mainEntityOfPage\" ><span itemprop='name'>Perfil de los miembros: #PurpleOurWorld<\/span><\/span><\/span><\/article><\/div><div class=\"slide-entry-wrap\"><article class='slide-entry flex_column  post-entry post-entry-7113 slide-entry-overview slide-loop-21 slide-parity-odd  av_one_fourth first real-thumbnail posttype-post post-format-standard'  itemscope=\"itemscope\" itemtype=\"https:\/\/schema.org\/CreativeWork\" ><a href='https:\/\/www.worldpancreaticcancercoalition.org\/es\/news\/perfil-de-los-miembros-alas-de-esperanza-para-la-investigacion-del-cancer-de-pancreas\/' data-rel='slide-1' class='slide-image' title='Perfil de los miembros: ALAS DE ESPERANZA PARA LA INVESTIGACI\u00c3\u201cN DEL C\u00c3\u0081NCER DE P\u00c3\u0081NCREAS'><img decoding=\"async\" fetchpriority=\"high\" width=\"260\" height=\"152\" src=\"https:\/\/www.worldpancreaticcancercoalition.org\/wp-content\/uploads\/wpcc-member-wings-of-hope-tn.jpg\" class=\"wp-image-4525 avia-img-lazy-loading-not-4525 attachment-portfolio_small size-portfolio_small wp-post-image\" alt=\"\" \/><\/a><div class=\"slide-content\"><header class=\"entry-content-header\" aria-label=\"Slide: Perfil de los miembros: ALAS DE ESPERANZA PARA LA INVESTIGACI\u00c3\u201cN DEL C\u00c3\u0081NCER DE P\u00c3\u0081NCREAS\"><h3 class='slide-entry-title entry-title '  itemprop=\"headline\" ><a href='https:\/\/www.worldpancreaticcancercoalition.org\/es\/news\/perfil-de-los-miembros-alas-de-esperanza-para-la-investigacion-del-cancer-de-pancreas\/' title='Perfil de los miembros: ALAS DE ESPERANZA PARA LA INVESTIGACI\u00c3\u201cN DEL C\u00c3\u0081NCER DE P\u00c3\u0081NCREAS'>Perfil de los miembros: ALAS DE ESPERANZA PARA LA INVESTIGACI\u00c3\u201cN DEL C\u00c3\u0081NCER DE P\u00c3\u0081NCREAS<\/a><\/h3><span class=\"blog-categories minor-meta\"><a href=\"https:\/\/www.worldpancreaticcancercoalition.org\/category\/members\/\" rel=\"tag\">Members<\/a>, <a href=\"https:\/\/www.worldpancreaticcancercoalition.org\/fr\/category\/membres\/\" rel=\"tag\">Membres<\/a>, <a href=\"https:\/\/www.worldpancreaticcancercoalition.org\/it\/category\/membri\/\" rel=\"tag\">Membri<\/a>, <a href=\"https:\/\/www.worldpancreaticcancercoalition.org\/es\/category\/miembros\/\" rel=\"tag\">Miembros<\/a>, <a href=\"https:\/\/www.worldpancreaticcancercoalition.org\/category\/news\/\" rel=\"tag\">News<\/a>  <\/span><span class=\"av-vertical-delimiter\"><\/span><\/header><div class='slide-entry-excerpt entry-content'  itemprop=\"text\" >De izquierda a derecha: Cathy Noon, superviviente de c\u00e0\u00a1ncer de p\u00e0\u00a1ncreas; el Dr. Marco Del Chiaro, Jefe de Divisi\u00e0\u00b3n de Oncolog\u00e0\u00ada Quir\u00e0\u00bargica y Director Cl\u00e0\u00adnico del Programa Hepato-Pancre\u00e0\u00a1tico-Biliar de la Universidad de Colorado;\u2026<div class=\"read-more-link\"><a href=\"https:\/\/www.worldpancreaticcancercoalition.org\/es\/news\/perfil-de-los-miembros-alas-de-esperanza-para-la-investigacion-del-cancer-de-pancreas\/\" class=\"more-link\">Leer m\u00e1s<span class='more-link-arrow avia-svg-icon avia-font-svg_entypo-fontello' data-av_svg_icon='right-open-big' data-av_iconset='svg_entypo-fontello'><svg version=\"1.1\" xmlns=\"http:\/\/www.w3.org\/2000\/svg\" width=\"15\" height=\"32\" viewBox=\"0 0 15 32\" preserveAspectRatio=\"xMidYMid meet\" role=\"graphics-symbol\" aria-hidden=\"true\">\n<path d=\"M0.416 27.84l11.456-11.84-11.456-11.904q-0.832-0.832 0-1.536 0.832-0.832 1.536 0l12.544 12.608q0.768 0.832 0 1.6l-12.544 12.608q-0.704 0.832-1.536 0-0.832-0.704 0-1.536z\"><\/path>\n<\/svg><\/span><\/a><\/div><\/div><\/div><footer class=\"entry-footer\"><div class=\"slide-meta\"><time class='slide-meta-time updated'  itemprop=\"datePublished\" datetime=\"2019-10-15T21:57:56+00:00\" >15 de octubre de 2019<\/time><\/div><\/footer><span class='hidden'>\n\t\t\t\t<span class='av-structured-data'  itemprop=\"image\" itemscope=\"itemscope\" itemtype=\"https:\/\/schema.org\/ImageObject\" >\n\t\t\t\t\t\t<span itemprop='url'>https:\/\/www.worldpancreaticcancercoalition.org\/wp-content\/uploads\/wpcc-member-wings-of-hope-tn.jpg<\/span>\n\t\t\t\t\t\t<span itemprop='height'>175<\/span>\n\t\t\t\t\t\t<span itemprop='width'>300<\/span>\n\t\t\t\t<\/span>\n\t\t\t\t<span class='av-structured-data'  itemprop=\"publisher\" itemtype=\"https:\/\/schema.org\/Organization\" itemscope=\"itemscope\" >\n\t\t\t\t\t\t<span itemprop='name'>Mia Cole<\/span>\n\t\t\t\t\t\t<span itemprop='logo' itemscope itemtype='https:\/\/schema.org\/ImageObject'>\n\t\t\t\t\t\t\t<span itemprop='url'>https:\/\/www.worldpancreaticcancercoalition.org\/wp-content\/uploads\/WPCC-Logo-H.png<\/span>\n\t\t\t\t\t\t<\/span>\n\t\t\t\t<\/span><span class='av-structured-data'  itemprop=\"author\" itemscope=\"itemscope\" itemtype=\"https:\/\/schema.org\/Person\" ><span itemprop='name'>Mia Cole<\/span><\/span><span class='av-structured-data'  itemprop=\"datePublished\" datetime=\"2022-09-21T21:12:31+00:00\" >2019-10-15 21:57:56<\/span><span class='av-structured-data'  itemprop=\"dateModified\" itemtype=\"https:\/\/schema.org\/dateModified\" >2022-10-28 14:34:48<\/span><span class='av-structured-data'  itemprop=\"mainEntityOfPage\" itemtype=\"https:\/\/schema.org\/mainEntityOfPage\" ><span itemprop='name'>Perfil de los miembros: ALAS DE ESPERANZA PARA LA INVESTIGACI\u00c3\u201cN DEL C\u00c3\u0081NCER DE P\u00c3\u0081NCREAS<\/span><\/span><\/span><\/article><article class='slide-entry flex_column  post-entry post-entry-7122 slide-entry-overview slide-loop-22 slide-parity-even  av_one_fourth  real-thumbnail posttype-post post-format-standard'  itemscope=\"itemscope\" itemtype=\"https:\/\/schema.org\/CreativeWork\" ><a href='https:\/\/www.worldpancreaticcancercoalition.org\/es\/news\/perfil-de-los-miembros-pancreatic-cancer-awareness-gibraltar-charitable-trust\/' data-rel='slide-1' class='slide-image' title='Perfil de los miembros: Pancreatic Cancer Awareness Gibraltar Charitable Trust'><img decoding=\"async\" fetchpriority=\"high\" width=\"260\" height=\"152\" src=\"https:\/\/www.worldpancreaticcancercoalition.org\/wp-content\/uploads\/pcagibraltar.jpg\" class=\"wp-image-4519 avia-img-lazy-loading-not-4519 attachment-portfolio_small size-portfolio_small wp-post-image\" alt=\"\" srcset=\"https:\/\/www.worldpancreaticcancercoalition.org\/wp-content\/uploads\/pcagibraltar.jpg 600w, https:\/\/www.worldpancreaticcancercoalition.org\/wp-content\/uploads\/pcagibraltar-300x175.jpg 300w\" sizes=\"(max-width: 260px) 100vw, 260px\" \/><\/a><div class=\"slide-content\"><header class=\"entry-content-header\" aria-label=\"Slide: Perfil de los miembros: Pancreatic Cancer Awareness Gibraltar Charitable Trust\"><h3 class='slide-entry-title entry-title '  itemprop=\"headline\" ><a href='https:\/\/www.worldpancreaticcancercoalition.org\/es\/news\/perfil-de-los-miembros-pancreatic-cancer-awareness-gibraltar-charitable-trust\/' title='Perfil de los miembros: Pancreatic Cancer Awareness Gibraltar Charitable Trust'>Perfil de los miembros: Pancreatic Cancer Awareness Gibraltar Charitable Trust<\/a><\/h3><span class=\"blog-categories minor-meta\"><a href=\"https:\/\/www.worldpancreaticcancercoalition.org\/category\/members\/\" rel=\"tag\">Members<\/a>, <a href=\"https:\/\/www.worldpancreaticcancercoalition.org\/fr\/category\/membres\/\" rel=\"tag\">Membres<\/a>, <a href=\"https:\/\/www.worldpancreaticcancercoalition.org\/it\/category\/membri\/\" rel=\"tag\">Membri<\/a>, <a href=\"https:\/\/www.worldpancreaticcancercoalition.org\/es\/category\/miembros\/\" rel=\"tag\">Miembros<\/a>, <a href=\"https:\/\/www.worldpancreaticcancercoalition.org\/category\/news\/\" rel=\"tag\">News<\/a>  <\/span><span class=\"av-vertical-delimiter\"><\/span><\/header><div class='slide-entry-excerpt entry-content'  itemprop=\"text\" >La cantante y compositora estadounidense Erin Willett con el fundador de Pancreatic Cancer Awareness Gibraltar, Louis Baldachino. Willett viaj\u00e0\u00b3 a Gibraltar en noviembre de 2018 para interpretar su popular canci\u00e0\u00b3n, \"Hope's Alive\", durante\u2026<div class=\"read-more-link\"><a href=\"https:\/\/www.worldpancreaticcancercoalition.org\/es\/news\/perfil-de-los-miembros-pancreatic-cancer-awareness-gibraltar-charitable-trust\/\" class=\"more-link\">Leer m\u00e1s<span class='more-link-arrow avia-svg-icon avia-font-svg_entypo-fontello' data-av_svg_icon='right-open-big' data-av_iconset='svg_entypo-fontello'><svg version=\"1.1\" xmlns=\"http:\/\/www.w3.org\/2000\/svg\" width=\"15\" height=\"32\" viewBox=\"0 0 15 32\" preserveAspectRatio=\"xMidYMid meet\" role=\"graphics-symbol\" aria-hidden=\"true\">\n<path d=\"M0.416 27.84l11.456-11.84-11.456-11.904q-0.832-0.832 0-1.536 0.832-0.832 1.536 0l12.544 12.608q0.768 0.832 0 1.6l-12.544 12.608q-0.704 0.832-1.536 0-0.832-0.704 0-1.536z\"><\/path>\n<\/svg><\/span><\/a><\/div><\/div><\/div><footer class=\"entry-footer\"><div class=\"slide-meta\"><time class='slide-meta-time updated'  itemprop=\"datePublished\" datetime=\"2019-09-13T23:33:32+00:00\" >13 de septiembre de 2019<\/time><\/div><\/footer><span class='hidden'>\n\t\t\t\t<span class='av-structured-data'  itemprop=\"image\" itemscope=\"itemscope\" itemtype=\"https:\/\/schema.org\/ImageObject\" >\n\t\t\t\t\t\t<span itemprop='url'>https:\/\/www.worldpancreaticcancercoalition.org\/wp-content\/uploads\/pcagibraltar.jpg<\/span>\n\t\t\t\t\t\t<span itemprop='height'>350<\/span>\n\t\t\t\t\t\t<span itemprop='width'>600<\/span>\n\t\t\t\t<\/span>\n\t\t\t\t<span class='av-structured-data'  itemprop=\"publisher\" itemtype=\"https:\/\/schema.org\/Organization\" itemscope=\"itemscope\" >\n\t\t\t\t\t\t<span itemprop='name'>Axel Garcia<\/span>\n\t\t\t\t\t\t<span itemprop='logo' itemscope itemtype='https:\/\/schema.org\/ImageObject'>\n\t\t\t\t\t\t\t<span itemprop='url'>https:\/\/www.worldpancreaticcancercoalition.org\/wp-content\/uploads\/WPCC-Logo-H.png<\/span>\n\t\t\t\t\t\t<\/span>\n\t\t\t\t<\/span><span class='av-structured-data'  itemprop=\"author\" itemscope=\"itemscope\" itemtype=\"https:\/\/schema.org\/Person\" ><span itemprop='name'>Axel Garcia<\/span><\/span><span class='av-structured-data'  itemprop=\"datePublished\" datetime=\"2022-09-21T21:12:31+00:00\" >2019-09-13 23:33:32<\/span><span class='av-structured-data'  itemprop=\"dateModified\" itemtype=\"https:\/\/schema.org\/dateModified\" >2022-10-28 14:34:49<\/span><span class='av-structured-data'  itemprop=\"mainEntityOfPage\" itemtype=\"https:\/\/schema.org\/mainEntityOfPage\" ><span itemprop='name'>Perfil de los miembros: Pancreatic Cancer Awareness Gibraltar Charitable Trust<\/span><\/span><\/span><\/article><article class='slide-entry flex_column  post-entry post-entry-7147 slide-entry-overview slide-loop-23 slide-parity-odd  av_one_fourth  real-thumbnail posttype-post post-format-standard'  itemscope=\"itemscope\" itemtype=\"https:\/\/schema.org\/CreativeWork\" ><a href='https:\/\/www.worldpancreaticcancercoalition.org\/es\/news\/perfil-del-miembro-elvin-howard-sr-fundacion-para-la-defensa-del-cancer-de-pancreas\/' data-rel='slide-1' class='slide-image' title='Perfil del miembro: Elvin Howard, Sr. Fundaci\u00c3\u00b3n para la Defensa del C\u00c3\u00a1ncer de P\u00c3\u00a1ncreas'><img decoding=\"async\" fetchpriority=\"high\" width=\"260\" height=\"157\" src=\"https:\/\/www.worldpancreaticcancercoalition.org\/wp-content\/uploads\/elvin-howard-sr-group-tn.jpg\" class=\"wp-image-4516 avia-img-lazy-loading-not-4516 attachment-portfolio_small size-portfolio_small wp-post-image\" alt=\"\" srcset=\"https:\/\/www.worldpancreaticcancercoalition.org\/wp-content\/uploads\/elvin-howard-sr-group-tn.jpg 332w, https:\/\/www.worldpancreaticcancercoalition.org\/wp-content\/uploads\/elvin-howard-sr-group-tn-300x181.jpg 300w\" sizes=\"(max-width: 260px) 100vw, 260px\" \/><\/a><div class=\"slide-content\"><header class=\"entry-content-header\" aria-label=\"Slide: Perfil del miembro: Elvin Howard, Sr. Fundaci\u00c3\u00b3n para la Defensa del C\u00c3\u00a1ncer de P\u00c3\u00a1ncreas\"><h3 class='slide-entry-title entry-title '  itemprop=\"headline\" ><a href='https:\/\/www.worldpancreaticcancercoalition.org\/es\/news\/perfil-del-miembro-elvin-howard-sr-fundacion-para-la-defensa-del-cancer-de-pancreas\/' title='Perfil del miembro: Elvin Howard, Sr. Fundaci\u00c3\u00b3n para la Defensa del C\u00c3\u00a1ncer de P\u00c3\u00a1ncreas'>Perfil del miembro: Elvin Howard, Sr. Fundaci\u00c3\u00b3n para la Defensa del C\u00c3\u00a1ncer de P\u00c3\u00a1ncreas<\/a><\/h3><span class=\"blog-categories minor-meta\"><a href=\"https:\/\/www.worldpancreaticcancercoalition.org\/category\/members\/\" rel=\"tag\">Members<\/a>, <a href=\"https:\/\/www.worldpancreaticcancercoalition.org\/fr\/category\/membres\/\" rel=\"tag\">Membres<\/a>, <a href=\"https:\/\/www.worldpancreaticcancercoalition.org\/it\/category\/membri\/\" rel=\"tag\">Membri<\/a>, <a href=\"https:\/\/www.worldpancreaticcancercoalition.org\/es\/category\/miembros\/\" rel=\"tag\">Miembros<\/a>, <a href=\"https:\/\/www.worldpancreaticcancercoalition.org\/category\/news\/\" rel=\"tag\">News<\/a>  <\/span><span class=\"av-vertical-delimiter\"><\/span><\/header><div class='slide-entry-excerpt entry-content'  itemprop=\"text\" >Al frente, de izquierda a derecha: Dra. Yolonda Spooner y Bertha Howard. Atr\u00e0\u00a1s, de izquierda a derecha: Sargento Elvin Howard, Jr., Dr. Peter Bostick, Wendell Mack, Veronica Howard Sizer, Dr. Monteic A. Sizer y Edward Ball, Jr.\n\nElvin Howard,\u2026<div class=\"read-more-link\"><a href=\"https:\/\/www.worldpancreaticcancercoalition.org\/es\/news\/perfil-del-miembro-elvin-howard-sr-fundacion-para-la-defensa-del-cancer-de-pancreas\/\" class=\"more-link\">Leer m\u00e1s<span class='more-link-arrow avia-svg-icon avia-font-svg_entypo-fontello' data-av_svg_icon='right-open-big' data-av_iconset='svg_entypo-fontello'><svg version=\"1.1\" xmlns=\"http:\/\/www.w3.org\/2000\/svg\" width=\"15\" height=\"32\" viewBox=\"0 0 15 32\" preserveAspectRatio=\"xMidYMid meet\" role=\"graphics-symbol\" aria-hidden=\"true\">\n<path d=\"M0.416 27.84l11.456-11.84-11.456-11.904q-0.832-0.832 0-1.536 0.832-0.832 1.536 0l12.544 12.608q0.768 0.832 0 1.6l-12.544 12.608q-0.704 0.832-1.536 0-0.832-0.704 0-1.536z\"><\/path>\n<\/svg><\/span><\/a><\/div><\/div><\/div><footer class=\"entry-footer\"><div class=\"slide-meta\"><time class='slide-meta-time updated'  itemprop=\"datePublished\" datetime=\"2019-08-20T18:15:58+00:00\" >20 de agosto de 2019<\/time><\/div><\/footer><span class='hidden'>\n\t\t\t\t<span class='av-structured-data'  itemprop=\"image\" itemscope=\"itemscope\" itemtype=\"https:\/\/schema.org\/ImageObject\" >\n\t\t\t\t\t\t<span itemprop='url'>https:\/\/www.worldpancreaticcancercoalition.org\/wp-content\/uploads\/elvin-howard-sr-group-tn.jpg<\/span>\n\t\t\t\t\t\t<span itemprop='height'>200<\/span>\n\t\t\t\t\t\t<span itemprop='width'>332<\/span>\n\t\t\t\t<\/span>\n\t\t\t\t<span class='av-structured-data'  itemprop=\"publisher\" itemtype=\"https:\/\/schema.org\/Organization\" itemscope=\"itemscope\" >\n\t\t\t\t\t\t<span itemprop='name'>Mia Cole<\/span>\n\t\t\t\t\t\t<span itemprop='logo' itemscope itemtype='https:\/\/schema.org\/ImageObject'>\n\t\t\t\t\t\t\t<span itemprop='url'>https:\/\/www.worldpancreaticcancercoalition.org\/wp-content\/uploads\/WPCC-Logo-H.png<\/span>\n\t\t\t\t\t\t<\/span>\n\t\t\t\t<\/span><span class='av-structured-data'  itemprop=\"author\" itemscope=\"itemscope\" itemtype=\"https:\/\/schema.org\/Person\" ><span itemprop='name'>Mia Cole<\/span><\/span><span class='av-structured-data'  itemprop=\"datePublished\" datetime=\"2022-09-21T21:12:31+00:00\" >2019-08-20 18:15:58<\/span><span class='av-structured-data'  itemprop=\"dateModified\" itemtype=\"https:\/\/schema.org\/dateModified\" >2022-10-28 14:34:50<\/span><span class='av-structured-data'  itemprop=\"mainEntityOfPage\" itemtype=\"https:\/\/schema.org\/mainEntityOfPage\" ><span itemprop='name'>Perfil del miembro: Elvin Howard, Sr. Fundaci\u00c3\u00b3n para la Defensa del C\u00c3\u00a1ncer de P\u00c3\u00a1ncreas<\/span><\/span><\/span><\/article><article class='slide-entry flex_column  post-entry post-entry-7130 slide-entry-overview slide-loop-24 slide-parity-even  av_one_fourth  real-thumbnail posttype-post post-format-standard'  itemscope=\"itemscope\" itemtype=\"https:\/\/schema.org\/CreativeWork\" ><a href='https:\/\/www.worldpancreaticcancercoalition.org\/es\/news\/perfil-de-los-miembros-red-de-concienciacion-sobre-el-cancer-neuroendocrino\/' data-rel='slide-1' class='slide-image' title='Perfil de los miembros: Red de Concienciaci\u00c3\u00b3n sobre el C\u00c3\u00a1ncer Neuroendocrino'><img decoding=\"async\" fetchpriority=\"high\" width=\"166\" height=\"100\" src=\"https:\/\/www.worldpancreaticcancercoalition.org\/wp-content\/uploads\/member-ncan-tn.jpg\" class=\"wp-image-4504 avia-img-lazy-loading-not-4504 attachment-portfolio_small size-portfolio_small wp-post-image\" alt=\"\" \/><\/a><div class=\"slide-content\"><header class=\"entry-content-header\" aria-label=\"Slide: Perfil de los miembros: Red de Concienciaci\u00c3\u00b3n sobre el C\u00c3\u00a1ncer Neuroendocrino\"><h3 class='slide-entry-title entry-title '  itemprop=\"headline\" ><a href='https:\/\/www.worldpancreaticcancercoalition.org\/es\/news\/perfil-de-los-miembros-red-de-concienciacion-sobre-el-cancer-neuroendocrino\/' title='Perfil de los miembros: Red de Concienciaci\u00c3\u00b3n sobre el C\u00c3\u00a1ncer Neuroendocrino'>Perfil de los miembros: Red de Concienciaci\u00c3\u00b3n sobre el C\u00c3\u00a1ncer Neuroendocrino<\/a><\/h3><span class=\"blog-categories minor-meta\"><a href=\"https:\/\/www.worldpancreaticcancercoalition.org\/category\/members\/\" rel=\"tag\">Members<\/a>, <a href=\"https:\/\/www.worldpancreaticcancercoalition.org\/fr\/category\/membres\/\" rel=\"tag\">Membres<\/a>, <a href=\"https:\/\/www.worldpancreaticcancercoalition.org\/it\/category\/membri\/\" rel=\"tag\">Membri<\/a>, <a href=\"https:\/\/www.worldpancreaticcancercoalition.org\/es\/category\/miembros\/\" rel=\"tag\">Miembros<\/a>, <a href=\"https:\/\/www.worldpancreaticcancercoalition.org\/category\/news\/\" rel=\"tag\">News<\/a>  <\/span><span class=\"av-vertical-delimiter\"><\/span><\/header><div class='slide-entry-excerpt entry-content'  itemprop=\"text\" >Simpatizantes en una caminata de la Red de Concienciaci\u00e0\u00b3n sobre el C\u00e0\u00a1ncer Neuroendocrino.\n\nLa Red de Concienciaci\u00e0\u00b3n sobre el C\u00e0\u00a1ncer Neuroendocrino (NCAN) se fund\u00e0\u00b3 en 2003 en Nueva York (Estados Unidos) despu\u00e9s de que a su fundadora,\u2026<div class=\"read-more-link\"><a href=\"https:\/\/www.worldpancreaticcancercoalition.org\/es\/news\/perfil-de-los-miembros-red-de-concienciacion-sobre-el-cancer-neuroendocrino\/\" class=\"more-link\">Leer m\u00e1s<span class='more-link-arrow avia-svg-icon avia-font-svg_entypo-fontello' data-av_svg_icon='right-open-big' data-av_iconset='svg_entypo-fontello'><svg version=\"1.1\" xmlns=\"http:\/\/www.w3.org\/2000\/svg\" width=\"15\" height=\"32\" viewBox=\"0 0 15 32\" preserveAspectRatio=\"xMidYMid meet\" role=\"graphics-symbol\" aria-hidden=\"true\">\n<path d=\"M0.416 27.84l11.456-11.84-11.456-11.904q-0.832-0.832 0-1.536 0.832-0.832 1.536 0l12.544 12.608q0.768 0.832 0 1.6l-12.544 12.608q-0.704 0.832-1.536 0-0.832-0.704 0-1.536z\"><\/path>\n<\/svg><\/span><\/a><\/div><\/div><\/div><footer class=\"entry-footer\"><div class=\"slide-meta\"><time class='slide-meta-time updated'  itemprop=\"datePublished\" datetime=\"2019-07-16T17:05:15+00:00\" >16 de julio de 2019<\/time><\/div><\/footer><span class='hidden'>\n\t\t\t\t<span class='av-structured-data'  itemprop=\"image\" itemscope=\"itemscope\" itemtype=\"https:\/\/schema.org\/ImageObject\" >\n\t\t\t\t\t\t<span itemprop='url'>https:\/\/www.worldpancreaticcancercoalition.org\/wp-content\/uploads\/member-ncan-tn.jpg<\/span>\n\t\t\t\t\t\t<span itemprop='height'>100<\/span>\n\t\t\t\t\t\t<span itemprop='width'>166<\/span>\n\t\t\t\t<\/span>\n\t\t\t\t<span class='av-structured-data'  itemprop=\"publisher\" itemtype=\"https:\/\/schema.org\/Organization\" itemscope=\"itemscope\" >\n\t\t\t\t\t\t<span itemprop='name'>Mia Cole<\/span>\n\t\t\t\t\t\t<span itemprop='logo' itemscope itemtype='https:\/\/schema.org\/ImageObject'>\n\t\t\t\t\t\t\t<span itemprop='url'>https:\/\/www.worldpancreaticcancercoalition.org\/wp-content\/uploads\/WPCC-Logo-H.png<\/span>\n\t\t\t\t\t\t<\/span>\n\t\t\t\t<\/span><span class='av-structured-data'  itemprop=\"author\" itemscope=\"itemscope\" itemtype=\"https:\/\/schema.org\/Person\" ><span itemprop='name'>Mia Cole<\/span><\/span><span class='av-structured-data'  itemprop=\"datePublished\" datetime=\"2022-09-21T21:12:31+00:00\" >2019-07-16 17:05:15<\/span><span class='av-structured-data'  itemprop=\"dateModified\" itemtype=\"https:\/\/schema.org\/dateModified\" >2022-10-28 14:34:50<\/span><span class='av-structured-data'  itemprop=\"mainEntityOfPage\" itemtype=\"https:\/\/schema.org\/mainEntityOfPage\" ><span itemprop='name'>Perfil de los miembros: Red de Concienciaci\u00c3\u00b3n sobre el C\u00c3\u00a1ncer Neuroendocrino<\/span><\/span><\/span><\/article><\/div><div class=\"slide-entry-wrap\"><article class='slide-entry flex_column  post-entry post-entry-7141 slide-entry-overview slide-loop-25 slide-parity-odd  av_one_fourth first real-thumbnail posttype-post post-format-standard'  itemscope=\"itemscope\" itemtype=\"https:\/\/schema.org\/CreativeWork\" ><a href='https:\/\/www.worldpancreaticcancercoalition.org\/es\/news\/perfil-del-miembro-fondo-de-investigacion-de-la-familia-kenner\/' data-rel='slide-1' class='slide-image' title='Perfil del miembro: Fondo de Investigaci\u00c3\u00b3n de la Familia Kenner'><img decoding=\"async\" fetchpriority=\"high\" width=\"166\" height=\"100\" src=\"https:\/\/www.worldpancreaticcancercoalition.org\/wp-content\/uploads\/logo-kenner-family-research-fund-sm.png\" class=\"wp-image-4495 avia-img-lazy-loading-not-4495 attachment-portfolio_small size-portfolio_small wp-post-image\" alt=\"\" \/><\/a><div class=\"slide-content\"><header class=\"entry-content-header\" aria-label=\"Slide: Perfil del miembro: Fondo de Investigaci\u00c3\u00b3n de la Familia Kenner\"><h3 class='slide-entry-title entry-title '  itemprop=\"headline\" ><a href='https:\/\/www.worldpancreaticcancercoalition.org\/es\/news\/perfil-del-miembro-fondo-de-investigacion-de-la-familia-kenner\/' title='Perfil del miembro: Fondo de Investigaci\u00c3\u00b3n de la Familia Kenner'>Perfil del miembro: Fondo de Investigaci\u00c3\u00b3n de la Familia Kenner<\/a><\/h3><span class=\"blog-categories minor-meta\"><a href=\"https:\/\/www.worldpancreaticcancercoalition.org\/category\/members\/\" rel=\"tag\">Members<\/a>, <a href=\"https:\/\/www.worldpancreaticcancercoalition.org\/fr\/category\/membres\/\" rel=\"tag\">Membres<\/a>, <a href=\"https:\/\/www.worldpancreaticcancercoalition.org\/it\/category\/membri\/\" rel=\"tag\">Membri<\/a>, <a href=\"https:\/\/www.worldpancreaticcancercoalition.org\/es\/category\/miembros\/\" rel=\"tag\">Miembros<\/a>, <a href=\"https:\/\/www.worldpancreaticcancercoalition.org\/category\/news\/\" rel=\"tag\">News<\/a>  <\/span><span class=\"av-vertical-delimiter\"><\/span><\/header><div class='slide-entry-excerpt entry-content'  itemprop=\"text\" >El Fondo de Investigaci\u00e0\u00b3n de la Familia Kenner (KFRF) fue creado en 2013 por familiares y amigos en memoria de Peter Kenner, que falleci\u00e0\u00b3 apenas dos meses despu\u00e9s de que le diagnosticaran un c\u00e0\u00a1ncer neuroendocrino de p\u00e0\u00a1ncreas. La\u2026<div class=\"read-more-link\"><a href=\"https:\/\/www.worldpancreaticcancercoalition.org\/es\/news\/perfil-del-miembro-fondo-de-investigacion-de-la-familia-kenner\/\" class=\"more-link\">Leer m\u00e1s<span class='more-link-arrow avia-svg-icon avia-font-svg_entypo-fontello' data-av_svg_icon='right-open-big' data-av_iconset='svg_entypo-fontello'><svg version=\"1.1\" xmlns=\"http:\/\/www.w3.org\/2000\/svg\" width=\"15\" height=\"32\" viewBox=\"0 0 15 32\" preserveAspectRatio=\"xMidYMid meet\" role=\"graphics-symbol\" aria-hidden=\"true\">\n<path d=\"M0.416 27.84l11.456-11.84-11.456-11.904q-0.832-0.832 0-1.536 0.832-0.832 1.536 0l12.544 12.608q0.768 0.832 0 1.6l-12.544 12.608q-0.704 0.832-1.536 0-0.832-0.704 0-1.536z\"><\/path>\n<\/svg><\/span><\/a><\/div><\/div><\/div><footer class=\"entry-footer\"><div class=\"slide-meta\"><time class='slide-meta-time updated'  itemprop=\"datePublished\" datetime=\"2019-06-19T17:10:58+00:00\" >19 de junio de 2019<\/time><\/div><\/footer><span class='hidden'>\n\t\t\t\t<span class='av-structured-data'  itemprop=\"image\" itemscope=\"itemscope\" itemtype=\"https:\/\/schema.org\/ImageObject\" >\n\t\t\t\t\t\t<span itemprop='url'>https:\/\/www.worldpancreaticcancercoalition.org\/wp-content\/uploads\/logo-kenner-family-research-fund-sm.png<\/span>\n\t\t\t\t\t\t<span itemprop='height'>100<\/span>\n\t\t\t\t\t\t<span itemprop='width'>166<\/span>\n\t\t\t\t<\/span>\n\t\t\t\t<span class='av-structured-data'  itemprop=\"publisher\" itemtype=\"https:\/\/schema.org\/Organization\" itemscope=\"itemscope\" >\n\t\t\t\t\t\t<span itemprop='name'>Mia Cole<\/span>\n\t\t\t\t\t\t<span itemprop='logo' itemscope itemtype='https:\/\/schema.org\/ImageObject'>\n\t\t\t\t\t\t\t<span itemprop='url'>https:\/\/www.worldpancreaticcancercoalition.org\/wp-content\/uploads\/WPCC-Logo-H.png<\/span>\n\t\t\t\t\t\t<\/span>\n\t\t\t\t<\/span><span class='av-structured-data'  itemprop=\"author\" itemscope=\"itemscope\" itemtype=\"https:\/\/schema.org\/Person\" ><span itemprop='name'>Mia Cole<\/span><\/span><span class='av-structured-data'  itemprop=\"datePublished\" datetime=\"2022-09-21T21:12:31+00:00\" >2019-06-19 17:10:58<\/span><span class='av-structured-data'  itemprop=\"dateModified\" itemtype=\"https:\/\/schema.org\/dateModified\" >2022-10-28 14:34:51<\/span><span class='av-structured-data'  itemprop=\"mainEntityOfPage\" itemtype=\"https:\/\/schema.org\/mainEntityOfPage\" ><span itemprop='name'>Perfil del miembro: Fondo de Investigaci\u00c3\u00b3n de la Familia Kenner<\/span><\/span><\/span><\/article><article class='slide-entry flex_column  post-entry post-entry-7112 slide-entry-overview slide-loop-26 slide-parity-even  av_one_fourth  real-thumbnail posttype-post post-format-standard'  itemscope=\"itemscope\" itemtype=\"https:\/\/schema.org\/CreativeWork\" ><a href='https:\/\/www.worldpancreaticcancercoalition.org\/es\/news\/organizaciones-de-todo-el-mundo-crean-un-cambio-para-el-cancer-de-pancreas\/' data-rel='slide-1' class='slide-image' title='Organizaciones de todo el mundo crean un cambio para el c\u00c3\u00a1ncer de p\u00c3\u00a1ncreas'><img decoding=\"async\" fetchpriority=\"high\" width=\"260\" height=\"172\" src=\"https:\/\/www.worldpancreaticcancercoalition.org\/wp-content\/uploads\/aacr-mtg-2019-group-tn.jpg\" class=\"wp-image-4471 avia-img-lazy-loading-not-4471 attachment-portfolio_small size-portfolio_small wp-post-image\" alt=\"\" \/><\/a><div class=\"slide-content\"><header class=\"entry-content-header\" aria-label=\"Slide: Organizaciones de todo el mundo crean un cambio para el c\u00c3\u00a1ncer de p\u00c3\u00a1ncreas\"><h3 class='slide-entry-title entry-title '  itemprop=\"headline\" ><a href='https:\/\/www.worldpancreaticcancercoalition.org\/es\/news\/organizaciones-de-todo-el-mundo-crean-un-cambio-para-el-cancer-de-pancreas\/' title='Organizaciones de todo el mundo crean un cambio para el c\u00c3\u00a1ncer de p\u00c3\u00a1ncreas'>Organizaciones de todo el mundo crean un cambio para el c\u00c3\u00a1ncer de p\u00c3\u00a1ncreas<\/a><\/h3><span class=\"blog-categories minor-meta\"><a href=\"https:\/\/www.worldpancreaticcancercoalition.org\/category\/members\/\" rel=\"tag\">Members<\/a>, <a href=\"https:\/\/www.worldpancreaticcancercoalition.org\/fr\/category\/membres\/\" rel=\"tag\">Membres<\/a>, <a href=\"https:\/\/www.worldpancreaticcancercoalition.org\/it\/category\/membri\/\" rel=\"tag\">Membri<\/a>, <a href=\"https:\/\/www.worldpancreaticcancercoalition.org\/es\/category\/miembros\/\" rel=\"tag\">Miembros<\/a>, <a href=\"https:\/\/www.worldpancreaticcancercoalition.org\/category\/news\/\" rel=\"tag\">News<\/a>  <\/span><span class=\"av-vertical-delimiter\"><\/span><\/header><div class='slide-entry-excerpt entry-content'  itemprop=\"text\" >Los miembros de la coalici\u00e0\u00b3n posan para una foto de grupo. Casi 50 organizaciones asistieron a la reuni\u00e0\u00b3n del WPCC este a\u00e0\u00b1o.\n\nCerca de 50 organizaciones de todo el mundo se reunieron en Coral Gables, Florida, del 7 al 9 de mayo de 2019\u2026<div class=\"read-more-link\"><a href=\"https:\/\/www.worldpancreaticcancercoalition.org\/es\/news\/organizaciones-de-todo-el-mundo-crean-un-cambio-para-el-cancer-de-pancreas\/\" class=\"more-link\">Leer m\u00e1s<span class='more-link-arrow avia-svg-icon avia-font-svg_entypo-fontello' data-av_svg_icon='right-open-big' data-av_iconset='svg_entypo-fontello'><svg version=\"1.1\" xmlns=\"http:\/\/www.w3.org\/2000\/svg\" width=\"15\" height=\"32\" viewBox=\"0 0 15 32\" preserveAspectRatio=\"xMidYMid meet\" role=\"graphics-symbol\" aria-hidden=\"true\">\n<path d=\"M0.416 27.84l11.456-11.84-11.456-11.904q-0.832-0.832 0-1.536 0.832-0.832 1.536 0l12.544 12.608q0.768 0.832 0 1.6l-12.544 12.608q-0.704 0.832-1.536 0-0.832-0.704 0-1.536z\"><\/path>\n<\/svg><\/span><\/a><\/div><\/div><\/div><footer class=\"entry-footer\"><div class=\"slide-meta\"><time class='slide-meta-time updated'  itemprop=\"datePublished\" datetime=\"2019-05-22T21:31:00+00:00\" >22 de mayo de 2019<\/time><\/div><\/footer><span class='hidden'>\n\t\t\t\t<span class='av-structured-data'  itemprop=\"image\" itemscope=\"itemscope\" itemtype=\"https:\/\/schema.org\/ImageObject\" >\n\t\t\t\t\t\t<span itemprop='url'>https:\/\/www.worldpancreaticcancercoalition.org\/wp-content\/uploads\/aacr-mtg-2019-group-tn.jpg<\/span>\n\t\t\t\t\t\t<span itemprop='height'>199<\/span>\n\t\t\t\t\t\t<span itemprop='width'>300<\/span>\n\t\t\t\t<\/span>\n\t\t\t\t<span class='av-structured-data'  itemprop=\"publisher\" itemtype=\"https:\/\/schema.org\/Organization\" itemscope=\"itemscope\" >\n\t\t\t\t\t\t<span itemprop='name'>Mia Cole<\/span>\n\t\t\t\t\t\t<span itemprop='logo' itemscope itemtype='https:\/\/schema.org\/ImageObject'>\n\t\t\t\t\t\t\t<span itemprop='url'>https:\/\/www.worldpancreaticcancercoalition.org\/wp-content\/uploads\/WPCC-Logo-H.png<\/span>\n\t\t\t\t\t\t<\/span>\n\t\t\t\t<\/span><span class='av-structured-data'  itemprop=\"author\" itemscope=\"itemscope\" itemtype=\"https:\/\/schema.org\/Person\" ><span itemprop='name'>Mia Cole<\/span><\/span><span class='av-structured-data'  itemprop=\"datePublished\" datetime=\"2022-09-21T21:12:31+00:00\" >2019-05-22 21:31:00<\/span><span class='av-structured-data'  itemprop=\"dateModified\" itemtype=\"https:\/\/schema.org\/dateModified\" >2022-10-28 14:34:54<\/span><span class='av-structured-data'  itemprop=\"mainEntityOfPage\" itemtype=\"https:\/\/schema.org\/mainEntityOfPage\" ><span itemprop='name'>Organizaciones de todo el mundo crean un cambio para el c\u00c3\u00a1ncer de p\u00c3\u00a1ncreas<\/span><\/span><\/span><\/article><article class='slide-entry flex_column  post-entry post-entry-7123 slide-entry-overview slide-loop-27 slide-parity-odd  av_one_fourth  real-thumbnail posttype-post post-format-standard'  itemscope=\"itemscope\" itemtype=\"https:\/\/schema.org\/CreativeWork\" ><a href='https:\/\/www.worldpancreaticcancercoalition.org\/es\/news\/perfil-de-los-miembros-fundacion-ron-foley\/' data-rel='slide-1' class='slide-image' title='Perfil de los miembros: Fundaci\u00c3\u00b3n Ron Foley'><img decoding=\"async\" fetchpriority=\"high\" width=\"260\" height=\"178\" src=\"https:\/\/www.worldpancreaticcancercoalition.org\/wp-content\/uploads\/wpcc-member-ron-foley-foundation-600x400.jpg\" class=\"wp-image-4411 avia-img-lazy-loading-not-4411 attachment-portfolio_small size-portfolio_small wp-post-image\" alt=\"\" srcset=\"https:\/\/www.worldpancreaticcancercoalition.org\/wp-content\/uploads\/wpcc-member-ron-foley-foundation-600x400.jpg 600w, https:\/\/www.worldpancreaticcancercoalition.org\/wp-content\/uploads\/wpcc-member-ron-foley-foundation-600x400-300x205.jpg 300w\" sizes=\"(max-width: 260px) 100vw, 260px\" \/><\/a><div class=\"slide-content\"><header class=\"entry-content-header\" aria-label=\"Slide: Perfil de los miembros: Fundaci\u00c3\u00b3n Ron Foley\"><h3 class='slide-entry-title entry-title '  itemprop=\"headline\" ><a href='https:\/\/www.worldpancreaticcancercoalition.org\/es\/news\/perfil-de-los-miembros-fundacion-ron-foley\/' title='Perfil de los miembros: Fundaci\u00c3\u00b3n Ron Foley'>Perfil de los miembros: Fundaci\u00c3\u00b3n Ron Foley<\/a><\/h3><span class=\"blog-categories minor-meta\"><a href=\"https:\/\/www.worldpancreaticcancercoalition.org\/category\/members\/\" rel=\"tag\">Members<\/a>, <a href=\"https:\/\/www.worldpancreaticcancercoalition.org\/fr\/category\/membres\/\" rel=\"tag\">Membres<\/a>, <a href=\"https:\/\/www.worldpancreaticcancercoalition.org\/it\/category\/membri\/\" rel=\"tag\">Membri<\/a>, <a href=\"https:\/\/www.worldpancreaticcancercoalition.org\/es\/category\/miembros\/\" rel=\"tag\">Miembros<\/a>, <a href=\"https:\/\/www.worldpancreaticcancercoalition.org\/category\/news\/\" rel=\"tag\">News<\/a>  <\/span><span class=\"av-vertical-delimiter\"><\/span><\/header><div class='slide-entry-excerpt entry-content'  itemprop=\"text\" >La Fundaci\u00e0\u00b3n Ron Foley, con sede en Connecticut (EE.UU.), fue creada por Barbara Foley en 2010 en memoria de su marido Ron Foley, fallecido de c\u00e0\u00a1ncer de p\u00e0\u00a1ncreas en 2005.\n\n&nbsp;\n\nLa misi\u00e0\u00b3n de la Fundaci\u00e0\u00b3n es aliviar el sufrimiento\u2026<div class=\"read-more-link\"><a href=\"https:\/\/www.worldpancreaticcancercoalition.org\/es\/news\/perfil-de-los-miembros-fundacion-ron-foley\/\" class=\"more-link\">Leer m\u00e1s<span class='more-link-arrow avia-svg-icon avia-font-svg_entypo-fontello' data-av_svg_icon='right-open-big' data-av_iconset='svg_entypo-fontello'><svg version=\"1.1\" xmlns=\"http:\/\/www.w3.org\/2000\/svg\" width=\"15\" height=\"32\" viewBox=\"0 0 15 32\" preserveAspectRatio=\"xMidYMid meet\" role=\"graphics-symbol\" aria-hidden=\"true\">\n<path d=\"M0.416 27.84l11.456-11.84-11.456-11.904q-0.832-0.832 0-1.536 0.832-0.832 1.536 0l12.544 12.608q0.768 0.832 0 1.6l-12.544 12.608q-0.704 0.832-1.536 0-0.832-0.704 0-1.536z\"><\/path>\n<\/svg><\/span><\/a><\/div><\/div><\/div><footer class=\"entry-footer\"><div class=\"slide-meta\"><time class='slide-meta-time updated'  itemprop=\"datePublished\" datetime=\"2019-05-22T17:51:56+00:00\" >22 de mayo de 2019<\/time><\/div><\/footer><span class='hidden'>\n\t\t\t\t<span class='av-structured-data'  itemprop=\"image\" itemscope=\"itemscope\" itemtype=\"https:\/\/schema.org\/ImageObject\" >\n\t\t\t\t\t\t<span itemprop='url'>https:\/\/www.worldpancreaticcancercoalition.org\/wp-content\/uploads\/wpcc-member-ron-foley-foundation-600x400.jpg<\/span>\n\t\t\t\t\t\t<span itemprop='height'>410<\/span>\n\t\t\t\t\t\t<span itemprop='width'>600<\/span>\n\t\t\t\t<\/span>\n\t\t\t\t<span class='av-structured-data'  itemprop=\"publisher\" itemtype=\"https:\/\/schema.org\/Organization\" itemscope=\"itemscope\" >\n\t\t\t\t\t\t<span itemprop='name'>Mia Cole<\/span>\n\t\t\t\t\t\t<span itemprop='logo' itemscope itemtype='https:\/\/schema.org\/ImageObject'>\n\t\t\t\t\t\t\t<span itemprop='url'>https:\/\/www.worldpancreaticcancercoalition.org\/wp-content\/uploads\/WPCC-Logo-H.png<\/span>\n\t\t\t\t\t\t<\/span>\n\t\t\t\t<\/span><span class='av-structured-data'  itemprop=\"author\" itemscope=\"itemscope\" itemtype=\"https:\/\/schema.org\/Person\" ><span itemprop='name'>Mia Cole<\/span><\/span><span class='av-structured-data'  itemprop=\"datePublished\" datetime=\"2022-09-21T21:12:31+00:00\" >2019-05-22 17:51:56<\/span><span class='av-structured-data'  itemprop=\"dateModified\" itemtype=\"https:\/\/schema.org\/dateModified\" >2022-10-28 14:34:55<\/span><span class='av-structured-data'  itemprop=\"mainEntityOfPage\" itemtype=\"https:\/\/schema.org\/mainEntityOfPage\" ><span itemprop='name'>Perfil de los miembros: Fundaci\u00c3\u00b3n Ron Foley<\/span><\/span><\/span><\/article><article class='slide-entry flex_column  post-entry post-entry-7109 slide-entry-overview slide-loop-28 slide-parity-even  av_one_fourth  real-thumbnail posttype-post post-format-standard'  itemscope=\"itemscope\" itemtype=\"https:\/\/schema.org\/CreativeWork\" ><a href='https:\/\/www.worldpancreaticcancercoalition.org\/es\/news\/perfil-de-los-miembros-fundacion-avner-contra-el-cancer-de-pancreas\/' data-rel='slide-1' class='slide-image' title='Perfil de los miembros: Fundaci\u00c3\u00b3n Avner contra el C\u00c3\u00a1ncer de P\u00c3\u00a1ncreas'><img decoding=\"async\" fetchpriority=\"high\" width=\"260\" height=\"176\" src=\"https:\/\/www.worldpancreaticcancercoalition.org\/wp-content\/uploads\/Avner-AU-Melbourne.jpg\" class=\"wp-image-4408 avia-img-lazy-loading-not-4408 attachment-portfolio_small size-portfolio_small wp-post-image\" alt=\"\" srcset=\"https:\/\/www.worldpancreaticcancercoalition.org\/wp-content\/uploads\/Avner-AU-Melbourne.jpg 600w, https:\/\/www.worldpancreaticcancercoalition.org\/wp-content\/uploads\/Avner-AU-Melbourne-300x203.jpg 300w\" sizes=\"(max-width: 260px) 100vw, 260px\" \/><\/a><div class=\"slide-content\"><header class=\"entry-content-header\" aria-label=\"Slide: Perfil de los miembros: Fundaci\u00c3\u00b3n Avner contra el C\u00c3\u00a1ncer de P\u00c3\u00a1ncreas\"><h3 class='slide-entry-title entry-title '  itemprop=\"headline\" ><a href='https:\/\/www.worldpancreaticcancercoalition.org\/es\/news\/perfil-de-los-miembros-fundacion-avner-contra-el-cancer-de-pancreas\/' title='Perfil de los miembros: Fundaci\u00c3\u00b3n Avner contra el C\u00c3\u00a1ncer de P\u00c3\u00a1ncreas'>Perfil de los miembros: Fundaci\u00c3\u00b3n Avner contra el C\u00c3\u00a1ncer de P\u00c3\u00a1ncreas<\/a><\/h3><span class=\"blog-categories minor-meta\"><a href=\"https:\/\/www.worldpancreaticcancercoalition.org\/category\/members\/\" rel=\"tag\">Members<\/a>, <a href=\"https:\/\/www.worldpancreaticcancercoalition.org\/fr\/category\/membres\/\" rel=\"tag\">Membres<\/a>, <a href=\"https:\/\/www.worldpancreaticcancercoalition.org\/it\/category\/membri\/\" rel=\"tag\">Membri<\/a>, <a href=\"https:\/\/www.worldpancreaticcancercoalition.org\/es\/category\/miembros\/\" rel=\"tag\">Miembros<\/a>, <a href=\"https:\/\/www.worldpancreaticcancercoalition.org\/category\/news\/\" rel=\"tag\">News<\/a>  <\/span><span class=\"av-vertical-delimiter\"><\/span><\/header><div class='slide-entry-excerpt entry-content'  itemprop=\"text\" >La caminata de la Fundaci\u00e0\u00b3n Avner contra el C\u00e0\u00a1ncer de P\u00e0\u00a1ncreas \"Put Your Foot Down\" en Melbourne, en mayo, atrae a una gran multitud de simpatizantes.\n\nLa Fundaci\u00e0\u00b3n Avner contra el C\u00e0\u00a1ncer de P\u00e0\u00a1ncreas comenz\u00e0\u00b3 como Fondo Avner\u2026<div class=\"read-more-link\"><a href=\"https:\/\/www.worldpancreaticcancercoalition.org\/es\/news\/perfil-de-los-miembros-fundacion-avner-contra-el-cancer-de-pancreas\/\" class=\"more-link\">Leer m\u00e1s<span class='more-link-arrow avia-svg-icon avia-font-svg_entypo-fontello' data-av_svg_icon='right-open-big' data-av_iconset='svg_entypo-fontello'><svg version=\"1.1\" xmlns=\"http:\/\/www.w3.org\/2000\/svg\" width=\"15\" height=\"32\" viewBox=\"0 0 15 32\" preserveAspectRatio=\"xMidYMid meet\" role=\"graphics-symbol\" aria-hidden=\"true\">\n<path d=\"M0.416 27.84l11.456-11.84-11.456-11.904q-0.832-0.832 0-1.536 0.832-0.832 1.536 0l12.544 12.608q0.768 0.832 0 1.6l-12.544 12.608q-0.704 0.832-1.536 0-0.832-0.704 0-1.536z\"><\/path>\n<\/svg><\/span><\/a><\/div><\/div><\/div><footer class=\"entry-footer\"><div class=\"slide-meta\"><time class='slide-meta-time updated'  itemprop=\"datePublished\" datetime=\"2019-04-16T22:59:40+00:00\" >16 de abril de 2019<\/time><\/div><\/footer><span class='hidden'>\n\t\t\t\t<span class='av-structured-data'  itemprop=\"image\" itemscope=\"itemscope\" itemtype=\"https:\/\/schema.org\/ImageObject\" >\n\t\t\t\t\t\t<span itemprop='url'>https:\/\/www.worldpancreaticcancercoalition.org\/wp-content\/uploads\/Avner-AU-Melbourne.jpg<\/span>\n\t\t\t\t\t\t<span itemprop='height'>405<\/span>\n\t\t\t\t\t\t<span itemprop='width'>600<\/span>\n\t\t\t\t<\/span>\n\t\t\t\t<span class='av-structured-data'  itemprop=\"publisher\" itemtype=\"https:\/\/schema.org\/Organization\" itemscope=\"itemscope\" >\n\t\t\t\t\t\t<span itemprop='name'>Axel Garcia<\/span>\n\t\t\t\t\t\t<span itemprop='logo' itemscope itemtype='https:\/\/schema.org\/ImageObject'>\n\t\t\t\t\t\t\t<span itemprop='url'>https:\/\/www.worldpancreaticcancercoalition.org\/wp-content\/uploads\/WPCC-Logo-H.png<\/span>\n\t\t\t\t\t\t<\/span>\n\t\t\t\t<\/span><span class='av-structured-data'  itemprop=\"author\" itemscope=\"itemscope\" itemtype=\"https:\/\/schema.org\/Person\" ><span itemprop='name'>Axel Garcia<\/span><\/span><span class='av-structured-data'  itemprop=\"datePublished\" datetime=\"2022-09-21T21:12:31+00:00\" >2019-04-16 22:59:40<\/span><span class='av-structured-data'  itemprop=\"dateModified\" itemtype=\"https:\/\/schema.org\/dateModified\" >2022-10-28 14:34:56<\/span><span class='av-structured-data'  itemprop=\"mainEntityOfPage\" itemtype=\"https:\/\/schema.org\/mainEntityOfPage\" ><span itemprop='name'>Perfil de los miembros: Fundaci\u00c3\u00b3n Avner contra el C\u00c3\u00a1ncer de P\u00c3\u00a1ncreas<\/span><\/span><\/span><\/article><\/div><div class=\"slide-entry-wrap\"><article class='slide-entry flex_column  post-entry post-entry-7106 slide-entry-overview slide-loop-29 slide-parity-odd  av_one_fourth first real-thumbnail posttype-post post-format-standard'  itemscope=\"itemscope\" itemtype=\"https:\/\/schema.org\/CreativeWork\" ><a href='https:\/\/www.worldpancreaticcancercoalition.org\/es\/news\/perfil-de-los-miembros-europacolon-slovenija\/' data-rel='slide-1' class='slide-image' title='Perfil de los miembros: Europacolon Slovenija'><img decoding=\"async\" fetchpriority=\"high\" width=\"260\" height=\"155\" src=\"https:\/\/www.worldpancreaticcancercoalition.org\/wp-content\/uploads\/europacolon-slovenija.jpg\" class=\"wp-image-4390 avia-img-lazy-loading-not-4390 attachment-portfolio_small size-portfolio_small wp-post-image\" alt=\"\" srcset=\"https:\/\/www.worldpancreaticcancercoalition.org\/wp-content\/uploads\/europacolon-slovenija.jpg 1398w, https:\/\/www.worldpancreaticcancercoalition.org\/wp-content\/uploads\/europacolon-slovenija-300x179.jpg 300w, https:\/\/www.worldpancreaticcancercoalition.org\/wp-content\/uploads\/europacolon-slovenija-1024x611.jpg 1024w, https:\/\/www.worldpancreaticcancercoalition.org\/wp-content\/uploads\/europacolon-slovenija-640x382.jpg 640w, https:\/\/www.worldpancreaticcancercoalition.org\/wp-content\/uploads\/europacolon-slovenija-1200x716.jpg 1200w\" sizes=\"(max-width: 260px) 100vw, 260px\" \/><\/a><div class=\"slide-content\"><header class=\"entry-content-header\" aria-label=\"Slide: Perfil de los miembros: Europacolon Slovenija\"><h3 class='slide-entry-title entry-title '  itemprop=\"headline\" ><a href='https:\/\/www.worldpancreaticcancercoalition.org\/es\/news\/perfil-de-los-miembros-europacolon-slovenija\/' title='Perfil de los miembros: Europacolon Slovenija'>Perfil de los miembros: Europacolon Slovenija<\/a><\/h3><span class=\"blog-categories minor-meta\"><a href=\"https:\/\/www.worldpancreaticcancercoalition.org\/category\/members\/\" rel=\"tag\">Members<\/a>, <a href=\"https:\/\/www.worldpancreaticcancercoalition.org\/fr\/category\/membres\/\" rel=\"tag\">Membres<\/a>, <a href=\"https:\/\/www.worldpancreaticcancercoalition.org\/it\/category\/membri\/\" rel=\"tag\">Membri<\/a>, <a href=\"https:\/\/www.worldpancreaticcancercoalition.org\/es\/category\/miembros\/\" rel=\"tag\">Miembros<\/a>, <a href=\"https:\/\/www.worldpancreaticcancercoalition.org\/category\/news\/\" rel=\"tag\">News<\/a>  <\/span><span class=\"av-vertical-delimiter\"><\/span><\/header><div class='slide-entry-excerpt entry-content'  itemprop=\"text\" >Miembros del consejo de administraci\u00e0\u00b3n de EuropaColon Slovenija\n\nEuropaColon Slovenija, fundada en 2007, forma parte de una organizaci\u00e0\u00b3n paraguas llamada Digestive Cancers Europe. Se encuentra en Liubliana, la capital de Eslovenia. Como\u2026<div class=\"read-more-link\"><a href=\"https:\/\/www.worldpancreaticcancercoalition.org\/es\/news\/perfil-de-los-miembros-europacolon-slovenija\/\" class=\"more-link\">Leer m\u00e1s<span class='more-link-arrow avia-svg-icon avia-font-svg_entypo-fontello' data-av_svg_icon='right-open-big' data-av_iconset='svg_entypo-fontello'><svg version=\"1.1\" xmlns=\"http:\/\/www.w3.org\/2000\/svg\" width=\"15\" height=\"32\" viewBox=\"0 0 15 32\" preserveAspectRatio=\"xMidYMid meet\" role=\"graphics-symbol\" aria-hidden=\"true\">\n<path d=\"M0.416 27.84l11.456-11.84-11.456-11.904q-0.832-0.832 0-1.536 0.832-0.832 1.536 0l12.544 12.608q0.768 0.832 0 1.6l-12.544 12.608q-0.704 0.832-1.536 0-0.832-0.704 0-1.536z\"><\/path>\n<\/svg><\/span><\/a><\/div><\/div><\/div><footer class=\"entry-footer\"><div class=\"slide-meta\"><time class='slide-meta-time updated'  itemprop=\"datePublished\" datetime=\"2019-03-12T16:51:23+00:00\" >12 de marzo de 2019<\/time><\/div><\/footer><span class='hidden'>\n\t\t\t\t<span class='av-structured-data'  itemprop=\"image\" itemscope=\"itemscope\" itemtype=\"https:\/\/schema.org\/ImageObject\" >\n\t\t\t\t\t\t<span itemprop='url'>https:\/\/www.worldpancreaticcancercoalition.org\/wp-content\/uploads\/europacolon-slovenija.jpg<\/span>\n\t\t\t\t\t\t<span itemprop='height'>834<\/span>\n\t\t\t\t\t\t<span itemprop='width'>1398<\/span>\n\t\t\t\t<\/span>\n\t\t\t\t<span class='av-structured-data'  itemprop=\"publisher\" itemtype=\"https:\/\/schema.org\/Organization\" itemscope=\"itemscope\" >\n\t\t\t\t\t\t<span itemprop='name'>Axel Garcia<\/span>\n\t\t\t\t\t\t<span itemprop='logo' itemscope itemtype='https:\/\/schema.org\/ImageObject'>\n\t\t\t\t\t\t\t<span itemprop='url'>https:\/\/www.worldpancreaticcancercoalition.org\/wp-content\/uploads\/WPCC-Logo-H.png<\/span>\n\t\t\t\t\t\t<\/span>\n\t\t\t\t<\/span><span class='av-structured-data'  itemprop=\"author\" itemscope=\"itemscope\" itemtype=\"https:\/\/schema.org\/Person\" ><span itemprop='name'>Axel Garcia<\/span><\/span><span class='av-structured-data'  itemprop=\"datePublished\" datetime=\"2022-09-21T21:12:31+00:00\" >2019-03-12 16:51:23<\/span><span class='av-structured-data'  itemprop=\"dateModified\" itemtype=\"https:\/\/schema.org\/dateModified\" >2022-10-28 14:34:56<\/span><span class='av-structured-data'  itemprop=\"mainEntityOfPage\" itemtype=\"https:\/\/schema.org\/mainEntityOfPage\" ><span itemprop='name'>Perfil de los miembros: Europacolon Slovenija<\/span><\/span><\/span><\/article><article class='slide-entry flex_column  post-entry post-entry-7081 slide-entry-overview slide-loop-30 slide-parity-even  av_one_fourth  real-thumbnail posttype-post post-format-standard'  itemscope=\"itemscope\" itemtype=\"https:\/\/schema.org\/CreativeWork\" ><a href='https:\/\/www.worldpancreaticcancercoalition.org\/es\/news\/perfil-de-los-miembros-proyecto-purpura\/' data-rel='slide-1' class='slide-image' title='Perfil de los miembros: Proyecto P\u00c3\u00barpura'><img decoding=\"async\" fetchpriority=\"high\" width=\"260\" height=\"163\" src=\"https:\/\/www.worldpancreaticcancercoalition.org\/wp-content\/uploads\/project-purple-500x313.jpg\" class=\"wp-image-4381 avia-img-lazy-loading-not-4381 attachment-portfolio_small size-portfolio_small wp-post-image\" alt=\"\" srcset=\"https:\/\/www.worldpancreaticcancercoalition.org\/wp-content\/uploads\/project-purple-500x313.jpg 500w, https:\/\/www.worldpancreaticcancercoalition.org\/wp-content\/uploads\/project-purple-500x313-300x188.jpg 300w\" sizes=\"(max-width: 260px) 100vw, 260px\" \/><\/a><div class=\"slide-content\"><header class=\"entry-content-header\" aria-label=\"Slide: Perfil de los miembros: Proyecto P\u00c3\u00barpura\"><h3 class='slide-entry-title entry-title '  itemprop=\"headline\" ><a href='https:\/\/www.worldpancreaticcancercoalition.org\/es\/news\/perfil-de-los-miembros-proyecto-purpura\/' title='Perfil de los miembros: Proyecto P\u00c3\u00barpura'>Perfil de los miembros: Proyecto P\u00c3\u00barpura<\/a><\/h3><span class=\"blog-categories minor-meta\"><a href=\"https:\/\/www.worldpancreaticcancercoalition.org\/category\/members\/\" rel=\"tag\">Members<\/a>, <a href=\"https:\/\/www.worldpancreaticcancercoalition.org\/fr\/category\/membres\/\" rel=\"tag\">Membres<\/a>, <a href=\"https:\/\/www.worldpancreaticcancercoalition.org\/it\/category\/membri\/\" rel=\"tag\">Membri<\/a>, <a href=\"https:\/\/www.worldpancreaticcancercoalition.org\/es\/category\/miembros\/\" rel=\"tag\">Miembros<\/a>, <a href=\"https:\/\/www.worldpancreaticcancercoalition.org\/category\/news\/\" rel=\"tag\">News<\/a>  <\/span><span class=\"av-vertical-delimiter\"><\/span><\/header><div class='slide-entry-excerpt entry-content'  itemprop=\"text\" >El Proyecto P\u00e0\u00barpura es una organizaci\u00e0\u00b3n nacional sin \u00e0\u00a1nimo de lucro con sede en Connecticut que se dedica a proporcionar ayuda econ\u00e0\u00b3mica a los pacientes de c\u00e0\u00a1ncer de p\u00e0\u00a1ncreas y a conceder becas de investigaci\u00e0\u00b3n a centros\u2026<div class=\"read-more-link\"><a href=\"https:\/\/www.worldpancreaticcancercoalition.org\/es\/news\/perfil-de-los-miembros-proyecto-purpura\/\" class=\"more-link\">Leer m\u00e1s<span class='more-link-arrow avia-svg-icon avia-font-svg_entypo-fontello' data-av_svg_icon='right-open-big' data-av_iconset='svg_entypo-fontello'><svg version=\"1.1\" xmlns=\"http:\/\/www.w3.org\/2000\/svg\" width=\"15\" height=\"32\" viewBox=\"0 0 15 32\" preserveAspectRatio=\"xMidYMid meet\" role=\"graphics-symbol\" aria-hidden=\"true\">\n<path d=\"M0.416 27.84l11.456-11.84-11.456-11.904q-0.832-0.832 0-1.536 0.832-0.832 1.536 0l12.544 12.608q0.768 0.832 0 1.6l-12.544 12.608q-0.704 0.832-1.536 0-0.832-0.704 0-1.536z\"><\/path>\n<\/svg><\/span><\/a><\/div><\/div><\/div><footer class=\"entry-footer\"><div class=\"slide-meta\"><time class='slide-meta-time updated'  itemprop=\"datePublished\" datetime=\"2019-02-09T00:07:33+00:00\" >9 de febrero de 2019<\/time><\/div><\/footer><span class='hidden'>\n\t\t\t\t<span class='av-structured-data'  itemprop=\"image\" itemscope=\"itemscope\" itemtype=\"https:\/\/schema.org\/ImageObject\" >\n\t\t\t\t\t\t<span itemprop='url'>https:\/\/www.worldpancreaticcancercoalition.org\/wp-content\/uploads\/project-purple-500x313.jpg<\/span>\n\t\t\t\t\t\t<span itemprop='height'>313<\/span>\n\t\t\t\t\t\t<span itemprop='width'>500<\/span>\n\t\t\t\t<\/span>\n\t\t\t\t<span class='av-structured-data'  itemprop=\"publisher\" itemtype=\"https:\/\/schema.org\/Organization\" itemscope=\"itemscope\" >\n\t\t\t\t\t\t<span itemprop='name'>Mia Cole<\/span>\n\t\t\t\t\t\t<span itemprop='logo' itemscope itemtype='https:\/\/schema.org\/ImageObject'>\n\t\t\t\t\t\t\t<span itemprop='url'>https:\/\/www.worldpancreaticcancercoalition.org\/wp-content\/uploads\/WPCC-Logo-H.png<\/span>\n\t\t\t\t\t\t<\/span>\n\t\t\t\t<\/span><span class='av-structured-data'  itemprop=\"author\" itemscope=\"itemscope\" itemtype=\"https:\/\/schema.org\/Person\" ><span itemprop='name'>Mia Cole<\/span><\/span><span class='av-structured-data'  itemprop=\"datePublished\" datetime=\"2022-09-21T21:12:31+00:00\" >2019-02-09 00:07:33<\/span><span class='av-structured-data'  itemprop=\"dateModified\" itemtype=\"https:\/\/schema.org\/dateModified\" >2022-10-28 14:34:57<\/span><span class='av-structured-data'  itemprop=\"mainEntityOfPage\" itemtype=\"https:\/\/schema.org\/mainEntityOfPage\" ><span itemprop='name'>Perfil de los miembros: Proyecto P\u00c3\u00barpura<\/span><\/span><\/span><\/article><article class='slide-entry flex_column  post-entry post-entry-7064 slide-entry-overview slide-loop-31 slide-parity-odd  av_one_fourth  real-thumbnail posttype-post post-format-standard'  itemscope=\"itemscope\" itemtype=\"https:\/\/schema.org\/CreativeWork\" ><a href='https:\/\/www.worldpancreaticcancercoalition.org\/es\/news\/perfil-de-los-miembros-fundacion-pancare\/' data-rel='slide-1' class='slide-image' title='Perfil de los miembros: Fundaci\u00c3\u00b3n Pancare'><img decoding=\"async\" fetchpriority=\"high\" width=\"260\" height=\"159\" src=\"https:\/\/www.worldpancreaticcancercoalition.org\/wp-content\/uploads\/member-pancare-foundation-600x.jpg\" class=\"wp-image-4372 avia-img-lazy-loading-not-4372 attachment-portfolio_small size-portfolio_small wp-post-image\" alt=\"\" srcset=\"https:\/\/www.worldpancreaticcancercoalition.org\/wp-content\/uploads\/member-pancare-foundation-600x.jpg 600w, https:\/\/www.worldpancreaticcancercoalition.org\/wp-content\/uploads\/member-pancare-foundation-600x-300x184.jpg 300w\" sizes=\"(max-width: 260px) 100vw, 260px\" \/><\/a><div class=\"slide-content\"><header class=\"entry-content-header\" aria-label=\"Slide: Perfil de los miembros: Fundaci\u00c3\u00b3n Pancare\"><h3 class='slide-entry-title entry-title '  itemprop=\"headline\" ><a href='https:\/\/www.worldpancreaticcancercoalition.org\/es\/news\/perfil-de-los-miembros-fundacion-pancare\/' title='Perfil de los miembros: Fundaci\u00c3\u00b3n Pancare'>Perfil de los miembros: Fundaci\u00c3\u00b3n Pancare<\/a><\/h3><span class=\"blog-categories minor-meta\"><a href=\"https:\/\/www.worldpancreaticcancercoalition.org\/category\/members\/\" rel=\"tag\">Members<\/a>, <a href=\"https:\/\/www.worldpancreaticcancercoalition.org\/fr\/category\/membres\/\" rel=\"tag\">Membres<\/a>, <a href=\"https:\/\/www.worldpancreaticcancercoalition.org\/it\/category\/membri\/\" rel=\"tag\">Membri<\/a>, <a href=\"https:\/\/www.worldpancreaticcancercoalition.org\/es\/category\/miembros\/\" rel=\"tag\">Miembros<\/a>, <a href=\"https:\/\/www.worldpancreaticcancercoalition.org\/category\/news\/\" rel=\"tag\">News<\/a>  <\/span><span class=\"av-vertical-delimiter\"><\/span><\/header><div class='slide-entry-excerpt entry-content'  itemprop=\"text\" >La Fundaci\u00e0\u00b3n Pancare de Australia se cre\u00e0\u00b3 en 2011 para mejorar los resultados de los pacientes de diversas maneras. Su evento principal es la Caminata por la Esperanza\n\nNacida del deseo de ver mejores resultados para las personas que luchan\u2026<div class=\"read-more-link\"><a href=\"https:\/\/www.worldpancreaticcancercoalition.org\/es\/news\/perfil-de-los-miembros-fundacion-pancare\/\" class=\"more-link\">Leer m\u00e1s<span class='more-link-arrow avia-svg-icon avia-font-svg_entypo-fontello' data-av_svg_icon='right-open-big' data-av_iconset='svg_entypo-fontello'><svg version=\"1.1\" xmlns=\"http:\/\/www.w3.org\/2000\/svg\" width=\"15\" height=\"32\" viewBox=\"0 0 15 32\" preserveAspectRatio=\"xMidYMid meet\" role=\"graphics-symbol\" aria-hidden=\"true\">\n<path d=\"M0.416 27.84l11.456-11.84-11.456-11.904q-0.832-0.832 0-1.536 0.832-0.832 1.536 0l12.544 12.608q0.768 0.832 0 1.6l-12.544 12.608q-0.704 0.832-1.536 0-0.832-0.704 0-1.536z\"><\/path>\n<\/svg><\/span><\/a><\/div><\/div><\/div><footer class=\"entry-footer\"><div class=\"slide-meta\"><time class='slide-meta-time updated'  itemprop=\"datePublished\" datetime=\"2019-01-15T21:46:55+00:00\" >15 de enero de 2019<\/time><\/div><\/footer><span class='hidden'>\n\t\t\t\t<span class='av-structured-data'  itemprop=\"image\" itemscope=\"itemscope\" itemtype=\"https:\/\/schema.org\/ImageObject\" >\n\t\t\t\t\t\t<span itemprop='url'>https:\/\/www.worldpancreaticcancercoalition.org\/wp-content\/uploads\/member-pancare-foundation-600x.jpg<\/span>\n\t\t\t\t\t\t<span itemprop='height'>368<\/span>\n\t\t\t\t\t\t<span itemprop='width'>600<\/span>\n\t\t\t\t<\/span>\n\t\t\t\t<span class='av-structured-data'  itemprop=\"publisher\" itemtype=\"https:\/\/schema.org\/Organization\" itemscope=\"itemscope\" >\n\t\t\t\t\t\t<span itemprop='name'>Mia Cole<\/span>\n\t\t\t\t\t\t<span itemprop='logo' itemscope itemtype='https:\/\/schema.org\/ImageObject'>\n\t\t\t\t\t\t\t<span itemprop='url'>https:\/\/www.worldpancreaticcancercoalition.org\/wp-content\/uploads\/WPCC-Logo-H.png<\/span>\n\t\t\t\t\t\t<\/span>\n\t\t\t\t<\/span><span class='av-structured-data'  itemprop=\"author\" itemscope=\"itemscope\" itemtype=\"https:\/\/schema.org\/Person\" ><span itemprop='name'>Mia Cole<\/span><\/span><span class='av-structured-data'  itemprop=\"datePublished\" datetime=\"2022-09-21T21:12:31+00:00\" >2019-01-15 21:46:55<\/span><span class='av-structured-data'  itemprop=\"dateModified\" itemtype=\"https:\/\/schema.org\/dateModified\" >2022-10-28 14:34:58<\/span><span class='av-structured-data'  itemprop=\"mainEntityOfPage\" itemtype=\"https:\/\/schema.org\/mainEntityOfPage\" ><span itemprop='name'>Perfil de los miembros: Fundaci\u00c3\u00b3n Pancare<\/span><\/span><\/span><\/article><article class='slide-entry flex_column  post-entry post-entry-7077 slide-entry-overview slide-loop-32 slide-parity-even  av_one_fourth  real-thumbnail posttype-post post-format-standard'  itemscope=\"itemscope\" itemtype=\"https:\/\/schema.org\/CreativeWork\" ><a href='https:\/\/www.worldpancreaticcancercoalition.org\/es\/news\/perfil-de-los-miembros-red-coreana-de-cancer-de-pancreas\/' data-rel='slide-1' class='slide-image' title='Perfil de los miembros: Red Coreana de C\u00c3\u00a1ncer de P\u00c3\u00a1ncreas'><img decoding=\"async\" fetchpriority=\"high\" width=\"260\" height=\"85\" src=\"https:\/\/www.worldpancreaticcancercoalition.org\/wp-content\/uploads\/korean-member-profile.png\" class=\"wp-image-4339 avia-img-lazy-loading-not-4339 attachment-portfolio_small size-portfolio_small wp-post-image\" alt=\"\" srcset=\"https:\/\/www.worldpancreaticcancercoalition.org\/wp-content\/uploads\/korean-member-profile.png 939w, https:\/\/www.worldpancreaticcancercoalition.org\/wp-content\/uploads\/korean-member-profile-300x98.png 300w, https:\/\/www.worldpancreaticcancercoalition.org\/wp-content\/uploads\/korean-member-profile-640x209.png 640w\" sizes=\"(max-width: 260px) 100vw, 260px\" \/><\/a><div class=\"slide-content\"><header class=\"entry-content-header\" aria-label=\"Slide: Perfil de los miembros: Red Coreana de C\u00c3\u00a1ncer de P\u00c3\u00a1ncreas\"><h3 class='slide-entry-title entry-title '  itemprop=\"headline\" ><a href='https:\/\/www.worldpancreaticcancercoalition.org\/es\/news\/perfil-de-los-miembros-red-coreana-de-cancer-de-pancreas\/' title='Perfil de los miembros: Red Coreana de C\u00c3\u00a1ncer de P\u00c3\u00a1ncreas'>Perfil de los miembros: Red Coreana de C\u00c3\u00a1ncer de P\u00c3\u00a1ncreas<\/a><\/h3><span class=\"blog-categories minor-meta\"><a href=\"https:\/\/www.worldpancreaticcancercoalition.org\/category\/members\/\" rel=\"tag\">Members<\/a>, <a href=\"https:\/\/www.worldpancreaticcancercoalition.org\/fr\/category\/membres\/\" rel=\"tag\">Membres<\/a>, <a href=\"https:\/\/www.worldpancreaticcancercoalition.org\/it\/category\/membri\/\" rel=\"tag\">Membri<\/a>, <a href=\"https:\/\/www.worldpancreaticcancercoalition.org\/es\/category\/miembros\/\" rel=\"tag\">Miembros<\/a>, <a href=\"https:\/\/www.worldpancreaticcancercoalition.org\/category\/news\/\" rel=\"tag\">News<\/a>  <\/span><span class=\"av-vertical-delimiter\"><\/span><\/header><div class='slide-entry-excerpt entry-content'  itemprop=\"text\" >La Red Coreana de C\u00e0\u00a1ncer de P\u00e0\u00a1ncreas (KPCN) fue fundada en 2015 por cirujanos de p\u00e0\u00a1ncreas de Corea. Los responsables de la organizaci\u00e0\u00b3n se han dado cuenta de que la lucha contra el c\u00e0\u00a1ncer de p\u00e0\u00a1ncreas en los hospitales y los\u2026<div class=\"read-more-link\"><a href=\"https:\/\/www.worldpancreaticcancercoalition.org\/es\/news\/perfil-de-los-miembros-red-coreana-de-cancer-de-pancreas\/\" class=\"more-link\">Leer m\u00e1s<span class='more-link-arrow avia-svg-icon avia-font-svg_entypo-fontello' data-av_svg_icon='right-open-big' data-av_iconset='svg_entypo-fontello'><svg version=\"1.1\" xmlns=\"http:\/\/www.w3.org\/2000\/svg\" width=\"15\" height=\"32\" viewBox=\"0 0 15 32\" preserveAspectRatio=\"xMidYMid meet\" role=\"graphics-symbol\" aria-hidden=\"true\">\n<path d=\"M0.416 27.84l11.456-11.84-11.456-11.904q-0.832-0.832 0-1.536 0.832-0.832 1.536 0l12.544 12.608q0.768 0.832 0 1.6l-12.544 12.608q-0.704 0.832-1.536 0-0.832-0.704 0-1.536z\"><\/path>\n<\/svg><\/span><\/a><\/div><\/div><\/div><footer class=\"entry-footer\"><div class=\"slide-meta\"><time class='slide-meta-time updated'  itemprop=\"datePublished\" datetime=\"2018-12-11T23:26:17+00:00\" >11 de diciembre de 2018<\/time><\/div><\/footer><span class='hidden'>\n\t\t\t\t<span class='av-structured-data'  itemprop=\"image\" itemscope=\"itemscope\" itemtype=\"https:\/\/schema.org\/ImageObject\" >\n\t\t\t\t\t\t<span itemprop='url'>https:\/\/www.worldpancreaticcancercoalition.org\/wp-content\/uploads\/korean-member-profile.png<\/span>\n\t\t\t\t\t\t<span itemprop='height'>306<\/span>\n\t\t\t\t\t\t<span itemprop='width'>939<\/span>\n\t\t\t\t<\/span>\n\t\t\t\t<span class='av-structured-data'  itemprop=\"publisher\" itemtype=\"https:\/\/schema.org\/Organization\" itemscope=\"itemscope\" >\n\t\t\t\t\t\t<span itemprop='name'>Axel Garcia<\/span>\n\t\t\t\t\t\t<span itemprop='logo' itemscope itemtype='https:\/\/schema.org\/ImageObject'>\n\t\t\t\t\t\t\t<span itemprop='url'>https:\/\/www.worldpancreaticcancercoalition.org\/wp-content\/uploads\/WPCC-Logo-H.png<\/span>\n\t\t\t\t\t\t<\/span>\n\t\t\t\t<\/span><span class='av-structured-data'  itemprop=\"author\" itemscope=\"itemscope\" itemtype=\"https:\/\/schema.org\/Person\" ><span itemprop='name'>Axel Garcia<\/span><\/span><span class='av-structured-data'  itemprop=\"datePublished\" datetime=\"2022-09-21T21:12:31+00:00\" >2018-12-11 23:26:17<\/span><span class='av-structured-data'  itemprop=\"dateModified\" itemtype=\"https:\/\/schema.org\/dateModified\" >2022-10-28 14:34:59<\/span><span class='av-structured-data'  itemprop=\"mainEntityOfPage\" itemtype=\"https:\/\/schema.org\/mainEntityOfPage\" ><span itemprop='name'>Perfil de los miembros: Red Coreana de C\u00c3\u00a1ncer de P\u00c3\u00a1ncreas<\/span><\/span><\/span><\/article><\/div><div class=\"slide-entry-wrap\"><article class='slide-entry flex_column  post-entry post-entry-7092 slide-entry-overview slide-loop-33 slide-parity-odd  av_one_fourth first real-thumbnail posttype-post post-format-standard'  itemscope=\"itemscope\" itemtype=\"https:\/\/schema.org\/CreativeWork\" ><a href='https:\/\/www.worldpancreaticcancercoalition.org\/es\/news\/perfil-de-los-miembros-asociacion-de-cancer-de-pancreas-en-espana\/' data-rel='slide-1' class='slide-image' title='Perfil de los miembros: Asociaci\u00c3\u00b3n de C\u00c3\u00a1ncer de P\u00c3\u00a1ncreas en Espa\u00c3\u00b1a'><img decoding=\"async\" fetchpriority=\"high\" width=\"260\" height=\"163\" src=\"https:\/\/www.worldpancreaticcancercoalition.org\/wp-content\/uploads\/pancreatic-cancer-association-spain-tn.jpg\" class=\"wp-image-4321 avia-img-lazy-loading-not-4321 attachment-portfolio_small size-portfolio_small wp-post-image\" alt=\"\" srcset=\"https:\/\/www.worldpancreaticcancercoalition.org\/wp-content\/uploads\/pancreatic-cancer-association-spain-tn.jpg 500w, https:\/\/www.worldpancreaticcancercoalition.org\/wp-content\/uploads\/pancreatic-cancer-association-spain-tn-300x188.jpg 300w\" sizes=\"(max-width: 260px) 100vw, 260px\" \/><\/a><div class=\"slide-content\"><header class=\"entry-content-header\" aria-label=\"Slide: Perfil de los miembros: Asociaci\u00c3\u00b3n de C\u00c3\u00a1ncer de P\u00c3\u00a1ncreas en Espa\u00c3\u00b1a\"><h3 class='slide-entry-title entry-title '  itemprop=\"headline\" ><a href='https:\/\/www.worldpancreaticcancercoalition.org\/es\/news\/perfil-de-los-miembros-asociacion-de-cancer-de-pancreas-en-espana\/' title='Perfil de los miembros: Asociaci\u00c3\u00b3n de C\u00c3\u00a1ncer de P\u00c3\u00a1ncreas en Espa\u00c3\u00b1a'>Perfil de los miembros: Asociaci\u00c3\u00b3n de C\u00c3\u00a1ncer de P\u00c3\u00a1ncreas en Espa\u00c3\u00b1a<\/a><\/h3><span class=\"blog-categories minor-meta\"><a href=\"https:\/\/www.worldpancreaticcancercoalition.org\/category\/members\/\" rel=\"tag\">Members<\/a>, <a href=\"https:\/\/www.worldpancreaticcancercoalition.org\/fr\/category\/membres\/\" rel=\"tag\">Membres<\/a>, <a href=\"https:\/\/www.worldpancreaticcancercoalition.org\/it\/category\/membri\/\" rel=\"tag\">Membri<\/a>, <a href=\"https:\/\/www.worldpancreaticcancercoalition.org\/es\/category\/miembros\/\" rel=\"tag\">Miembros<\/a>, <a href=\"https:\/\/www.worldpancreaticcancercoalition.org\/category\/news\/\" rel=\"tag\">News<\/a>  <\/span><span class=\"av-vertical-delimiter\"><\/span><\/header><div class='slide-entry-excerpt entry-content'  itemprop=\"text\" >La Carrera de las Ciudades contra el C\u00e0\u00a1ncer de P\u00e0\u00a1ncreas es un evento para recaudar fondos para la Asociaci\u00e0\u00b3n de C\u00e0\u00a1ncer de P\u00e0\u00a1ncreas en Espa\u00e0\u00b1a.\n\nLa Asociaci\u00e0\u00b3n de C\u00e0\u00a1ncer de P\u00e0\u00a1ncreas en Espa\u00e0\u00b1a naci\u00e0\u00b3 en enero de 2015\u2026<div class=\"read-more-link\"><a href=\"https:\/\/www.worldpancreaticcancercoalition.org\/es\/news\/perfil-de-los-miembros-asociacion-de-cancer-de-pancreas-en-espana\/\" class=\"more-link\">Leer m\u00e1s<span class='more-link-arrow avia-svg-icon avia-font-svg_entypo-fontello' data-av_svg_icon='right-open-big' data-av_iconset='svg_entypo-fontello'><svg version=\"1.1\" xmlns=\"http:\/\/www.w3.org\/2000\/svg\" width=\"15\" height=\"32\" viewBox=\"0 0 15 32\" preserveAspectRatio=\"xMidYMid meet\" role=\"graphics-symbol\" aria-hidden=\"true\">\n<path d=\"M0.416 27.84l11.456-11.84-11.456-11.904q-0.832-0.832 0-1.536 0.832-0.832 1.536 0l12.544 12.608q0.768 0.832 0 1.6l-12.544 12.608q-0.704 0.832-1.536 0-0.832-0.704 0-1.536z\"><\/path>\n<\/svg><\/span><\/a><\/div><\/div><\/div><footer class=\"entry-footer\"><div class=\"slide-meta\"><time class='slide-meta-time updated'  itemprop=\"datePublished\" datetime=\"2018-10-10T17:27:48+00:00\" >10 de octubre de 2018<\/time><\/div><\/footer><span class='hidden'>\n\t\t\t\t<span class='av-structured-data'  itemprop=\"image\" itemscope=\"itemscope\" itemtype=\"https:\/\/schema.org\/ImageObject\" >\n\t\t\t\t\t\t<span itemprop='url'>https:\/\/www.worldpancreaticcancercoalition.org\/wp-content\/uploads\/pancreatic-cancer-association-spain-tn.jpg<\/span>\n\t\t\t\t\t\t<span itemprop='height'>313<\/span>\n\t\t\t\t\t\t<span itemprop='width'>500<\/span>\n\t\t\t\t<\/span>\n\t\t\t\t<span class='av-structured-data'  itemprop=\"publisher\" itemtype=\"https:\/\/schema.org\/Organization\" itemscope=\"itemscope\" >\n\t\t\t\t\t\t<span itemprop='name'>Mia Cole<\/span>\n\t\t\t\t\t\t<span itemprop='logo' itemscope itemtype='https:\/\/schema.org\/ImageObject'>\n\t\t\t\t\t\t\t<span itemprop='url'>https:\/\/www.worldpancreaticcancercoalition.org\/wp-content\/uploads\/WPCC-Logo-H.png<\/span>\n\t\t\t\t\t\t<\/span>\n\t\t\t\t<\/span><span class='av-structured-data'  itemprop=\"author\" itemscope=\"itemscope\" itemtype=\"https:\/\/schema.org\/Person\" ><span itemprop='name'>Mia Cole<\/span><\/span><span class='av-structured-data'  itemprop=\"datePublished\" datetime=\"2022-09-21T21:12:31+00:00\" >2018-10-10 17:27:48<\/span><span class='av-structured-data'  itemprop=\"dateModified\" itemtype=\"https:\/\/schema.org\/dateModified\" >2022-10-28 14:34:59<\/span><span class='av-structured-data'  itemprop=\"mainEntityOfPage\" itemtype=\"https:\/\/schema.org\/mainEntityOfPage\" ><span itemprop='name'>Perfil de los miembros: Asociaci\u00c3\u00b3n de C\u00c3\u00a1ncer de P\u00c3\u00a1ncreas en Espa\u00c3\u00b1a<\/span><\/span><\/span><\/article><article class='slide-entry flex_column  post-entry post-entry-7078 slide-entry-overview slide-loop-34 slide-parity-even  av_one_fourth  real-thumbnail posttype-post post-format-standard'  itemscope=\"itemscope\" itemtype=\"https:\/\/schema.org\/CreativeWork\" ><a href='https:\/\/www.worldpancreaticcancercoalition.org\/es\/news\/perfil-de-los-miembros-fundacion-nadia-valsecchi\/' data-rel='slide-1' class='slide-image' title='Perfil de los miembros: Fundaci\u00c3\u00b3n Nadia Valsecchi'><img decoding=\"async\" fetchpriority=\"high\" width=\"260\" height=\"160\" src=\"https:\/\/www.worldpancreaticcancercoalition.org\/wp-content\/uploads\/wpcc-nadia-valsecchi-foundation.jpg\" class=\"wp-image-4312 avia-img-lazy-loading-not-4312 attachment-portfolio_small size-portfolio_small wp-post-image\" alt=\"\" srcset=\"https:\/\/www.worldpancreaticcancercoalition.org\/wp-content\/uploads\/wpcc-nadia-valsecchi-foundation.jpg 733w, https:\/\/www.worldpancreaticcancercoalition.org\/wp-content\/uploads\/wpcc-nadia-valsecchi-foundation-300x184.jpg 300w, https:\/\/www.worldpancreaticcancercoalition.org\/wp-content\/uploads\/wpcc-nadia-valsecchi-foundation-640x393.jpg 640w\" sizes=\"(max-width: 260px) 100vw, 260px\" \/><\/a><div class=\"slide-content\"><header class=\"entry-content-header\" aria-label=\"Slide: Perfil de los miembros: Fundaci\u00c3\u00b3n Nadia Valsecchi\"><h3 class='slide-entry-title entry-title '  itemprop=\"headline\" ><a href='https:\/\/www.worldpancreaticcancercoalition.org\/es\/news\/perfil-de-los-miembros-fundacion-nadia-valsecchi\/' title='Perfil de los miembros: Fundaci\u00c3\u00b3n Nadia Valsecchi'>Perfil de los miembros: Fundaci\u00c3\u00b3n Nadia Valsecchi<\/a><\/h3><span class=\"blog-categories minor-meta\"><a href=\"https:\/\/www.worldpancreaticcancercoalition.org\/category\/members\/\" rel=\"tag\">Members<\/a>, <a href=\"https:\/\/www.worldpancreaticcancercoalition.org\/fr\/category\/membres\/\" rel=\"tag\">Membres<\/a>, <a href=\"https:\/\/www.worldpancreaticcancercoalition.org\/it\/category\/membri\/\" rel=\"tag\">Membri<\/a>, <a href=\"https:\/\/www.worldpancreaticcancercoalition.org\/es\/category\/miembros\/\" rel=\"tag\">Miembros<\/a>, <a href=\"https:\/\/www.worldpancreaticcancercoalition.org\/category\/news\/\" rel=\"tag\">News<\/a>  <\/span><span class=\"av-vertical-delimiter\"><\/span><\/header><div class='slide-entry-excerpt entry-content'  itemprop=\"text\" >La Fundaci\u00e0\u00b3n Nadia Valsecchi en Italia se cre\u00e0\u00b3 en 2015. En la foto: Un evento para recaudar fondos.\n\nLa Fundaci\u00e0\u00b3n Nadia Valsecchi es una organizaci\u00e0\u00b3n italiana creada en 2015 por la familia Valsecchi en memoria de Nadia, que perdi\u00e0\u00b3\u2026<div class=\"read-more-link\"><a href=\"https:\/\/www.worldpancreaticcancercoalition.org\/es\/news\/perfil-de-los-miembros-fundacion-nadia-valsecchi\/\" class=\"more-link\">Leer m\u00e1s<span class='more-link-arrow avia-svg-icon avia-font-svg_entypo-fontello' data-av_svg_icon='right-open-big' data-av_iconset='svg_entypo-fontello'><svg version=\"1.1\" xmlns=\"http:\/\/www.w3.org\/2000\/svg\" width=\"15\" height=\"32\" viewBox=\"0 0 15 32\" preserveAspectRatio=\"xMidYMid meet\" role=\"graphics-symbol\" aria-hidden=\"true\">\n<path d=\"M0.416 27.84l11.456-11.84-11.456-11.904q-0.832-0.832 0-1.536 0.832-0.832 1.536 0l12.544 12.608q0.768 0.832 0 1.6l-12.544 12.608q-0.704 0.832-1.536 0-0.832-0.704 0-1.536z\"><\/path>\n<\/svg><\/span><\/a><\/div><\/div><\/div><footer class=\"entry-footer\"><div class=\"slide-meta\"><time class='slide-meta-time updated'  itemprop=\"datePublished\" datetime=\"2018-09-12T16:07:05+00:00\" >12 de septiembre de 2018<\/time><\/div><\/footer><span class='hidden'>\n\t\t\t\t<span class='av-structured-data'  itemprop=\"image\" itemscope=\"itemscope\" itemtype=\"https:\/\/schema.org\/ImageObject\" >\n\t\t\t\t\t\t<span itemprop='url'>https:\/\/www.worldpancreaticcancercoalition.org\/wp-content\/uploads\/wpcc-nadia-valsecchi-foundation.jpg<\/span>\n\t\t\t\t\t\t<span itemprop='height'>450<\/span>\n\t\t\t\t\t\t<span itemprop='width'>733<\/span>\n\t\t\t\t<\/span>\n\t\t\t\t<span class='av-structured-data'  itemprop=\"publisher\" itemtype=\"https:\/\/schema.org\/Organization\" itemscope=\"itemscope\" >\n\t\t\t\t\t\t<span itemprop='name'>Mia Cole<\/span>\n\t\t\t\t\t\t<span itemprop='logo' itemscope itemtype='https:\/\/schema.org\/ImageObject'>\n\t\t\t\t\t\t\t<span itemprop='url'>https:\/\/www.worldpancreaticcancercoalition.org\/wp-content\/uploads\/WPCC-Logo-H.png<\/span>\n\t\t\t\t\t\t<\/span>\n\t\t\t\t<\/span><span class='av-structured-data'  itemprop=\"author\" itemscope=\"itemscope\" itemtype=\"https:\/\/schema.org\/Person\" ><span itemprop='name'>Mia Cole<\/span><\/span><span class='av-structured-data'  itemprop=\"datePublished\" datetime=\"2022-09-21T21:12:31+00:00\" >2018-09-12 16:07:05<\/span><span class='av-structured-data'  itemprop=\"dateModified\" itemtype=\"https:\/\/schema.org\/dateModified\" >2022-10-28 14:35:00<\/span><span class='av-structured-data'  itemprop=\"mainEntityOfPage\" itemtype=\"https:\/\/schema.org\/mainEntityOfPage\" ><span itemprop='name'>Perfil de los miembros: Fundaci\u00c3\u00b3n Nadia Valsecchi<\/span><\/span><\/span><\/article><article class='slide-entry flex_column  post-entry post-entry-7080 slide-entry-overview slide-loop-35 slide-parity-odd  av_one_fourth  real-thumbnail posttype-post post-format-standard'  itemscope=\"itemscope\" itemtype=\"https:\/\/schema.org\/CreativeWork\" ><a href='https:\/\/www.worldpancreaticcancercoalition.org\/es\/news\/perfil-de-los-miembros-pancreatic-cancer-uk\/' data-rel='slide-1' class='slide-image' title='Perfil de los miembros: Pancreatic Cancer UK'><img decoding=\"async\" fetchpriority=\"high\" width=\"260\" height=\"99\" src=\"https:\/\/www.worldpancreaticcancercoalition.org\/wp-content\/uploads\/Pancreatic-Cancer-UK-pic.jpg\" class=\"wp-image-4303 avia-img-lazy-loading-not-4303 attachment-portfolio_small size-portfolio_small wp-post-image\" alt=\"\" srcset=\"https:\/\/www.worldpancreaticcancercoalition.org\/wp-content\/uploads\/Pancreatic-Cancer-UK-pic.jpg 820w, https:\/\/www.worldpancreaticcancercoalition.org\/wp-content\/uploads\/Pancreatic-Cancer-UK-pic-300x114.jpg 300w, https:\/\/www.worldpancreaticcancercoalition.org\/wp-content\/uploads\/Pancreatic-Cancer-UK-pic-640x244.jpg 640w\" sizes=\"(max-width: 260px) 100vw, 260px\" \/><\/a><div class=\"slide-content\"><header class=\"entry-content-header\" aria-label=\"Slide: Perfil de los miembros: Pancreatic Cancer UK\"><h3 class='slide-entry-title entry-title '  itemprop=\"headline\" ><a href='https:\/\/www.worldpancreaticcancercoalition.org\/es\/news\/perfil-de-los-miembros-pancreatic-cancer-uk\/' title='Perfil de los miembros: Pancreatic Cancer UK'>Perfil de los miembros: Pancreatic Cancer UK<\/a><\/h3><span class=\"blog-categories minor-meta\"><a href=\"https:\/\/www.worldpancreaticcancercoalition.org\/category\/members\/\" rel=\"tag\">Members<\/a>, <a href=\"https:\/\/www.worldpancreaticcancercoalition.org\/fr\/category\/membres\/\" rel=\"tag\">Membres<\/a>, <a href=\"https:\/\/www.worldpancreaticcancercoalition.org\/it\/category\/membri\/\" rel=\"tag\">Membri<\/a>, <a href=\"https:\/\/www.worldpancreaticcancercoalition.org\/es\/category\/miembros\/\" rel=\"tag\">Miembros<\/a>, <a href=\"https:\/\/www.worldpancreaticcancercoalition.org\/category\/news\/\" rel=\"tag\">News<\/a>  <\/span><span class=\"av-vertical-delimiter\"><\/span><\/header><div class='slide-entry-excerpt entry-content'  itemprop=\"text\" >La visi\u00e0\u00b3n de Pancreatic Cancer UK es que todas las personas con c\u00e0\u00a1ncer de p\u00e0\u00a1ncreas sobrevivan para vivir mucho y bien.\n\nCada a\u00e0\u00b1o, Pancreatic Cancer UK ayuda a miles de personas en todo el Reino Unido proporcionando informaci\u00e0\u00b3n\u2026<div class=\"read-more-link\"><a href=\"https:\/\/www.worldpancreaticcancercoalition.org\/es\/news\/perfil-de-los-miembros-pancreatic-cancer-uk\/\" class=\"more-link\">Leer m\u00e1s<span class='more-link-arrow avia-svg-icon avia-font-svg_entypo-fontello' data-av_svg_icon='right-open-big' data-av_iconset='svg_entypo-fontello'><svg version=\"1.1\" xmlns=\"http:\/\/www.w3.org\/2000\/svg\" width=\"15\" height=\"32\" viewBox=\"0 0 15 32\" preserveAspectRatio=\"xMidYMid meet\" role=\"graphics-symbol\" aria-hidden=\"true\">\n<path d=\"M0.416 27.84l11.456-11.84-11.456-11.904q-0.832-0.832 0-1.536 0.832-0.832 1.536 0l12.544 12.608q0.768 0.832 0 1.6l-12.544 12.608q-0.704 0.832-1.536 0-0.832-0.704 0-1.536z\"><\/path>\n<\/svg><\/span><\/a><\/div><\/div><\/div><footer class=\"entry-footer\"><div class=\"slide-meta\"><time class='slide-meta-time updated'  itemprop=\"datePublished\" datetime=\"2018-08-08T18:22:59+00:00\" >8 de agosto de 2018<\/time><\/div><\/footer><span class='hidden'>\n\t\t\t\t<span class='av-structured-data'  itemprop=\"image\" itemscope=\"itemscope\" itemtype=\"https:\/\/schema.org\/ImageObject\" >\n\t\t\t\t\t\t<span itemprop='url'>https:\/\/www.worldpancreaticcancercoalition.org\/wp-content\/uploads\/Pancreatic-Cancer-UK-pic.jpg<\/span>\n\t\t\t\t\t\t<span itemprop='height'>312<\/span>\n\t\t\t\t\t\t<span itemprop='width'>820<\/span>\n\t\t\t\t<\/span>\n\t\t\t\t<span class='av-structured-data'  itemprop=\"publisher\" itemtype=\"https:\/\/schema.org\/Organization\" itemscope=\"itemscope\" >\n\t\t\t\t\t\t<span itemprop='name'>Axel Garcia<\/span>\n\t\t\t\t\t\t<span itemprop='logo' itemscope itemtype='https:\/\/schema.org\/ImageObject'>\n\t\t\t\t\t\t\t<span itemprop='url'>https:\/\/www.worldpancreaticcancercoalition.org\/wp-content\/uploads\/WPCC-Logo-H.png<\/span>\n\t\t\t\t\t\t<\/span>\n\t\t\t\t<\/span><span class='av-structured-data'  itemprop=\"author\" itemscope=\"itemscope\" itemtype=\"https:\/\/schema.org\/Person\" ><span itemprop='name'>Axel Garcia<\/span><\/span><span class='av-structured-data'  itemprop=\"datePublished\" datetime=\"2022-09-21T21:12:31+00:00\" >2018-08-08 18:22:59<\/span><span class='av-structured-data'  itemprop=\"dateModified\" itemtype=\"https:\/\/schema.org\/dateModified\" >2022-10-28 14:35:00<\/span><span class='av-structured-data'  itemprop=\"mainEntityOfPage\" itemtype=\"https:\/\/schema.org\/mainEntityOfPage\" ><span itemprop='name'>Perfil de los miembros: Pancreatic Cancer UK<\/span><\/span><\/span><\/article><article class='slide-entry flex_column  post-entry post-entry-7063 slide-entry-overview slide-loop-36 slide-parity-even  av_one_fourth  real-thumbnail posttype-post post-format-standard'  itemscope=\"itemscope\" itemtype=\"https:\/\/schema.org\/CreativeWork\" ><a href='https:\/\/www.worldpancreaticcancercoalition.org\/es\/news\/perfil-de-los-miembros-la-alianza-de-familias-contra-el-cancer-de-pancreas\/' data-rel='slide-1' class='slide-image' title='Perfil de los miembros: La Alianza de Familias contra el C\u00c3\u00a1ncer de P\u00c3\u00a1ncreas'><img decoding=\"async\" fetchpriority=\"high\" width=\"260\" height=\"159\" src=\"https:\/\/www.worldpancreaticcancercoalition.org\/wp-content\/uploads\/wpcc-member-alliance-of-families-fighting-pancreatic-cancer.jpg\" class=\"wp-image-4297 avia-img-lazy-loading-not-4297 attachment-portfolio_small size-portfolio_small wp-post-image\" alt=\"\" srcset=\"https:\/\/www.worldpancreaticcancercoalition.org\/wp-content\/uploads\/wpcc-member-alliance-of-families-fighting-pancreatic-cancer.jpg 733w, https:\/\/www.worldpancreaticcancercoalition.org\/wp-content\/uploads\/wpcc-member-alliance-of-families-fighting-pancreatic-cancer-300x184.jpg 300w, https:\/\/www.worldpancreaticcancercoalition.org\/wp-content\/uploads\/wpcc-member-alliance-of-families-fighting-pancreatic-cancer-640x392.jpg 640w\" sizes=\"(max-width: 260px) 100vw, 260px\" \/><\/a><div class=\"slide-content\"><header class=\"entry-content-header\" aria-label=\"Slide: Perfil de los miembros: La Alianza de Familias contra el C\u00c3\u00a1ncer de P\u00c3\u00a1ncreas\"><h3 class='slide-entry-title entry-title '  itemprop=\"headline\" ><a href='https:\/\/www.worldpancreaticcancercoalition.org\/es\/news\/perfil-de-los-miembros-la-alianza-de-familias-contra-el-cancer-de-pancreas\/' title='Perfil de los miembros: La Alianza de Familias contra el C\u00c3\u00a1ncer de P\u00c3\u00a1ncreas'>Perfil de los miembros: La Alianza de Familias contra el C\u00c3\u00a1ncer de P\u00c3\u00a1ncreas<\/a><\/h3><span class=\"blog-categories minor-meta\"><a href=\"https:\/\/www.worldpancreaticcancercoalition.org\/category\/members\/\" rel=\"tag\">Members<\/a>, <a href=\"https:\/\/www.worldpancreaticcancercoalition.org\/fr\/category\/membres\/\" rel=\"tag\">Membres<\/a>, <a href=\"https:\/\/www.worldpancreaticcancercoalition.org\/it\/category\/membri\/\" rel=\"tag\">Membri<\/a>, <a href=\"https:\/\/www.worldpancreaticcancercoalition.org\/es\/category\/miembros\/\" rel=\"tag\">Miembros<\/a>, <a href=\"https:\/\/www.worldpancreaticcancercoalition.org\/category\/news\/\" rel=\"tag\">News<\/a>  <\/span><span class=\"av-vertical-delimiter\"><\/span><\/header><div class='slide-entry-excerpt entry-content'  itemprop=\"text\" >De izquierda a derecha: Ric Fera, miembro de la Junta Directiva de la AFFPC, con el Dr. A. James Moser, codirector del Instituto de P\u00e0\u00a1ncreas y H\u00e0\u00adgado y del Programa de Investigaci\u00e0\u00b3n del C\u00e0\u00a1ncer de P\u00e0\u00a1ncreas del Centro M\u00e9dico Beth\u2026<div class=\"read-more-link\"><a href=\"https:\/\/www.worldpancreaticcancercoalition.org\/es\/news\/perfil-de-los-miembros-la-alianza-de-familias-contra-el-cancer-de-pancreas\/\" class=\"more-link\">Leer m\u00e1s<span class='more-link-arrow avia-svg-icon avia-font-svg_entypo-fontello' data-av_svg_icon='right-open-big' data-av_iconset='svg_entypo-fontello'><svg version=\"1.1\" xmlns=\"http:\/\/www.w3.org\/2000\/svg\" width=\"15\" height=\"32\" viewBox=\"0 0 15 32\" preserveAspectRatio=\"xMidYMid meet\" role=\"graphics-symbol\" aria-hidden=\"true\">\n<path d=\"M0.416 27.84l11.456-11.84-11.456-11.904q-0.832-0.832 0-1.536 0.832-0.832 1.536 0l12.544 12.608q0.768 0.832 0 1.6l-12.544 12.608q-0.704 0.832-1.536 0-0.832-0.704 0-1.536z\"><\/path>\n<\/svg><\/span><\/a><\/div><\/div><\/div><footer class=\"entry-footer\"><div class=\"slide-meta\"><time class='slide-meta-time updated'  itemprop=\"datePublished\" datetime=\"2018-07-10T17:27:35+00:00\" >10 de julio de 2018<\/time><\/div><\/footer><span class='hidden'>\n\t\t\t\t<span class='av-structured-data'  itemprop=\"image\" itemscope=\"itemscope\" itemtype=\"https:\/\/schema.org\/ImageObject\" >\n\t\t\t\t\t\t<span itemprop='url'>https:\/\/www.worldpancreaticcancercoalition.org\/wp-content\/uploads\/wpcc-member-alliance-of-families-fighting-pancreatic-cancer.jpg<\/span>\n\t\t\t\t\t\t<span itemprop='height'>449<\/span>\n\t\t\t\t\t\t<span itemprop='width'>733<\/span>\n\t\t\t\t<\/span>\n\t\t\t\t<span class='av-structured-data'  itemprop=\"publisher\" itemtype=\"https:\/\/schema.org\/Organization\" itemscope=\"itemscope\" >\n\t\t\t\t\t\t<span itemprop='name'>Mia Cole<\/span>\n\t\t\t\t\t\t<span itemprop='logo' itemscope itemtype='https:\/\/schema.org\/ImageObject'>\n\t\t\t\t\t\t\t<span itemprop='url'>https:\/\/www.worldpancreaticcancercoalition.org\/wp-content\/uploads\/WPCC-Logo-H.png<\/span>\n\t\t\t\t\t\t<\/span>\n\t\t\t\t<\/span><span class='av-structured-data'  itemprop=\"author\" itemscope=\"itemscope\" itemtype=\"https:\/\/schema.org\/Person\" ><span itemprop='name'>Mia Cole<\/span><\/span><span class='av-structured-data'  itemprop=\"datePublished\" datetime=\"2022-09-21T21:12:31+00:00\" >2018-07-10 17:27:35<\/span><span class='av-structured-data'  itemprop=\"dateModified\" itemtype=\"https:\/\/schema.org\/dateModified\" >2022-10-28 14:39:35<\/span><span class='av-structured-data'  itemprop=\"mainEntityOfPage\" itemtype=\"https:\/\/schema.org\/mainEntityOfPage\" ><span itemprop='name'>Perfil de los miembros: La Alianza de Familias contra el C\u00c3\u00a1ncer de P\u00c3\u00a1ncreas<\/span><\/span><\/span><\/article><\/div><div class=\"slide-entry-wrap\"><article class='slide-entry flex_column  post-entry post-entry-7097 slide-entry-overview slide-loop-37 slide-parity-odd  av_one_fourth first real-thumbnail posttype-post post-format-standard'  itemscope=\"itemscope\" itemtype=\"https:\/\/schema.org\/CreativeWork\" ><a href='https:\/\/www.worldpancreaticcancercoalition.org\/es\/news\/perfil-de-los-miembros-la-fundacion-john-e-sabga-para-el-cancer-de-pancreas\/' data-rel='slide-1' class='slide-image' title='Perfil de los miembros: La Fundaci\u00c3\u00b3n John E. Sabga para el C\u00c3\u00a1ncer de P\u00c3\u00a1ncreas'><img decoding=\"async\" fetchpriority=\"high\" width=\"260\" height=\"185\" src=\"https:\/\/www.worldpancreaticcancercoalition.org\/wp-content\/uploads\/sabga-foundation-gala-2018a-300x175-2-260x185.jpg\" class=\"wp-image-5476 avia-img-lazy-loading-not-5476 attachment-portfolio_small size-portfolio_small wp-post-image\" alt=\"\" srcset=\"https:\/\/www.worldpancreaticcancercoalition.org\/wp-content\/uploads\/sabga-foundation-gala-2018a-300x175-2-260x185.jpg 260w, https:\/\/www.worldpancreaticcancercoalition.org\/wp-content\/uploads\/sabga-foundation-gala-2018a-300x175-2-495x350.jpg 495w\" sizes=\"(max-width: 260px) 100vw, 260px\" \/><\/a><div class=\"slide-content\"><header class=\"entry-content-header\" aria-label=\"Slide: Perfil de los miembros: La Fundaci\u00c3\u00b3n John E. Sabga para el C\u00c3\u00a1ncer de P\u00c3\u00a1ncreas\"><h3 class='slide-entry-title entry-title '  itemprop=\"headline\" ><a href='https:\/\/www.worldpancreaticcancercoalition.org\/es\/news\/perfil-de-los-miembros-la-fundacion-john-e-sabga-para-el-cancer-de-pancreas\/' title='Perfil de los miembros: La Fundaci\u00c3\u00b3n John E. Sabga para el C\u00c3\u00a1ncer de P\u00c3\u00a1ncreas'>Perfil de los miembros: La Fundaci\u00c3\u00b3n John E. Sabga para el C\u00c3\u00a1ncer de P\u00c3\u00a1ncreas<\/a><\/h3><span class=\"blog-categories minor-meta\"><a href=\"https:\/\/www.worldpancreaticcancercoalition.org\/category\/members\/\" rel=\"tag\">Members<\/a>, <a href=\"https:\/\/www.worldpancreaticcancercoalition.org\/fr\/category\/membres\/\" rel=\"tag\">Membres<\/a>, <a href=\"https:\/\/www.worldpancreaticcancercoalition.org\/it\/category\/membri\/\" rel=\"tag\">Membri<\/a>, <a href=\"https:\/\/www.worldpancreaticcancercoalition.org\/es\/category\/miembros\/\" rel=\"tag\">Miembros<\/a>, <a href=\"https:\/\/www.worldpancreaticcancercoalition.org\/category\/news\/\" rel=\"tag\">News<\/a>  <\/span><span class=\"av-vertical-delimiter\"><\/span><\/header><div class='slide-entry-excerpt entry-content'  itemprop=\"text\" >Natalie Sabga con sus hijos, Amanda y Matthew, en la recaudaci\u00e0\u00b3n de fondos The HOPE Gala en febrero de 2018 para la Fundaci\u00e0\u00b3n John E. Sabga.\n\nLa Fundaci\u00e0\u00b3n John E. Sabga (JES) para el C\u00e0\u00a1ncer de P\u00e0\u00a1ncreas fue fundada en noviembre\u2026<div class=\"read-more-link\"><a href=\"https:\/\/www.worldpancreaticcancercoalition.org\/es\/news\/perfil-de-los-miembros-la-fundacion-john-e-sabga-para-el-cancer-de-pancreas\/\" class=\"more-link\">Leer m\u00e1s<span class='more-link-arrow avia-svg-icon avia-font-svg_entypo-fontello' data-av_svg_icon='right-open-big' data-av_iconset='svg_entypo-fontello'><svg version=\"1.1\" xmlns=\"http:\/\/www.w3.org\/2000\/svg\" width=\"15\" height=\"32\" viewBox=\"0 0 15 32\" preserveAspectRatio=\"xMidYMid meet\" role=\"graphics-symbol\" aria-hidden=\"true\">\n<path d=\"M0.416 27.84l11.456-11.84-11.456-11.904q-0.832-0.832 0-1.536 0.832-0.832 1.536 0l12.544 12.608q0.768 0.832 0 1.6l-12.544 12.608q-0.704 0.832-1.536 0-0.832-0.704 0-1.536z\"><\/path>\n<\/svg><\/span><\/a><\/div><\/div><\/div><footer class=\"entry-footer\"><div class=\"slide-meta\"><time class='slide-meta-time updated'  itemprop=\"datePublished\" datetime=\"2018-06-15T22:16:14+00:00\" >15 de junio de 2018<\/time><\/div><\/footer><span class='hidden'>\n\t\t\t\t<span class='av-structured-data'  itemprop=\"image\" itemscope=\"itemscope\" itemtype=\"https:\/\/schema.org\/ImageObject\" >\n\t\t\t\t\t\t<span itemprop='url'>https:\/\/www.worldpancreaticcancercoalition.org\/wp-content\/uploads\/sabga-foundation-gala-2018a-300x175-2.jpg<\/span>\n\t\t\t\t\t\t<span itemprop='height'>350<\/span>\n\t\t\t\t\t\t<span itemprop='width'>600<\/span>\n\t\t\t\t<\/span>\n\t\t\t\t<span class='av-structured-data'  itemprop=\"publisher\" itemtype=\"https:\/\/schema.org\/Organization\" itemscope=\"itemscope\" >\n\t\t\t\t\t\t<span itemprop='name'>Axel Garcia<\/span>\n\t\t\t\t\t\t<span itemprop='logo' itemscope itemtype='https:\/\/schema.org\/ImageObject'>\n\t\t\t\t\t\t\t<span itemprop='url'>https:\/\/www.worldpancreaticcancercoalition.org\/wp-content\/uploads\/WPCC-Logo-H.png<\/span>\n\t\t\t\t\t\t<\/span>\n\t\t\t\t<\/span><span class='av-structured-data'  itemprop=\"author\" itemscope=\"itemscope\" itemtype=\"https:\/\/schema.org\/Person\" ><span itemprop='name'>Axel Garcia<\/span><\/span><span class='av-structured-data'  itemprop=\"datePublished\" datetime=\"2022-09-21T21:12:31+00:00\" >2018-06-15 22:16:14<\/span><span class='av-structured-data'  itemprop=\"dateModified\" itemtype=\"https:\/\/schema.org\/dateModified\" >2022-10-28 14:39:36<\/span><span class='av-structured-data'  itemprop=\"mainEntityOfPage\" itemtype=\"https:\/\/schema.org\/mainEntityOfPage\" ><span itemprop='name'>Perfil de los miembros: La Fundaci\u00c3\u00b3n John E. Sabga para el C\u00c3\u00a1ncer de P\u00c3\u00a1ncreas<\/span><\/span><\/span><\/article><article class='slide-entry flex_column  post-entry post-entry-7100 slide-entry-overview slide-loop-38 slide-parity-even  av_one_fourth  real-thumbnail posttype-post post-format-standard'  itemscope=\"itemscope\" itemtype=\"https:\/\/schema.org\/CreativeWork\" ><a href='https:\/\/www.worldpancreaticcancercoalition.org\/es\/news\/la-coalicion-contra-el-cancer-de-pancreas-colabora-en-la-lucha-contra-el-cancer-mas-duro-del-mundo\/' data-rel='slide-1' class='slide-image' title='La Coalici\u00c3\u00b3n contra el C\u00c3\u00a1ncer de P\u00c3\u00a1ncreas colabora en la lucha contra el c\u00c3\u00a1ncer m\u00c3\u00a1s duro del mundo'><img decoding=\"async\" fetchpriority=\"high\" width=\"260\" height=\"160\" src=\"https:\/\/www.worldpancreaticcancercoalition.org\/wp-content\/uploads\/wpcc-meeting-group-2018-733x450.jpg\" class=\"wp-image-4228 avia-img-lazy-loading-not-4228 attachment-portfolio_small size-portfolio_small wp-post-image\" alt=\"\" srcset=\"https:\/\/www.worldpancreaticcancercoalition.org\/wp-content\/uploads\/wpcc-meeting-group-2018-733x450.jpg 733w, https:\/\/www.worldpancreaticcancercoalition.org\/wp-content\/uploads\/wpcc-meeting-group-2018-733x450-300x184.jpg 300w, https:\/\/www.worldpancreaticcancercoalition.org\/wp-content\/uploads\/wpcc-meeting-group-2018-733x450-640x393.jpg 640w\" sizes=\"(max-width: 260px) 100vw, 260px\" \/><\/a><div class=\"slide-content\"><header class=\"entry-content-header\" aria-label=\"Slide: La Coalici\u00c3\u00b3n contra el C\u00c3\u00a1ncer de P\u00c3\u00a1ncreas colabora en la lucha contra el c\u00c3\u00a1ncer m\u00c3\u00a1s duro del mundo\"><h3 class='slide-entry-title entry-title '  itemprop=\"headline\" ><a href='https:\/\/www.worldpancreaticcancercoalition.org\/es\/news\/la-coalicion-contra-el-cancer-de-pancreas-colabora-en-la-lucha-contra-el-cancer-mas-duro-del-mundo\/' title='La Coalici\u00c3\u00b3n contra el C\u00c3\u00a1ncer de P\u00c3\u00a1ncreas colabora en la lucha contra el c\u00c3\u00a1ncer m\u00c3\u00a1s duro del mundo'>La Coalici\u00c3\u00b3n contra el C\u00c3\u00a1ncer de P\u00c3\u00a1ncreas colabora en la lucha contra el c\u00c3\u00a1ncer m\u00c3\u00a1s duro del mundo<\/a><\/h3><span class=\"blog-categories minor-meta\"><a href=\"https:\/\/www.worldpancreaticcancercoalition.org\/category\/members\/\" rel=\"tag\">Members<\/a>, <a href=\"https:\/\/www.worldpancreaticcancercoalition.org\/fr\/category\/membres\/\" rel=\"tag\">Membres<\/a>, <a href=\"https:\/\/www.worldpancreaticcancercoalition.org\/it\/category\/membri\/\" rel=\"tag\">Membri<\/a>, <a href=\"https:\/\/www.worldpancreaticcancercoalition.org\/es\/category\/miembros\/\" rel=\"tag\">Miembros<\/a>, <a href=\"https:\/\/www.worldpancreaticcancercoalition.org\/category\/news\/\" rel=\"tag\">News<\/a>  <\/span><span class=\"av-vertical-delimiter\"><\/span><\/header><div class='slide-entry-excerpt entry-content'  itemprop=\"text\" >Si buscas colaboraci\u00e0\u00b3n en el diccionario, esto es lo que obtendr\u00e0\u00a1s:\n\ncol-lab-o-ra-ci\u00e0\u00b3n\nsustantivo\n1. la acci\u00e0\u00b3n de trabajar con alguien para producir o crear algo.\n\n\nSi a esta definici\u00e0\u00b3n de \"colaboraci\u00e0\u00b3n\" le a\u00e0\u00b1adimos el compromiso\u2026<div class=\"read-more-link\"><a href=\"https:\/\/www.worldpancreaticcancercoalition.org\/es\/news\/la-coalicion-contra-el-cancer-de-pancreas-colabora-en-la-lucha-contra-el-cancer-mas-duro-del-mundo\/\" class=\"more-link\">Leer m\u00e1s<span class='more-link-arrow avia-svg-icon avia-font-svg_entypo-fontello' data-av_svg_icon='right-open-big' data-av_iconset='svg_entypo-fontello'><svg version=\"1.1\" xmlns=\"http:\/\/www.w3.org\/2000\/svg\" width=\"15\" height=\"32\" viewBox=\"0 0 15 32\" preserveAspectRatio=\"xMidYMid meet\" role=\"graphics-symbol\" aria-hidden=\"true\">\n<path d=\"M0.416 27.84l11.456-11.84-11.456-11.904q-0.832-0.832 0-1.536 0.832-0.832 1.536 0l12.544 12.608q0.768 0.832 0 1.6l-12.544 12.608q-0.704 0.832-1.536 0-0.832-0.704 0-1.536z\"><\/path>\n<\/svg><\/span><\/a><\/div><\/div><\/div><footer class=\"entry-footer\"><div class=\"slide-meta\"><time class='slide-meta-time updated'  itemprop=\"datePublished\" datetime=\"2018-05-22T00:02:19+00:00\" >22 de mayo de 2018<\/time><\/div><\/footer><span class='hidden'>\n\t\t\t\t<span class='av-structured-data'  itemprop=\"image\" itemscope=\"itemscope\" itemtype=\"https:\/\/schema.org\/ImageObject\" >\n\t\t\t\t\t\t<span itemprop='url'>https:\/\/www.worldpancreaticcancercoalition.org\/wp-content\/uploads\/wpcc-meeting-group-2018-733x450.jpg<\/span>\n\t\t\t\t\t\t<span itemprop='height'>450<\/span>\n\t\t\t\t\t\t<span itemprop='width'>733<\/span>\n\t\t\t\t<\/span>\n\t\t\t\t<span class='av-structured-data'  itemprop=\"publisher\" itemtype=\"https:\/\/schema.org\/Organization\" itemscope=\"itemscope\" >\n\t\t\t\t\t\t<span itemprop='name'>Mia Cole<\/span>\n\t\t\t\t\t\t<span itemprop='logo' itemscope itemtype='https:\/\/schema.org\/ImageObject'>\n\t\t\t\t\t\t\t<span itemprop='url'>https:\/\/www.worldpancreaticcancercoalition.org\/wp-content\/uploads\/WPCC-Logo-H.png<\/span>\n\t\t\t\t\t\t<\/span>\n\t\t\t\t<\/span><span class='av-structured-data'  itemprop=\"author\" itemscope=\"itemscope\" itemtype=\"https:\/\/schema.org\/Person\" ><span itemprop='name'>Mia Cole<\/span><\/span><span class='av-structured-data'  itemprop=\"datePublished\" datetime=\"2022-09-21T21:12:31+00:00\" >2018-05-22 00:02:19<\/span><span class='av-structured-data'  itemprop=\"dateModified\" itemtype=\"https:\/\/schema.org\/dateModified\" >2022-10-28 14:39:38<\/span><span class='av-structured-data'  itemprop=\"mainEntityOfPage\" itemtype=\"https:\/\/schema.org\/mainEntityOfPage\" ><span itemprop='name'>La Coalici\u00c3\u00b3n contra el C\u00c3\u00a1ncer de P\u00c3\u00a1ncreas colabora en la lucha contra el c\u00c3\u00a1ncer m\u00c3\u00a1s duro del mundo<\/span><\/span><\/span><\/article><article class='slide-entry flex_column  post-entry post-entry-7079 slide-entry-overview slide-loop-39 slide-parity-odd  av_one_fourth  real-thumbnail posttype-post post-format-standard'  itemscope=\"itemscope\" itemtype=\"https:\/\/schema.org\/CreativeWork\" ><a href='https:\/\/www.worldpancreaticcancercoalition.org\/es\/news\/perfil-de-los-miembros-red-de-accion-contra-el-cancer-de-pancreas\/' data-rel='slide-1' class='slide-image' title='Perfil de los miembros: Red de Acci\u00c3\u00b3n contra el C\u00c3\u00a1ncer de P\u00c3\u00a1ncreas'><img decoding=\"async\" fetchpriority=\"high\" width=\"260\" height=\"163\" src=\"https:\/\/www.worldpancreaticcancercoalition.org\/wp-content\/uploads\/wpcc-member-pancan-500x313.jpg\" class=\"wp-image-4207 avia-img-lazy-loading-not-4207 attachment-portfolio_small size-portfolio_small wp-post-image\" alt=\"\" srcset=\"https:\/\/www.worldpancreaticcancercoalition.org\/wp-content\/uploads\/wpcc-member-pancan-500x313.jpg 500w, https:\/\/www.worldpancreaticcancercoalition.org\/wp-content\/uploads\/wpcc-member-pancan-500x313-300x188.jpg 300w\" sizes=\"(max-width: 260px) 100vw, 260px\" \/><\/a><div class=\"slide-content\"><header class=\"entry-content-header\" aria-label=\"Slide: Perfil de los miembros: Red de Acci\u00c3\u00b3n contra el C\u00c3\u00a1ncer de P\u00c3\u00a1ncreas\"><h3 class='slide-entry-title entry-title '  itemprop=\"headline\" ><a href='https:\/\/www.worldpancreaticcancercoalition.org\/es\/news\/perfil-de-los-miembros-red-de-accion-contra-el-cancer-de-pancreas\/' title='Perfil de los miembros: Red de Acci\u00c3\u00b3n contra el C\u00c3\u00a1ncer de P\u00c3\u00a1ncreas'>Perfil de los miembros: Red de Acci\u00c3\u00b3n contra el C\u00c3\u00a1ncer de P\u00c3\u00a1ncreas<\/a><\/h3><span class=\"blog-categories minor-meta\"><a href=\"https:\/\/www.worldpancreaticcancercoalition.org\/category\/members\/\" rel=\"tag\">Members<\/a>, <a href=\"https:\/\/www.worldpancreaticcancercoalition.org\/fr\/category\/membres\/\" rel=\"tag\">Membres<\/a>, <a href=\"https:\/\/www.worldpancreaticcancercoalition.org\/it\/category\/membri\/\" rel=\"tag\">Membri<\/a>, <a href=\"https:\/\/www.worldpancreaticcancercoalition.org\/es\/category\/miembros\/\" rel=\"tag\">Miembros<\/a>, <a href=\"https:\/\/www.worldpancreaticcancercoalition.org\/category\/news\/\" rel=\"tag\">News<\/a>  <\/span><span class=\"av-vertical-delimiter\"><\/span><\/header><div class='slide-entry-excerpt entry-content'  itemprop=\"text\" >Fundada en 1999, la Red de Acci\u00e0\u00b3n contra el C\u00e0\u00a1ncer de P\u00e0\u00a1ncreas (PanCAN) se dedica a luchar contra el c\u00e0\u00a1ncer m\u00e0\u00a1s duro del mundo. En nuestra urgente misi\u00e0\u00b3n de salvar vidas, atacamos el c\u00e0\u00a1ncer de p\u00e0\u00a1ncreas en todos los frentes:\u2026<div class=\"read-more-link\"><a href=\"https:\/\/www.worldpancreaticcancercoalition.org\/es\/news\/perfil-de-los-miembros-red-de-accion-contra-el-cancer-de-pancreas\/\" class=\"more-link\">Leer m\u00e1s<span class='more-link-arrow avia-svg-icon avia-font-svg_entypo-fontello' data-av_svg_icon='right-open-big' data-av_iconset='svg_entypo-fontello'><svg version=\"1.1\" xmlns=\"http:\/\/www.w3.org\/2000\/svg\" width=\"15\" height=\"32\" viewBox=\"0 0 15 32\" preserveAspectRatio=\"xMidYMid meet\" role=\"graphics-symbol\" aria-hidden=\"true\">\n<path d=\"M0.416 27.84l11.456-11.84-11.456-11.904q-0.832-0.832 0-1.536 0.832-0.832 1.536 0l12.544 12.608q0.768 0.832 0 1.6l-12.544 12.608q-0.704 0.832-1.536 0-0.832-0.704 0-1.536z\"><\/path>\n<\/svg><\/span><\/a><\/div><\/div><\/div><footer class=\"entry-footer\"><div class=\"slide-meta\"><time class='slide-meta-time updated'  itemprop=\"datePublished\" datetime=\"2018-04-16T19:28:21+00:00\" >16 de abril de 2018<\/time><\/div><\/footer><span class='hidden'>\n\t\t\t\t<span class='av-structured-data'  itemprop=\"image\" itemscope=\"itemscope\" itemtype=\"https:\/\/schema.org\/ImageObject\" >\n\t\t\t\t\t\t<span itemprop='url'>https:\/\/www.worldpancreaticcancercoalition.org\/wp-content\/uploads\/wpcc-member-pancan-500x313.jpg<\/span>\n\t\t\t\t\t\t<span itemprop='height'>313<\/span>\n\t\t\t\t\t\t<span itemprop='width'>500<\/span>\n\t\t\t\t<\/span>\n\t\t\t\t<span class='av-structured-data'  itemprop=\"publisher\" itemtype=\"https:\/\/schema.org\/Organization\" itemscope=\"itemscope\" >\n\t\t\t\t\t\t<span itemprop='name'>Mia Cole<\/span>\n\t\t\t\t\t\t<span itemprop='logo' itemscope itemtype='https:\/\/schema.org\/ImageObject'>\n\t\t\t\t\t\t\t<span itemprop='url'>https:\/\/www.worldpancreaticcancercoalition.org\/wp-content\/uploads\/WPCC-Logo-H.png<\/span>\n\t\t\t\t\t\t<\/span>\n\t\t\t\t<\/span><span class='av-structured-data'  itemprop=\"author\" itemscope=\"itemscope\" itemtype=\"https:\/\/schema.org\/Person\" ><span itemprop='name'>Mia Cole<\/span><\/span><span class='av-structured-data'  itemprop=\"datePublished\" datetime=\"2022-09-21T21:12:31+00:00\" >2018-04-16 19:28:21<\/span><span class='av-structured-data'  itemprop=\"dateModified\" itemtype=\"https:\/\/schema.org\/dateModified\" >2022-10-28 14:39:40<\/span><span class='av-structured-data'  itemprop=\"mainEntityOfPage\" itemtype=\"https:\/\/schema.org\/mainEntityOfPage\" ><span itemprop='name'>Perfil de los miembros: Red de Acci\u00c3\u00b3n contra el C\u00c3\u00a1ncer de P\u00c3\u00a1ncreas<\/span><\/span><\/span><\/article><article class='slide-entry flex_column  post-entry post-entry-7096 slide-entry-overview slide-loop-40 slide-parity-even  av_one_fourth  real-thumbnail posttype-post post-format-standard'  itemscope=\"itemscope\" itemtype=\"https:\/\/schema.org\/CreativeWork\" ><a href='https:\/\/www.worldpancreaticcancercoalition.org\/es\/news\/perfil-de-los-miembros-accion-contra-el-cancer-de-pancreas\/' data-rel='slide-1' class='slide-image' title='Perfil de los miembros: Acci\u00c3\u00b3n contra el C\u00c3\u00a1ncer de P\u00c3\u00a1ncreas'><img decoding=\"async\" fetchpriority=\"high\" width=\"260\" height=\"163\" src=\"https:\/\/www.worldpancreaticcancercoalition.org\/wp-content\/uploads\/wpcc-pca-team.jpg\" class=\"wp-image-4195 avia-img-lazy-loading-not-4195 attachment-portfolio_small size-portfolio_small wp-post-image\" alt=\"\" srcset=\"https:\/\/www.worldpancreaticcancercoalition.org\/wp-content\/uploads\/wpcc-pca-team.jpg 600w, https:\/\/www.worldpancreaticcancercoalition.org\/wp-content\/uploads\/wpcc-pca-team-300x188.jpg 300w\" sizes=\"(max-width: 260px) 100vw, 260px\" \/><\/a><div class=\"slide-content\"><header class=\"entry-content-header\" aria-label=\"Slide: Perfil de los miembros: Acci\u00c3\u00b3n contra el C\u00c3\u00a1ncer de P\u00c3\u00a1ncreas\"><h3 class='slide-entry-title entry-title '  itemprop=\"headline\" ><a href='https:\/\/www.worldpancreaticcancercoalition.org\/es\/news\/perfil-de-los-miembros-accion-contra-el-cancer-de-pancreas\/' title='Perfil de los miembros: Acci\u00c3\u00b3n contra el C\u00c3\u00a1ncer de P\u00c3\u00a1ncreas'>Perfil de los miembros: Acci\u00c3\u00b3n contra el C\u00c3\u00a1ncer de P\u00c3\u00a1ncreas<\/a><\/h3><span class=\"blog-categories minor-meta\"><a href=\"https:\/\/www.worldpancreaticcancercoalition.org\/category\/members\/\" rel=\"tag\">Members<\/a>, <a href=\"https:\/\/www.worldpancreaticcancercoalition.org\/fr\/category\/membres\/\" rel=\"tag\">Membres<\/a>, <a href=\"https:\/\/www.worldpancreaticcancercoalition.org\/it\/category\/membri\/\" rel=\"tag\">Membri<\/a>, <a href=\"https:\/\/www.worldpancreaticcancercoalition.org\/es\/category\/miembros\/\" rel=\"tag\">Miembros<\/a>, <a href=\"https:\/\/www.worldpancreaticcancercoalition.org\/category\/news\/\" rel=\"tag\">News<\/a>  <\/span><span class=\"av-vertical-delimiter\"><\/span><\/header><div class='slide-entry-excerpt entry-content'  itemprop=\"text\" >Pancreatic Cancer Action es una organizaci\u00e0\u00b3n ben\u00e9fica del Reino Unido cuyo objetivo es salvar vidas centr\u00e0\u00a1ndose en mejorar el diagn\u00e0\u00b3stico precoz del c\u00e0\u00a1ncer de p\u00e0\u00a1ncreas.\n\nLa organizaci\u00e0\u00b3n ben\u00e9fica fue creada por Ali Stunt,\u2026<div class=\"read-more-link\"><a href=\"https:\/\/www.worldpancreaticcancercoalition.org\/es\/news\/perfil-de-los-miembros-accion-contra-el-cancer-de-pancreas\/\" class=\"more-link\">Leer m\u00e1s<span class='more-link-arrow avia-svg-icon avia-font-svg_entypo-fontello' data-av_svg_icon='right-open-big' data-av_iconset='svg_entypo-fontello'><svg version=\"1.1\" xmlns=\"http:\/\/www.w3.org\/2000\/svg\" width=\"15\" height=\"32\" viewBox=\"0 0 15 32\" preserveAspectRatio=\"xMidYMid meet\" role=\"graphics-symbol\" aria-hidden=\"true\">\n<path d=\"M0.416 27.84l11.456-11.84-11.456-11.904q-0.832-0.832 0-1.536 0.832-0.832 1.536 0l12.544 12.608q0.768 0.832 0 1.6l-12.544 12.608q-0.704 0.832-1.536 0-0.832-0.704 0-1.536z\"><\/path>\n<\/svg><\/span><\/a><\/div><\/div><\/div><footer class=\"entry-footer\"><div class=\"slide-meta\"><time class='slide-meta-time updated'  itemprop=\"datePublished\" datetime=\"2018-03-19T18:21:36+00:00\" >19 de marzo de 2018<\/time><\/div><\/footer><span class='hidden'>\n\t\t\t\t<span class='av-structured-data'  itemprop=\"image\" itemscope=\"itemscope\" itemtype=\"https:\/\/schema.org\/ImageObject\" >\n\t\t\t\t\t\t<span itemprop='url'>https:\/\/www.worldpancreaticcancercoalition.org\/wp-content\/uploads\/wpcc-pca-team.jpg<\/span>\n\t\t\t\t\t\t<span itemprop='height'>376<\/span>\n\t\t\t\t\t\t<span itemprop='width'>600<\/span>\n\t\t\t\t<\/span>\n\t\t\t\t<span class='av-structured-data'  itemprop=\"publisher\" itemtype=\"https:\/\/schema.org\/Organization\" itemscope=\"itemscope\" >\n\t\t\t\t\t\t<span itemprop='name'>Mia Cole<\/span>\n\t\t\t\t\t\t<span itemprop='logo' itemscope itemtype='https:\/\/schema.org\/ImageObject'>\n\t\t\t\t\t\t\t<span itemprop='url'>https:\/\/www.worldpancreaticcancercoalition.org\/wp-content\/uploads\/WPCC-Logo-H.png<\/span>\n\t\t\t\t\t\t<\/span>\n\t\t\t\t<\/span><span class='av-structured-data'  itemprop=\"author\" itemscope=\"itemscope\" itemtype=\"https:\/\/schema.org\/Person\" ><span itemprop='name'>Mia Cole<\/span><\/span><span class='av-structured-data'  itemprop=\"datePublished\" datetime=\"2022-09-21T21:12:31+00:00\" >2018-03-19 18:21:36<\/span><span class='av-structured-data'  itemprop=\"dateModified\" itemtype=\"https:\/\/schema.org\/dateModified\" >2022-10-28 14:39:41<\/span><span class='av-structured-data'  itemprop=\"mainEntityOfPage\" itemtype=\"https:\/\/schema.org\/mainEntityOfPage\" ><span itemprop='name'>Perfil de los miembros: Acci\u00c3\u00b3n contra el C\u00c3\u00a1ncer de P\u00c3\u00a1ncreas<\/span><\/span><\/span><\/article><\/div><div class=\"slide-entry-wrap\"><article class='slide-entry flex_column  post-entry post-entry-7061 slide-entry-overview slide-loop-41 slide-parity-odd  av_one_fourth first real-thumbnail posttype-post post-format-standard'  itemscope=\"itemscope\" itemtype=\"https:\/\/schema.org\/CreativeWork\" ><a href='https:\/\/www.worldpancreaticcancercoalition.org\/es\/news\/perfil-de-los-miembros-pancreaskreft-nettverk-norge\/' data-rel='slide-1' class='slide-image' title='Perfil de los miembros: Pancreaskreft Nettverk Norge'><img decoding=\"async\" fetchpriority=\"high\" width=\"260\" height=\"164\" src=\"https:\/\/www.worldpancreaticcancercoalition.org\/wp-content\/uploads\/wpcc-norway-500x313.jpg\" class=\"wp-image-4180 avia-img-lazy-loading-not-4180 attachment-portfolio_small size-portfolio_small wp-post-image\" alt=\"\" srcset=\"https:\/\/www.worldpancreaticcancercoalition.org\/wp-content\/uploads\/wpcc-norway-500x313.jpg 500w, https:\/\/www.worldpancreaticcancercoalition.org\/wp-content\/uploads\/wpcc-norway-500x313-300x189.jpg 300w\" sizes=\"(max-width: 260px) 100vw, 260px\" \/><\/a><div class=\"slide-content\"><header class=\"entry-content-header\" aria-label=\"Slide: Perfil de los miembros: Pancreaskreft Nettverk Norge\"><h3 class='slide-entry-title entry-title '  itemprop=\"headline\" ><a href='https:\/\/www.worldpancreaticcancercoalition.org\/es\/news\/perfil-de-los-miembros-pancreaskreft-nettverk-norge\/' title='Perfil de los miembros: Pancreaskreft Nettverk Norge'>Perfil de los miembros: Pancreaskreft Nettverk Norge<\/a><\/h3><span class=\"blog-categories minor-meta\"><a href=\"https:\/\/www.worldpancreaticcancercoalition.org\/category\/members\/\" rel=\"tag\">Members<\/a>, <a href=\"https:\/\/www.worldpancreaticcancercoalition.org\/fr\/category\/membres\/\" rel=\"tag\">Membres<\/a>, <a href=\"https:\/\/www.worldpancreaticcancercoalition.org\/it\/category\/membri\/\" rel=\"tag\">Membri<\/a>, <a href=\"https:\/\/www.worldpancreaticcancercoalition.org\/es\/category\/miembros\/\" rel=\"tag\">Miembros<\/a>, <a href=\"https:\/\/www.worldpancreaticcancercoalition.org\/category\/news\/\" rel=\"tag\">News<\/a>  <\/span><span class=\"av-vertical-delimiter\"><\/span><\/header><div class='slide-entry-excerpt entry-content'  itemprop=\"text\" >\n\nPancreaskreft Nettverk Norge (Noruega) se cre\u00e0\u00b3 hace poco m\u00e0\u00a1s de un a\u00e0\u00b1o, a ra\u00e0\u00adz de una iniciativa para organizar un seminario con motivo del D\u00e0\u00ada Mundial del C\u00e0\u00a1ncer de P\u00e0\u00a1ncreas (DMCP) 2016.\n\nLa red fue una iniciativa conjunta\u2026<div class=\"read-more-link\"><a href=\"https:\/\/www.worldpancreaticcancercoalition.org\/es\/news\/perfil-de-los-miembros-pancreaskreft-nettverk-norge\/\" class=\"more-link\">Leer m\u00e1s<span class='more-link-arrow avia-svg-icon avia-font-svg_entypo-fontello' data-av_svg_icon='right-open-big' data-av_iconset='svg_entypo-fontello'><svg version=\"1.1\" xmlns=\"http:\/\/www.w3.org\/2000\/svg\" width=\"15\" height=\"32\" viewBox=\"0 0 15 32\" preserveAspectRatio=\"xMidYMid meet\" role=\"graphics-symbol\" aria-hidden=\"true\">\n<path d=\"M0.416 27.84l11.456-11.84-11.456-11.904q-0.832-0.832 0-1.536 0.832-0.832 1.536 0l12.544 12.608q0.768 0.832 0 1.6l-12.544 12.608q-0.704 0.832-1.536 0-0.832-0.704 0-1.536z\"><\/path>\n<\/svg><\/span><\/a><\/div><\/div><\/div><footer class=\"entry-footer\"><div class=\"slide-meta\"><time class='slide-meta-time updated'  itemprop=\"datePublished\" datetime=\"2018-02-17T00:06:49+00:00\" >17 de febrero de 2018<\/time><\/div><\/footer><span class='hidden'>\n\t\t\t\t<span class='av-structured-data'  itemprop=\"image\" itemscope=\"itemscope\" itemtype=\"https:\/\/schema.org\/ImageObject\" >\n\t\t\t\t\t\t<span itemprop='url'>https:\/\/www.worldpancreaticcancercoalition.org\/wp-content\/uploads\/wpcc-norway-500x313.jpg<\/span>\n\t\t\t\t\t\t<span itemprop='height'>315<\/span>\n\t\t\t\t\t\t<span itemprop='width'>500<\/span>\n\t\t\t\t<\/span>\n\t\t\t\t<span class='av-structured-data'  itemprop=\"publisher\" itemtype=\"https:\/\/schema.org\/Organization\" itemscope=\"itemscope\" >\n\t\t\t\t\t\t<span itemprop='name'>Mia Cole<\/span>\n\t\t\t\t\t\t<span itemprop='logo' itemscope itemtype='https:\/\/schema.org\/ImageObject'>\n\t\t\t\t\t\t\t<span itemprop='url'>https:\/\/www.worldpancreaticcancercoalition.org\/wp-content\/uploads\/WPCC-Logo-H.png<\/span>\n\t\t\t\t\t\t<\/span>\n\t\t\t\t<\/span><span class='av-structured-data'  itemprop=\"author\" itemscope=\"itemscope\" itemtype=\"https:\/\/schema.org\/Person\" ><span itemprop='name'>Mia Cole<\/span><\/span><span class='av-structured-data'  itemprop=\"datePublished\" datetime=\"2022-09-21T21:12:31+00:00\" >2018-02-17 00:06:49<\/span><span class='av-structured-data'  itemprop=\"dateModified\" itemtype=\"https:\/\/schema.org\/dateModified\" >2022-10-28 14:39:43<\/span><span class='av-structured-data'  itemprop=\"mainEntityOfPage\" itemtype=\"https:\/\/schema.org\/mainEntityOfPage\" ><span itemprop='name'>Perfil de los miembros: Pancreaskreft Nettverk Norge<\/span><\/span><\/span><\/article><article class='slide-entry flex_column  post-entry post-entry-7087 slide-entry-overview slide-loop-42 slide-parity-even  av_one_fourth  real-thumbnail posttype-post post-format-standard'  itemscope=\"itemscope\" itemtype=\"https:\/\/schema.org\/CreativeWork\" ><a href='https:\/\/www.worldpancreaticcancercoalition.org\/es\/news\/perfil-de-los-miembros-cancer-de-pancreas-canada\/' data-rel='slide-1' class='slide-image' title='Perfil de los miembros: C\u00c3\u00a1ncer de P\u00c3\u00a1ncreas Canad\u00c3\u00a1'><img decoding=\"async\" fetchpriority=\"high\" width=\"260\" height=\"173\" src=\"https:\/\/www.worldpancreaticcancercoalition.org\/wp-content\/uploads\/Pancreatic-Cancer-Canada-Carmelle_s-Walk.jpg\" class=\"wp-image-4168 avia-img-lazy-loading-not-4168 attachment-portfolio_small size-portfolio_small wp-post-image\" alt=\"\" srcset=\"https:\/\/www.worldpancreaticcancercoalition.org\/wp-content\/uploads\/Pancreatic-Cancer-Canada-Carmelle_s-Walk.jpg 2048w, https:\/\/www.worldpancreaticcancercoalition.org\/wp-content\/uploads\/Pancreatic-Cancer-Canada-Carmelle_s-Walk-300x200.jpg 300w, https:\/\/www.worldpancreaticcancercoalition.org\/wp-content\/uploads\/Pancreatic-Cancer-Canada-Carmelle_s-Walk-1024x683.jpg 1024w, https:\/\/www.worldpancreaticcancercoalition.org\/wp-content\/uploads\/Pancreatic-Cancer-Canada-Carmelle_s-Walk-640x427.jpg 640w, https:\/\/www.worldpancreaticcancercoalition.org\/wp-content\/uploads\/Pancreatic-Cancer-Canada-Carmelle_s-Walk-1200x800.jpg 1200w\" sizes=\"(max-width: 260px) 100vw, 260px\" \/><\/a><div class=\"slide-content\"><header class=\"entry-content-header\" aria-label=\"Slide: Perfil de los miembros: C\u00c3\u00a1ncer de P\u00c3\u00a1ncreas Canad\u00c3\u00a1\"><h3 class='slide-entry-title entry-title '  itemprop=\"headline\" ><a href='https:\/\/www.worldpancreaticcancercoalition.org\/es\/news\/perfil-de-los-miembros-cancer-de-pancreas-canada\/' title='Perfil de los miembros: C\u00c3\u00a1ncer de P\u00c3\u00a1ncreas Canad\u00c3\u00a1'>Perfil de los miembros: C\u00c3\u00a1ncer de P\u00c3\u00a1ncreas Canad\u00c3\u00a1<\/a><\/h3><span class=\"blog-categories minor-meta\"><a href=\"https:\/\/www.worldpancreaticcancercoalition.org\/category\/members\/\" rel=\"tag\">Members<\/a>, <a href=\"https:\/\/www.worldpancreaticcancercoalition.org\/fr\/category\/membres\/\" rel=\"tag\">Membres<\/a>, <a href=\"https:\/\/www.worldpancreaticcancercoalition.org\/it\/category\/membri\/\" rel=\"tag\">Membri<\/a>, <a href=\"https:\/\/www.worldpancreaticcancercoalition.org\/es\/category\/miembros\/\" rel=\"tag\">Miembros<\/a>, <a href=\"https:\/\/www.worldpancreaticcancercoalition.org\/category\/news\/\" rel=\"tag\">News<\/a>  <\/span><span class=\"av-vertical-delimiter\"><\/span><\/header><div class='slide-entry-excerpt entry-content'  itemprop=\"text\" >\n\nPancreatic Cancer Canada (PCCF) se centra en la lucha contra el c\u00e0\u00a1ncer de p\u00e0\u00a1ncreas a trav\u00e9s de la investigaci\u00e0\u00b3n, la concienciaci\u00e0\u00b3n, la educaci\u00e0\u00b3n y la promoci\u00e0\u00b3n. Sus objetivos son mejorar las tasas de supervivencia global\u2026<div class=\"read-more-link\"><a href=\"https:\/\/www.worldpancreaticcancercoalition.org\/es\/news\/perfil-de-los-miembros-cancer-de-pancreas-canada\/\" class=\"more-link\">Leer m\u00e1s<span class='more-link-arrow avia-svg-icon avia-font-svg_entypo-fontello' data-av_svg_icon='right-open-big' data-av_iconset='svg_entypo-fontello'><svg version=\"1.1\" xmlns=\"http:\/\/www.w3.org\/2000\/svg\" width=\"15\" height=\"32\" viewBox=\"0 0 15 32\" preserveAspectRatio=\"xMidYMid meet\" role=\"graphics-symbol\" aria-hidden=\"true\">\n<path d=\"M0.416 27.84l11.456-11.84-11.456-11.904q-0.832-0.832 0-1.536 0.832-0.832 1.536 0l12.544 12.608q0.768 0.832 0 1.6l-12.544 12.608q-0.704 0.832-1.536 0-0.832-0.704 0-1.536z\"><\/path>\n<\/svg><\/span><\/a><\/div><\/div><\/div><footer class=\"entry-footer\"><div class=\"slide-meta\"><time class='slide-meta-time updated'  itemprop=\"datePublished\" datetime=\"2018-01-12T21:59:48+00:00\" >12 de enero de 2018<\/time><\/div><\/footer><span class='hidden'>\n\t\t\t\t<span class='av-structured-data'  itemprop=\"image\" itemscope=\"itemscope\" itemtype=\"https:\/\/schema.org\/ImageObject\" >\n\t\t\t\t\t\t<span itemprop='url'>https:\/\/www.worldpancreaticcancercoalition.org\/wp-content\/uploads\/Pancreatic-Cancer-Canada-Carmelle_s-Walk.jpg<\/span>\n\t\t\t\t\t\t<span itemprop='height'>1365<\/span>\n\t\t\t\t\t\t<span itemprop='width'>2048<\/span>\n\t\t\t\t<\/span>\n\t\t\t\t<span class='av-structured-data'  itemprop=\"publisher\" itemtype=\"https:\/\/schema.org\/Organization\" itemscope=\"itemscope\" >\n\t\t\t\t\t\t<span itemprop='name'>Axel Garcia<\/span>\n\t\t\t\t\t\t<span itemprop='logo' itemscope itemtype='https:\/\/schema.org\/ImageObject'>\n\t\t\t\t\t\t\t<span itemprop='url'>https:\/\/www.worldpancreaticcancercoalition.org\/wp-content\/uploads\/WPCC-Logo-H.png<\/span>\n\t\t\t\t\t\t<\/span>\n\t\t\t\t<\/span><span class='av-structured-data'  itemprop=\"author\" itemscope=\"itemscope\" itemtype=\"https:\/\/schema.org\/Person\" ><span itemprop='name'>Axel Garcia<\/span><\/span><span class='av-structured-data'  itemprop=\"datePublished\" datetime=\"2022-09-21T21:12:31+00:00\" >2018-01-12 21:59:48<\/span><span class='av-structured-data'  itemprop=\"dateModified\" itemtype=\"https:\/\/schema.org\/dateModified\" >2022-10-28 14:39:45<\/span><span class='av-structured-data'  itemprop=\"mainEntityOfPage\" itemtype=\"https:\/\/schema.org\/mainEntityOfPage\" ><span itemprop='name'>Perfil de los miembros: C\u00c3\u00a1ncer de P\u00c3\u00a1ncreas Canad\u00c3\u00a1<\/span><\/span><\/span><\/article><article class='slide-entry flex_column  post-entry post-entry-7099 slide-entry-overview slide-loop-43 slide-parity-odd  av_one_fourth  real-thumbnail posttype-post post-format-standard'  itemscope=\"itemscope\" itemtype=\"https:\/\/schema.org\/CreativeWork\" ><a href='https:\/\/www.worldpancreaticcancercoalition.org\/es\/news\/perfil-de-los-miembros-europacolon\/' data-rel='slide-1' class='slide-image' title='Perfil de los miembros: EuropaColon'><img decoding=\"async\" fetchpriority=\"high\" width=\"260\" height=\"163\" src=\"https:\/\/www.worldpancreaticcancercoalition.org\/wp-content\/uploads\/wpcc-member-europacolon.jpg\" class=\"wp-image-4150 avia-img-lazy-loading-not-4150 attachment-portfolio_small size-portfolio_small wp-post-image\" alt=\"\" srcset=\"https:\/\/www.worldpancreaticcancercoalition.org\/wp-content\/uploads\/wpcc-member-europacolon.jpg 500w, https:\/\/www.worldpancreaticcancercoalition.org\/wp-content\/uploads\/wpcc-member-europacolon-300x188.jpg 300w\" sizes=\"(max-width: 260px) 100vw, 260px\" \/><\/a><div class=\"slide-content\"><header class=\"entry-content-header\" aria-label=\"Slide: Perfil de los miembros: EuropaColon\"><h3 class='slide-entry-title entry-title '  itemprop=\"headline\" ><a href='https:\/\/www.worldpancreaticcancercoalition.org\/es\/news\/perfil-de-los-miembros-europacolon\/' title='Perfil de los miembros: EuropaColon'>Perfil de los miembros: EuropaColon<\/a><\/h3><span class=\"blog-categories minor-meta\"><a href=\"https:\/\/www.worldpancreaticcancercoalition.org\/category\/members\/\" rel=\"tag\">Members<\/a>, <a href=\"https:\/\/www.worldpancreaticcancercoalition.org\/fr\/category\/membres\/\" rel=\"tag\">Membres<\/a>, <a href=\"https:\/\/www.worldpancreaticcancercoalition.org\/it\/category\/membri\/\" rel=\"tag\">Membri<\/a>, <a href=\"https:\/\/www.worldpancreaticcancercoalition.org\/es\/category\/miembros\/\" rel=\"tag\">Miembros<\/a>, <a href=\"https:\/\/www.worldpancreaticcancercoalition.org\/category\/news\/\" rel=\"tag\">News<\/a>  <\/span><span class=\"av-vertical-delimiter\"><\/span><\/header><div class='slide-entry-excerpt entry-content'  itemprop=\"text\" >EuropaColon fue lanzada en 2004 por Jola Gore Booth, que respondi\u00e0\u00b3 a una llamada para apoyar a los pacientes de c\u00e0\u00a1ncer colorrectal fuera del Reino Unido. Durante los siguientes 10 a\u00e0\u00b1os, la organizaci\u00e0\u00b3n creci\u00e0\u00b3 en toda Europa y\u2026<div class=\"read-more-link\"><a href=\"https:\/\/www.worldpancreaticcancercoalition.org\/es\/news\/perfil-de-los-miembros-europacolon\/\" class=\"more-link\">Leer m\u00e1s<span class='more-link-arrow avia-svg-icon avia-font-svg_entypo-fontello' data-av_svg_icon='right-open-big' data-av_iconset='svg_entypo-fontello'><svg version=\"1.1\" xmlns=\"http:\/\/www.w3.org\/2000\/svg\" width=\"15\" height=\"32\" viewBox=\"0 0 15 32\" preserveAspectRatio=\"xMidYMid meet\" role=\"graphics-symbol\" aria-hidden=\"true\">\n<path d=\"M0.416 27.84l11.456-11.84-11.456-11.904q-0.832-0.832 0-1.536 0.832-0.832 1.536 0l12.544 12.608q0.768 0.832 0 1.6l-12.544 12.608q-0.704 0.832-1.536 0-0.832-0.704 0-1.536z\"><\/path>\n<\/svg><\/span><\/a><\/div><\/div><\/div><footer class=\"entry-footer\"><div class=\"slide-meta\"><time class='slide-meta-time updated'  itemprop=\"datePublished\" datetime=\"2017-12-07T01:50:05+00:00\" >7 de diciembre de 2017<\/time><\/div><\/footer><span class='hidden'>\n\t\t\t\t<span class='av-structured-data'  itemprop=\"image\" itemscope=\"itemscope\" itemtype=\"https:\/\/schema.org\/ImageObject\" >\n\t\t\t\t\t\t<span itemprop='url'>https:\/\/www.worldpancreaticcancercoalition.org\/wp-content\/uploads\/wpcc-member-europacolon.jpg<\/span>\n\t\t\t\t\t\t<span itemprop='height'>313<\/span>\n\t\t\t\t\t\t<span itemprop='width'>500<\/span>\n\t\t\t\t<\/span>\n\t\t\t\t<span class='av-structured-data'  itemprop=\"publisher\" itemtype=\"https:\/\/schema.org\/Organization\" itemscope=\"itemscope\" >\n\t\t\t\t\t\t<span itemprop='name'>Mia Cole<\/span>\n\t\t\t\t\t\t<span itemprop='logo' itemscope itemtype='https:\/\/schema.org\/ImageObject'>\n\t\t\t\t\t\t\t<span itemprop='url'>https:\/\/www.worldpancreaticcancercoalition.org\/wp-content\/uploads\/WPCC-Logo-H.png<\/span>\n\t\t\t\t\t\t<\/span>\n\t\t\t\t<\/span><span class='av-structured-data'  itemprop=\"author\" itemscope=\"itemscope\" itemtype=\"https:\/\/schema.org\/Person\" ><span itemprop='name'>Mia Cole<\/span><\/span><span class='av-structured-data'  itemprop=\"datePublished\" datetime=\"2022-09-21T21:12:31+00:00\" >2017-12-07 01:50:05<\/span><span class='av-structured-data'  itemprop=\"dateModified\" itemtype=\"https:\/\/schema.org\/dateModified\" >2022-10-28 14:39:48<\/span><span class='av-structured-data'  itemprop=\"mainEntityOfPage\" itemtype=\"https:\/\/schema.org\/mainEntityOfPage\" ><span itemprop='name'>Perfil de los miembros: EuropaColon<\/span><\/span><\/span><\/article><article class='slide-entry flex_column  post-entry post-entry-7072 slide-entry-overview slide-loop-44 slide-parity-even  av_one_fourth  real-thumbnail posttype-post post-format-standard'  itemscope=\"itemscope\" itemtype=\"https:\/\/schema.org\/CreativeWork\" ><a href='https:\/\/www.worldpancreaticcancercoalition.org\/es\/news\/los-medios-de-comunicacion-mundiales-se-tinen-de-morado-en-el-dia-mundial-del-cancer-de-pancreas\/' data-rel='slide-1' class='slide-image' title='Los medios de comunicaci\u00c3\u00b3n mundiales se ti\u00c3\u00b1en de morado en el D\u00c3\u00ada Mundial del C\u00c3\u00a1ncer de P\u00c3\u00a1ncreas'><img decoding=\"async\" fetchpriority=\"high\" width=\"260\" height=\"173\" src=\"https:\/\/www.worldpancreaticcancercoalition.org\/wp-content\/uploads\/Australia-SydneyOperaHouse.jpg\" class=\"wp-image-4147 avia-img-lazy-loading-not-4147 attachment-portfolio_small size-portfolio_small wp-post-image\" alt=\"\" srcset=\"https:\/\/www.worldpancreaticcancercoalition.org\/wp-content\/uploads\/Australia-SydneyOperaHouse.jpg 1200w, https:\/\/www.worldpancreaticcancercoalition.org\/wp-content\/uploads\/Australia-SydneyOperaHouse-300x200.jpg 300w, https:\/\/www.worldpancreaticcancercoalition.org\/wp-content\/uploads\/Australia-SydneyOperaHouse-1024x683.jpg 1024w, https:\/\/www.worldpancreaticcancercoalition.org\/wp-content\/uploads\/Australia-SydneyOperaHouse-640x427.jpg 640w\" sizes=\"(max-width: 260px) 100vw, 260px\" \/><\/a><div class=\"slide-content\"><header class=\"entry-content-header\" aria-label=\"Slide: Los medios de comunicaci\u00c3\u00b3n mundiales se ti\u00c3\u00b1en de morado en el D\u00c3\u00ada Mundial del C\u00c3\u00a1ncer de P\u00c3\u00a1ncreas\"><h3 class='slide-entry-title entry-title '  itemprop=\"headline\" ><a href='https:\/\/www.worldpancreaticcancercoalition.org\/es\/news\/los-medios-de-comunicacion-mundiales-se-tinen-de-morado-en-el-dia-mundial-del-cancer-de-pancreas\/' title='Los medios de comunicaci\u00c3\u00b3n mundiales se ti\u00c3\u00b1en de morado en el D\u00c3\u00ada Mundial del C\u00c3\u00a1ncer de P\u00c3\u00a1ncreas'>Los medios de comunicaci\u00c3\u00b3n mundiales se ti\u00c3\u00b1en de morado en el D\u00c3\u00ada Mundial del C\u00c3\u00a1ncer de P\u00c3\u00a1ncreas<\/a><\/h3><span class=\"blog-categories minor-meta\"><a href=\"https:\/\/www.worldpancreaticcancercoalition.org\/category\/members\/\" rel=\"tag\">Members<\/a>, <a href=\"https:\/\/www.worldpancreaticcancercoalition.org\/fr\/category\/membres\/\" rel=\"tag\">Membres<\/a>, <a href=\"https:\/\/www.worldpancreaticcancercoalition.org\/it\/category\/membri\/\" rel=\"tag\">Membri<\/a>, <a href=\"https:\/\/www.worldpancreaticcancercoalition.org\/es\/category\/miembros\/\" rel=\"tag\">Miembros<\/a>, <a href=\"https:\/\/www.worldpancreaticcancercoalition.org\/category\/news\/\" rel=\"tag\">News<\/a>  <\/span><span class=\"av-vertical-delimiter\"><\/span><\/header><div class='slide-entry-excerpt entry-content'  itemprop=\"text\" >En el D\u00e0\u00ada Mundial del C\u00e0\u00a1ncer de P\u00e0\u00a1ncreas, los medios de comunicaci\u00e0\u00b3n de todo el mundo ayudaron a concienciar sobre los s\u00e0\u00adntomas y los riesgos asociados al c\u00e0\u00a1ncer m\u00e0\u00a1s duro del mundo, inspirando a la gente a actuar y  Exija\u2026<div class=\"read-more-link\"><a href=\"https:\/\/www.worldpancreaticcancercoalition.org\/es\/news\/los-medios-de-comunicacion-mundiales-se-tinen-de-morado-en-el-dia-mundial-del-cancer-de-pancreas\/\" class=\"more-link\">Leer m\u00e1s<span class='more-link-arrow avia-svg-icon avia-font-svg_entypo-fontello' data-av_svg_icon='right-open-big' data-av_iconset='svg_entypo-fontello'><svg version=\"1.1\" xmlns=\"http:\/\/www.w3.org\/2000\/svg\" width=\"15\" height=\"32\" viewBox=\"0 0 15 32\" preserveAspectRatio=\"xMidYMid meet\" role=\"graphics-symbol\" aria-hidden=\"true\">\n<path d=\"M0.416 27.84l11.456-11.84-11.456-11.904q-0.832-0.832 0-1.536 0.832-0.832 1.536 0l12.544 12.608q0.768 0.832 0 1.6l-12.544 12.608q-0.704 0.832-1.536 0-0.832-0.704 0-1.536z\"><\/path>\n<\/svg><\/span><\/a><\/div><\/div><\/div><footer class=\"entry-footer\"><div class=\"slide-meta\"><time class='slide-meta-time updated'  itemprop=\"datePublished\" datetime=\"2017-12-01T21:25:52+00:00\" >1 de diciembre de 2017<\/time><\/div><\/footer><span class='hidden'>\n\t\t\t\t<span class='av-structured-data'  itemprop=\"image\" itemscope=\"itemscope\" itemtype=\"https:\/\/schema.org\/ImageObject\" >\n\t\t\t\t\t\t<span itemprop='url'>https:\/\/www.worldpancreaticcancercoalition.org\/wp-content\/uploads\/Australia-SydneyOperaHouse.jpg<\/span>\n\t\t\t\t\t\t<span itemprop='height'>800<\/span>\n\t\t\t\t\t\t<span itemprop='width'>1200<\/span>\n\t\t\t\t<\/span>\n\t\t\t\t<span class='av-structured-data'  itemprop=\"publisher\" itemtype=\"https:\/\/schema.org\/Organization\" itemscope=\"itemscope\" >\n\t\t\t\t\t\t<span itemprop='name'>Elizabeth Eun<\/span>\n\t\t\t\t\t\t<span itemprop='logo' itemscope itemtype='https:\/\/schema.org\/ImageObject'>\n\t\t\t\t\t\t\t<span itemprop='url'>https:\/\/www.worldpancreaticcancercoalition.org\/wp-content\/uploads\/WPCC-Logo-H.png<\/span>\n\t\t\t\t\t\t<\/span>\n\t\t\t\t<\/span><span class='av-structured-data'  itemprop=\"author\" itemscope=\"itemscope\" itemtype=\"https:\/\/schema.org\/Person\" ><span itemprop='name'>Elizabeth Eun<\/span><\/span><span class='av-structured-data'  itemprop=\"datePublished\" datetime=\"2022-09-21T21:12:31+00:00\" >2017-12-01 21:25:52<\/span><span class='av-structured-data'  itemprop=\"dateModified\" itemtype=\"https:\/\/schema.org\/dateModified\" >2022-10-28 14:39:50<\/span><span class='av-structured-data'  itemprop=\"mainEntityOfPage\" itemtype=\"https:\/\/schema.org\/mainEntityOfPage\" ><span itemprop='name'>Los medios de comunicaci\u00c3\u00b3n mundiales se ti\u00c3\u00b1en de morado en el D\u00c3\u00ada Mundial del C\u00c3\u00a1ncer de P\u00c3\u00a1ncreas<\/span><\/span><\/span><\/article><\/div><div class=\"slide-entry-wrap\"><article class='slide-entry flex_column  post-entry post-entry-7045 slide-entry-overview slide-loop-45 slide-parity-odd  av_one_fourth first real-thumbnail posttype-post post-format-standard'  itemscope=\"itemscope\" itemtype=\"https:\/\/schema.org\/CreativeWork\" ><a href='https:\/\/www.worldpancreaticcancercoalition.org\/es\/news\/la-coalicion-mundial-contra-el-cancer-de-pancreas-exige-mejoras-en-un-nuevo-video\/' data-rel='slide-1' class='slide-image' title='La Coalici\u00c3\u00b3n Mundial contra el C\u00c3\u00a1ncer de P\u00c3\u00a1ncreas exige mejoras en un nuevo v\u00c3\u00addeo'><img decoding=\"async\" fetchpriority=\"high\" width=\"247\" height=\"185\" src=\"https:\/\/www.worldpancreaticcancercoalition.org\/wp-content\/uploads\/NYLeaderspurple.jpg\" class=\"wp-image-4144 avia-img-lazy-loading-not-4144 attachment-portfolio_small size-portfolio_small wp-post-image\" alt=\"\" srcset=\"https:\/\/www.worldpancreaticcancercoalition.org\/wp-content\/uploads\/NYLeaderspurple.jpg 2048w, https:\/\/www.worldpancreaticcancercoalition.org\/wp-content\/uploads\/NYLeaderspurple-300x225.jpg 300w, https:\/\/www.worldpancreaticcancercoalition.org\/wp-content\/uploads\/NYLeaderspurple-1024x768.jpg 1024w, https:\/\/www.worldpancreaticcancercoalition.org\/wp-content\/uploads\/NYLeaderspurple-640x480.jpg 640w, https:\/\/www.worldpancreaticcancercoalition.org\/wp-content\/uploads\/NYLeaderspurple-1200x900.jpg 1200w\" sizes=\"(max-width: 247px) 100vw, 247px\" \/><\/a><div class=\"slide-content\"><header class=\"entry-content-header\" aria-label=\"Slide: La Coalici\u00c3\u00b3n Mundial contra el C\u00c3\u00a1ncer de P\u00c3\u00a1ncreas exige mejoras en un nuevo v\u00c3\u00addeo\"><h3 class='slide-entry-title entry-title '  itemprop=\"headline\" ><a href='https:\/\/www.worldpancreaticcancercoalition.org\/es\/news\/la-coalicion-mundial-contra-el-cancer-de-pancreas-exige-mejoras-en-un-nuevo-video\/' title='La Coalici\u00c3\u00b3n Mundial contra el C\u00c3\u00a1ncer de P\u00c3\u00a1ncreas exige mejoras en un nuevo v\u00c3\u00addeo'>La Coalici\u00c3\u00b3n Mundial contra el C\u00c3\u00a1ncer de P\u00c3\u00a1ncreas exige mejoras en un nuevo v\u00c3\u00addeo<\/a><\/h3><span class=\"blog-categories minor-meta\"><a href=\"https:\/\/www.worldpancreaticcancercoalition.org\/category\/members\/\" rel=\"tag\">Members<\/a>, <a href=\"https:\/\/www.worldpancreaticcancercoalition.org\/fr\/category\/membres\/\" rel=\"tag\">Membres<\/a>, <a href=\"https:\/\/www.worldpancreaticcancercoalition.org\/it\/category\/membri\/\" rel=\"tag\">Membri<\/a>, <a href=\"https:\/\/www.worldpancreaticcancercoalition.org\/es\/category\/miembros\/\" rel=\"tag\">Miembros<\/a>, <a href=\"https:\/\/www.worldpancreaticcancercoalition.org\/category\/news\/\" rel=\"tag\">News<\/a>  <\/span><span class=\"av-vertical-delimiter\"><\/span><\/header><div class='slide-entry-excerpt entry-content'  itemprop=\"text\" >Varios l\u00e0\u00adderes de la Coalici\u00e0\u00b3n Mundial contra el C\u00e0\u00a1ncer de P\u00e0\u00a1ncreas (WPCC) aparecen en un nuevo v\u00e0\u00addeo en el que comparten por qu\u00e9 y c\u00e0\u00b3mo exigen mejorar. Para los pacientes. Para la supervivencia, hoy, D\u00e0\u00ada Mundial del C\u00e0\u00a1ncer\u2026<div class=\"read-more-link\"><a href=\"https:\/\/www.worldpancreaticcancercoalition.org\/es\/news\/la-coalicion-mundial-contra-el-cancer-de-pancreas-exige-mejoras-en-un-nuevo-video\/\" class=\"more-link\">Leer m\u00e1s<span class='more-link-arrow avia-svg-icon avia-font-svg_entypo-fontello' data-av_svg_icon='right-open-big' data-av_iconset='svg_entypo-fontello'><svg version=\"1.1\" xmlns=\"http:\/\/www.w3.org\/2000\/svg\" width=\"15\" height=\"32\" viewBox=\"0 0 15 32\" preserveAspectRatio=\"xMidYMid meet\" role=\"graphics-symbol\" aria-hidden=\"true\">\n<path d=\"M0.416 27.84l11.456-11.84-11.456-11.904q-0.832-0.832 0-1.536 0.832-0.832 1.536 0l12.544 12.608q0.768 0.832 0 1.6l-12.544 12.608q-0.704 0.832-1.536 0-0.832-0.704 0-1.536z\"><\/path>\n<\/svg><\/span><\/a><\/div><\/div><\/div><footer class=\"entry-footer\"><div class=\"slide-meta\"><time class='slide-meta-time updated'  itemprop=\"datePublished\" datetime=\"2017-11-16T00:00:43+00:00\" >16 de noviembre de 2017<\/time><\/div><\/footer><span class='hidden'>\n\t\t\t\t<span class='av-structured-data'  itemprop=\"image\" itemscope=\"itemscope\" itemtype=\"https:\/\/schema.org\/ImageObject\" >\n\t\t\t\t\t\t<span itemprop='url'>https:\/\/www.worldpancreaticcancercoalition.org\/wp-content\/uploads\/NYLeaderspurple.jpg<\/span>\n\t\t\t\t\t\t<span itemprop='height'>1536<\/span>\n\t\t\t\t\t\t<span itemprop='width'>2048<\/span>\n\t\t\t\t<\/span>\n\t\t\t\t<span class='av-structured-data'  itemprop=\"publisher\" itemtype=\"https:\/\/schema.org\/Organization\" itemscope=\"itemscope\" >\n\t\t\t\t\t\t<span itemprop='name'>Elizabeth Eun<\/span>\n\t\t\t\t\t\t<span itemprop='logo' itemscope itemtype='https:\/\/schema.org\/ImageObject'>\n\t\t\t\t\t\t\t<span itemprop='url'>https:\/\/www.worldpancreaticcancercoalition.org\/wp-content\/uploads\/WPCC-Logo-H.png<\/span>\n\t\t\t\t\t\t<\/span>\n\t\t\t\t<\/span><span class='av-structured-data'  itemprop=\"author\" itemscope=\"itemscope\" itemtype=\"https:\/\/schema.org\/Person\" ><span itemprop='name'>Elizabeth Eun<\/span><\/span><span class='av-structured-data'  itemprop=\"datePublished\" datetime=\"2022-09-21T21:12:31+00:00\" >2017-11-16 00:00:43<\/span><span class='av-structured-data'  itemprop=\"dateModified\" itemtype=\"https:\/\/schema.org\/dateModified\" >2022-10-28 14:39:51<\/span><span class='av-structured-data'  itemprop=\"mainEntityOfPage\" itemtype=\"https:\/\/schema.org\/mainEntityOfPage\" ><span itemprop='name'>La Coalici\u00c3\u00b3n Mundial contra el C\u00c3\u00a1ncer de P\u00c3\u00a1ncreas exige mejoras en un nuevo v\u00c3\u00addeo<\/span><\/span><\/span><\/article><article class='slide-entry flex_column  post-entry post-entry-7050 slide-entry-overview slide-loop-46 slide-parity-even  av_one_fourth  real-thumbnail posttype-post post-format-standard'  itemscope=\"itemscope\" itemtype=\"https:\/\/schema.org\/CreativeWork\" ><a href='https:\/\/www.worldpancreaticcancercoalition.org\/es\/news\/organizacion-suiza-de-autoayuda-para-las-enfermedades-del-pancreas\/' data-rel='slide-1' class='slide-image' title='Organizaci\u00c3\u00b3n suiza de autoayuda para las enfermedades del p\u00c3\u00a1ncreas'><img decoding=\"async\" fetchpriority=\"high\" width=\"166\" height=\"100\" src=\"https:\/\/www.worldpancreaticcancercoalition.org\/wp-content\/uploads\/featured-swiss.png\" class=\"wp-image-4138 avia-img-lazy-loading-not-4138 attachment-portfolio_small size-portfolio_small wp-post-image\" alt=\"\" \/><\/a><div class=\"slide-content\"><header class=\"entry-content-header\" aria-label=\"Slide: Organizaci\u00c3\u00b3n suiza de autoayuda para las enfermedades del p\u00c3\u00a1ncreas\"><h3 class='slide-entry-title entry-title '  itemprop=\"headline\" ><a href='https:\/\/www.worldpancreaticcancercoalition.org\/es\/news\/organizacion-suiza-de-autoayuda-para-las-enfermedades-del-pancreas\/' title='Organizaci\u00c3\u00b3n suiza de autoayuda para las enfermedades del p\u00c3\u00a1ncreas'>Organizaci\u00c3\u00b3n suiza de autoayuda para las enfermedades del p\u00c3\u00a1ncreas<\/a><\/h3><span class=\"blog-categories minor-meta\"><a href=\"https:\/\/www.worldpancreaticcancercoalition.org\/category\/members\/\" rel=\"tag\">Members<\/a>, <a href=\"https:\/\/www.worldpancreaticcancercoalition.org\/fr\/category\/membres\/\" rel=\"tag\">Membres<\/a>, <a href=\"https:\/\/www.worldpancreaticcancercoalition.org\/it\/category\/membri\/\" rel=\"tag\">Membri<\/a>, <a href=\"https:\/\/www.worldpancreaticcancercoalition.org\/es\/category\/miembros\/\" rel=\"tag\">Miembros<\/a>, <a href=\"https:\/\/www.worldpancreaticcancercoalition.org\/category\/news\/\" rel=\"tag\">News<\/a>  <\/span><span class=\"av-vertical-delimiter\"><\/span><\/header><div class='slide-entry-excerpt entry-content'  itemprop=\"text\" >\n\nLa SSP Schweizer Selbsthilfeorganisation Pankreaserkrankungen (Organizaci\u00e0\u00b3n Suiza de Autoayuda para las Enfermedades del P\u00e0\u00a1ncreas) fue fundada en 1998 por Conrad Rytz para proporcionar informaci\u00e0\u00b3n m\u00e9dica sobre las enfermedades del\u2026<div class=\"read-more-link\"><a href=\"https:\/\/www.worldpancreaticcancercoalition.org\/es\/news\/organizacion-suiza-de-autoayuda-para-las-enfermedades-del-pancreas\/\" class=\"more-link\">Leer m\u00e1s<span class='more-link-arrow avia-svg-icon avia-font-svg_entypo-fontello' data-av_svg_icon='right-open-big' data-av_iconset='svg_entypo-fontello'><svg version=\"1.1\" xmlns=\"http:\/\/www.w3.org\/2000\/svg\" width=\"15\" height=\"32\" viewBox=\"0 0 15 32\" preserveAspectRatio=\"xMidYMid meet\" role=\"graphics-symbol\" aria-hidden=\"true\">\n<path d=\"M0.416 27.84l11.456-11.84-11.456-11.904q-0.832-0.832 0-1.536 0.832-0.832 1.536 0l12.544 12.608q0.768 0.832 0 1.6l-12.544 12.608q-0.704 0.832-1.536 0-0.832-0.704 0-1.536z\"><\/path>\n<\/svg><\/span><\/a><\/div><\/div><\/div><footer class=\"entry-footer\"><div class=\"slide-meta\"><time class='slide-meta-time updated'  itemprop=\"datePublished\" datetime=\"2017-11-02T22:55:09+00:00\" >2 de noviembre de 2017<\/time><\/div><\/footer><span class='hidden'>\n\t\t\t\t<span class='av-structured-data'  itemprop=\"image\" itemscope=\"itemscope\" itemtype=\"https:\/\/schema.org\/ImageObject\" >\n\t\t\t\t\t\t<span itemprop='url'>https:\/\/www.worldpancreaticcancercoalition.org\/wp-content\/uploads\/featured-swiss.png<\/span>\n\t\t\t\t\t\t<span itemprop='height'>100<\/span>\n\t\t\t\t\t\t<span itemprop='width'>166<\/span>\n\t\t\t\t<\/span>\n\t\t\t\t<span class='av-structured-data'  itemprop=\"publisher\" itemtype=\"https:\/\/schema.org\/Organization\" itemscope=\"itemscope\" >\n\t\t\t\t\t\t<span itemprop='name'>Axel Garcia<\/span>\n\t\t\t\t\t\t<span itemprop='logo' itemscope itemtype='https:\/\/schema.org\/ImageObject'>\n\t\t\t\t\t\t\t<span itemprop='url'>https:\/\/www.worldpancreaticcancercoalition.org\/wp-content\/uploads\/WPCC-Logo-H.png<\/span>\n\t\t\t\t\t\t<\/span>\n\t\t\t\t<\/span><span class='av-structured-data'  itemprop=\"author\" itemscope=\"itemscope\" itemtype=\"https:\/\/schema.org\/Person\" ><span itemprop='name'>Axel Garcia<\/span><\/span><span class='av-structured-data'  itemprop=\"datePublished\" datetime=\"2022-09-21T21:12:31+00:00\" >2017-11-02 22:55:09<\/span><span class='av-structured-data'  itemprop=\"dateModified\" itemtype=\"https:\/\/schema.org\/dateModified\" >2022-10-28 14:39:53<\/span><span class='av-structured-data'  itemprop=\"mainEntityOfPage\" itemtype=\"https:\/\/schema.org\/mainEntityOfPage\" ><span itemprop='name'>Organizaci\u00c3\u00b3n suiza de autoayuda para las enfermedades del p\u00c3\u00a1ncreas<\/span><\/span><\/span><\/article><article class='slide-entry flex_column  post-entry post-entry-7056 slide-entry-overview slide-loop-47 slide-parity-odd  av_one_fourth  real-thumbnail posttype-post post-format-standard'  itemscope=\"itemscope\" itemtype=\"https:\/\/schema.org\/CreativeWork\" ><a href='https:\/\/www.worldpancreaticcancercoalition.org\/es\/news\/perfil-de-los-miembros-fundacion-jcm\/' data-rel='slide-1' class='slide-image' title='Perfil de los miembros: Fundaci\u00c3\u00b3n JCM'><img decoding=\"async\" fetchpriority=\"high\" width=\"260\" height=\"163\" src=\"https:\/\/www.worldpancreaticcancercoalition.org\/wp-content\/uploads\/wpcc-member-jcm-500x313.jpg\" class=\"wp-image-4126 avia-img-lazy-loading-not-4126 attachment-portfolio_small size-portfolio_small wp-post-image\" alt=\"\" srcset=\"https:\/\/www.worldpancreaticcancercoalition.org\/wp-content\/uploads\/wpcc-member-jcm-500x313.jpg 500w, https:\/\/www.worldpancreaticcancercoalition.org\/wp-content\/uploads\/wpcc-member-jcm-500x313-300x188.jpg 300w\" sizes=\"(max-width: 260px) 100vw, 260px\" \/><\/a><div class=\"slide-content\"><header class=\"entry-content-header\" aria-label=\"Slide: Perfil de los miembros: Fundaci\u00c3\u00b3n JCM\"><h3 class='slide-entry-title entry-title '  itemprop=\"headline\" ><a href='https:\/\/www.worldpancreaticcancercoalition.org\/es\/news\/perfil-de-los-miembros-fundacion-jcm\/' title='Perfil de los miembros: Fundaci\u00c3\u00b3n JCM'>Perfil de los miembros: Fundaci\u00c3\u00b3n JCM<\/a><\/h3><span class=\"blog-categories minor-meta\"><a href=\"https:\/\/www.worldpancreaticcancercoalition.org\/category\/members\/\" rel=\"tag\">Members<\/a>, <a href=\"https:\/\/www.worldpancreaticcancercoalition.org\/fr\/category\/membres\/\" rel=\"tag\">Membres<\/a>, <a href=\"https:\/\/www.worldpancreaticcancercoalition.org\/it\/category\/membri\/\" rel=\"tag\">Membri<\/a>, <a href=\"https:\/\/www.worldpancreaticcancercoalition.org\/es\/category\/miembros\/\" rel=\"tag\">Miembros<\/a>, <a href=\"https:\/\/www.worldpancreaticcancercoalition.org\/category\/news\/\" rel=\"tag\">News<\/a>  <\/span><span class=\"av-vertical-delimiter\"><\/span><\/header><div class='slide-entry-excerpt entry-content'  itemprop=\"text\" >Joseph C. Monastra falleci\u00e0\u00b3 el 4 de abril de 2002, s\u00e0\u00b3lo cuatro semanas despu\u00e9s de que se le diagnosticara un c\u00e0\u00a1ncer de p\u00e0\u00a1ncreas. En honor a la memoria de Monastra, su familia cre\u00e0\u00b3 la Fundaci\u00e0\u00b3n Joseph C. Monastra (JCM) para\u2026<div class=\"read-more-link\"><a href=\"https:\/\/www.worldpancreaticcancercoalition.org\/es\/news\/perfil-de-los-miembros-fundacion-jcm\/\" class=\"more-link\">Leer m\u00e1s<span class='more-link-arrow avia-svg-icon avia-font-svg_entypo-fontello' data-av_svg_icon='right-open-big' data-av_iconset='svg_entypo-fontello'><svg version=\"1.1\" xmlns=\"http:\/\/www.w3.org\/2000\/svg\" width=\"15\" height=\"32\" viewBox=\"0 0 15 32\" preserveAspectRatio=\"xMidYMid meet\" role=\"graphics-symbol\" aria-hidden=\"true\">\n<path d=\"M0.416 27.84l11.456-11.84-11.456-11.904q-0.832-0.832 0-1.536 0.832-0.832 1.536 0l12.544 12.608q0.768 0.832 0 1.6l-12.544 12.608q-0.704 0.832-1.536 0-0.832-0.704 0-1.536z\"><\/path>\n<\/svg><\/span><\/a><\/div><\/div><\/div><footer class=\"entry-footer\"><div class=\"slide-meta\"><time class='slide-meta-time updated'  itemprop=\"datePublished\" datetime=\"2017-10-07T02:40:35+00:00\" >7 de octubre de 2017<\/time><\/div><\/footer><span class='hidden'>\n\t\t\t\t<span class='av-structured-data'  itemprop=\"image\" itemscope=\"itemscope\" itemtype=\"https:\/\/schema.org\/ImageObject\" >\n\t\t\t\t\t\t<span itemprop='url'>https:\/\/www.worldpancreaticcancercoalition.org\/wp-content\/uploads\/wpcc-member-jcm-500x313.jpg<\/span>\n\t\t\t\t\t\t<span itemprop='height'>313<\/span>\n\t\t\t\t\t\t<span itemprop='width'>500<\/span>\n\t\t\t\t<\/span>\n\t\t\t\t<span class='av-structured-data'  itemprop=\"publisher\" itemtype=\"https:\/\/schema.org\/Organization\" itemscope=\"itemscope\" >\n\t\t\t\t\t\t<span itemprop='name'>Mia Cole<\/span>\n\t\t\t\t\t\t<span itemprop='logo' itemscope itemtype='https:\/\/schema.org\/ImageObject'>\n\t\t\t\t\t\t\t<span itemprop='url'>https:\/\/www.worldpancreaticcancercoalition.org\/wp-content\/uploads\/WPCC-Logo-H.png<\/span>\n\t\t\t\t\t\t<\/span>\n\t\t\t\t<\/span><span class='av-structured-data'  itemprop=\"author\" itemscope=\"itemscope\" itemtype=\"https:\/\/schema.org\/Person\" ><span itemprop='name'>Mia Cole<\/span><\/span><span class='av-structured-data'  itemprop=\"datePublished\" datetime=\"2022-09-21T21:12:31+00:00\" >2017-10-07 02:40:35<\/span><span class='av-structured-data'  itemprop=\"dateModified\" itemtype=\"https:\/\/schema.org\/dateModified\" >2022-10-28 14:39:54<\/span><span class='av-structured-data'  itemprop=\"mainEntityOfPage\" itemtype=\"https:\/\/schema.org\/mainEntityOfPage\" ><span itemprop='name'>Perfil de los miembros: Fundaci\u00c3\u00b3n JCM<\/span><\/span><\/span><\/article><article class='slide-entry flex_column  post-entry post-entry-7048 slide-entry-overview slide-loop-48 slide-parity-even  av_one_fourth  real-thumbnail posttype-post post-format-standard'  itemscope=\"itemscope\" itemtype=\"https:\/\/schema.org\/CreativeWork\" ><a href='https:\/\/www.worldpancreaticcancercoalition.org\/es\/news\/selbsthilfegruppe-pankreaskarzinom-grupo-de-apoyo-al-cancer-de-pancreas\/' data-rel='slide-1' class='slide-image' title='Selbsthilfegruppe Pankreaskarzinom (Grupo de apoyo al c\u00c3\u00a1ncer de p\u00c3\u00a1ncreas)'><img decoding=\"async\" fetchpriority=\"high\" width=\"260\" height=\"173\" src=\"https:\/\/www.worldpancreaticcancercoalition.org\/wp-content\/uploads\/Austria-Michaela-Hartenstein.jpg\" class=\"wp-image-4123 avia-img-lazy-loading-not-4123 attachment-portfolio_small size-portfolio_small wp-post-image\" alt=\"\" srcset=\"https:\/\/www.worldpancreaticcancercoalition.org\/wp-content\/uploads\/Austria-Michaela-Hartenstein.jpg 1346w, https:\/\/www.worldpancreaticcancercoalition.org\/wp-content\/uploads\/Austria-Michaela-Hartenstein-300x200.jpg 300w, https:\/\/www.worldpancreaticcancercoalition.org\/wp-content\/uploads\/Austria-Michaela-Hartenstein-1024x682.jpg 1024w, https:\/\/www.worldpancreaticcancercoalition.org\/wp-content\/uploads\/Austria-Michaela-Hartenstein-640x427.jpg 640w, https:\/\/www.worldpancreaticcancercoalition.org\/wp-content\/uploads\/Austria-Michaela-Hartenstein-1200x800.jpg 1200w\" sizes=\"(max-width: 260px) 100vw, 260px\" \/><\/a><div class=\"slide-content\"><header class=\"entry-content-header\" aria-label=\"Slide: Selbsthilfegruppe Pankreaskarzinom (Grupo de apoyo al c\u00c3\u00a1ncer de p\u00c3\u00a1ncreas)\"><h3 class='slide-entry-title entry-title '  itemprop=\"headline\" ><a href='https:\/\/www.worldpancreaticcancercoalition.org\/es\/news\/selbsthilfegruppe-pankreaskarzinom-grupo-de-apoyo-al-cancer-de-pancreas\/' title='Selbsthilfegruppe Pankreaskarzinom (Grupo de apoyo al c\u00c3\u00a1ncer de p\u00c3\u00a1ncreas)'>Selbsthilfegruppe Pankreaskarzinom (Grupo de apoyo al c\u00c3\u00a1ncer de p\u00c3\u00a1ncreas)<\/a><\/h3><span class=\"blog-categories minor-meta\"><a href=\"https:\/\/www.worldpancreaticcancercoalition.org\/category\/members\/\" rel=\"tag\">Members<\/a>, <a href=\"https:\/\/www.worldpancreaticcancercoalition.org\/fr\/category\/membres\/\" rel=\"tag\">Membres<\/a>, <a href=\"https:\/\/www.worldpancreaticcancercoalition.org\/it\/category\/membri\/\" rel=\"tag\">Membri<\/a>, <a href=\"https:\/\/www.worldpancreaticcancercoalition.org\/es\/category\/miembros\/\" rel=\"tag\">Miembros<\/a>, <a href=\"https:\/\/www.worldpancreaticcancercoalition.org\/category\/news\/\" rel=\"tag\">News<\/a>  <\/span><span class=\"av-vertical-delimiter\"><\/span><\/header><div class='slide-entry-excerpt entry-content'  itemprop=\"text\" >\n\nEl primer grupo austriaco de defensa del paciente dedicado exclusivamente al c\u00e0\u00a1ncer de p\u00e0\u00a1ncreas, Selbsthilfegruppe Pankreaskarzinom, fue fundado en 2016 por Michaela Hartenstein. Dos a\u00e0\u00b1os despu\u00e9s de la muerte de su madre -se le diagnostic\u00e0\u00b3\u2026<div class=\"read-more-link\"><a href=\"https:\/\/www.worldpancreaticcancercoalition.org\/es\/news\/selbsthilfegruppe-pankreaskarzinom-grupo-de-apoyo-al-cancer-de-pancreas\/\" class=\"more-link\">Leer m\u00e1s<span class='more-link-arrow avia-svg-icon avia-font-svg_entypo-fontello' data-av_svg_icon='right-open-big' data-av_iconset='svg_entypo-fontello'><svg version=\"1.1\" xmlns=\"http:\/\/www.w3.org\/2000\/svg\" width=\"15\" height=\"32\" viewBox=\"0 0 15 32\" preserveAspectRatio=\"xMidYMid meet\" role=\"graphics-symbol\" aria-hidden=\"true\">\n<path d=\"M0.416 27.84l11.456-11.84-11.456-11.904q-0.832-0.832 0-1.536 0.832-0.832 1.536 0l12.544 12.608q0.768 0.832 0 1.6l-12.544 12.608q-0.704 0.832-1.536 0-0.832-0.704 0-1.536z\"><\/path>\n<\/svg><\/span><\/a><\/div><\/div><\/div><footer class=\"entry-footer\"><div class=\"slide-meta\"><time class='slide-meta-time updated'  itemprop=\"datePublished\" datetime=\"2017-09-11T16:48:06+00:00\" >11 de septiembre de 2017<\/time><\/div><\/footer><span class='hidden'>\n\t\t\t\t<span class='av-structured-data'  itemprop=\"image\" itemscope=\"itemscope\" itemtype=\"https:\/\/schema.org\/ImageObject\" >\n\t\t\t\t\t\t<span itemprop='url'>https:\/\/www.worldpancreaticcancercoalition.org\/wp-content\/uploads\/Austria-Michaela-Hartenstein.jpg<\/span>\n\t\t\t\t\t\t<span itemprop='height'>897<\/span>\n\t\t\t\t\t\t<span itemprop='width'>1346<\/span>\n\t\t\t\t<\/span>\n\t\t\t\t<span class='av-structured-data'  itemprop=\"publisher\" itemtype=\"https:\/\/schema.org\/Organization\" itemscope=\"itemscope\" >\n\t\t\t\t\t\t<span itemprop='name'>Axel Garcia<\/span>\n\t\t\t\t\t\t<span itemprop='logo' itemscope itemtype='https:\/\/schema.org\/ImageObject'>\n\t\t\t\t\t\t\t<span itemprop='url'>https:\/\/www.worldpancreaticcancercoalition.org\/wp-content\/uploads\/WPCC-Logo-H.png<\/span>\n\t\t\t\t\t\t<\/span>\n\t\t\t\t<\/span><span class='av-structured-data'  itemprop=\"author\" itemscope=\"itemscope\" itemtype=\"https:\/\/schema.org\/Person\" ><span itemprop='name'>Axel Garcia<\/span><\/span><span class='av-structured-data'  itemprop=\"datePublished\" datetime=\"2022-09-21T21:12:31+00:00\" >2017-09-11 16:48:06<\/span><span class='av-structured-data'  itemprop=\"dateModified\" itemtype=\"https:\/\/schema.org\/dateModified\" >2022-10-28 14:39:56<\/span><span class='av-structured-data'  itemprop=\"mainEntityOfPage\" itemtype=\"https:\/\/schema.org\/mainEntityOfPage\" ><span itemprop='name'>Selbsthilfegruppe Pankreaskarzinom (Grupo de apoyo al c\u00c3\u00a1ncer de p\u00c3\u00a1ncreas)<\/span><\/span><\/span><\/article><\/div><div class=\"slide-entry-wrap\"><article class='slide-entry flex_column  post-entry post-entry-7058 slide-entry-overview slide-loop-49 slide-parity-odd  av_one_fourth first real-thumbnail posttype-post post-format-standard'  itemscope=\"itemscope\" itemtype=\"https:\/\/schema.org\/CreativeWork\" ><a href='https:\/\/www.worldpancreaticcancercoalition.org\/es\/news\/la-causa-de-craig-sociedad-de-cancer-de-pancreas\/' data-rel='slide-1' class='slide-image' title='La causa de Craig Sociedad de C\u00c3\u00a1ncer de P\u00c3\u00a1ncreas'><img decoding=\"async\" fetchpriority=\"high\" width=\"260\" height=\"130\" src=\"https:\/\/www.worldpancreaticcancercoalition.org\/wp-content\/uploads\/craig-cause.png\" class=\"wp-image-4111 avia-img-lazy-loading-not-4111 attachment-portfolio_small size-portfolio_small wp-post-image\" alt=\"\" srcset=\"https:\/\/www.worldpancreaticcancercoalition.org\/wp-content\/uploads\/craig-cause.png 600w, https:\/\/www.worldpancreaticcancercoalition.org\/wp-content\/uploads\/craig-cause-300x150.png 300w\" sizes=\"(max-width: 260px) 100vw, 260px\" \/><\/a><div class=\"slide-content\"><header class=\"entry-content-header\" aria-label=\"Slide: La causa de Craig Sociedad de C\u00c3\u00a1ncer de P\u00c3\u00a1ncreas\"><h3 class='slide-entry-title entry-title '  itemprop=\"headline\" ><a href='https:\/\/www.worldpancreaticcancercoalition.org\/es\/news\/la-causa-de-craig-sociedad-de-cancer-de-pancreas\/' title='La causa de Craig Sociedad de C\u00c3\u00a1ncer de P\u00c3\u00a1ncreas'>La causa de Craig Sociedad de C\u00c3\u00a1ncer de P\u00c3\u00a1ncreas<\/a><\/h3><span class=\"blog-categories minor-meta\"><a href=\"https:\/\/www.worldpancreaticcancercoalition.org\/category\/members\/\" rel=\"tag\">Members<\/a>, <a href=\"https:\/\/www.worldpancreaticcancercoalition.org\/fr\/category\/membres\/\" rel=\"tag\">Membres<\/a>, <a href=\"https:\/\/www.worldpancreaticcancercoalition.org\/it\/category\/membri\/\" rel=\"tag\">Membri<\/a>, <a href=\"https:\/\/www.worldpancreaticcancercoalition.org\/es\/category\/miembros\/\" rel=\"tag\">Miembros<\/a>, <a href=\"https:\/\/www.worldpancreaticcancercoalition.org\/category\/news\/\" rel=\"tag\">News<\/a>  <\/span><span class=\"av-vertical-delimiter\"><\/span><\/header><div class='slide-entry-excerpt entry-content'  itemprop=\"text\" >\n&nbsp;\n\n&nbsp;\n\n&nbsp;\n\n&nbsp;\n\n&nbsp;\n\n&nbsp;\n\n&nbsp;\n\nDesde su creaci\u00e0\u00b3n, esta organizaci\u00e0\u00b3n de base ha crecido hasta convertirse en una sociedad ben\u00e9fica nacional reconocida por sus campa\u00e0\u00b1as nacionales de educaci\u00e0\u00b3n y concienciaci\u00e0\u00b3n\u2026<div class=\"read-more-link\"><a href=\"https:\/\/www.worldpancreaticcancercoalition.org\/es\/news\/la-causa-de-craig-sociedad-de-cancer-de-pancreas\/\" class=\"more-link\">Leer m\u00e1s<span class='more-link-arrow avia-svg-icon avia-font-svg_entypo-fontello' data-av_svg_icon='right-open-big' data-av_iconset='svg_entypo-fontello'><svg version=\"1.1\" xmlns=\"http:\/\/www.w3.org\/2000\/svg\" width=\"15\" height=\"32\" viewBox=\"0 0 15 32\" preserveAspectRatio=\"xMidYMid meet\" role=\"graphics-symbol\" aria-hidden=\"true\">\n<path d=\"M0.416 27.84l11.456-11.84-11.456-11.904q-0.832-0.832 0-1.536 0.832-0.832 1.536 0l12.544 12.608q0.768 0.832 0 1.6l-12.544 12.608q-0.704 0.832-1.536 0-0.832-0.704 0-1.536z\"><\/path>\n<\/svg><\/span><\/a><\/div><\/div><\/div><footer class=\"entry-footer\"><div class=\"slide-meta\"><time class='slide-meta-time updated'  itemprop=\"datePublished\" datetime=\"2017-07-25T20:40:51+00:00\" >25 de julio de 2017<\/time><\/div><\/footer><span class='hidden'>\n\t\t\t\t<span class='av-structured-data'  itemprop=\"image\" itemscope=\"itemscope\" itemtype=\"https:\/\/schema.org\/ImageObject\" >\n\t\t\t\t\t\t<span itemprop='url'>https:\/\/www.worldpancreaticcancercoalition.org\/wp-content\/uploads\/craig-cause.png<\/span>\n\t\t\t\t\t\t<span itemprop='height'>300<\/span>\n\t\t\t\t\t\t<span itemprop='width'>600<\/span>\n\t\t\t\t<\/span>\n\t\t\t\t<span class='av-structured-data'  itemprop=\"publisher\" itemtype=\"https:\/\/schema.org\/Organization\" itemscope=\"itemscope\" >\n\t\t\t\t\t\t<span itemprop='name'>Axel Garcia<\/span>\n\t\t\t\t\t\t<span itemprop='logo' itemscope itemtype='https:\/\/schema.org\/ImageObject'>\n\t\t\t\t\t\t\t<span itemprop='url'>https:\/\/www.worldpancreaticcancercoalition.org\/wp-content\/uploads\/WPCC-Logo-H.png<\/span>\n\t\t\t\t\t\t<\/span>\n\t\t\t\t<\/span><span class='av-structured-data'  itemprop=\"author\" itemscope=\"itemscope\" itemtype=\"https:\/\/schema.org\/Person\" ><span itemprop='name'>Axel Garcia<\/span><\/span><span class='av-structured-data'  itemprop=\"datePublished\" datetime=\"2022-09-21T21:12:31+00:00\" >2017-07-25 20:40:51<\/span><span class='av-structured-data'  itemprop=\"dateModified\" itemtype=\"https:\/\/schema.org\/dateModified\" >2022-10-28 14:39:57<\/span><span class='av-structured-data'  itemprop=\"mainEntityOfPage\" itemtype=\"https:\/\/schema.org\/mainEntityOfPage\" ><span itemprop='name'>La causa de Craig Sociedad de C\u00c3\u00a1ncer de P\u00c3\u00a1ncreas<\/span><\/span><\/span><\/article><article class='slide-entry flex_column  post-entry post-entry-6890 slide-entry-overview slide-loop-50 slide-parity-even  av_one_fourth  real-thumbnail posttype-post post-format-standard'  itemscope=\"itemscope\" itemtype=\"https:\/\/schema.org\/CreativeWork\" ><a href='https:\/\/www.worldpancreaticcancercoalition.org\/es\/news\/perfil-de-los-miembros-teb-e-v-selbsthilfe-alemania\/' data-rel='slide-1' class='slide-image' title='Perfil de los miembros: TEB e.V. Selbsthilfe (Alemania)'><img decoding=\"async\" fetchpriority=\"high\" width=\"260\" height=\"167\" src=\"https:\/\/www.worldpancreaticcancercoalition.org\/wp-content\/uploads\/TEB-Germany_Group-meetings1.jpg\" class=\"wp-image-4102 avia-img-lazy-loading-not-4102 attachment-portfolio_small size-portfolio_small wp-post-image\" alt=\"\" srcset=\"https:\/\/www.worldpancreaticcancercoalition.org\/wp-content\/uploads\/TEB-Germany_Group-meetings1.jpg 1055w, https:\/\/www.worldpancreaticcancercoalition.org\/wp-content\/uploads\/TEB-Germany_Group-meetings1-300x193.jpg 300w, https:\/\/www.worldpancreaticcancercoalition.org\/wp-content\/uploads\/TEB-Germany_Group-meetings1-1024x657.jpg 1024w, https:\/\/www.worldpancreaticcancercoalition.org\/wp-content\/uploads\/TEB-Germany_Group-meetings1-640x411.jpg 640w\" sizes=\"(max-width: 260px) 100vw, 260px\" \/><\/a><div class=\"slide-content\"><header class=\"entry-content-header\" aria-label=\"Slide: Perfil de los miembros: TEB e.V. Selbsthilfe (Alemania)\"><h3 class='slide-entry-title entry-title '  itemprop=\"headline\" ><a href='https:\/\/www.worldpancreaticcancercoalition.org\/es\/news\/perfil-de-los-miembros-teb-e-v-selbsthilfe-alemania\/' title='Perfil de los miembros: TEB e.V. Selbsthilfe (Alemania)'>Perfil de los miembros: TEB e.V. Selbsthilfe (Alemania)<\/a><\/h3><span class=\"blog-categories minor-meta\"><a href=\"https:\/\/www.worldpancreaticcancercoalition.org\/category\/members\/\" rel=\"tag\">Members<\/a>, <a href=\"https:\/\/www.worldpancreaticcancercoalition.org\/fr\/category\/membres\/\" rel=\"tag\">Membres<\/a>, <a href=\"https:\/\/www.worldpancreaticcancercoalition.org\/it\/category\/membri\/\" rel=\"tag\">Membri<\/a>, <a href=\"https:\/\/www.worldpancreaticcancercoalition.org\/es\/category\/miembros\/\" rel=\"tag\">Miembros<\/a>, <a href=\"https:\/\/www.worldpancreaticcancercoalition.org\/category\/news\/\" rel=\"tag\">News<\/a>  <\/span><span class=\"av-vertical-delimiter\"><\/span><\/header><div class='slide-entry-excerpt entry-content'  itemprop=\"text\" >\n\nTEB e.V. Selbsthilfe was founded by Katharina Stang in 2006 with the aim of providing support to people with pancreatic diseases and their loved ones, as well as education, advice and assistance for their condition. The German acronym \u201cTEB\u201d\u2026<div class=\"read-more-link\"><a href=\"https:\/\/www.worldpancreaticcancercoalition.org\/es\/news\/perfil-de-los-miembros-teb-e-v-selbsthilfe-alemania\/\" class=\"more-link\">Leer m\u00e1s<span class='more-link-arrow avia-svg-icon avia-font-svg_entypo-fontello' data-av_svg_icon='right-open-big' data-av_iconset='svg_entypo-fontello'><svg version=\"1.1\" xmlns=\"http:\/\/www.w3.org\/2000\/svg\" width=\"15\" height=\"32\" viewBox=\"0 0 15 32\" preserveAspectRatio=\"xMidYMid meet\" role=\"graphics-symbol\" aria-hidden=\"true\">\n<path d=\"M0.416 27.84l11.456-11.84-11.456-11.904q-0.832-0.832 0-1.536 0.832-0.832 1.536 0l12.544 12.608q0.768 0.832 0 1.6l-12.544 12.608q-0.704 0.832-1.536 0-0.832-0.704 0-1.536z\"><\/path>\n<\/svg><\/span><\/a><\/div><\/div><\/div><footer class=\"entry-footer\"><div class=\"slide-meta\"><time class='slide-meta-time updated'  itemprop=\"datePublished\" datetime=\"2017-07-10T17:58:26+00:00\" >10 de julio de 2017<\/time><\/div><\/footer><span class='hidden'>\n\t\t\t\t<span class='av-structured-data'  itemprop=\"image\" itemscope=\"itemscope\" itemtype=\"https:\/\/schema.org\/ImageObject\" >\n\t\t\t\t\t\t<span itemprop='url'>https:\/\/www.worldpancreaticcancercoalition.org\/wp-content\/uploads\/TEB-Germany_Group-meetings1.jpg<\/span>\n\t\t\t\t\t\t<span itemprop='height'>677<\/span>\n\t\t\t\t\t\t<span itemprop='width'>1055<\/span>\n\t\t\t\t<\/span>\n\t\t\t\t<span class='av-structured-data'  itemprop=\"publisher\" itemtype=\"https:\/\/schema.org\/Organization\" itemscope=\"itemscope\" >\n\t\t\t\t\t\t<span itemprop='name'>Axel Garcia<\/span>\n\t\t\t\t\t\t<span itemprop='logo' itemscope itemtype='https:\/\/schema.org\/ImageObject'>\n\t\t\t\t\t\t\t<span itemprop='url'>https:\/\/www.worldpancreaticcancercoalition.org\/wp-content\/uploads\/WPCC-Logo-H.png<\/span>\n\t\t\t\t\t\t<\/span>\n\t\t\t\t<\/span><span class='av-structured-data'  itemprop=\"author\" itemscope=\"itemscope\" itemtype=\"https:\/\/schema.org\/Person\" ><span itemprop='name'>Axel Garcia<\/span><\/span><span class='av-structured-data'  itemprop=\"datePublished\" datetime=\"2022-09-21T21:12:31+00:00\" >2017-07-10 17:58:26<\/span><span class='av-structured-data'  itemprop=\"dateModified\" itemtype=\"https:\/\/schema.org\/dateModified\" >2022-10-28 14:39:59<\/span><span class='av-structured-data'  itemprop=\"mainEntityOfPage\" itemtype=\"https:\/\/schema.org\/mainEntityOfPage\" ><span itemprop='name'>Perfil de los miembros: TEB e.V. Selbsthilfe (Alemania)<\/span><\/span><\/span><\/article><article class='slide-entry flex_column  post-entry post-entry-7046 slide-entry-overview slide-loop-51 slide-parity-odd  av_one_fourth  real-thumbnail posttype-post post-format-standard'  itemscope=\"itemscope\" itemtype=\"https:\/\/schema.org\/CreativeWork\" ><a href='https:\/\/www.worldpancreaticcancercoalition.org\/es\/news\/la-reunion-mundial-genera-progreso-unidad-e-inspiracion\/' data-rel='slide-1' class='slide-image' title='La reuni\u00c3\u00b3n mundial genera progreso, unidad e inspiraci\u00c3\u00b3n'><img decoding=\"async\" fetchpriority=\"high\" width=\"260\" height=\"162\" src=\"https:\/\/www.worldpancreaticcancercoalition.org\/wp-content\/uploads\/wpcc-meeting-2017-group-500x313.jpg\" class=\"wp-image-4090 avia-img-lazy-loading-not-4090 attachment-portfolio_small size-portfolio_small wp-post-image\" alt=\"\" srcset=\"https:\/\/www.worldpancreaticcancercoalition.org\/wp-content\/uploads\/wpcc-meeting-2017-group-500x313.jpg 500w, https:\/\/www.worldpancreaticcancercoalition.org\/wp-content\/uploads\/wpcc-meeting-2017-group-500x313-300x187.jpg 300w\" sizes=\"(max-width: 260px) 100vw, 260px\" \/><\/a><div class=\"slide-content\"><header class=\"entry-content-header\" aria-label=\"Slide: La reuni\u00c3\u00b3n mundial genera progreso, unidad e inspiraci\u00c3\u00b3n\"><h3 class='slide-entry-title entry-title '  itemprop=\"headline\" ><a href='https:\/\/www.worldpancreaticcancercoalition.org\/es\/news\/la-reunion-mundial-genera-progreso-unidad-e-inspiracion\/' title='La reuni\u00c3\u00b3n mundial genera progreso, unidad e inspiraci\u00c3\u00b3n'>La reuni\u00c3\u00b3n mundial genera progreso, unidad e inspiraci\u00c3\u00b3n<\/a><\/h3><span class=\"blog-categories minor-meta\"><a href=\"https:\/\/www.worldpancreaticcancercoalition.org\/category\/members\/\" rel=\"tag\">Members<\/a>, <a href=\"https:\/\/www.worldpancreaticcancercoalition.org\/fr\/category\/membres\/\" rel=\"tag\">Membres<\/a>, <a href=\"https:\/\/www.worldpancreaticcancercoalition.org\/it\/category\/membri\/\" rel=\"tag\">Membri<\/a>, <a href=\"https:\/\/www.worldpancreaticcancercoalition.org\/es\/category\/miembros\/\" rel=\"tag\">Miembros<\/a>, <a href=\"https:\/\/www.worldpancreaticcancercoalition.org\/category\/news\/\" rel=\"tag\">News<\/a>  <\/span><span class=\"av-vertical-delimiter\"><\/span><\/header><div class='slide-entry-excerpt entry-content'  itemprop=\"text\" >Montreal, Canad\u00e0\u00a1, dio la bienvenida a m\u00e0\u00a1s de 80 asistentes de m\u00e0\u00a1s de 20 pa\u00e0\u00adses a la segunda reuni\u00e0\u00b3n anual de la Coalici\u00e0\u00b3n Mundial del C\u00e0\u00a1ncer de P\u00e0\u00a1ncreas (WPCC) del 2 al 5 de mayo de 2017.\n\n\"La energ\u00e0\u00ada, el impulso y\u2026<div class=\"read-more-link\"><a href=\"https:\/\/www.worldpancreaticcancercoalition.org\/es\/news\/la-reunion-mundial-genera-progreso-unidad-e-inspiracion\/\" class=\"more-link\">Leer m\u00e1s<span class='more-link-arrow avia-svg-icon avia-font-svg_entypo-fontello' data-av_svg_icon='right-open-big' data-av_iconset='svg_entypo-fontello'><svg version=\"1.1\" xmlns=\"http:\/\/www.w3.org\/2000\/svg\" width=\"15\" height=\"32\" viewBox=\"0 0 15 32\" preserveAspectRatio=\"xMidYMid meet\" role=\"graphics-symbol\" aria-hidden=\"true\">\n<path d=\"M0.416 27.84l11.456-11.84-11.456-11.904q-0.832-0.832 0-1.536 0.832-0.832 1.536 0l12.544 12.608q0.768 0.832 0 1.6l-12.544 12.608q-0.704 0.832-1.536 0-0.832-0.704 0-1.536z\"><\/path>\n<\/svg><\/span><\/a><\/div><\/div><\/div><footer class=\"entry-footer\"><div class=\"slide-meta\"><time class='slide-meta-time updated'  itemprop=\"datePublished\" datetime=\"2017-05-22T17:24:14+00:00\" >22 de mayo de 2017<\/time><\/div><\/footer><span class='hidden'>\n\t\t\t\t<span class='av-structured-data'  itemprop=\"image\" itemscope=\"itemscope\" itemtype=\"https:\/\/schema.org\/ImageObject\" >\n\t\t\t\t\t\t<span itemprop='url'>https:\/\/www.worldpancreaticcancercoalition.org\/wp-content\/uploads\/wpcc-meeting-2017-group-500x313.jpg<\/span>\n\t\t\t\t\t\t<span itemprop='height'>312<\/span>\n\t\t\t\t\t\t<span itemprop='width'>500<\/span>\n\t\t\t\t<\/span>\n\t\t\t\t<span class='av-structured-data'  itemprop=\"publisher\" itemtype=\"https:\/\/schema.org\/Organization\" itemscope=\"itemscope\" >\n\t\t\t\t\t\t<span itemprop='name'>Mia Cole<\/span>\n\t\t\t\t\t\t<span itemprop='logo' itemscope itemtype='https:\/\/schema.org\/ImageObject'>\n\t\t\t\t\t\t\t<span itemprop='url'>https:\/\/www.worldpancreaticcancercoalition.org\/wp-content\/uploads\/WPCC-Logo-H.png<\/span>\n\t\t\t\t\t\t<\/span>\n\t\t\t\t<\/span><span class='av-structured-data'  itemprop=\"author\" itemscope=\"itemscope\" itemtype=\"https:\/\/schema.org\/Person\" ><span itemprop='name'>Mia Cole<\/span><\/span><span class='av-structured-data'  itemprop=\"datePublished\" datetime=\"2022-09-21T21:12:31+00:00\" >2017-05-22 17:24:14<\/span><span class='av-structured-data'  itemprop=\"dateModified\" itemtype=\"https:\/\/schema.org\/dateModified\" >2022-10-28 14:40:02<\/span><span class='av-structured-data'  itemprop=\"mainEntityOfPage\" itemtype=\"https:\/\/schema.org\/mainEntityOfPage\" ><span itemprop='name'>La reuni\u00c3\u00b3n mundial genera progreso, unidad e inspiraci\u00c3\u00b3n<\/span><\/span><\/span><\/article><article class='slide-entry flex_column  post-entry post-entry-6837 slide-entry-overview slide-loop-52 slide-parity-even  av_one_fourth  real-thumbnail posttype-post post-format-standard'  itemscope=\"itemscope\" itemtype=\"https:\/\/schema.org\/CreativeWork\" ><a href='https:\/\/www.worldpancreaticcancercoalition.org\/es\/news\/perfil-de-los-miembros-cancer-de-pancreas-escocia\/' data-rel='slide-1' class='slide-image' title='Perfil de los miembros: C\u00c3\u00a1ncer de P\u00c3\u00a1ncreas Escocia'><img decoding=\"async\" fetchpriority=\"high\" width=\"260\" height=\"173\" src=\"https:\/\/www.worldpancreaticcancercoalition.org\/wp-content\/uploads\/scotland-group.png\" class=\"wp-image-4063 avia-img-lazy-loading-not-4063 attachment-portfolio_small size-portfolio_small wp-post-image\" alt=\"\" srcset=\"https:\/\/www.worldpancreaticcancercoalition.org\/wp-content\/uploads\/scotland-group.png 600w, https:\/\/www.worldpancreaticcancercoalition.org\/wp-content\/uploads\/scotland-group-300x200.png 300w\" sizes=\"(max-width: 260px) 100vw, 260px\" \/><\/a><div class=\"slide-content\"><header class=\"entry-content-header\" aria-label=\"Slide: Perfil de los miembros: C\u00c3\u00a1ncer de P\u00c3\u00a1ncreas Escocia\"><h3 class='slide-entry-title entry-title '  itemprop=\"headline\" ><a href='https:\/\/www.worldpancreaticcancercoalition.org\/es\/news\/perfil-de-los-miembros-cancer-de-pancreas-escocia\/' title='Perfil de los miembros: C\u00c3\u00a1ncer de P\u00c3\u00a1ncreas Escocia'>Perfil de los miembros: C\u00c3\u00a1ncer de P\u00c3\u00a1ncreas Escocia<\/a><\/h3><span class=\"blog-categories minor-meta\"><a href=\"https:\/\/www.worldpancreaticcancercoalition.org\/category\/members\/\" rel=\"tag\">Members<\/a>, <a href=\"https:\/\/www.worldpancreaticcancercoalition.org\/fr\/category\/membres\/\" rel=\"tag\">Membres<\/a>, <a href=\"https:\/\/www.worldpancreaticcancercoalition.org\/it\/category\/membri\/\" rel=\"tag\">Membri<\/a>, <a href=\"https:\/\/www.worldpancreaticcancercoalition.org\/es\/category\/miembros\/\" rel=\"tag\">Miembros<\/a>, <a href=\"https:\/\/www.worldpancreaticcancercoalition.org\/category\/news\/\" rel=\"tag\">News<\/a>  <\/span><span class=\"av-vertical-delimiter\"><\/span><\/header><div class='slide-entry-excerpt entry-content'  itemprop=\"text\" >\n\nPancreatic Cancer Scotland fue creada en 2010 por un grupo de pacientes, cuidadores, enfermeras y m\u00e9dicos de Escocia para compartir la esperanza, el conocimiento y la acci\u00e0\u00b3n en la batalla contra el c\u00e0\u00a1ncer de p\u00e0\u00a1ncreas.\n\nEl equipo\u2026<div class=\"read-more-link\"><a href=\"https:\/\/www.worldpancreaticcancercoalition.org\/es\/news\/perfil-de-los-miembros-cancer-de-pancreas-escocia\/\" class=\"more-link\">Leer m\u00e1s<span class='more-link-arrow avia-svg-icon avia-font-svg_entypo-fontello' data-av_svg_icon='right-open-big' data-av_iconset='svg_entypo-fontello'><svg version=\"1.1\" xmlns=\"http:\/\/www.w3.org\/2000\/svg\" width=\"15\" height=\"32\" viewBox=\"0 0 15 32\" preserveAspectRatio=\"xMidYMid meet\" role=\"graphics-symbol\" aria-hidden=\"true\">\n<path d=\"M0.416 27.84l11.456-11.84-11.456-11.904q-0.832-0.832 0-1.536 0.832-0.832 1.536 0l12.544 12.608q0.768 0.832 0 1.6l-12.544 12.608q-0.704 0.832-1.536 0-0.832-0.704 0-1.536z\"><\/path>\n<\/svg><\/span><\/a><\/div><\/div><\/div><footer class=\"entry-footer\"><div class=\"slide-meta\"><time class='slide-meta-time updated'  itemprop=\"datePublished\" datetime=\"2017-05-22T16:12:45+00:00\" >22 de mayo de 2017<\/time><\/div><\/footer><span class='hidden'>\n\t\t\t\t<span class='av-structured-data'  itemprop=\"image\" itemscope=\"itemscope\" itemtype=\"https:\/\/schema.org\/ImageObject\" >\n\t\t\t\t\t\t<span itemprop='url'>https:\/\/www.worldpancreaticcancercoalition.org\/wp-content\/uploads\/scotland-group.png<\/span>\n\t\t\t\t\t\t<span itemprop='height'>400<\/span>\n\t\t\t\t\t\t<span itemprop='width'>600<\/span>\n\t\t\t\t<\/span>\n\t\t\t\t<span class='av-structured-data'  itemprop=\"publisher\" itemtype=\"https:\/\/schema.org\/Organization\" itemscope=\"itemscope\" >\n\t\t\t\t\t\t<span itemprop='name'>Axel Garcia<\/span>\n\t\t\t\t\t\t<span itemprop='logo' itemscope itemtype='https:\/\/schema.org\/ImageObject'>\n\t\t\t\t\t\t\t<span itemprop='url'>https:\/\/www.worldpancreaticcancercoalition.org\/wp-content\/uploads\/WPCC-Logo-H.png<\/span>\n\t\t\t\t\t\t<\/span>\n\t\t\t\t<\/span><span class='av-structured-data'  itemprop=\"author\" itemscope=\"itemscope\" itemtype=\"https:\/\/schema.org\/Person\" ><span itemprop='name'>Axel Garcia<\/span><\/span><span class='av-structured-data'  itemprop=\"datePublished\" datetime=\"2022-09-21T21:12:31+00:00\" >2017-05-22 16:12:45<\/span><span class='av-structured-data'  itemprop=\"dateModified\" itemtype=\"https:\/\/schema.org\/dateModified\" >2022-10-28 14:40:07<\/span><span class='av-structured-data'  itemprop=\"mainEntityOfPage\" itemtype=\"https:\/\/schema.org\/mainEntityOfPage\" ><span itemprop='name'>Perfil de los miembros: C\u00c3\u00a1ncer de P\u00c3\u00a1ncreas Escocia<\/span><\/span><\/span><\/article><\/div><div class=\"slide-entry-wrap\"><article class='slide-entry flex_column  post-entry post-entry-6840 slide-entry-overview slide-loop-53 slide-parity-odd  av_one_fourth first real-thumbnail posttype-post post-format-standard'  itemscope=\"itemscope\" itemtype=\"https:\/\/schema.org\/CreativeWork\" ><a href='https:\/\/www.worldpancreaticcancercoalition.org\/es\/news\/bienvenida-a-canada-montreal-acoge-nuestra-segunda-reunion-anual-del-2-al-5-de-mayo\/' data-rel='slide-1' class='slide-image' title='Bienvenida a Canad\u00c3\u00a1: Montreal acoge nuestra segunda reuni\u00c3\u00b3n anual del 2 al 5 de mayo'><img decoding=\"async\" fetchpriority=\"high\" width=\"260\" height=\"163\" src=\"https:\/\/www.worldpancreaticcancercoalition.org\/wp-content\/uploads\/WPCC-Meeting-2016-500x313.jpg\" class=\"wp-image-4051 avia-img-lazy-loading-not-4051 attachment-portfolio_small size-portfolio_small wp-post-image\" alt=\"\" srcset=\"https:\/\/www.worldpancreaticcancercoalition.org\/wp-content\/uploads\/WPCC-Meeting-2016-500x313.jpg 500w, https:\/\/www.worldpancreaticcancercoalition.org\/wp-content\/uploads\/WPCC-Meeting-2016-500x313-300x188.jpg 300w\" sizes=\"(max-width: 260px) 100vw, 260px\" \/><\/a><div class=\"slide-content\"><header class=\"entry-content-header\" aria-label=\"Slide: Bienvenida a Canad\u00c3\u00a1: Montreal acoge nuestra segunda reuni\u00c3\u00b3n anual del 2 al 5 de mayo\"><h3 class='slide-entry-title entry-title '  itemprop=\"headline\" ><a href='https:\/\/www.worldpancreaticcancercoalition.org\/es\/news\/bienvenida-a-canada-montreal-acoge-nuestra-segunda-reunion-anual-del-2-al-5-de-mayo\/' title='Bienvenida a Canad\u00c3\u00a1: Montreal acoge nuestra segunda reuni\u00c3\u00b3n anual del 2 al 5 de mayo'>Bienvenida a Canad\u00c3\u00a1: Montreal acoge nuestra segunda reuni\u00c3\u00b3n anual del 2 al 5 de mayo<\/a><\/h3><span class=\"blog-categories minor-meta\"><a href=\"https:\/\/www.worldpancreaticcancercoalition.org\/category\/members\/\" rel=\"tag\">Members<\/a>, <a href=\"https:\/\/www.worldpancreaticcancercoalition.org\/fr\/category\/membres\/\" rel=\"tag\">Membres<\/a>, <a href=\"https:\/\/www.worldpancreaticcancercoalition.org\/it\/category\/membri\/\" rel=\"tag\">Membri<\/a>, <a href=\"https:\/\/www.worldpancreaticcancercoalition.org\/es\/category\/miembros\/\" rel=\"tag\">Miembros<\/a>, <a href=\"https:\/\/www.worldpancreaticcancercoalition.org\/category\/news\/\" rel=\"tag\">News<\/a>  <\/span><span class=\"av-vertical-delimiter\"><\/span><\/header><div class='slide-entry-excerpt entry-content'  itemprop=\"text\" >Se espera que m\u00e0\u00a1s de 40 organizaciones miembros del c\u00e0\u00a1ncer de p\u00e0\u00a1ncreas que representan a 20 pa\u00e0\u00adses de nuestra alianza mundial asistan a la segunda reuni\u00e0\u00b3n anual de la Coalici\u00e0\u00b3n Mundial contra el C\u00e0\u00a1ncer de P\u00e0\u00a1ncreas (WPCC),\u2026<div class=\"read-more-link\"><a href=\"https:\/\/www.worldpancreaticcancercoalition.org\/es\/news\/bienvenida-a-canada-montreal-acoge-nuestra-segunda-reunion-anual-del-2-al-5-de-mayo\/\" class=\"more-link\">Leer m\u00e1s<span class='more-link-arrow avia-svg-icon avia-font-svg_entypo-fontello' data-av_svg_icon='right-open-big' data-av_iconset='svg_entypo-fontello'><svg version=\"1.1\" xmlns=\"http:\/\/www.w3.org\/2000\/svg\" width=\"15\" height=\"32\" viewBox=\"0 0 15 32\" preserveAspectRatio=\"xMidYMid meet\" role=\"graphics-symbol\" aria-hidden=\"true\">\n<path d=\"M0.416 27.84l11.456-11.84-11.456-11.904q-0.832-0.832 0-1.536 0.832-0.832 1.536 0l12.544 12.608q0.768 0.832 0 1.6l-12.544 12.608q-0.704 0.832-1.536 0-0.832-0.704 0-1.536z\"><\/path>\n<\/svg><\/span><\/a><\/div><\/div><\/div><footer class=\"entry-footer\"><div class=\"slide-meta\"><time class='slide-meta-time updated'  itemprop=\"datePublished\" datetime=\"2017-04-28T17:50:24+00:00\" >28 de abril de 2017<\/time><\/div><\/footer><span class='hidden'>\n\t\t\t\t<span class='av-structured-data'  itemprop=\"image\" itemscope=\"itemscope\" itemtype=\"https:\/\/schema.org\/ImageObject\" >\n\t\t\t\t\t\t<span itemprop='url'>https:\/\/www.worldpancreaticcancercoalition.org\/wp-content\/uploads\/WPCC-Meeting-2016-500x313.jpg<\/span>\n\t\t\t\t\t\t<span itemprop='height'>313<\/span>\n\t\t\t\t\t\t<span itemprop='width'>500<\/span>\n\t\t\t\t<\/span>\n\t\t\t\t<span class='av-structured-data'  itemprop=\"publisher\" itemtype=\"https:\/\/schema.org\/Organization\" itemscope=\"itemscope\" >\n\t\t\t\t\t\t<span itemprop='name'>Mia Cole<\/span>\n\t\t\t\t\t\t<span itemprop='logo' itemscope itemtype='https:\/\/schema.org\/ImageObject'>\n\t\t\t\t\t\t\t<span itemprop='url'>https:\/\/www.worldpancreaticcancercoalition.org\/wp-content\/uploads\/WPCC-Logo-H.png<\/span>\n\t\t\t\t\t\t<\/span>\n\t\t\t\t<\/span><span class='av-structured-data'  itemprop=\"author\" itemscope=\"itemscope\" itemtype=\"https:\/\/schema.org\/Person\" ><span itemprop='name'>Mia Cole<\/span><\/span><span class='av-structured-data'  itemprop=\"datePublished\" datetime=\"2022-09-21T21:12:31+00:00\" >2017-04-28 17:50:24<\/span><span class='av-structured-data'  itemprop=\"dateModified\" itemtype=\"https:\/\/schema.org\/dateModified\" >2022-10-28 14:40:09<\/span><span class='av-structured-data'  itemprop=\"mainEntityOfPage\" itemtype=\"https:\/\/schema.org\/mainEntityOfPage\" ><span itemprop='name'>Bienvenida a Canad\u00c3\u00a1: Montreal acoge nuestra segunda reuni\u00c3\u00b3n anual del 2 al 5 de mayo<\/span><\/span><\/span><\/article><article class='slide-entry flex_column  post-entry post-entry-6876 slide-entry-overview slide-loop-54 slide-parity-even  av_one_fourth  real-thumbnail posttype-post post-format-standard'  itemscope=\"itemscope\" itemtype=\"https:\/\/schema.org\/CreativeWork\" ><a href='https:\/\/www.worldpancreaticcancercoalition.org\/es\/news\/ganemos\/' data-rel='slide-1' class='slide-image' title='\u00c2\u00a1GANEMOS!'><img decoding=\"async\" fetchpriority=\"high\" width=\"232\" height=\"185\" src=\"https:\/\/www.worldpancreaticcancercoalition.org\/wp-content\/uploads\/Let_s-Win-Logo-with-URL.png\" class=\"wp-image-4042 avia-img-lazy-loading-not-4042 attachment-portfolio_small size-portfolio_small wp-post-image\" alt=\"\" srcset=\"https:\/\/www.worldpancreaticcancercoalition.org\/wp-content\/uploads\/Let_s-Win-Logo-with-URL.png 1067w, https:\/\/www.worldpancreaticcancercoalition.org\/wp-content\/uploads\/Let_s-Win-Logo-with-URL-300x239.png 300w, https:\/\/www.worldpancreaticcancercoalition.org\/wp-content\/uploads\/Let_s-Win-Logo-with-URL-1024x816.png 1024w, https:\/\/www.worldpancreaticcancercoalition.org\/wp-content\/uploads\/Let_s-Win-Logo-with-URL-640x510.png 640w\" sizes=\"(max-width: 232px) 100vw, 232px\" \/><\/a><div class=\"slide-content\"><header class=\"entry-content-header\" aria-label=\"Slide: \u00c2\u00a1GANEMOS!\"><h3 class='slide-entry-title entry-title '  itemprop=\"headline\" ><a href='https:\/\/www.worldpancreaticcancercoalition.org\/es\/news\/ganemos\/' title='\u00c2\u00a1GANEMOS!'>\u00c2\u00a1GANEMOS!<\/a><\/h3><span class=\"blog-categories minor-meta\"><a href=\"https:\/\/www.worldpancreaticcancercoalition.org\/category\/members\/\" rel=\"tag\">Members<\/a>, <a href=\"https:\/\/www.worldpancreaticcancercoalition.org\/fr\/category\/membres\/\" rel=\"tag\">Membres<\/a>, <a href=\"https:\/\/www.worldpancreaticcancercoalition.org\/it\/category\/membri\/\" rel=\"tag\">Membri<\/a>, <a href=\"https:\/\/www.worldpancreaticcancercoalition.org\/es\/category\/miembros\/\" rel=\"tag\">Miembros<\/a>, <a href=\"https:\/\/www.worldpancreaticcancercoalition.org\/category\/news\/\" rel=\"tag\">News<\/a>  <\/span><span class=\"av-vertical-delimiter\"><\/span><\/header><div class='slide-entry-excerpt entry-content'  itemprop=\"text\" >Reconociendo que hay una necesidad urgente de que los pacientes con c\u00e0\u00a1ncer de p\u00e0\u00a1ncreas se comuniquen entre s\u00e0\u00ad y con la comunidad m\u00e9dica sobre los tratamientos y ensayos cl\u00e0\u00adnicos no est\u00e0\u00a1ndar que pueden cambiar la vida, Let's Win\u2026<div class=\"read-more-link\"><a href=\"https:\/\/www.worldpancreaticcancercoalition.org\/es\/news\/ganemos\/\" class=\"more-link\">Leer m\u00e1s<span class='more-link-arrow avia-svg-icon avia-font-svg_entypo-fontello' data-av_svg_icon='right-open-big' data-av_iconset='svg_entypo-fontello'><svg version=\"1.1\" xmlns=\"http:\/\/www.w3.org\/2000\/svg\" width=\"15\" height=\"32\" viewBox=\"0 0 15 32\" preserveAspectRatio=\"xMidYMid meet\" role=\"graphics-symbol\" aria-hidden=\"true\">\n<path d=\"M0.416 27.84l11.456-11.84-11.456-11.904q-0.832-0.832 0-1.536 0.832-0.832 1.536 0l12.544 12.608q0.768 0.832 0 1.6l-12.544 12.608q-0.704 0.832-1.536 0-0.832-0.704 0-1.536z\"><\/path>\n<\/svg><\/span><\/a><\/div><\/div><\/div><footer class=\"entry-footer\"><div class=\"slide-meta\"><time class='slide-meta-time updated'  itemprop=\"datePublished\" datetime=\"2017-03-29T19:02:15+00:00\" >29 de marzo de 2017<\/time><\/div><\/footer><span class='hidden'>\n\t\t\t\t<span class='av-structured-data'  itemprop=\"image\" itemscope=\"itemscope\" itemtype=\"https:\/\/schema.org\/ImageObject\" >\n\t\t\t\t\t\t<span itemprop='url'>https:\/\/www.worldpancreaticcancercoalition.org\/wp-content\/uploads\/Let_s-Win-Logo-with-URL.png<\/span>\n\t\t\t\t\t\t<span itemprop='height'>850<\/span>\n\t\t\t\t\t\t<span itemprop='width'>1067<\/span>\n\t\t\t\t<\/span>\n\t\t\t\t<span class='av-structured-data'  itemprop=\"publisher\" itemtype=\"https:\/\/schema.org\/Organization\" itemscope=\"itemscope\" >\n\t\t\t\t\t\t<span itemprop='name'>Axel Garcia<\/span>\n\t\t\t\t\t\t<span itemprop='logo' itemscope itemtype='https:\/\/schema.org\/ImageObject'>\n\t\t\t\t\t\t\t<span itemprop='url'>https:\/\/www.worldpancreaticcancercoalition.org\/wp-content\/uploads\/WPCC-Logo-H.png<\/span>\n\t\t\t\t\t\t<\/span>\n\t\t\t\t<\/span><span class='av-structured-data'  itemprop=\"author\" itemscope=\"itemscope\" itemtype=\"https:\/\/schema.org\/Person\" ><span itemprop='name'>Axel Garcia<\/span><\/span><span class='av-structured-data'  itemprop=\"datePublished\" datetime=\"2022-09-21T21:12:31+00:00\" >2017-03-29 19:02:15<\/span><span class='av-structured-data'  itemprop=\"dateModified\" itemtype=\"https:\/\/schema.org\/dateModified\" >2022-10-28 14:40:12<\/span><span class='av-structured-data'  itemprop=\"mainEntityOfPage\" itemtype=\"https:\/\/schema.org\/mainEntityOfPage\" ><span itemprop='name'>\u00c2\u00a1GANEMOS!<\/span><\/span><\/span><\/article><article class='slide-entry flex_column  post-entry post-entry-6839 slide-entry-overview slide-loop-55 slide-parity-odd  av_one_fourth  real-thumbnail posttype-post post-format-standard'  itemscope=\"itemscope\" itemtype=\"https:\/\/schema.org\/CreativeWork\" ><a href='https:\/\/www.worldpancreaticcancercoalition.org\/es\/news\/miembro-destacado-la-fundacion-nacional-del-pancreas\/' data-rel='slide-1' class='slide-image' title='Miembro destacado: La Fundaci\u00c3\u00b3n Nacional del P\u00c3\u00a1ncreas'><img decoding=\"async\" fetchpriority=\"high\" width=\"190\" height=\"185\" src=\"https:\/\/www.worldpancreaticcancercoalition.org\/wp-content\/uploads\/National-Pancreas-Foundation.png\" class=\"wp-image-4039 avia-img-lazy-loading-not-4039 attachment-portfolio_small size-portfolio_small wp-post-image\" alt=\"\" srcset=\"https:\/\/www.worldpancreaticcancercoalition.org\/wp-content\/uploads\/National-Pancreas-Foundation.png 624w, https:\/\/www.worldpancreaticcancercoalition.org\/wp-content\/uploads\/National-Pancreas-Foundation-300x293.png 300w\" sizes=\"(max-width: 190px) 100vw, 190px\" \/><\/a><div class=\"slide-content\"><header class=\"entry-content-header\" aria-label=\"Slide: Miembro destacado: La Fundaci\u00c3\u00b3n Nacional del P\u00c3\u00a1ncreas\"><h3 class='slide-entry-title entry-title '  itemprop=\"headline\" ><a href='https:\/\/www.worldpancreaticcancercoalition.org\/es\/news\/miembro-destacado-la-fundacion-nacional-del-pancreas\/' title='Miembro destacado: La Fundaci\u00c3\u00b3n Nacional del P\u00c3\u00a1ncreas'>Miembro destacado: La Fundaci\u00c3\u00b3n Nacional del P\u00c3\u00a1ncreas<\/a><\/h3><span class=\"blog-categories minor-meta\"><a href=\"https:\/\/www.worldpancreaticcancercoalition.org\/category\/members\/\" rel=\"tag\">Members<\/a>, <a href=\"https:\/\/www.worldpancreaticcancercoalition.org\/fr\/category\/membres\/\" rel=\"tag\">Membres<\/a>, <a href=\"https:\/\/www.worldpancreaticcancercoalition.org\/it\/category\/membri\/\" rel=\"tag\">Membri<\/a>, <a href=\"https:\/\/www.worldpancreaticcancercoalition.org\/es\/category\/miembros\/\" rel=\"tag\">Miembros<\/a>, <a href=\"https:\/\/www.worldpancreaticcancercoalition.org\/category\/news\/\" rel=\"tag\">News<\/a>  <\/span><span class=\"av-vertical-delimiter\"><\/span><\/header><div class='slide-entry-excerpt entry-content'  itemprop=\"text\" >\n\nLa Fundaci\u00e0\u00b3n Nacional del P\u00e0\u00a1ncreas (NPF) celebra su 20\u00c2\u00ba aniversario, ya que fue creada en 1997. La NPF fue cofundada por Jane Holt, una paciente de pancreatitis, y Patter Birsic, que perdi\u00e0\u00b3 a su cu\u00e0\u00b1ada por un c\u00e0\u00a1ncer de p\u00e0\u00a1ncreas.\u2026<div class=\"read-more-link\"><a href=\"https:\/\/www.worldpancreaticcancercoalition.org\/es\/news\/miembro-destacado-la-fundacion-nacional-del-pancreas\/\" class=\"more-link\">Leer m\u00e1s<span class='more-link-arrow avia-svg-icon avia-font-svg_entypo-fontello' data-av_svg_icon='right-open-big' data-av_iconset='svg_entypo-fontello'><svg version=\"1.1\" xmlns=\"http:\/\/www.w3.org\/2000\/svg\" width=\"15\" height=\"32\" viewBox=\"0 0 15 32\" preserveAspectRatio=\"xMidYMid meet\" role=\"graphics-symbol\" aria-hidden=\"true\">\n<path d=\"M0.416 27.84l11.456-11.84-11.456-11.904q-0.832-0.832 0-1.536 0.832-0.832 1.536 0l12.544 12.608q0.768 0.832 0 1.6l-12.544 12.608q-0.704 0.832-1.536 0-0.832-0.704 0-1.536z\"><\/path>\n<\/svg><\/span><\/a><\/div><\/div><\/div><footer class=\"entry-footer\"><div class=\"slide-meta\"><time class='slide-meta-time updated'  itemprop=\"datePublished\" datetime=\"2017-03-07T00:22:49+00:00\" >7 de marzo de 2017<\/time><\/div><\/footer><span class='hidden'>\n\t\t\t\t<span class='av-structured-data'  itemprop=\"image\" itemscope=\"itemscope\" itemtype=\"https:\/\/schema.org\/ImageObject\" >\n\t\t\t\t\t\t<span itemprop='url'>https:\/\/www.worldpancreaticcancercoalition.org\/wp-content\/uploads\/National-Pancreas-Foundation.png<\/span>\n\t\t\t\t\t\t<span itemprop='height'>609<\/span>\n\t\t\t\t\t\t<span itemprop='width'>624<\/span>\n\t\t\t\t<\/span>\n\t\t\t\t<span class='av-structured-data'  itemprop=\"publisher\" itemtype=\"https:\/\/schema.org\/Organization\" itemscope=\"itemscope\" >\n\t\t\t\t\t\t<span itemprop='name'>Axel Garcia<\/span>\n\t\t\t\t\t\t<span itemprop='logo' itemscope itemtype='https:\/\/schema.org\/ImageObject'>\n\t\t\t\t\t\t\t<span itemprop='url'>https:\/\/www.worldpancreaticcancercoalition.org\/wp-content\/uploads\/WPCC-Logo-H.png<\/span>\n\t\t\t\t\t\t<\/span>\n\t\t\t\t<\/span><span class='av-structured-data'  itemprop=\"author\" itemscope=\"itemscope\" itemtype=\"https:\/\/schema.org\/Person\" ><span itemprop='name'>Axel Garcia<\/span><\/span><span class='av-structured-data'  itemprop=\"datePublished\" datetime=\"2022-09-21T21:12:31+00:00\" >2017-03-07 00:22:49<\/span><span class='av-structured-data'  itemprop=\"dateModified\" itemtype=\"https:\/\/schema.org\/dateModified\" >2022-10-28 14:40:13<\/span><span class='av-structured-data'  itemprop=\"mainEntityOfPage\" itemtype=\"https:\/\/schema.org\/mainEntityOfPage\" ><span itemprop='name'>Miembro destacado: La Fundaci\u00c3\u00b3n Nacional del P\u00c3\u00a1ncreas<\/span><\/span><\/span><\/article><article class='slide-entry flex_column  post-entry post-entry-6857 slide-entry-overview slide-loop-56 slide-parity-even  av_one_fourth  real-thumbnail posttype-post post-format-standard'  itemscope=\"itemscope\" itemtype=\"https:\/\/schema.org\/CreativeWork\" ><a href='https:\/\/www.worldpancreaticcancercoalition.org\/es\/news\/en-honor-a-la-vida-de-anne-glauber-cofundadora-del-miembro-de-la-coalicion-ganemos\/' data-rel='slide-1' class='slide-image' title='En honor a la vida de Anne Glauber, cofundadora del miembro de la Coalici\u00c3\u00b3n \u00c2\u00a1Ganemos!'><img decoding=\"async\" fetchpriority=\"high\" width=\"260\" height=\"163\" src=\"https:\/\/www.worldpancreaticcancercoalition.org\/wp-content\/uploads\/anne-glauber-500x313.jpg\" class=\"wp-image-4033 avia-img-lazy-loading-not-4033 attachment-portfolio_small size-portfolio_small wp-post-image\" alt=\"\" srcset=\"https:\/\/www.worldpancreaticcancercoalition.org\/wp-content\/uploads\/anne-glauber-500x313.jpg 500w, https:\/\/www.worldpancreaticcancercoalition.org\/wp-content\/uploads\/anne-glauber-500x313-300x188.jpg 300w\" sizes=\"(max-width: 260px) 100vw, 260px\" \/><\/a><div class=\"slide-content\"><header class=\"entry-content-header\" aria-label=\"Slide: En honor a la vida de Anne Glauber, cofundadora del miembro de la Coalici\u00c3\u00b3n \u00c2\u00a1Ganemos!\"><h3 class='slide-entry-title entry-title '  itemprop=\"headline\" ><a href='https:\/\/www.worldpancreaticcancercoalition.org\/es\/news\/en-honor-a-la-vida-de-anne-glauber-cofundadora-del-miembro-de-la-coalicion-ganemos\/' title='En honor a la vida de Anne Glauber, cofundadora del miembro de la Coalici\u00c3\u00b3n \u00c2\u00a1Ganemos!'>En honor a la vida de Anne Glauber, cofundadora del miembro de la Coalici\u00c3\u00b3n \u00c2\u00a1Ganemos!<\/a><\/h3><span class=\"blog-categories minor-meta\"><a href=\"https:\/\/www.worldpancreaticcancercoalition.org\/category\/members\/\" rel=\"tag\">Members<\/a>, <a href=\"https:\/\/www.worldpancreaticcancercoalition.org\/fr\/category\/membres\/\" rel=\"tag\">Membres<\/a>, <a href=\"https:\/\/www.worldpancreaticcancercoalition.org\/it\/category\/membri\/\" rel=\"tag\">Membri<\/a>, <a href=\"https:\/\/www.worldpancreaticcancercoalition.org\/es\/category\/miembros\/\" rel=\"tag\">Miembros<\/a>, <a href=\"https:\/\/www.worldpancreaticcancercoalition.org\/category\/news\/\" rel=\"tag\">News<\/a>  <\/span><span class=\"av-vertical-delimiter\"><\/span><\/header><div class='slide-entry-excerpt entry-content'  itemprop=\"text\" >Con mucho pesar comparto que Anne Glauber, la cofundadora de nuestra compa\u00e0\u00b1era de la Coalici\u00e0\u00b3n Mundial contra el C\u00e0\u00a1ncer de P\u00e0\u00a1ncreas, \u00c2\u00a1Ganemos!, falleci\u00e0\u00b3 ayer despu\u00e9s de una batalla de tres a\u00e0\u00b1os contra el c\u00e0\u00a1ncer de p\u00e0\u00a1ncreas.\u2026<div class=\"read-more-link\"><a href=\"https:\/\/www.worldpancreaticcancercoalition.org\/es\/news\/en-honor-a-la-vida-de-anne-glauber-cofundadora-del-miembro-de-la-coalicion-ganemos\/\" class=\"more-link\">Leer m\u00e1s<span class='more-link-arrow avia-svg-icon avia-font-svg_entypo-fontello' data-av_svg_icon='right-open-big' data-av_iconset='svg_entypo-fontello'><svg version=\"1.1\" xmlns=\"http:\/\/www.w3.org\/2000\/svg\" width=\"15\" height=\"32\" viewBox=\"0 0 15 32\" preserveAspectRatio=\"xMidYMid meet\" role=\"graphics-symbol\" aria-hidden=\"true\">\n<path d=\"M0.416 27.84l11.456-11.84-11.456-11.904q-0.832-0.832 0-1.536 0.832-0.832 1.536 0l12.544 12.608q0.768 0.832 0 1.6l-12.544 12.608q-0.704 0.832-1.536 0-0.832-0.704 0-1.536z\"><\/path>\n<\/svg><\/span><\/a><\/div><\/div><\/div><footer class=\"entry-footer\"><div class=\"slide-meta\"><time class='slide-meta-time updated'  itemprop=\"datePublished\" datetime=\"2017-03-01T18:15:18+00:00\" >1 de marzo de 2017<\/time><\/div><\/footer><span class='hidden'>\n\t\t\t\t<span class='av-structured-data'  itemprop=\"image\" itemscope=\"itemscope\" itemtype=\"https:\/\/schema.org\/ImageObject\" >\n\t\t\t\t\t\t<span itemprop='url'>https:\/\/www.worldpancreaticcancercoalition.org\/wp-content\/uploads\/anne-glauber-500x313.jpg<\/span>\n\t\t\t\t\t\t<span itemprop='height'>313<\/span>\n\t\t\t\t\t\t<span itemprop='width'>500<\/span>\n\t\t\t\t<\/span>\n\t\t\t\t<span class='av-structured-data'  itemprop=\"publisher\" itemtype=\"https:\/\/schema.org\/Organization\" itemscope=\"itemscope\" >\n\t\t\t\t\t\t<span itemprop='name'>Mia Cole<\/span>\n\t\t\t\t\t\t<span itemprop='logo' itemscope itemtype='https:\/\/schema.org\/ImageObject'>\n\t\t\t\t\t\t\t<span itemprop='url'>https:\/\/www.worldpancreaticcancercoalition.org\/wp-content\/uploads\/WPCC-Logo-H.png<\/span>\n\t\t\t\t\t\t<\/span>\n\t\t\t\t<\/span><span class='av-structured-data'  itemprop=\"author\" itemscope=\"itemscope\" itemtype=\"https:\/\/schema.org\/Person\" ><span itemprop='name'>Mia Cole<\/span><\/span><span class='av-structured-data'  itemprop=\"datePublished\" datetime=\"2022-09-21T21:12:31+00:00\" >2017-03-01 18:15:18<\/span><span class='av-structured-data'  itemprop=\"dateModified\" itemtype=\"https:\/\/schema.org\/dateModified\" >2022-10-28 14:40:14<\/span><span class='av-structured-data'  itemprop=\"mainEntityOfPage\" itemtype=\"https:\/\/schema.org\/mainEntityOfPage\" ><span itemprop='name'>En honor a la vida de Anne Glauber, cofundadora del miembro de la Coalici\u00c3\u00b3n \u00c2\u00a1Ganemos!<\/span><\/span><\/span><\/article><\/div><div class=\"slide-entry-wrap\"><article class='slide-entry flex_column  post-entry post-entry-6832 slide-entry-overview slide-loop-57 slide-parity-odd  av_one_fourth first real-thumbnail posttype-post post-format-standard'  itemscope=\"itemscope\" itemtype=\"https:\/\/schema.org\/CreativeWork\" ><a href='https:\/\/www.worldpancreaticcancercoalition.org\/es\/news\/miembro-destacado-cancer-de-pancreas-espana\/' data-rel='slide-1' class='slide-image' title='Miembro destacado: C\u00c3\u00a1ncer de P\u00c3\u00a1ncreas Espa\u00c3\u00b1a'><img decoding=\"async\" fetchpriority=\"high\" width=\"260\" height=\"173\" src=\"https:\/\/www.worldpancreaticcancercoalition.org\/wp-content\/uploads\/voluntarios-1-cancer-gepac.jpg\" class=\"wp-image-4024 avia-img-lazy-loading-not-4024 attachment-portfolio_small size-portfolio_small wp-post-image\" alt=\"\" srcset=\"https:\/\/www.worldpancreaticcancercoalition.org\/wp-content\/uploads\/voluntarios-1-cancer-gepac.jpg 1920w, https:\/\/www.worldpancreaticcancercoalition.org\/wp-content\/uploads\/voluntarios-1-cancer-gepac-300x200.jpg 300w, https:\/\/www.worldpancreaticcancercoalition.org\/wp-content\/uploads\/voluntarios-1-cancer-gepac-1024x683.jpg 1024w, https:\/\/www.worldpancreaticcancercoalition.org\/wp-content\/uploads\/voluntarios-1-cancer-gepac-640x427.jpg 640w, https:\/\/www.worldpancreaticcancercoalition.org\/wp-content\/uploads\/voluntarios-1-cancer-gepac-1200x800.jpg 1200w\" sizes=\"(max-width: 260px) 100vw, 260px\" \/><\/a><div class=\"slide-content\"><header class=\"entry-content-header\" aria-label=\"Slide: Miembro destacado: C\u00c3\u00a1ncer de P\u00c3\u00a1ncreas Espa\u00c3\u00b1a\"><h3 class='slide-entry-title entry-title '  itemprop=\"headline\" ><a href='https:\/\/www.worldpancreaticcancercoalition.org\/es\/news\/miembro-destacado-cancer-de-pancreas-espana\/' title='Miembro destacado: C\u00c3\u00a1ncer de P\u00c3\u00a1ncreas Espa\u00c3\u00b1a'>Miembro destacado: C\u00c3\u00a1ncer de P\u00c3\u00a1ncreas Espa\u00c3\u00b1a<\/a><\/h3><span class=\"blog-categories minor-meta\"><a href=\"https:\/\/www.worldpancreaticcancercoalition.org\/category\/members\/\" rel=\"tag\">Members<\/a>, <a href=\"https:\/\/www.worldpancreaticcancercoalition.org\/fr\/category\/membres\/\" rel=\"tag\">Membres<\/a>, <a href=\"https:\/\/www.worldpancreaticcancercoalition.org\/it\/category\/membri\/\" rel=\"tag\">Membri<\/a>, <a href=\"https:\/\/www.worldpancreaticcancercoalition.org\/es\/category\/miembros\/\" rel=\"tag\">Miembros<\/a>, <a href=\"https:\/\/www.worldpancreaticcancercoalition.org\/category\/news\/\" rel=\"tag\">News<\/a>  <\/span><span class=\"av-vertical-delimiter\"><\/span><\/header><div class='slide-entry-excerpt entry-content'  itemprop=\"text\" >\n\nC\u00e0\u00a1ncer de P\u00e0\u00a1ncreas Espa\u00e0\u00b1a se fund\u00e0\u00b3 en 2014 como un cap\u00e0\u00adtulo de GEPAC, el Grupo Espa\u00e0\u00b1ol de Pacientes con C\u00e0\u00a1ncer. Su misi\u00e0\u00b3n es garantizar que los pacientes con c\u00e0\u00a1ncer de p\u00e0\u00a1ncreas tengan un acceso oportuno y asequible\u2026<div class=\"read-more-link\"><a href=\"https:\/\/www.worldpancreaticcancercoalition.org\/es\/news\/miembro-destacado-cancer-de-pancreas-espana\/\" class=\"more-link\">Leer m\u00e1s<span class='more-link-arrow avia-svg-icon avia-font-svg_entypo-fontello' data-av_svg_icon='right-open-big' data-av_iconset='svg_entypo-fontello'><svg version=\"1.1\" xmlns=\"http:\/\/www.w3.org\/2000\/svg\" width=\"15\" height=\"32\" viewBox=\"0 0 15 32\" preserveAspectRatio=\"xMidYMid meet\" role=\"graphics-symbol\" aria-hidden=\"true\">\n<path d=\"M0.416 27.84l11.456-11.84-11.456-11.904q-0.832-0.832 0-1.536 0.832-0.832 1.536 0l12.544 12.608q0.768 0.832 0 1.6l-12.544 12.608q-0.704 0.832-1.536 0-0.832-0.704 0-1.536z\"><\/path>\n<\/svg><\/span><\/a><\/div><\/div><\/div><footer class=\"entry-footer\"><div class=\"slide-meta\"><time class='slide-meta-time updated'  itemprop=\"datePublished\" datetime=\"2017-02-06T19:27:03+00:00\" >6 de febrero de 2017<\/time><\/div><\/footer><span class='hidden'>\n\t\t\t\t<span class='av-structured-data'  itemprop=\"image\" itemscope=\"itemscope\" itemtype=\"https:\/\/schema.org\/ImageObject\" >\n\t\t\t\t\t\t<span itemprop='url'>https:\/\/www.worldpancreaticcancercoalition.org\/wp-content\/uploads\/voluntarios-1-cancer-gepac.jpg<\/span>\n\t\t\t\t\t\t<span itemprop='height'>1280<\/span>\n\t\t\t\t\t\t<span itemprop='width'>1920<\/span>\n\t\t\t\t<\/span>\n\t\t\t\t<span class='av-structured-data'  itemprop=\"publisher\" itemtype=\"https:\/\/schema.org\/Organization\" itemscope=\"itemscope\" >\n\t\t\t\t\t\t<span itemprop='name'>Axel Garcia<\/span>\n\t\t\t\t\t\t<span itemprop='logo' itemscope itemtype='https:\/\/schema.org\/ImageObject'>\n\t\t\t\t\t\t\t<span itemprop='url'>https:\/\/www.worldpancreaticcancercoalition.org\/wp-content\/uploads\/WPCC-Logo-H.png<\/span>\n\t\t\t\t\t\t<\/span>\n\t\t\t\t<\/span><span class='av-structured-data'  itemprop=\"author\" itemscope=\"itemscope\" itemtype=\"https:\/\/schema.org\/Person\" ><span itemprop='name'>Axel Garcia<\/span><\/span><span class='av-structured-data'  itemprop=\"datePublished\" datetime=\"2022-09-21T21:12:31+00:00\" >2017-02-06 19:27:03<\/span><span class='av-structured-data'  itemprop=\"dateModified\" itemtype=\"https:\/\/schema.org\/dateModified\" >2022-10-28 14:40:16<\/span><span class='av-structured-data'  itemprop=\"mainEntityOfPage\" itemtype=\"https:\/\/schema.org\/mainEntityOfPage\" ><span itemprop='name'>Miembro destacado: C\u00c3\u00a1ncer de P\u00c3\u00a1ncreas Espa\u00c3\u00b1a<\/span><\/span><\/span><\/article><article class='slide-entry flex_column  post-entry post-entry-6792 slide-entry-overview slide-loop-58 slide-parity-even  av_one_fourth  real-thumbnail posttype-post post-format-standard'  itemscope=\"itemscope\" itemtype=\"https:\/\/schema.org\/CreativeWork\" ><a href='https:\/\/www.worldpancreaticcancercoalition.org\/es\/news\/miembro-destacado-operacion-henry-trust\/' data-rel='slide-1' class='slide-image' title='Miembro destacado: Operaci\u00c3\u00b3n Henry Trust'><img decoding=\"async\" fetchpriority=\"high\" width=\"260\" height=\"134\" src=\"https:\/\/www.worldpancreaticcancercoalition.org\/wp-content\/uploads\/Operation-Henry.jpg\" class=\"wp-image-4015 avia-img-lazy-loading-not-4015 attachment-portfolio_small size-portfolio_small wp-post-image\" alt=\"\" srcset=\"https:\/\/www.worldpancreaticcancercoalition.org\/wp-content\/uploads\/Operation-Henry.jpg 1275w, https:\/\/www.worldpancreaticcancercoalition.org\/wp-content\/uploads\/Operation-Henry-300x155.jpg 300w, https:\/\/www.worldpancreaticcancercoalition.org\/wp-content\/uploads\/Operation-Henry-1024x528.jpg 1024w, https:\/\/www.worldpancreaticcancercoalition.org\/wp-content\/uploads\/Operation-Henry-640x330.jpg 640w, https:\/\/www.worldpancreaticcancercoalition.org\/wp-content\/uploads\/Operation-Henry-1200x618.jpg 1200w\" sizes=\"(max-width: 260px) 100vw, 260px\" \/><\/a><div class=\"slide-content\"><header class=\"entry-content-header\" aria-label=\"Slide: Miembro destacado: Operaci\u00c3\u00b3n Henry Trust\"><h3 class='slide-entry-title entry-title '  itemprop=\"headline\" ><a href='https:\/\/www.worldpancreaticcancercoalition.org\/es\/news\/miembro-destacado-operacion-henry-trust\/' title='Miembro destacado: Operaci\u00c3\u00b3n Henry Trust'>Miembro destacado: Operaci\u00c3\u00b3n Henry Trust<\/a><\/h3><span class=\"blog-categories minor-meta\"><a href=\"https:\/\/www.worldpancreaticcancercoalition.org\/category\/members\/\" rel=\"tag\">Members<\/a>, <a href=\"https:\/\/www.worldpancreaticcancercoalition.org\/fr\/category\/membres\/\" rel=\"tag\">Membres<\/a>, <a href=\"https:\/\/www.worldpancreaticcancercoalition.org\/it\/category\/membri\/\" rel=\"tag\">Membri<\/a>, <a href=\"https:\/\/www.worldpancreaticcancercoalition.org\/es\/category\/miembros\/\" rel=\"tag\">Miembros<\/a>, <a href=\"https:\/\/www.worldpancreaticcancercoalition.org\/category\/news\/\" rel=\"tag\">News<\/a>  <\/span><span class=\"av-vertical-delimiter\"><\/span><\/header><div class='slide-entry-excerpt entry-content'  itemprop=\"text\" >\n\nLa Operation Henry Trust, con sede en Inglaterra, fue fundada en 2001 por David Snelling, que quer\u00e0\u00ada hacer algo para ayudar a los pacientes de c\u00e0\u00a1ncer de p\u00e0\u00a1ncreas despu\u00e9s de que le diagnosticaran a su padre. Tras completar el Camino\u2026<div class=\"read-more-link\"><a href=\"https:\/\/www.worldpancreaticcancercoalition.org\/es\/news\/miembro-destacado-operacion-henry-trust\/\" class=\"more-link\">Leer m\u00e1s<span class='more-link-arrow avia-svg-icon avia-font-svg_entypo-fontello' data-av_svg_icon='right-open-big' data-av_iconset='svg_entypo-fontello'><svg version=\"1.1\" xmlns=\"http:\/\/www.w3.org\/2000\/svg\" width=\"15\" height=\"32\" viewBox=\"0 0 15 32\" preserveAspectRatio=\"xMidYMid meet\" role=\"graphics-symbol\" aria-hidden=\"true\">\n<path d=\"M0.416 27.84l11.456-11.84-11.456-11.904q-0.832-0.832 0-1.536 0.832-0.832 1.536 0l12.544 12.608q0.768 0.832 0 1.6l-12.544 12.608q-0.704 0.832-1.536 0-0.832-0.704 0-1.536z\"><\/path>\n<\/svg><\/span><\/a><\/div><\/div><\/div><footer class=\"entry-footer\"><div class=\"slide-meta\"><time class='slide-meta-time updated'  itemprop=\"datePublished\" datetime=\"2016-12-06T18:49:26+00:00\" >6 de diciembre de 2016<\/time><\/div><\/footer><span class='hidden'>\n\t\t\t\t<span class='av-structured-data'  itemprop=\"image\" itemscope=\"itemscope\" itemtype=\"https:\/\/schema.org\/ImageObject\" >\n\t\t\t\t\t\t<span itemprop='url'>https:\/\/www.worldpancreaticcancercoalition.org\/wp-content\/uploads\/Operation-Henry.jpg<\/span>\n\t\t\t\t\t\t<span itemprop='height'>657<\/span>\n\t\t\t\t\t\t<span itemprop='width'>1275<\/span>\n\t\t\t\t<\/span>\n\t\t\t\t<span class='av-structured-data'  itemprop=\"publisher\" itemtype=\"https:\/\/schema.org\/Organization\" itemscope=\"itemscope\" >\n\t\t\t\t\t\t<span itemprop='name'>Axel Garcia<\/span>\n\t\t\t\t\t\t<span itemprop='logo' itemscope itemtype='https:\/\/schema.org\/ImageObject'>\n\t\t\t\t\t\t\t<span itemprop='url'>https:\/\/www.worldpancreaticcancercoalition.org\/wp-content\/uploads\/WPCC-Logo-H.png<\/span>\n\t\t\t\t\t\t<\/span>\n\t\t\t\t<\/span><span class='av-structured-data'  itemprop=\"author\" itemscope=\"itemscope\" itemtype=\"https:\/\/schema.org\/Person\" ><span itemprop='name'>Axel Garcia<\/span><\/span><span class='av-structured-data'  itemprop=\"datePublished\" datetime=\"2022-09-21T21:12:31+00:00\" >2016-12-06 18:49:26<\/span><span class='av-structured-data'  itemprop=\"dateModified\" itemtype=\"https:\/\/schema.org\/dateModified\" >2022-10-28 14:40:18<\/span><span class='av-structured-data'  itemprop=\"mainEntityOfPage\" itemtype=\"https:\/\/schema.org\/mainEntityOfPage\" ><span itemprop='name'>Miembro destacado: Operaci\u00c3\u00b3n Henry Trust<\/span><\/span><\/span><\/article><article class='slide-entry flex_column  post-entry post-entry-6829 slide-entry-overview slide-loop-59 slide-parity-odd  av_one_fourth  real-thumbnail posttype-post post-format-standard'  itemscope=\"itemscope\" itemtype=\"https:\/\/schema.org\/CreativeWork\" ><a href='https:\/\/www.worldpancreaticcancercoalition.org\/es\/news\/miembro-destacado-associazione-nastro-viola\/' data-rel='slide-1' class='slide-image' title='Miembro destacado: Associazione Nastro Viola'><img decoding=\"async\" fetchpriority=\"high\" width=\"260\" height=\"146\" src=\"https:\/\/www.worldpancreaticcancercoalition.org\/wp-content\/uploads\/Italy-group-1-1.jpg\" class=\"wp-image-3964 avia-img-lazy-loading-not-3964 attachment-portfolio_small size-portfolio_small wp-post-image\" alt=\"\" srcset=\"https:\/\/www.worldpancreaticcancercoalition.org\/wp-content\/uploads\/Italy-group-1-1.jpg 552w, https:\/\/www.worldpancreaticcancercoalition.org\/wp-content\/uploads\/Italy-group-1-1-300x168.jpg 300w\" sizes=\"(max-width: 260px) 100vw, 260px\" \/><\/a><div class=\"slide-content\"><header class=\"entry-content-header\" aria-label=\"Slide: Miembro destacado: Associazione Nastro Viola\"><h3 class='slide-entry-title entry-title '  itemprop=\"headline\" ><a href='https:\/\/www.worldpancreaticcancercoalition.org\/es\/news\/miembro-destacado-associazione-nastro-viola\/' title='Miembro destacado: Associazione Nastro Viola'>Miembro destacado: Associazione Nastro Viola<\/a><\/h3><span class=\"blog-categories minor-meta\"><a href=\"https:\/\/www.worldpancreaticcancercoalition.org\/category\/members\/\" rel=\"tag\">Members<\/a>, <a href=\"https:\/\/www.worldpancreaticcancercoalition.org\/fr\/category\/membres\/\" rel=\"tag\">Membres<\/a>, <a href=\"https:\/\/www.worldpancreaticcancercoalition.org\/it\/category\/membri\/\" rel=\"tag\">Membri<\/a>, <a href=\"https:\/\/www.worldpancreaticcancercoalition.org\/es\/category\/miembros\/\" rel=\"tag\">Miembros<\/a>, <a href=\"https:\/\/www.worldpancreaticcancercoalition.org\/category\/news\/\" rel=\"tag\">News<\/a>  <\/span><span class=\"av-vertical-delimiter\"><\/span><\/header><div class='slide-entry-excerpt entry-content'  itemprop=\"text\" >La Associazione Nastro Viola (\"Cinta P\u00e0\u00barpura\") fue fundada en febrero de 2015 por cinco personas que perdieron a miembros de su familia a causa del c\u00e0\u00a1ncer de p\u00e0\u00a1ncreas.\n\nNinguno de los miembros fundadores hab\u00e0\u00ada experimentado nunca\u2026<div class=\"read-more-link\"><a href=\"https:\/\/www.worldpancreaticcancercoalition.org\/es\/news\/miembro-destacado-associazione-nastro-viola\/\" class=\"more-link\">Leer m\u00e1s<span class='more-link-arrow avia-svg-icon avia-font-svg_entypo-fontello' data-av_svg_icon='right-open-big' data-av_iconset='svg_entypo-fontello'><svg version=\"1.1\" xmlns=\"http:\/\/www.w3.org\/2000\/svg\" width=\"15\" height=\"32\" viewBox=\"0 0 15 32\" preserveAspectRatio=\"xMidYMid meet\" role=\"graphics-symbol\" aria-hidden=\"true\">\n<path d=\"M0.416 27.84l11.456-11.84-11.456-11.904q-0.832-0.832 0-1.536 0.832-0.832 1.536 0l12.544 12.608q0.768 0.832 0 1.6l-12.544 12.608q-0.704 0.832-1.536 0-0.832-0.704 0-1.536z\"><\/path>\n<\/svg><\/span><\/a><\/div><\/div><\/div><footer class=\"entry-footer\"><div class=\"slide-meta\"><time class='slide-meta-time updated'  itemprop=\"datePublished\" datetime=\"2016-10-14T23:10:20+00:00\" >14 de octubre de 2016<\/time><\/div><\/footer><span class='hidden'>\n\t\t\t\t<span class='av-structured-data'  itemprop=\"image\" itemscope=\"itemscope\" itemtype=\"https:\/\/schema.org\/ImageObject\" >\n\t\t\t\t\t\t<span itemprop='url'>https:\/\/www.worldpancreaticcancercoalition.org\/wp-content\/uploads\/Italy-group-1-1.jpg<\/span>\n\t\t\t\t\t\t<span itemprop='height'>310<\/span>\n\t\t\t\t\t\t<span itemprop='width'>552<\/span>\n\t\t\t\t<\/span>\n\t\t\t\t<span class='av-structured-data'  itemprop=\"publisher\" itemtype=\"https:\/\/schema.org\/Organization\" itemscope=\"itemscope\" >\n\t\t\t\t\t\t<span itemprop='name'>Axel Garcia<\/span>\n\t\t\t\t\t\t<span itemprop='logo' itemscope itemtype='https:\/\/schema.org\/ImageObject'>\n\t\t\t\t\t\t\t<span itemprop='url'>https:\/\/www.worldpancreaticcancercoalition.org\/wp-content\/uploads\/WPCC-Logo-H.png<\/span>\n\t\t\t\t\t\t<\/span>\n\t\t\t\t<\/span><span class='av-structured-data'  itemprop=\"author\" itemscope=\"itemscope\" itemtype=\"https:\/\/schema.org\/Person\" ><span itemprop='name'>Axel Garcia<\/span><\/span><span class='av-structured-data'  itemprop=\"datePublished\" datetime=\"2022-09-21T21:12:31+00:00\" >2016-10-14 23:10:20<\/span><span class='av-structured-data'  itemprop=\"dateModified\" itemtype=\"https:\/\/schema.org\/dateModified\" >2022-10-28 14:40:19<\/span><span class='av-structured-data'  itemprop=\"mainEntityOfPage\" itemtype=\"https:\/\/schema.org\/mainEntityOfPage\" ><span itemprop='name'>Miembro destacado: Associazione Nastro Viola<\/span><\/span><\/span><\/article><article class='slide-entry flex_column  post-entry post-entry-6822 slide-entry-overview slide-loop-60 slide-parity-even  av_one_fourth  real-thumbnail posttype-post post-format-standard'  itemscope=\"itemscope\" itemtype=\"https:\/\/schema.org\/CreativeWork\" ><a href='https:\/\/www.worldpancreaticcancercoalition.org\/es\/news\/miembro-destacado-pancan-japon\/' data-rel='slide-1' class='slide-image' title='Miembro destacado: PanCAN Jap\u00c3\u00b3n'><img decoding=\"async\" fetchpriority=\"high\" width=\"260\" height=\"166\" src=\"https:\/\/www.worldpancreaticcancercoalition.org\/wp-content\/uploads\/wpcc-news-japan1.jpg\" class=\"wp-image-3946 avia-img-lazy-loading-not-3946 attachment-portfolio_small size-portfolio_small wp-post-image\" alt=\"\" srcset=\"https:\/\/www.worldpancreaticcancercoalition.org\/wp-content\/uploads\/wpcc-news-japan1.jpg 600w, https:\/\/www.worldpancreaticcancercoalition.org\/wp-content\/uploads\/wpcc-news-japan1-300x191.jpg 300w\" sizes=\"(max-width: 260px) 100vw, 260px\" \/><\/a><div class=\"slide-content\"><header class=\"entry-content-header\" aria-label=\"Slide: Miembro destacado: PanCAN Jap\u00c3\u00b3n\"><h3 class='slide-entry-title entry-title '  itemprop=\"headline\" ><a href='https:\/\/www.worldpancreaticcancercoalition.org\/es\/news\/miembro-destacado-pancan-japon\/' title='Miembro destacado: PanCAN Jap\u00c3\u00b3n'>Miembro destacado: PanCAN Jap\u00c3\u00b3n<\/a><\/h3><span class=\"blog-categories minor-meta\"><a href=\"https:\/\/www.worldpancreaticcancercoalition.org\/category\/members\/\" rel=\"tag\">Members<\/a>, <a href=\"https:\/\/www.worldpancreaticcancercoalition.org\/fr\/category\/membres\/\" rel=\"tag\">Membres<\/a>, <a href=\"https:\/\/www.worldpancreaticcancercoalition.org\/it\/category\/membri\/\" rel=\"tag\">Membri<\/a>, <a href=\"https:\/\/www.worldpancreaticcancercoalition.org\/es\/category\/miembros\/\" rel=\"tag\">Miembros<\/a>, <a href=\"https:\/\/www.worldpancreaticcancercoalition.org\/category\/news\/\" rel=\"tag\">News<\/a>  <\/span><span class=\"av-vertical-delimiter\"><\/span><\/header><div class='slide-entry-excerpt entry-content'  itemprop=\"text\" >PanCAN Jap\u00e0\u00b3n, dirigida por su presidente Yoshi Majima y con sede en Tokio, se form\u00e0\u00b3 en 2006 como una extensi\u00e0\u00b3n aut\u00e0\u00b3noma de la Red de Acci\u00e0\u00b3n contra el C\u00e0\u00a1ncer de P\u00e0\u00a1ncreas. Al igual que la Red de Acci\u00e0\u00b3n contra el C\u00e0\u00a1ncer\u2026<div class=\"read-more-link\"><a href=\"https:\/\/www.worldpancreaticcancercoalition.org\/es\/news\/miembro-destacado-pancan-japon\/\" class=\"more-link\">Leer m\u00e1s<span class='more-link-arrow avia-svg-icon avia-font-svg_entypo-fontello' data-av_svg_icon='right-open-big' data-av_iconset='svg_entypo-fontello'><svg version=\"1.1\" xmlns=\"http:\/\/www.w3.org\/2000\/svg\" width=\"15\" height=\"32\" viewBox=\"0 0 15 32\" preserveAspectRatio=\"xMidYMid meet\" role=\"graphics-symbol\" aria-hidden=\"true\">\n<path d=\"M0.416 27.84l11.456-11.84-11.456-11.904q-0.832-0.832 0-1.536 0.832-0.832 1.536 0l12.544 12.608q0.768 0.832 0 1.6l-12.544 12.608q-0.704 0.832-1.536 0-0.832-0.704 0-1.536z\"><\/path>\n<\/svg><\/span><\/a><\/div><\/div><\/div><footer class=\"entry-footer\"><div class=\"slide-meta\"><time class='slide-meta-time updated'  itemprop=\"datePublished\" datetime=\"2016-09-14T17:37:49+00:00\" >14 de septiembre de 2016<\/time><\/div><\/footer><span class='hidden'>\n\t\t\t\t<span class='av-structured-data'  itemprop=\"image\" itemscope=\"itemscope\" itemtype=\"https:\/\/schema.org\/ImageObject\" >\n\t\t\t\t\t\t<span itemprop='url'>https:\/\/www.worldpancreaticcancercoalition.org\/wp-content\/uploads\/wpcc-news-japan1.jpg<\/span>\n\t\t\t\t\t\t<span itemprop='height'>382<\/span>\n\t\t\t\t\t\t<span itemprop='width'>600<\/span>\n\t\t\t\t<\/span>\n\t\t\t\t<span class='av-structured-data'  itemprop=\"publisher\" itemtype=\"https:\/\/schema.org\/Organization\" itemscope=\"itemscope\" >\n\t\t\t\t\t\t<span itemprop='name'>Mia Cole<\/span>\n\t\t\t\t\t\t<span itemprop='logo' itemscope itemtype='https:\/\/schema.org\/ImageObject'>\n\t\t\t\t\t\t\t<span itemprop='url'>https:\/\/www.worldpancreaticcancercoalition.org\/wp-content\/uploads\/WPCC-Logo-H.png<\/span>\n\t\t\t\t\t\t<\/span>\n\t\t\t\t<\/span><span class='av-structured-data'  itemprop=\"author\" itemscope=\"itemscope\" itemtype=\"https:\/\/schema.org\/Person\" ><span itemprop='name'>Mia Cole<\/span><\/span><span class='av-structured-data'  itemprop=\"datePublished\" datetime=\"2022-09-21T21:12:31+00:00\" >2016-09-14 17:37:49<\/span><span class='av-structured-data'  itemprop=\"dateModified\" itemtype=\"https:\/\/schema.org\/dateModified\" >2022-10-28 14:40:21<\/span><span class='av-structured-data'  itemprop=\"mainEntityOfPage\" itemtype=\"https:\/\/schema.org\/mainEntityOfPage\" ><span itemprop='name'>Miembro destacado: PanCAN Jap\u00c3\u00b3n<\/span><\/span><\/span><\/article><\/div><div class=\"slide-entry-wrap\"><article class='slide-entry flex_column  post-entry post-entry-6813 slide-entry-overview slide-loop-61 slide-parity-odd  av_one_fourth first real-thumbnail posttype-post post-format-standard'  itemscope=\"itemscope\" itemtype=\"https:\/\/schema.org\/CreativeWork\" ><a href='https:\/\/www.worldpancreaticcancercoalition.org\/es\/news\/miembro-destacado-pancreasnetvaerket-i-danmark\/' data-rel='slide-1' class='slide-image' title='Miembro destacado: Pancreasnetvaerket i Danmark'><img decoding=\"async\" fetchpriority=\"high\" width=\"260\" height=\"152\" src=\"https:\/\/www.worldpancreaticcancercoalition.org\/wp-content\/uploads\/wpcc-news-denmark1.jpg\" class=\"wp-image-3937 avia-img-lazy-loading-not-3937 attachment-portfolio_small size-portfolio_small wp-post-image\" alt=\"\" srcset=\"https:\/\/www.worldpancreaticcancercoalition.org\/wp-content\/uploads\/wpcc-news-denmark1.jpg 770w, https:\/\/www.worldpancreaticcancercoalition.org\/wp-content\/uploads\/wpcc-news-denmark1-300x175.jpg 300w, https:\/\/www.worldpancreaticcancercoalition.org\/wp-content\/uploads\/wpcc-news-denmark1-640x374.jpg 640w\" sizes=\"(max-width: 260px) 100vw, 260px\" \/><\/a><div class=\"slide-content\"><header class=\"entry-content-header\" aria-label=\"Slide: Miembro destacado: Pancreasnetvaerket i Danmark\"><h3 class='slide-entry-title entry-title '  itemprop=\"headline\" ><a href='https:\/\/www.worldpancreaticcancercoalition.org\/es\/news\/miembro-destacado-pancreasnetvaerket-i-danmark\/' title='Miembro destacado: Pancreasnetvaerket i Danmark'>Miembro destacado: Pancreasnetvaerket i Danmark<\/a><\/h3><span class=\"blog-categories minor-meta\"><a href=\"https:\/\/www.worldpancreaticcancercoalition.org\/category\/members\/\" rel=\"tag\">Members<\/a>, <a href=\"https:\/\/www.worldpancreaticcancercoalition.org\/fr\/category\/membres\/\" rel=\"tag\">Membres<\/a>, <a href=\"https:\/\/www.worldpancreaticcancercoalition.org\/it\/category\/membri\/\" rel=\"tag\">Membri<\/a>, <a href=\"https:\/\/www.worldpancreaticcancercoalition.org\/es\/category\/miembros\/\" rel=\"tag\">Miembros<\/a>, <a href=\"https:\/\/www.worldpancreaticcancercoalition.org\/category\/news\/\" rel=\"tag\">News<\/a>  <\/span><span class=\"av-vertical-delimiter\"><\/span><\/header><div class='slide-entry-excerpt entry-content'  itemprop=\"text\" >La organizaci\u00e0\u00b3n danesa de pacientes de c\u00e0\u00a1ncer de p\u00e0\u00a1ncreas Pancreasnetvaerket i Danmark naci\u00e0\u00b3 en la primavera de 2015, por iniciativa de los se\u00e0\u00b1ores Niels-Erik y Gunna Olsen. Cuando Olsen fue diagnosticado de c\u00e0\u00a1ncer de p\u00e0\u00a1ncreas\u2026<div class=\"read-more-link\"><a href=\"https:\/\/www.worldpancreaticcancercoalition.org\/es\/news\/miembro-destacado-pancreasnetvaerket-i-danmark\/\" class=\"more-link\">Leer m\u00e1s<span class='more-link-arrow avia-svg-icon avia-font-svg_entypo-fontello' data-av_svg_icon='right-open-big' data-av_iconset='svg_entypo-fontello'><svg version=\"1.1\" xmlns=\"http:\/\/www.w3.org\/2000\/svg\" width=\"15\" height=\"32\" viewBox=\"0 0 15 32\" preserveAspectRatio=\"xMidYMid meet\" role=\"graphics-symbol\" aria-hidden=\"true\">\n<path d=\"M0.416 27.84l11.456-11.84-11.456-11.904q-0.832-0.832 0-1.536 0.832-0.832 1.536 0l12.544 12.608q0.768 0.832 0 1.6l-12.544 12.608q-0.704 0.832-1.536 0-0.832-0.704 0-1.536z\"><\/path>\n<\/svg><\/span><\/a><\/div><\/div><\/div><footer class=\"entry-footer\"><div class=\"slide-meta\"><time class='slide-meta-time updated'  itemprop=\"datePublished\" datetime=\"2016-08-24T22:06:02+00:00\" >24 de agosto de 2016<\/time><\/div><\/footer><span class='hidden'>\n\t\t\t\t<span class='av-structured-data'  itemprop=\"image\" itemscope=\"itemscope\" itemtype=\"https:\/\/schema.org\/ImageObject\" >\n\t\t\t\t\t\t<span itemprop='url'>https:\/\/www.worldpancreaticcancercoalition.org\/wp-content\/uploads\/wpcc-news-denmark1.jpg<\/span>\n\t\t\t\t\t\t<span itemprop='height'>450<\/span>\n\t\t\t\t\t\t<span itemprop='width'>770<\/span>\n\t\t\t\t<\/span>\n\t\t\t\t<span class='av-structured-data'  itemprop=\"publisher\" itemtype=\"https:\/\/schema.org\/Organization\" itemscope=\"itemscope\" >\n\t\t\t\t\t\t<span itemprop='name'>Mia Cole<\/span>\n\t\t\t\t\t\t<span itemprop='logo' itemscope itemtype='https:\/\/schema.org\/ImageObject'>\n\t\t\t\t\t\t\t<span itemprop='url'>https:\/\/www.worldpancreaticcancercoalition.org\/wp-content\/uploads\/WPCC-Logo-H.png<\/span>\n\t\t\t\t\t\t<\/span>\n\t\t\t\t<\/span><span class='av-structured-data'  itemprop=\"author\" itemscope=\"itemscope\" itemtype=\"https:\/\/schema.org\/Person\" ><span itemprop='name'>Mia Cole<\/span><\/span><span class='av-structured-data'  itemprop=\"datePublished\" datetime=\"2022-09-21T21:12:31+00:00\" >2016-08-24 22:06:02<\/span><span class='av-structured-data'  itemprop=\"dateModified\" itemtype=\"https:\/\/schema.org\/dateModified\" >2022-10-28 14:40:54<\/span><span class='av-structured-data'  itemprop=\"mainEntityOfPage\" itemtype=\"https:\/\/schema.org\/mainEntityOfPage\" ><span itemprop='name'>Miembro destacado: Pancreasnetvaerket i Danmark<\/span><\/span><\/span><\/article><article class='slide-entry flex_column  post-entry post-entry-6755 slide-entry-overview slide-loop-62 slide-parity-even  av_one_fourth  real-thumbnail posttype-post post-format-standard'  itemscope=\"itemscope\" itemtype=\"https:\/\/schema.org\/CreativeWork\" ><a href='https:\/\/www.worldpancreaticcancercoalition.org\/es\/news\/miembro-destacado-pancreatic-cancer-network-south-africa\/' data-rel='slide-1' class='slide-image' title='Miembro destacado: Pancreatic Cancer Network South Africa'><img decoding=\"async\" fetchpriority=\"high\" width=\"260\" height=\"146\" src=\"https:\/\/www.worldpancreaticcancercoalition.org\/wp-content\/uploads\/South-Africa-1-indoor.jpg\" class=\"wp-image-3915 avia-img-lazy-loading-not-3915 attachment-portfolio_small size-portfolio_small wp-post-image\" alt=\"\" srcset=\"https:\/\/www.worldpancreaticcancercoalition.org\/wp-content\/uploads\/South-Africa-1-indoor.jpg 960w, https:\/\/www.worldpancreaticcancercoalition.org\/wp-content\/uploads\/South-Africa-1-indoor-300x168.jpg 300w, https:\/\/www.worldpancreaticcancercoalition.org\/wp-content\/uploads\/South-Africa-1-indoor-640x359.jpg 640w\" sizes=\"(max-width: 260px) 100vw, 260px\" \/><\/a><div class=\"slide-content\"><header class=\"entry-content-header\" aria-label=\"Slide: Miembro destacado: Pancreatic Cancer Network South Africa\"><h3 class='slide-entry-title entry-title '  itemprop=\"headline\" ><a href='https:\/\/www.worldpancreaticcancercoalition.org\/es\/news\/miembro-destacado-pancreatic-cancer-network-south-africa\/' title='Miembro destacado: Pancreatic Cancer Network South Africa'>Miembro destacado: Pancreatic Cancer Network South Africa<\/a><\/h3><span class=\"blog-categories minor-meta\"><a href=\"https:\/\/www.worldpancreaticcancercoalition.org\/category\/members\/\" rel=\"tag\">Members<\/a>, <a href=\"https:\/\/www.worldpancreaticcancercoalition.org\/fr\/category\/membres\/\" rel=\"tag\">Membres<\/a>, <a href=\"https:\/\/www.worldpancreaticcancercoalition.org\/it\/category\/membri\/\" rel=\"tag\">Membri<\/a>, <a href=\"https:\/\/www.worldpancreaticcancercoalition.org\/es\/category\/miembros\/\" rel=\"tag\">Miembros<\/a>, <a href=\"https:\/\/www.worldpancreaticcancercoalition.org\/category\/news\/\" rel=\"tag\">News<\/a>  <\/span><span class=\"av-vertical-delimiter\"><\/span><\/header><div class='slide-entry-excerpt entry-content'  itemprop=\"text\" >\n\nLa Red de C\u00e0\u00a1ncer de P\u00e0\u00a1ncreas de Sud\u00e0\u00a1frica se cre\u00e0\u00b3 en 2014 en honor de la madre y el t\u00e0\u00ado de la fundadora Carla Bailey, que lucharon valientemente contra la enfermedad. Fund\u00e0\u00b3 la organizaci\u00e0\u00b3n para ofrecer esperanza y apoyo\u2026<div class=\"read-more-link\"><a href=\"https:\/\/www.worldpancreaticcancercoalition.org\/es\/news\/miembro-destacado-pancreatic-cancer-network-south-africa\/\" class=\"more-link\">Leer m\u00e1s<span class='more-link-arrow avia-svg-icon avia-font-svg_entypo-fontello' data-av_svg_icon='right-open-big' data-av_iconset='svg_entypo-fontello'><svg version=\"1.1\" xmlns=\"http:\/\/www.w3.org\/2000\/svg\" width=\"15\" height=\"32\" viewBox=\"0 0 15 32\" preserveAspectRatio=\"xMidYMid meet\" role=\"graphics-symbol\" aria-hidden=\"true\">\n<path d=\"M0.416 27.84l11.456-11.84-11.456-11.904q-0.832-0.832 0-1.536 0.832-0.832 1.536 0l12.544 12.608q0.768 0.832 0 1.6l-12.544 12.608q-0.704 0.832-1.536 0-0.832-0.704 0-1.536z\"><\/path>\n<\/svg><\/span><\/a><\/div><\/div><\/div><footer class=\"entry-footer\"><div class=\"slide-meta\"><time class='slide-meta-time updated'  itemprop=\"datePublished\" datetime=\"2016-07-19T20:17:41+00:00\" >19 de julio de 2016<\/time><\/div><\/footer><span class='hidden'>\n\t\t\t\t<span class='av-structured-data'  itemprop=\"image\" itemscope=\"itemscope\" itemtype=\"https:\/\/schema.org\/ImageObject\" >\n\t\t\t\t\t\t<span itemprop='url'>https:\/\/www.worldpancreaticcancercoalition.org\/wp-content\/uploads\/South-Africa-1-indoor.jpg<\/span>\n\t\t\t\t\t\t<span itemprop='height'>539<\/span>\n\t\t\t\t\t\t<span itemprop='width'>960<\/span>\n\t\t\t\t<\/span>\n\t\t\t\t<span class='av-structured-data'  itemprop=\"publisher\" itemtype=\"https:\/\/schema.org\/Organization\" itemscope=\"itemscope\" >\n\t\t\t\t\t\t<span itemprop='name'>Axel Garcia<\/span>\n\t\t\t\t\t\t<span itemprop='logo' itemscope itemtype='https:\/\/schema.org\/ImageObject'>\n\t\t\t\t\t\t\t<span itemprop='url'>https:\/\/www.worldpancreaticcancercoalition.org\/wp-content\/uploads\/WPCC-Logo-H.png<\/span>\n\t\t\t\t\t\t<\/span>\n\t\t\t\t<\/span><span class='av-structured-data'  itemprop=\"author\" itemscope=\"itemscope\" itemtype=\"https:\/\/schema.org\/Person\" ><span itemprop='name'>Axel Garcia<\/span><\/span><span class='av-structured-data'  itemprop=\"datePublished\" datetime=\"2022-09-21T21:12:31+00:00\" >2016-07-19 20:17:41<\/span><span class='av-structured-data'  itemprop=\"dateModified\" itemtype=\"https:\/\/schema.org\/dateModified\" >2022-10-28 14:40:57<\/span><span class='av-structured-data'  itemprop=\"mainEntityOfPage\" itemtype=\"https:\/\/schema.org\/mainEntityOfPage\" ><span itemprop='name'>Miembro destacado: Pancreatic Cancer Network South Africa<\/span><\/span><\/span><\/article><article class='slide-entry flex_column  post-entry post-entry-6776 slide-entry-overview slide-loop-63 slide-parity-odd  post-entry-last  av_one_fourth  real-thumbnail posttype-post post-format-standard'  itemscope=\"itemscope\" itemtype=\"https:\/\/schema.org\/CreativeWork\" ><a href='https:\/\/www.worldpancreaticcancercoalition.org\/es\/news\/tras-la-reunion-inaugural-la-atencion-se-centra-en-la-reunion-del-proximo-ano-y-en-el-dia-mundial-del-cancer-de-pancreas\/' data-rel='slide-1' class='slide-image' title='Tras la reuni\u00c3\u00b3n inaugural, la atenci\u00c3\u00b3n se centra en la reuni\u00c3\u00b3n del pr\u00c3\u00b3ximo a\u00c3\u00b1o y en el D\u00c3\u00ada Mundial del C\u00c3\u00a1ncer de P\u00c3\u00a1ncreas'><img decoding=\"async\" fetchpriority=\"high\" width=\"247\" height=\"185\" src=\"https:\/\/www.worldpancreaticcancercoalition.org\/wp-content\/uploads\/wcpp-meeting.jpg\" class=\"wp-image-3912 avia-img-lazy-loading-not-3912 attachment-portfolio_small size-portfolio_small wp-post-image\" alt=\"\" srcset=\"https:\/\/www.worldpancreaticcancercoalition.org\/wp-content\/uploads\/wcpp-meeting.jpg 800w, https:\/\/www.worldpancreaticcancercoalition.org\/wp-content\/uploads\/wcpp-meeting-300x225.jpg 300w, https:\/\/www.worldpancreaticcancercoalition.org\/wp-content\/uploads\/wcpp-meeting-640x480.jpg 640w\" sizes=\"(max-width: 247px) 100vw, 247px\" \/><\/a><div class=\"slide-content\"><header class=\"entry-content-header\" aria-label=\"Slide: Tras la reuni\u00c3\u00b3n inaugural, la atenci\u00c3\u00b3n se centra en la reuni\u00c3\u00b3n del pr\u00c3\u00b3ximo a\u00c3\u00b1o y en el D\u00c3\u00ada Mundial del C\u00c3\u00a1ncer de P\u00c3\u00a1ncreas\"><h3 class='slide-entry-title entry-title '  itemprop=\"headline\" ><a href='https:\/\/www.worldpancreaticcancercoalition.org\/es\/news\/tras-la-reunion-inaugural-la-atencion-se-centra-en-la-reunion-del-proximo-ano-y-en-el-dia-mundial-del-cancer-de-pancreas\/' title='Tras la reuni\u00c3\u00b3n inaugural, la atenci\u00c3\u00b3n se centra en la reuni\u00c3\u00b3n del pr\u00c3\u00b3ximo a\u00c3\u00b1o y en el D\u00c3\u00ada Mundial del C\u00c3\u00a1ncer de P\u00c3\u00a1ncreas'>Tras la reuni\u00c3\u00b3n inaugural, la atenci\u00c3\u00b3n se centra en la reuni\u00c3\u00b3n del pr\u00c3\u00b3ximo a\u00c3\u00b1o y en el D\u00c3\u00ada Mundial del C\u00c3\u00a1ncer de P\u00c3\u00a1ncreas<\/a><\/h3><span class=\"blog-categories minor-meta\"><a href=\"https:\/\/www.worldpancreaticcancercoalition.org\/category\/members\/\" rel=\"tag\">Members<\/a>, <a href=\"https:\/\/www.worldpancreaticcancercoalition.org\/fr\/category\/membres\/\" rel=\"tag\">Membres<\/a>, <a href=\"https:\/\/www.worldpancreaticcancercoalition.org\/it\/category\/membri\/\" rel=\"tag\">Membri<\/a>, <a href=\"https:\/\/www.worldpancreaticcancercoalition.org\/es\/category\/miembros\/\" rel=\"tag\">Miembros<\/a>, <a href=\"https:\/\/www.worldpancreaticcancercoalition.org\/category\/news\/\" rel=\"tag\">News<\/a>  <\/span><span class=\"av-vertical-delimiter\"><\/span><\/header><div class='slide-entry-excerpt entry-content'  itemprop=\"text\" >La primera Coalici\u00e0\u00b3n Mundial contra el C\u00e0\u00a1ncer de P\u00e0\u00a1ncreas (WPCC) celebr\u00e0\u00b3 su reuni\u00e0\u00b3n inaugural en Orlando, Florida, del 10 al 14 de mayo, y reuni\u00e0\u00b3 a m\u00e0\u00a1s de 50 miembros de la Coalici\u00e0\u00b3n procedentes de casi 20 pa\u00e0\u00adses de\u2026<div class=\"read-more-link\"><a href=\"https:\/\/www.worldpancreaticcancercoalition.org\/es\/news\/tras-la-reunion-inaugural-la-atencion-se-centra-en-la-reunion-del-proximo-ano-y-en-el-dia-mundial-del-cancer-de-pancreas\/\" class=\"more-link\">Leer m\u00e1s<span class='more-link-arrow avia-svg-icon avia-font-svg_entypo-fontello' data-av_svg_icon='right-open-big' data-av_iconset='svg_entypo-fontello'><svg version=\"1.1\" xmlns=\"http:\/\/www.w3.org\/2000\/svg\" width=\"15\" height=\"32\" viewBox=\"0 0 15 32\" preserveAspectRatio=\"xMidYMid meet\" role=\"graphics-symbol\" aria-hidden=\"true\">\n<path d=\"M0.416 27.84l11.456-11.84-11.456-11.904q-0.832-0.832 0-1.536 0.832-0.832 1.536 0l12.544 12.608q0.768 0.832 0 1.6l-12.544 12.608q-0.704 0.832-1.536 0-0.832-0.704 0-1.536z\"><\/path>\n<\/svg><\/span><\/a><\/div><\/div><\/div><footer class=\"entry-footer\"><div class=\"slide-meta\"><time class='slide-meta-time updated'  itemprop=\"datePublished\" datetime=\"2016-07-14T20:52:38+00:00\" >14 de julio de 2016<\/time><\/div><\/footer><span class='hidden'>\n\t\t\t\t<span class='av-structured-data'  itemprop=\"image\" itemscope=\"itemscope\" itemtype=\"https:\/\/schema.org\/ImageObject\" >\n\t\t\t\t\t\t<span itemprop='url'>https:\/\/www.worldpancreaticcancercoalition.org\/wp-content\/uploads\/wcpp-meeting.jpg<\/span>\n\t\t\t\t\t\t<span itemprop='height'>600<\/span>\n\t\t\t\t\t\t<span itemprop='width'>800<\/span>\n\t\t\t\t<\/span>\n\t\t\t\t<span class='av-structured-data'  itemprop=\"publisher\" itemtype=\"https:\/\/schema.org\/Organization\" itemscope=\"itemscope\" >\n\t\t\t\t\t\t<span itemprop='name'>Axel Garcia<\/span>\n\t\t\t\t\t\t<span itemprop='logo' itemscope itemtype='https:\/\/schema.org\/ImageObject'>\n\t\t\t\t\t\t\t<span itemprop='url'>https:\/\/www.worldpancreaticcancercoalition.org\/wp-content\/uploads\/WPCC-Logo-H.png<\/span>\n\t\t\t\t\t\t<\/span>\n\t\t\t\t<\/span><span class='av-structured-data'  itemprop=\"author\" itemscope=\"itemscope\" itemtype=\"https:\/\/schema.org\/Person\" ><span itemprop='name'>Axel Garcia<\/span><\/span><span class='av-structured-data'  itemprop=\"datePublished\" datetime=\"2022-09-21T21:12:31+00:00\" >2016-07-14 20:52:38<\/span><span class='av-structured-data'  itemprop=\"dateModified\" itemtype=\"https:\/\/schema.org\/dateModified\" >2022-10-28 14:40:59<\/span><span class='av-structured-data'  itemprop=\"mainEntityOfPage\" itemtype=\"https:\/\/schema.org\/mainEntityOfPage\" ><span itemprop='name'>Tras la reuni\u00c3\u00b3n inaugural, la atenci\u00c3\u00b3n se centra en la reuni\u00c3\u00b3n del pr\u00c3\u00b3ximo a\u00c3\u00b1o y en el D\u00c3\u00ada Mundial del C\u00c3\u00a1ncer de P\u00c3\u00a1ncreas<\/span><\/span><\/span><\/article><\/div><\/div><div class='avia-slideshow-arrows avia-slideshow-controls' ><a href='#prev' class='prev-slide  avia-svg-icon avia-font-svg_entypo-fontello' data-av_svg_icon='left-open-big' data-av_iconset='svg_entypo-fontello' tabindex='-1' title=\"Anterior\"><svg version=\"1.1\" xmlns=\"http:\/\/www.w3.org\/2000\/svg\" width=\"15\" height=\"32\" viewBox=\"0 0 15 32\" preserveAspectRatio=\"xMidYMid meet\" aria-labelledby='av-svg-title-64' aria-describedby='av-svg-desc-64' role=\"graphics-symbol\" aria-hidden=\"true\">\n<title id='av-svg-title-64'>Anterior<\/title>\n<desc id='av-svg-desc-64'>Anterior<\/desc>\n<path d=\"M14.464 27.84q0.832 0.832 0 1.536-0.832 0.832-1.536 0l-12.544-12.608q-0.768-0.768 0-1.6l12.544-12.608q0.704-0.832 1.536 0 0.832 0.704 0 1.536l-11.456 11.904z\"><\/path>\n<\/svg><span class='avia_hidden_link_text'>Anterior<\/span><\/a><a href='#next' class='next-slide  avia-svg-icon avia-font-svg_entypo-fontello' data-av_svg_icon='right-open-big' data-av_iconset='svg_entypo-fontello' tabindex='-1' title=\"Posterior\"><svg version=\"1.1\" xmlns=\"http:\/\/www.w3.org\/2000\/svg\" width=\"15\" height=\"32\" viewBox=\"0 0 15 32\" preserveAspectRatio=\"xMidYMid meet\" aria-labelledby='av-svg-title-65' aria-describedby='av-svg-desc-65' role=\"graphics-symbol\" aria-hidden=\"true\">\n<title id='av-svg-title-65'>Posterior<\/title>\n<desc id='av-svg-desc-65'>Posterior<\/desc>\n<path d=\"M0.416 27.84l11.456-11.84-11.456-11.904q-0.832-0.832 0-1.536 0.832-0.832 1.536 0l12.544 12.608q0.768 0.832 0 1.6l-12.544 12.608q-0.704 0.832-1.536 0-0.832-0.704 0-1.536z\"><\/path>\n<\/svg><span class='avia_hidden_link_text'>Posterior<\/span><\/a><\/div><\/div><\/p>\n<\/div><\/div><\/div><\/div><\/div><\/div><!-- close content main div --><\/div><\/div><div id='av-layout-grid-2'  class='av-layout-grid-container av-55qgh6-2b7df7800813ff324d01e3f0b9ce3f7a entry-content-wrapper main_color av-flex-cells  container_wrap sidebar_right'  >\n<div class='flex_cell av-3mbux6-436a458a151347ff56995883a3576263 av-gridrow-cell av_one_full no_margin'  ><div class='flex_cell_inner'><section  class='av_textblock_section av-l63oyum9-c4915682041abade604f1d002e4a145f '   itemscope=\"itemscope\" itemtype=\"https:\/\/schema.org\/CreativeWork\" ><div class='avia_textblock'  itemprop=\"text\" ><p class=\"headline-text-purp-home \" style=\"text-align: center;\">Directorio de miembros<\/p>\n<\/div><\/section><br \/>\n<div  class='avia-button-wrap av-l63p0rrv-c8e66c03f7621dc44fc472005029e6f4-wrap avia-button-center  purple-button-jump2'><a href='https:\/\/www.worldpancreaticcancercoalition.org\/wp-content\/uploads\/Global_WPCC_Directory_061622.pdf'  class='avia-button av-l63p0rrv-c8e66c03f7621dc44fc472005029e6f4 av-link-btn avia-icon_select-no avia-size-medium avia-position-center avia-color-light'  target=\"_blank\"  rel=\"noopener noreferrer\"  aria-label=\"Descargar el directorio de miembros\"><span class='avia_iconbox_title' >Descargar el directorio de miembros<\/span><\/a><\/div><\/p>\n<\/div><\/div><\/div><\/p>\n<!-- AddThis Advanced Settings generic via filter on the_content --><!-- AddThis Share Buttons generic via filter on the_content -->","protected":false},"excerpt":{"rendered":"<p><!-- AddThis Advanced Settings generic via filter on get_the_excerpt --><!-- AddThis Share Buttons generic via filter on get_the_excerpt --><\/p>\n","protected":false},"author":14,"featured_media":0,"parent":0,"menu_order":12,"comment_status":"closed","ping_status":"closed","template":"page-templates\/members-2022.php","meta":{"_acf_changed":false,"footnotes":""},"class_list":["post-7319","page","type-page","status-publish","hentry"],"acf":[],"yoast_head":"<!-- This site is optimized with the Yoast SEO plugin v26.6 - https:\/\/yoast.com\/wordpress\/plugins\/seo\/ -->\n<title>World Pancreatic Cancer Coalition<\/title>\n<meta name=\"robots\" content=\"index, follow, max-snippet:-1, max-image-preview:large, max-video-preview:-1\" \/>\n<link rel=\"canonical\" href=\"https:\/\/www.worldpancreaticcancercoalition.org\/es\/miembros-2022-dev\/\" \/>\n<meta property=\"og:locale\" content=\"es_ES\" \/>\n<meta property=\"og:type\" content=\"article\" \/>\n<meta property=\"og:title\" content=\"World Pancreatic Cancer Coalition\" \/>\n<meta property=\"og:url\" content=\"https:\/\/www.worldpancreaticcancercoalition.org\/es\/miembros-2022-dev\/\" \/>\n<meta property=\"og:site_name\" content=\"World Pancreatic Cancer Coalition\" \/>\n<meta property=\"article:modified_time\" content=\"2022-09-29T16:05:19+00:00\" \/>\n<meta name=\"twitter:card\" content=\"summary_large_image\" \/>\n<meta name=\"twitter:label1\" content=\"Tiempo de lectura\" \/>\n\t<meta name=\"twitter:data1\" content=\"3 minutos\" \/>\n<script type=\"application\/ld+json\" class=\"yoast-schema-graph\">{\"@context\":\"https:\/\/schema.org\",\"@graph\":[{\"@type\":\"WebPage\",\"@id\":\"https:\/\/www.worldpancreaticcancercoalition.org\/es\/miembros-2022-dev\/\",\"url\":\"https:\/\/www.worldpancreaticcancercoalition.org\/es\/miembros-2022-dev\/\",\"name\":\"World Pancreatic Cancer Coalition\",\"isPartOf\":{\"@id\":\"https:\/\/www.worldpancreaticcancercoalition.org\/es\/#website\"},\"datePublished\":\"2022-09-21T21:12:31+00:00\",\"dateModified\":\"2022-09-29T16:05:19+00:00\",\"breadcrumb\":{\"@id\":\"https:\/\/www.worldpancreaticcancercoalition.org\/es\/miembros-2022-dev\/#breadcrumb\"},\"inLanguage\":\"es\",\"potentialAction\":[{\"@type\":\"ReadAction\",\"target\":[\"https:\/\/www.worldpancreaticcancercoalition.org\/es\/miembros-2022-dev\/\"]}]},{\"@type\":\"BreadcrumbList\",\"@id\":\"https:\/\/www.worldpancreaticcancercoalition.org\/es\/miembros-2022-dev\/#breadcrumb\",\"itemListElement\":[{\"@type\":\"ListItem\",\"position\":1,\"name\":\"Home\",\"item\":\"https:\/\/www.worldpancreaticcancercoalition.org\/es\/2021-home\/\"},{\"@type\":\"ListItem\",\"position\":2,\"name\":\"Miembros 2022 Dev\"}]},{\"@type\":\"WebSite\",\"@id\":\"https:\/\/www.worldpancreaticcancercoalition.org\/es\/#website\",\"url\":\"https:\/\/www.worldpancreaticcancercoalition.org\/es\/\",\"name\":\"World Pancreatic Cancer Coalition\",\"description\":\"\",\"potentialAction\":[{\"@type\":\"SearchAction\",\"target\":{\"@type\":\"EntryPoint\",\"urlTemplate\":\"https:\/\/www.worldpancreaticcancercoalition.org\/es\/?s={search_term_string}\"},\"query-input\":{\"@type\":\"PropertyValueSpecification\",\"valueRequired\":true,\"valueName\":\"search_term_string\"}}],\"inLanguage\":\"es\"}]}<\/script>\n<!-- \/ Yoast SEO plugin. -->","yoast_head_json":{"title":"World Pancreatic Cancer Coalition","robots":{"index":"index","follow":"follow","max-snippet":"max-snippet:-1","max-image-preview":"max-image-preview:large","max-video-preview":"max-video-preview:-1"},"canonical":"https:\/\/www.worldpancreaticcancercoalition.org\/es\/miembros-2022-dev\/","og_locale":"es_ES","og_type":"article","og_title":"World Pancreatic Cancer Coalition","og_url":"https:\/\/www.worldpancreaticcancercoalition.org\/es\/miembros-2022-dev\/","og_site_name":"World Pancreatic Cancer Coalition","article_modified_time":"2022-09-29T16:05:19+00:00","twitter_card":"summary_large_image","twitter_misc":{"Tiempo de lectura":"3 minutos"},"schema":{"@context":"https:\/\/schema.org","@graph":[{"@type":"WebPage","@id":"https:\/\/www.worldpancreaticcancercoalition.org\/es\/miembros-2022-dev\/","url":"https:\/\/www.worldpancreaticcancercoalition.org\/es\/miembros-2022-dev\/","name":"World Pancreatic Cancer Coalition","isPartOf":{"@id":"https:\/\/www.worldpancreaticcancercoalition.org\/es\/#website"},"datePublished":"2022-09-21T21:12:31+00:00","dateModified":"2022-09-29T16:05:19+00:00","breadcrumb":{"@id":"https:\/\/www.worldpancreaticcancercoalition.org\/es\/miembros-2022-dev\/#breadcrumb"},"inLanguage":"es","potentialAction":[{"@type":"ReadAction","target":["https:\/\/www.worldpancreaticcancercoalition.org\/es\/miembros-2022-dev\/"]}]},{"@type":"BreadcrumbList","@id":"https:\/\/www.worldpancreaticcancercoalition.org\/es\/miembros-2022-dev\/#breadcrumb","itemListElement":[{"@type":"ListItem","position":1,"name":"Home","item":"https:\/\/www.worldpancreaticcancercoalition.org\/es\/2021-home\/"},{"@type":"ListItem","position":2,"name":"Miembros 2022 Dev"}]},{"@type":"WebSite","@id":"https:\/\/www.worldpancreaticcancercoalition.org\/es\/#website","url":"https:\/\/www.worldpancreaticcancercoalition.org\/es\/","name":"World Pancreatic Cancer Coalition","description":"","potentialAction":[{"@type":"SearchAction","target":{"@type":"EntryPoint","urlTemplate":"https:\/\/www.worldpancreaticcancercoalition.org\/es\/?s={search_term_string}"},"query-input":{"@type":"PropertyValueSpecification","valueRequired":true,"valueName":"search_term_string"}}],"inLanguage":"es"}]}},"_links":{"self":[{"href":"https:\/\/www.worldpancreaticcancercoalition.org\/es\/wp-json\/wp\/v2\/pages\/7319","targetHints":{"allow":["GET"]}}],"collection":[{"href":"https:\/\/www.worldpancreaticcancercoalition.org\/es\/wp-json\/wp\/v2\/pages"}],"about":[{"href":"https:\/\/www.worldpancreaticcancercoalition.org\/es\/wp-json\/wp\/v2\/types\/page"}],"author":[{"embeddable":true,"href":"https:\/\/www.worldpancreaticcancercoalition.org\/es\/wp-json\/wp\/v2\/users\/14"}],"replies":[{"embeddable":true,"href":"https:\/\/www.worldpancreaticcancercoalition.org\/es\/wp-json\/wp\/v2\/comments?post=7319"}],"version-history":[{"count":0,"href":"https:\/\/www.worldpancreaticcancercoalition.org\/es\/wp-json\/wp\/v2\/pages\/7319\/revisions"}],"wp:attachment":[{"href":"https:\/\/www.worldpancreaticcancercoalition.org\/es\/wp-json\/wp\/v2\/media?parent=7319"}],"curies":[{"name":"wp","href":"https:\/\/api.w.org\/{rel}","templated":true}]}}